{"id":32991,"date":"2020-10-26T12:05:45","date_gmt":"2020-10-26T11:05:45","guid":{"rendered":"https:\/\/www.logistic-natives.com\/a-propos-de-nous"},"modified":"2026-07-30T16:19:11","modified_gmt":"2026-07-30T15:19:11","slug":"a-propos-de-nous","status":"publish","type":"page","link":"https:\/\/www.logistic-natives.com\/fr\/a-propos-de-nous","title":{"rendered":"\u00c0 propos de nous"},"content":{"rendered":"<p>[et_pb_section fb_built=\u00a0\u00bb1&Prime; custom_padding_last_edited=\u00a0\u00bbon|phone\u00a0\u00bb admin_label=\u00a0\u00bbsection\u00a0\u00bb _builder_version=\u00a0\u00bb4.16&Prime; background_color=\u00a0\u00bbrgba(5,38,89,0.43)\u00a0\u00bb background_image=\u00a0\u00bbhttps:\/\/www.logistic-natives.com\/wp-content\/uploads\/2020\/06\/logistic-dark-bg.jpg\u00a0\u00bb custom_padding=\u00a0\u00bb0vh||0vh|||\u00a0\u00bb custom_padding_tablet=\u00a0\u00bb22vh||24vh|\u00a0\u00bb custom_padding_phone=\u00a0\u00bb10vh||10vh|\u00a0\u00bb global_colors_info=\u00a0\u00bb{}\u00a0\u00bb][et_pb_row admin_label=\u00a0\u00bbrow\u00a0\u00bb _builder_version=\u00a0\u00bb4.16&Prime; background_enable_image=\u00a0\u00bboff\u00a0\u00bb background_size=\u00a0\u00bbinitial\u00a0\u00bb background_position=\u00a0\u00bbtop_left\u00a0\u00bb background_repeat=\u00a0\u00bbrepeat\u00a0\u00bb max_width=\u00a0\u00bb1500px\u00a0\u00bb module_alignment=\u00a0\u00bbcenter\u00a0\u00bb custom_margin=\u00a0\u00bb||||false|false\u00a0\u00bb make_fullwidth=\u00a0\u00bboff\u00a0\u00bb use_custom_width=\u00a0\u00bbon\u00a0\u00bb width_unit=\u00a0\u00bbon\u00a0\u00bb custom_width_px=\u00a0\u00bb1600px\u00a0\u00bb global_colors_info=\u00a0\u00bb{}\u00a0\u00bb][et_pb_column type=\u00a0\u00bb4_4&Prime; _builder_version=\u00a0\u00bb4.16&Prime; custom_padding=\u00a0\u00bb|||\u00a0\u00bb global_colors_info=\u00a0\u00bb{}\u00a0\u00bb custom_padding__hover=\u00a0\u00bb|||\u00a0\u00bb][et_pb_cta title=\u00a0\u00bbInformations sur l&apos;association\u00a0\u00bb _builder_version=\u00a0\u00bb4.16&Prime; header_font=\u00a0\u00bbOpen Sans||||||||\u00a0\u00bb header_font_size=\u00a0\u00bb90&Prime; header_line_height=\u00a0\u00bb1.2em\u00a0\u00bb body_font=\u00a0\u00bb|on||on|\u00a0\u00bb body_font_size=\u00a0\u00bb26&Prime; use_background_color=\u00a0\u00bboff\u00a0\u00bb background_size=\u00a0\u00bbinitial\u00a0\u00bb background_position=\u00a0\u00bbtop_left\u00a0\u00bb background_repeat=\u00a0\u00bbrepeat\u00a0\u00bb custom_button=\u00a0\u00bbon\u00a0\u00bb button_bg_color=\u00a0\u00bb#0c71c3&Prime; min_height=\u00a0\u00bb150px\u00a0\u00bb max_height=\u00a0\u00bb250px\u00a0\u00bb custom_padding=\u00a0\u00bb60px||0px|0px|false|false\u00a0\u00bb header_font_size_tablet=\u00a0\u00bb70&Prime; header_font_size_phone=\u00a0\u00bb30&Prime; header_font_size_last_edited=\u00a0\u00bbon|phone\u00a0\u00bb body_font_size_tablet=\u00a0\u00bb24&Prime; body_font_size_phone=\u00a0\u00bb18&Prime; body_font_size_last_edited=\u00a0\u00bbon|phone\u00a0\u00bb custom_css_promo_title=\u00a0\u00bbtext-transform: none;||font-weight: 300;\u00a0\u00bb text_shadow_style=\u00a0\u00bbpreset5&Prime; use_border_color=\u00a0\u00bboff\u00a0\u00bb border_color=\u00a0\u00bb#ffffff\u00a0\u00bb border_style=\u00a0\u00bbsolid\u00a0\u00bb button_letter_spacing_hover=\u00a0\u00bb0&Prime; inline_fonts=\u00a0\u00bbOpen Sans\u00a0\u00bb global_colors_info=\u00a0\u00bb{}\u00a0\u00bb button_text_size__hover_enabled=\u00a0\u00bboff\u00a0\u00bb button_one_text_size__hover_enabled=\u00a0\u00bboff\u00a0\u00bb button_two_text_size__hover_enabled=\u00a0\u00bboff\u00a0\u00bb button_text_color__hover_enabled=\u00a0\u00bboff\u00a0\u00bb button_one_text_color__hover_enabled=\u00a0\u00bboff\u00a0\u00bb button_two_text_color__hover_enabled=\u00a0\u00bboff\u00a0\u00bb button_border_width__hover_enabled=\u00a0\u00bboff\u00a0\u00bb button_one_border_width__hover_enabled=\u00a0\u00bboff\u00a0\u00bb button_two_border_width__hover_enabled=\u00a0\u00bboff\u00a0\u00bb button_border_color__hover_enabled=\u00a0\u00bboff\u00a0\u00bb button_one_border_color__hover_enabled=\u00a0\u00bboff\u00a0\u00bb button_two_border_color__hover_enabled=\u00a0\u00bboff\u00a0\u00bb button_border_radius__hover_enabled=\u00a0\u00bboff\u00a0\u00bb button_one_border_radius__hover_enabled=\u00a0\u00bboff\u00a0\u00bb button_two_border_radius__hover_enabled=\u00a0\u00bboff\u00a0\u00bb button_letter_spacing__hover_enabled=\u00a0\u00bbon\u00a0\u00bb button_letter_spacing__hover=\u00a0\u00bb0&Prime; button_one_letter_spacing__hover_enabled=\u00a0\u00bboff\u00a0\u00bb button_two_letter_spacing__hover_enabled=\u00a0\u00bboff\u00a0\u00bb button_bg_color__hover_enabled=\u00a0\u00bboff\u00a0\u00bb button_one_bg_color__hover_enabled=\u00a0\u00bboff\u00a0\u00bb button_two_bg_color__hover_enabled=\u00a0\u00bboff\u00a0\u00bb]<\/p>\n<h3 class=\"av-special-heading-tag \"><span style=\"font-size: xx-large;\">Un vaste r\u00e9seau et une collaboration fond\u00e9e sur le partenariat<\/span><\/h3>\n<p>[\/et_pb_cta][\/et_pb_column][\/et_pb_row][\/et_pb_section][et_pb_section fb_built=\u00a0\u00bb1&Prime; custom_padding_last_edited=\u00a0\u00bbon|desktop\u00a0\u00bb admin_label=\u00a0\u00bbServices\u00a0\u00bb _builder_version=\u00a0\u00bb4.16&Prime; background_color=\u00a0\u00bb#efefef\u00a0\u00bb background_enable_image=\u00a0\u00bboff\u00a0\u00bb custom_margin=\u00a0\u00bb|||\u00a0\u00bb custom_padding=\u00a0\u00bb70px|0px|70px|0px|true|false\u00a0\u00bb custom_padding_tablet=\u00a0\u00bb100px||40px|\u00a0\u00bb custom_padding_phone=\u00a0\u00bb||40px|\u00a0\u00bb top_divider_height=\u00a0\u00bb60px\u00a0\u00bb border_color_all=\u00a0\u00bbrgba(0,0,0,0)\u00a0\u00bb border_style_all=\u00a0\u00bbnone\u00a0\u00bb global_colors_info=\u00a0\u00bb{}\u00a0\u00bb][et_pb_row column_structure=\u00a0\u00bb3_4,1_4&Prime; _builder_version=\u00a0\u00bb4.16&Prime; _module_preset=\u00a0\u00bbdefault\u00a0\u00bb global_colors_info=\u00a0\u00bb{}\u00a0\u00bb][et_pb_column type=\u00a0\u00bb3_4&Prime; _builder_version=\u00a0\u00bb4.16&Prime; _module_preset=\u00a0\u00bbdefault\u00a0\u00bb global_colors_info=\u00a0\u00bb{}\u00a0\u00bb][et_pb_text _builder_version=\u00a0\u00bb4.16&Prime; _module_preset=\u00a0\u00bbdefault\u00a0\u00bb header_2_font_size=\u00a0\u00bb32px\u00a0\u00bb global_colors_info=\u00a0\u00bb{}\u00a0\u00bb]<\/p>\n<h2>Qui sommes-nous ?<\/h2>\n<p>[\/et_pb_text][et_pb_accordion _builder_version=\u00a0\u00bb4.16&Prime; _module_preset=\u00a0\u00bbdefault\u00a0\u00bb global_colors_info=\u00a0\u00bb{}\u00a0\u00bb][et_pb_accordion_item title=\u00a0\u00bbAllemand\u00a0\u00bb open=\u00a0\u00bboff\u00a0\u00bb _builder_version=\u00a0\u00bb4.16&Prime; _module_preset=\u00a0\u00bbdefault\u00a0\u00bb global_colors_info=\u00a0\u00bb{}\u00a0\u00bb]<\/p>\n<p>L&rsquo;association \u00ab logistic-natives e.V. \u00bb est un r\u00e9seau international d&rsquo;infrastructures logistiques d\u00e9di\u00e9 au commerce moderne, compos\u00e9 principalement de PME.<\/p>\n<p>L&rsquo;association d\u00e9fend activement les int\u00e9r\u00eats \u00e9conomiques et juridiques de plus de 30 000 entreprises du secteur. \u00c0 cet \u00e9gard, l\u2019association logistic-natives e.V. apporte principalement son soutien en mati\u00e8re de digitalisation progressive des entreprises et de livraison de marchandises via des moyens de communication num\u00e9riques, dans une optique d\u2019optimisation des livraisons, de durabilit\u00e9, de gestion du cycle de vie, de logistique circulaire et de gestion des retours. <\/p>\n<p>Fort de son expertise pragmatique, le r\u00e9seau est l&rsquo;interlocuteur privil\u00e9gi\u00e9 des repr\u00e9sentants du monde politique, de l&rsquo;administration, du secteur priv\u00e9 et d&rsquo;autres institutions pour \u00e9laborer des solutions nationales et internationales adapt\u00e9es au commerce moderne. \u00c0 cet \u00e9gard, l&rsquo;association \u00ab logistic-natives e.V. \u00bb se consid\u00e8re comme une association transversale regroupant divers secteurs li\u00e9s au commerce. <\/p>\n<p>L&rsquo;association compte actuellement six groupes de travail permanents qui se r\u00e9unissent \u00e0 intervalles r\u00e9guliers et se penchent sur les tendances actuelles du secteur. Des porte-parole ont \u00e9t\u00e9 \u00e9lus parmi les membres ; ceux-ci sont \u00e9galement des experts de l&rsquo;association dans les domaines concern\u00e9s. Certains groupes de travail ont mis en place des comit\u00e9s sp\u00e9ciaux charg\u00e9s d&rsquo;\u00e9tudier les d\u00e9fis sp\u00e9cifiques au secteur.  <\/p>\n<p>[\/et_pb_accordion_item][et_pb_accordion_item title=\u00a0\u00bbAnglais\u00a0\u00bb _builder_version=\u00a0\u00bb4.16&Prime; _module_preset=\u00a0\u00bbdefault\u00a0\u00bb global_colors_info=\u00a0\u00bb{}\u00a0\u00bb open=\u00a0\u00bbon\u00a0\u00bb]<\/p>\n<p>L&rsquo;association \u00ab logistic-natives e.V. \u00bb est un r\u00e9seau international d&rsquo;infrastructures logistiques au service du commerce moderne, dont les membres sont principalement des PME allemandes. En tant qu&rsquo;association, \u00ab logistic-natives e.V. \u00bb d\u00e9fend activement les int\u00e9r\u00eats \u00e9conomiques et juridiques de plus de 30 000 entreprises du secteur. <\/p>\n<p>Son objectif principal est de donner \u00e0 ses membres les moyens de tirer parti de la num\u00e9risation croissante des processus m\u00e9tier et d&rsquo;utiliser les moyens de communication num\u00e9riques dans les flux de livraison du commerce \u00e9lectronique afin d&rsquo;optimiser la livraison, la durabilit\u00e9, la gestion du cycle de vie, la logistique circulaire et la gestion des retours.<\/p>\n<p>V\u00e9ritable source d&rsquo;expertise pratique, ce r\u00e9seau constitue le premier interlocuteur des repr\u00e9sentants du monde politique, de l&rsquo;administration, des entreprises et d&rsquo;autres institutions souhaitant \u00e9laborer des solutions nationales et internationales pour le commerce de demain.<\/p>\n<p>L&rsquo;association \u00ab logistics-natives e.V. \u00bb se d\u00e9finit comme une association intersectorielle regroupant divers secteurs d&rsquo;activit\u00e9, ce qui la rend pertinente pour l&rsquo;ensemble des acteurs impliqu\u00e9s dans le commerce.<\/p>\n<p>[\/et_pb_accordion_item][\/et_pb_accordion][et_pb_image src=\u00a0\u00bbhttps:\/\/www.logistic-natives.com\/wp-content\/uploads\/2023\/03\/2023-03-28-11_41_22-9999-logistics-natives.png\u00a0\u00bb title_text=\u00a0\u00bb28\/03\/2023 11 h 41 min 22 s &#8211; 9999 logistics-natives\u00a0\u00bb _builder_version=\u00a0\u00bb4.20.2&Prime; _module_preset=\u00a0\u00bbdefault\u00a0\u00bb global_colors_info=\u00a0\u00bb{}\u00a0\u00bb][\/et_pb_image][et_pb_cta button_url=\u00a0\u00bbhttps:\/\/www.logistic-natives.com\/wp-content\/uploads\/2024\/12\/Preasentation_logistic-natives_2024.pdf\u00a0\u00bb button_text=\u00a0\u00bbT\u00c9L\u00c9CHARGER\u00a0\u00bb _builder_version=\u00a0\u00bb4.27.4&Prime; _module_preset=\u00a0\u00bbdefault\u00a0\u00bb box_shadow_style=\u00a0\u00bbpreset2&Prime; global_colors_info=\u00a0\u00bb{}\u00a0\u00bb]<\/p>\n<h3 style=\"text-align: center;\">Nous nous pr\u00e9sentons.<\/h3>\n<p style=\"text-align: center;\">Vous pouvez t\u00e9l\u00e9charger ici notre pr\u00e9sentation au format PDF.<\/p>\n<p>[\/et_pb_cta][et_pb_cta button_url=\u00a0\u00bbhttps:\/\/www.logistic-natives.com\/wp-content\/uploads\/2024\/12\/Preasentation_logistic-natives_2024-ENG.pdf\u00a0\u00bb button_text=\u00a0\u00bbT\u00c9L\u00c9CHARGER\u00a0\u00bb _builder_version=\u00a0\u00bb4.27.4&Prime; _module_preset=\u00a0\u00bbdefault\u00a0\u00bb box_shadow_style=\u00a0\u00bbpreset2&Prime; global_colors_info=\u00a0\u00bb{}\u00a0\u00bb]<\/p>\n<h3 style=\"text-align: center;\">Nous nous pr\u00e9sentons.<\/h3>\n<p style=\"text-align: center;\">Vous pouvez t\u00e9l\u00e9charger ici notre pr\u00e9sentation au format PDF.<\/p>\n<p>[\/et_pb_cta][et_pb_text _builder_version=\u00a0\u00bb4.20.2&Prime; _module_preset=\u00a0\u00bbdefault\u00a0\u00bb text_text_color=\u00a0\u00bb#FFFFFF\u00a0\u00bb header_2_text_color=\u00a0\u00bb#FFFFFF\u00a0\u00bb background_color=\u00a0\u00bb#31257C\u00a0\u00bb custom_padding=\u00a0\u00bb15px|15px|15px|15px|false|false\u00a0\u00bb box_shadow_style=\u00a0\u00bbpreset2&Prime; global_colors_info=\u00a0\u00bb{}\u00a0\u00bb]<\/p>\n<h2 style=\"text-align: center;\">Contenus et objectifs de logistic-natives e.V. \/ Quelles sont nos valeurs ?<\/h2>\n<p>[\/et_pb_text][et_pb_text _builder_version=\u00a0\u00bb4.23.1&Prime; _module_preset=\u00a0\u00bbdefault\u00a0\u00bb text_text_color=\u00a0\u00bb#FFFFFF\u00a0\u00bb background_color=\u00a0\u00bb#999999&Prime; custom_padding=\u00a0\u00bb25px|25px|25px|25px|false|false\u00a0\u00bb box_shadow_style=\u00a0\u00bbpreset2&Prime; global_colors_info=\u00a0\u00bb{}\u00a0\u00bb]<\/p>\n<p>&nbsp;<\/p>\n<ul>\n<li>Une expertise neutre sur le plan id\u00e9ologique<\/li>\n<li>la capacit\u00e9 \u00e0 accompagner la num\u00e9risation progressive de tous les membres de l&rsquo;association et d&rsquo;autres entreprises<\/li>\n<li>le soutien \u00e0 la livraison de marchandises par le biais des moyens de communication num\u00e9riques, dans une optique d&rsquo;optimisation des livraisons, de d\u00e9veloppement durable, de gestion du cycle de vie, de logistique circulaire et de gestion des retours<\/li>\n<li>normalisation et normes nationales, europ\u00e9ennes et mondiales relatives aux sp\u00e9cifications techniques et sp\u00e9cifiques aux t\u00e9l\u00e9communications<\/li>\n<li>Am\u00e9lioration du cadre r\u00e9glementaire au niveau national et harmonisation au niveau europ\u00e9en<\/li>\n<li>Renforcement de la logistique et des infrastructures dans le commerce de d\u00e9tail moderne, en tant que pilier essentiel du secteur, ainsi que l&rsquo;am\u00e9lioration des possibilit\u00e9s de formation initiale et continue<\/li>\n<li>Transfert de connaissances par le commandement et l&rsquo;interpr\u00e9tation d&rsquo;\u00e9tudes, ainsi que par la diffusion de nouveaux th\u00e8mes et de nouvelles connaissances dans le cadre d&rsquo;\u00e9v\u00e9nements professionnels<\/li>\n<li>un partenaire fiable pour le transfert de savoir-faire en mati\u00e8re d&rsquo;innovations technologiques : tendances, \u00e9volutions techniques et num\u00e9riques, l\u00e9gislations nationales et directives europ\u00e9ennes<\/li>\n<li>Meilleures pratiques issues d&rsquo;\u00e9changes d&rsquo;exp\u00e9riences anim\u00e9s entre les membres sur des th\u00e8mes pertinents pour le secteur et les tendances actuelles<\/li>\n<li>Organisation de salons, de r\u00e9unions d&rsquo;information, de colloques, de s\u00e9minaires, de voyages d&rsquo;\u00e9tude et d&rsquo;\u00e9v\u00e9nements similaires<\/li>\n<li>\u00c9laboration et commande d&rsquo;\u00e9tudes fiables<\/li>\n<li>Certification et audit de la mise en \u0153uvre de normes techniques et sp\u00e9cifiques aux messages, conformes aux exigences r\u00e9glementaires (par exemple : XML, interfaces EDI)<\/li>\n<li>Pr\u00e9sentation des produits \/ services des membres (sur la page d&rsquo;accueil \/ sous forme d&rsquo;offres sur la plateforme)<\/li>\n<li>P\u00f4le de connaissances \u00ab PME et grands groupes\/industrie \u00bb<\/li>\n<li>D\u00e9fense active des int\u00e9r\u00eats Th\u00e8mes : logistique &#8211; infrastructures &#8211; commerce moderne &#8211; au niveau national et international &#8211; orientation mondiale\/internationale pour les entreprises allemandes &#8211; international<\/li>\n<li>Les entreprises ont acc\u00e8s au march\u00e9 germanophone &#8211; Organisation du march\u00e9 &#8211; Moteurs de l&rsquo;innovation<\/li>\n<\/ul>\n<p>[\/et_pb_text][\/et_pb_column][et_pb_column type=\u00a0\u00bb1_4&Prime; _builder_version=\u00a0\u00bb4.16&Prime; _module_preset=\u00a0\u00bbdefault\u00a0\u00bb global_colors_info=\u00a0\u00bb{}\u00a0\u00bb][et_pb_image src=\u00a0\u00bbhttps:\/\/www.logistic-natives.com\/wp-content\/uploads\/2020\/12\/logistic-natives-logo_500x572px_PFAD.jpg\u00a0\u00bb title_text=\u00a0\u00bblogistic-natives-logo_500x572px_CHEMIN\u00a0\u00bb _builder_version=\u00a0\u00bb4.16&Prime; _module_preset=\u00a0\u00bbdefault\u00a0\u00bb box_shadow_style=\u00a0\u00bbpreset2&Prime; global_colors_info=\u00a0\u00bb{}\u00a0\u00bb][\/et_pb_image][et_pb_team_member name=\u00a0\u00bbFlorian Seikel\u00a0\u00bb position=\u00a0\u00bbDirecteur g\u00e9n\u00e9ral\u00a0\u00bb image_url=\u00a0\u00bbhttps:\/\/www.logistic-natives.com\/wp-content\/uploads\/2020\/07\/Florian-Seikel-Logistic-natives-1.png\u00a0\u00bb linkedin_url=\u00a0\u00bbhttps:\/\/www.linkedin.com\/in\/florian-seikel-87a0aa169\/\u00a0\u00bb _builder_version=\u00a0\u00bb4.24.1&Prime; _module_preset=\u00a0\u00bbdefault\u00a0\u00bb header_text_align=\u00a0\u00bbcenter\u00a0\u00bb body_text_align=\u00a0\u00bbcenter\u00a0\u00bb body_font_size=\u00a0\u00bb12px\u00a0\u00bb position_font=\u00a0\u00bb|600|||||||\u00a0\u00bb position_text_align=\u00a0\u00bbcenter\u00a0\u00bb position_font_size=\u00a0\u00bb16px\u00a0\u00bb background_color=\u00a0\u00bbRGBA(255,255,255,0)\u00a0\u00bb custom_padding=\u00a0\u00bb10px|10px|10px|10px|true|false\u00a0\u00bb border_radii=\u00a0\u00bboff||||\u00a0\u00bb border_width_all=\u00a0\u00bb1px\u00a0\u00bb border_color_all=\u00a0\u00bb#d8d8d8&Prime; border_radii_image=\u00a0\u00bboff||||\u00a0\u00bb box_shadow_style=\u00a0\u00bbpreset2&Prime; global_module=\u00a0\u00bb1335&Prime; saved_tabs=\u00a0\u00bball\u00a0\u00bb locked=\u00a0\u00bboff\u00a0\u00bb global_colors_info=\u00a0\u00bb{}\u00a0\u00bb]<\/p>\n<p>Tel. +49 162-2561001<\/p>\n<p>[\/et_pb_team_member][et_pb_text admin_label=\u00a0\u00bbMen\u00fc-\u00dcberuns\u00a0\u00bb _builder_version=\u00a0\u00bb4.7.5&Prime; _module_preset=\u00a0\u00bbdefault\u00a0\u00bb background_color=\u00a0\u00bb#ffffff\u00a0\u00bb custom_padding=\u00a0\u00bb15px|15px|15px|15px|true|true\u00a0\u00bb border_width_all=\u00a0\u00bb1px\u00a0\u00bb border_color_all=\u00a0\u00bb#d8d8d8&Prime; global_module=\u00a0\u00bb1846&Prime; saved_tabs=\u00a0\u00bball\u00a0\u00bb global_colors_info=\u00a0\u00bb{}\u00a0\u00bb]<\/p>\n<h3>Weitere Information<\/h3>\n<ul>\n<li><a href=\"https:\/\/www.logistic-natives.com\/satzung\">Satzung<\/a><\/li>\n<li><a href=\"https:\/\/www.logistic-natives.com\/ueber-uns\/beitragsordnung\">Beitragsordnung<\/a><\/li>\n<li><a href=\"https:\/\/www.logistic-natives.com\/mitglieder\">Mitglieder<\/a><\/li>\n<li><a href=\"https:\/\/www.logistic-natives.com\/mitglied-werden\">Mitglied werden<\/a><\/li>\n<li><a href=\"https:\/\/www.logistic-natives.com\/fr?page_id=32991\">\u00dcber uns<\/a><\/li>\n<li><a href=\"https:\/\/www.logistic-natives.com\/ueber-uns\/expertenrat\">Expertenrat<\/a>\n<\/li>\n<\/ul>\n<p>[\/et_pb_text][\/et_pb_column][\/et_pb_row][\/et_pb_section]<\/p>\n","protected":false},"excerpt":{"rendered":"<p>Un vaste r\u00e9seau et une collaboration fond\u00e9e sur le partenariatQui sommes-nous ?L&rsquo;association \u00ab logistic-natives e.V. \u00bb est un r\u00e9seau international d&rsquo;infrastructures logistiques d\u00e9di\u00e9 au commerce moderne, compos\u00e9 principalement de PME. L&rsquo;association d\u00e9fend activement les int\u00e9r\u00eats \u00e9conomiques et juridiques de plus de 30 000 entreprises du secteur. \u00c0 cet \u00e9gard, l\u2019association logistic-natives e.V. apporte principalement son [&hellip;]<\/p>\n","protected":false},"author":4,"featured_media":0,"parent":0,"menu_order":0,"comment_status":"closed","ping_status":"closed","template":"","meta":{"_et_pb_use_builder":"on","_et_pb_old_content":"","_et_gb_content_width":"","footnotes":""},"class_list":["post-32991","page","type-page","status-publish","hentry"],"yoast_head":"<!-- This site is optimized with the Yoast SEO plugin v28.3 - https:\/\/yoast.com\/product\/yoast-seo-wordpress\/ -->\n<title>\u00c0 propos de nous | Logistic Natives e.V.<\/title>\n<meta name=\"robots\" content=\"index, follow, max-snippet:-1, max-image-preview:large, max-video-preview:-1\" \/>\n<link rel=\"canonical\" href=\"https:\/\/www.logistic-natives.com\/fr\/a-propos-de-nous\" \/>\n<meta property=\"og:locale\" content=\"fr_FR\" \/>\n<meta property=\"og:type\" content=\"article\" \/>\n<meta property=\"og:title\" content=\"\u00c0 propos de nous | Logistic Natives e.V.\" \/>\n<meta property=\"og:description\" content=\"Un vaste r\u00e9seau et une collaboration fond\u00e9e sur le partenariatQui sommes-nous ?L&#039;association \u00ab logistic-natives e.V. \u00bb est un r\u00e9seau international d&#039;infrastructures logistiques d\u00e9di\u00e9 au commerce moderne, compos\u00e9 principalement de PME. L&#039;association d\u00e9fend activement les int\u00e9r\u00eats \u00e9conomiques et juridiques de plus de 30 000 entreprises du secteur. \u00c0 cet \u00e9gard, l\u2019association logistic-natives e.V. apporte principalement son [&hellip;]\" \/>\n<meta property=\"og:url\" content=\"https:\/\/www.logistic-natives.com\/fr\/a-propos-de-nous\" \/>\n<meta property=\"og:site_name\" content=\"Logistic Natives e.V.\" \/>\n<meta property=\"article:modified_time\" content=\"2026-07-30T15:19:11+00:00\" \/>\n<meta property=\"og:image\" content=\"https:\/\/www.logistic-natives.com\/wp-content\/uploads\/2020\/11\/logistic-natives-logo.jpg\" \/>\n\t<meta property=\"og:image:width\" content=\"258\" \/>\n\t<meta property=\"og:image:height\" content=\"375\" \/>\n\t<meta property=\"og:image:type\" content=\"image\/jpeg\" \/>\n<meta name=\"twitter:card\" content=\"summary_large_image\" \/>\n<meta name=\"twitter:label1\" content=\"Dur\u00e9e de lecture estim\u00e9e\" \/>\n\t<meta name=\"twitter:data1\" content=\"9 minutes\" \/>\n<script type=\"application\/ld+json\" class=\"yoast-schema-graph\">{\"@context\":\"https:\\\/\\\/schema.org\",\"@graph\":[{\"@type\":\"WebPage\",\"@id\":\"https:\\\/\\\/www.logistic-natives.com\\\/fr\\\/a-propos-de-nous\",\"url\":\"https:\\\/\\\/www.logistic-natives.com\\\/fr\\\/a-propos-de-nous\",\"name\":\"\u00c0 propos de nous | Logistic Natives e.V.\",\"isPartOf\":{\"@id\":\"https:\\\/\\\/www.logistic-natives.com\\\/fr#website\"},\"datePublished\":\"2020-10-26T11:05:45+00:00\",\"dateModified\":\"2026-07-30T15:19:11+00:00\",\"breadcrumb\":{\"@id\":\"https:\\\/\\\/www.logistic-natives.com\\\/fr\\\/a-propos-de-nous#breadcrumb\"},\"inLanguage\":\"fr-FR\",\"potentialAction\":[{\"@type\":\"ReadAction\",\"target\":[\"https:\\\/\\\/www.logistic-natives.com\\\/fr\\\/a-propos-de-nous\"]}]},{\"@type\":\"BreadcrumbList\",\"@id\":\"https:\\\/\\\/www.logistic-natives.com\\\/fr\\\/a-propos-de-nous#breadcrumb\",\"itemListElement\":[{\"@type\":\"ListItem\",\"position\":1,\"name\":\"Home\",\"item\":\"https:\\\/\\\/www.logistic-natives.com\\\/fr?page_id=33056\"},{\"@type\":\"ListItem\",\"position\":2,\"name\":\"\u00c0 propos de nous\"}]},{\"@type\":\"WebSite\",\"@id\":\"https:\\\/\\\/www.logistic-natives.com\\\/fr#website\",\"url\":\"https:\\\/\\\/www.logistic-natives.com\\\/fr\",\"name\":\"Logistic Natives e.V.\",\"description\":\"Network of international logistics infrastructure in modern commerce\",\"publisher\":{\"@id\":\"https:\\\/\\\/www.logistic-natives.com\\\/fr#organization\"},\"potentialAction\":[{\"@type\":\"SearchAction\",\"target\":{\"@type\":\"EntryPoint\",\"urlTemplate\":\"https:\\\/\\\/www.logistic-natives.com\\\/fr?s={search_term_string}\"},\"query-input\":{\"@type\":\"PropertyValueSpecification\",\"valueRequired\":true,\"valueName\":\"search_term_string\"}}],\"inLanguage\":\"fr-FR\"},{\"@type\":\"Organization\",\"@id\":\"https:\\\/\\\/www.logistic-natives.com\\\/fr#organization\",\"name\":\"logistic-natives e.V.\",\"url\":\"https:\\\/\\\/www.logistic-natives.com\\\/fr\",\"logo\":{\"@type\":\"ImageObject\",\"inLanguage\":\"fr-FR\",\"@id\":\"https:\\\/\\\/www.logistic-natives.com\\\/fr#\\\/schema\\\/logo\\\/image\\\/\",\"url\":\"https:\\\/\\\/www.logistic-natives.com\\\/wp-content\\\/uploads\\\/2020\\\/12\\\/logistic-natives-logo_500x572px_PFAD.jpg\",\"contentUrl\":\"https:\\\/\\\/www.logistic-natives.com\\\/wp-content\\\/uploads\\\/2020\\\/12\\\/logistic-natives-logo_500x572px_PFAD.jpg\",\"width\":500,\"height\":572,\"caption\":\"logistic-natives e.V.\"},\"image\":{\"@id\":\"https:\\\/\\\/www.logistic-natives.com\\\/fr#\\\/schema\\\/logo\\\/image\\\/\"}}]}<\/script>\n<!-- \/ Yoast SEO plugin. -->","yoast_head_json":{"title":"\u00c0 propos de nous | Logistic Natives e.V.","robots":{"index":"index","follow":"follow","max-snippet":"max-snippet:-1","max-image-preview":"max-image-preview:large","max-video-preview":"max-video-preview:-1"},"canonical":"https:\/\/www.logistic-natives.com\/fr\/a-propos-de-nous","og_locale":"fr_FR","og_type":"article","og_title":"\u00c0 propos de nous | Logistic Natives e.V.","og_description":"Un vaste r\u00e9seau et une collaboration fond\u00e9e sur le partenariatQui sommes-nous ?L'association \u00ab logistic-natives e.V. \u00bb est un r\u00e9seau international d'infrastructures logistiques d\u00e9di\u00e9 au commerce moderne, compos\u00e9 principalement de PME. L'association d\u00e9fend activement les int\u00e9r\u00eats \u00e9conomiques et juridiques de plus de 30 000 entreprises du secteur. \u00c0 cet \u00e9gard, l\u2019association logistic-natives e.V. apporte principalement son [&hellip;]","og_url":"https:\/\/www.logistic-natives.com\/fr\/a-propos-de-nous","og_site_name":"Logistic Natives e.V.","article_modified_time":"2026-07-30T15:19:11+00:00","og_image":[{"width":258,"height":375,"url":"https:\/\/www.logistic-natives.com\/wp-content\/uploads\/2020\/11\/logistic-natives-logo.jpg","type":"image\/jpeg"}],"twitter_card":"summary_large_image","twitter_misc":{"Dur\u00e9e de lecture estim\u00e9e":"9 minutes"},"schema":{"@context":"https:\/\/schema.org","@graph":[{"@type":"WebPage","@id":"https:\/\/www.logistic-natives.com\/fr\/a-propos-de-nous","url":"https:\/\/www.logistic-natives.com\/fr\/a-propos-de-nous","name":"\u00c0 propos de nous | Logistic Natives e.V.","isPartOf":{"@id":"https:\/\/www.logistic-natives.com\/fr#website"},"datePublished":"2020-10-26T11:05:45+00:00","dateModified":"2026-07-30T15:19:11+00:00","breadcrumb":{"@id":"https:\/\/www.logistic-natives.com\/fr\/a-propos-de-nous#breadcrumb"},"inLanguage":"fr-FR","potentialAction":[{"@type":"ReadAction","target":["https:\/\/www.logistic-natives.com\/fr\/a-propos-de-nous"]}]},{"@type":"BreadcrumbList","@id":"https:\/\/www.logistic-natives.com\/fr\/a-propos-de-nous#breadcrumb","itemListElement":[{"@type":"ListItem","position":1,"name":"Home","item":"https:\/\/www.logistic-natives.com\/fr?page_id=33056"},{"@type":"ListItem","position":2,"name":"\u00c0 propos de nous"}]},{"@type":"WebSite","@id":"https:\/\/www.logistic-natives.com\/fr#website","url":"https:\/\/www.logistic-natives.com\/fr","name":"Logistic Natives e.V.","description":"Network of international logistics infrastructure in modern commerce","publisher":{"@id":"https:\/\/www.logistic-natives.com\/fr#organization"},"potentialAction":[{"@type":"SearchAction","target":{"@type":"EntryPoint","urlTemplate":"https:\/\/www.logistic-natives.com\/fr?s={search_term_string}"},"query-input":{"@type":"PropertyValueSpecification","valueRequired":true,"valueName":"search_term_string"}}],"inLanguage":"fr-FR"},{"@type":"Organization","@id":"https:\/\/www.logistic-natives.com\/fr#organization","name":"logistic-natives e.V.","url":"https:\/\/www.logistic-natives.com\/fr","logo":{"@type":"ImageObject","inLanguage":"fr-FR","@id":"https:\/\/www.logistic-natives.com\/fr#\/schema\/logo\/image\/","url":"https:\/\/www.logistic-natives.com\/wp-content\/uploads\/2020\/12\/logistic-natives-logo_500x572px_PFAD.jpg","contentUrl":"https:\/\/www.logistic-natives.com\/wp-content\/uploads\/2020\/12\/logistic-natives-logo_500x572px_PFAD.jpg","width":500,"height":572,"caption":"logistic-natives e.V."},"image":{"@id":"https:\/\/www.logistic-natives.com\/fr#\/schema\/logo\/image\/"}}]}},"_links":{"self":[{"href":"https:\/\/www.logistic-natives.com\/fr\/wp-json\/wp\/v2\/pages\/32991","targetHints":{"allow":["GET"]}}],"collection":[{"href":"https:\/\/www.logistic-natives.com\/fr\/wp-json\/wp\/v2\/pages"}],"about":[{"href":"https:\/\/www.logistic-natives.com\/fr\/wp-json\/wp\/v2\/types\/page"}],"author":[{"embeddable":true,"href":"https:\/\/www.logistic-natives.com\/fr\/wp-json\/wp\/v2\/users\/4"}],"replies":[{"embeddable":true,"href":"https:\/\/www.logistic-natives.com\/fr\/wp-json\/wp\/v2\/comments?post=32991"}],"version-history":[{"count":0,"href":"https:\/\/www.logistic-natives.com\/fr\/wp-json\/wp\/v2\/pages\/32991\/revisions"}],"wp:attachment":[{"href":"https:\/\/www.logistic-natives.com\/fr\/wp-json\/wp\/v2\/media?parent=32991"}],"curies":[{"name":"wp","href":"https:\/\/api.w.org\/{rel}","templated":true}]}}