{"id":33030,"date":"2024-02-19T17:17:47","date_gmt":"2024-02-19T16:17:47","guid":{"rendered":"https:\/\/www.logistic-natives.com\/conseil-et-gestion-de-projet"},"modified":"2026-07-30T16:19:16","modified_gmt":"2026-07-30T15:19:16","slug":"conseil-et-gestion-de-projet","status":"publish","type":"page","link":"https:\/\/www.logistic-natives.com\/fr\/accueil\/conseil-et-gestion-de-projet","title":{"rendered":"Conseil et gestion de projet"},"content":{"rendered":"<p>[et_pb_section fb_built=\u00a0\u00bb1&Prime; admin_label=\u00a0\u00bbsection\u00a0\u00bb _builder_version=\u00a0\u00bb4.16&Prime; global_colors_info=\u00a0\u00bb{}\u00a0\u00bb][et_pb_row admin_label=\u00a0\u00bbrow\u00a0\u00bb _builder_version=\u00a0\u00bb4.16&Prime; background_enable_image=\u00a0\u00bboff\u00a0\u00bb background_repeat=\u00a0\u00bbrepeat\u00a0\u00bb global_colors_info=\u00a0\u00bb{}\u00a0\u00bb][et_pb_column type=\u00a0\u00bb4_4&Prime; _builder_version=\u00a0\u00bb4.16&Prime; custom_padding=\u00a0\u00bb|||\u00a0\u00bb global_colors_info=\u00a0\u00bb{}\u00a0\u00bb custom_padding__hover=\u00a0\u00bb|||\u00a0\u00bb][et_pb_image src=\u00a0\u00bbhttps:\/\/www.logistic-natives.com\/wp-content\/uploads\/2024\/02\/Titel_Consulting_Management_Zeichenflaeche-1.png\u00a0\u00bb title_text=\u00a0\u00bbTitre_Consulting_Management_Zone d&#039;\u00e9dition 1&Prime; _builder_version=\u00a0\u00bb4.24.1&Prime; _module_preset=\u00a0\u00bbdefault\u00a0\u00bb background_image=\u00a0\u00bbhttps:\/\/www.logistic-natives.com\/wp-content\/uploads\/2021\/10\/Titel_Recruiting_Seite-03-01.png\u00a0\u00bb global_colors_info=\u00a0\u00bb{}\u00a0\u00bb][\/et_pb_image][\/et_pb_column][\/et_pb_row][\/et_pb_section][et_pb_section fb_built=\u00a0\u00bb1&Prime; _builder_version=\u00a0\u00bb4.16&Prime; _module_preset=\u00a0\u00bbdefault\u00a0\u00bb background_color=\u00a0\u00bb#efefef\u00a0\u00bb background_enable_image=\u00a0\u00bboff\u00a0\u00bb global_colors_info=\u00a0\u00bb{}\u00a0\u00bb][et_pb_row _builder_version=\u00a0\u00bb4.16&Prime; _module_preset=\u00a0\u00bbdefault\u00a0\u00bb global_colors_info=\u00a0\u00bb{}\u00a0\u00bb][et_pb_column type=\u00a0\u00bb4_4&Prime; _builder_version=\u00a0\u00bb4.16&Prime; _module_preset=\u00a0\u00bbdefault\u00a0\u00bb global_colors_info=\u00a0\u00bb{}\u00a0\u00bb][et_pb_text _builder_version=\u00a0\u00bb4.24.1&Prime; _module_preset=\u00a0\u00bbdefault\u00a0\u00bb header_text_color=\u00a0\u00bb#005caa\u00a0\u00bb global_colors_info=\u00a0\u00bb{}\u00a0\u00bb]<\/p>\n<h1><strong>logistic-natives : Conseil et gestion de projet<\/strong><\/h1>\n<p>[\/et_pb_text][\/et_pb_column][\/et_pb_row][et_pb_row column_structure=\u00a0\u00bb1_2,1_2&Prime; disabled_on=\u00a0\u00bbon|on|on\u00a0\u00bb _builder_version=\u00a0\u00bb4.16&Prime; _module_preset=\u00a0\u00bbdefault\u00a0\u00bb background_color=\u00a0\u00bb#FFFFFF\u00a0\u00bb disabled=\u00a0\u00bbon\u00a0\u00bb global_colors_info=\u00a0\u00bb{}\u00a0\u00bb][et_pb_column type=\u00a0\u00bb1_2&Prime; _builder_version=\u00a0\u00bb4.16&Prime; _module_preset=\u00a0\u00bbdefault\u00a0\u00bb global_colors_info=\u00a0\u00bb{}\u00a0\u00bb][et_pb_image src=\u00a0\u00bbhttps:\/\/www.logistic-natives.com\/wp-content\/uploads\/2021\/10\/IDIH_Logo_4c_200x200_Zeichenflaeche-1.png\u00a0\u00bb title_text=\u00a0\u00bbIDIH_Logo_4c_200x200_zone de texte 1&Prime; _builder_version=\u00a0\u00bb4.16&Prime; _module_preset=\u00a0\u00bbdefault\u00a0\u00bb global_colors_info=\u00a0\u00bb{}\u00a0\u00bb][\/et_pb_image][\/et_pb_column][et_pb_column type=\u00a0\u00bb1_2&Prime; _builder_version=\u00a0\u00bb4.16&Prime; _module_preset=\u00a0\u00bbdefault\u00a0\u00bb global_colors_info=\u00a0\u00bb{}\u00a0\u00bb][et_pb_image src=\u00a0\u00bbhttps:\/\/www.logistic-natives.com\/wp-content\/uploads\/2021\/11\/LN_Logo_4c_200x200_Zeichenflaeche-1.png\u00a0\u00bb title_text=\u00a0\u00bbLN_Logo_4c_200x200_zone de dessin 1&Prime; _builder_version=\u00a0\u00bb4.16&Prime; _module_preset=\u00a0\u00bbdefault\u00a0\u00bb global_colors_info=\u00a0\u00bb{}\u00a0\u00bb][\/et_pb_image][\/et_pb_column][\/et_pb_row][et_pb_row column_structure=\u00a0\u00bb3_4,1_4&Prime; use_custom_gutter=\u00a0\u00bbon\u00a0\u00bb gutter_width=\u00a0\u00bb2&Prime; _builder_version=\u00a0\u00bb4.16&Prime; _module_preset=\u00a0\u00bbdefault\u00a0\u00bb custom_margin=\u00a0\u00bb||||false|false\u00a0\u00bb global_colors_info=\u00a0\u00bb{}\u00a0\u00bb][et_pb_column type=\u00a0\u00bb3_4&Prime; _builder_version=\u00a0\u00bb4.16&Prime; _module_preset=\u00a0\u00bbdefault\u00a0\u00bb global_colors_info=\u00a0\u00bb{}\u00a0\u00bb][et_pb_text _builder_version=\u00a0\u00bb4.24.1&Prime; _module_preset=\u00a0\u00bbdefault\u00a0\u00bb text_text_color=\u00a0\u00bb#000000&Prime; background_color=\u00a0\u00bb#EFEFEF\u00a0\u00bb custom_padding=\u00a0\u00bb15px|15px|15px|15px|false|false\u00a0\u00bb global_colors_info=\u00a0\u00bb{}\u00a0\u00bb]<\/p>\n<p>Depuis 2024, Logistics Natives propose des services de conseil et de gestion de projets par l&rsquo;interm\u00e9diaire de sa soci\u00e9t\u00e9 de services, en mettant en commun le r\u00e9seau, l&rsquo;expertise et les comp\u00e9tences de ses membres.<\/p>\n<p>Logistics Natives donne acc\u00e8s \u00e0 un vaste r\u00e9seau de consultants, de sp\u00e9cialistes et de cadres \u00e0 tous les niveaux hi\u00e9rarchiques, En tant que membre d\u2019E-Commerce Europe et de l\u2019Union postale universelle par l\u2019interm\u00e9diaire des comit\u00e9s consultatifs de l\u2019UPU, cette nouvelle soci\u00e9t\u00e9 de services propose ses prestations non seulement en Allemagne, en Autriche et en Suisse, mais \u00e9galement \u00e0 l\u2019international et dans le cadre d\u2019appels d\u2019offres et de projets de partenariat public-priv\u00e9.  <\/p>\n<p>On peut citer, \u00e0 titre d&rsquo;exemple, la mise en place et le fonctionnement du Bureau de gestion de projet (PMO) en coop\u00e9ration avec ADS Africa Development Solutions Group, pour le compte de Poste Maroc, dans le cadre de l&rsquo;initiative \u00ab Postal Prosperity Zone \u00bb (PPZ) de l&rsquo;UPU, en collaboration avec des parties prenantes telles que SF Express, Amazon et MAERSK.<\/p>\n<p>[\/et_pb_text][et_pb_cta button_url=\u00a0\u00bbmailto:florian.seikel@logistic-natives.com\u00a0\u00bb button_text=\u00a0\u00bbCONTACT\u00a0\u00bb _builder_version=\u00a0\u00bb4.24.1&Prime; _module_preset=\u00a0\u00bbdefault\u00a0\u00bb background_color=\u00a0\u00bb#005caa\u00a0\u00bb global_colors_info=\u00a0\u00bb{}\u00a0\u00bb]<\/p>\n<p>E-MAIL<\/p>\n<p>[\/et_pb_cta][et_pb_slider _builder_version=\u00a0\u00bb4.27.4&Prime; _module_preset=\u00a0\u00bbdefault\u00a0\u00bb hover_enabled=\u00a0\u00bb0&Prime; global_colors_info=\u00a0\u00bb{}\u00a0\u00bb sticky_enabled=\u00a0\u00bb0&Prime;][et_pb_slide heading=\u00a0\u00bbLettre d&apos;information n\u00b0 1 de la Postal Prosperity Zone (PPZ)\u00a0\u00bb button_text=\u00a0\u00bbT\u00c9L\u00c9CHARGER\u00a0\u00bb button_link=\u00a0\u00bbhttps:\/\/www.logistic-natives.com\/wp-content\/uploads\/2025\/07\/PPZ-Newsletter_LN-1-11-Jul-2025.pdf\u00a0\u00bb image=\u00a0\u00bbhttps:\/\/www.logistic-natives.com\/wp-content\/uploads\/2025\/07\/UPU_PPZ_Newsletter_Zeichenflaeche-1.png\u00a0\u00bb _builder_version=\u00a0\u00bb4.27.4&Prime; _module_preset=\u00a0\u00bbdefault\u00a0\u00bb background_color=\u00a0\u00bb#999999&Prime; background_enable_color=\u00a0\u00bbon\u00a0\u00bb global_colors_info=\u00a0\u00bb{}\u00a0\u00bb sticky_transition=\u00a0\u00bbon\u00a0\u00bb]<\/p>\n<p><strong>Zone de prosp\u00e9rit\u00e9 postale (PPZ)<\/strong><br \/><strong>Lettre d&rsquo;information n\u00b0 1<\/strong><\/p>\n<p>Cliquez ici pour t\u00e9l\u00e9charger la lettre d&rsquo;information<\/p>\n<p>[\/et_pb_slide][et_pb_slide heading=\u00a0\u00bbLettre d&apos;information n\u00b0 2 de la Postal Prosperity Zone (PPZ)\u00a0\u00bb button_text=\u00a0\u00bbT\u00c9L\u00c9CHARGER\u00a0\u00bb button_link=\u00a0\u00bbhttps:\/\/www.logistic-natives.com\/wp-content\/uploads\/2025\/09\/PPZ-Newsletter_2.pdf\u00a0\u00bb image=\u00a0\u00bbhttps:\/\/www.logistic-natives.com\/wp-content\/uploads\/2025\/07\/UPU_PPZ_Newsletter_Zeichenflaeche-1.png\u00a0\u00bb _builder_version=\u00a0\u00bb4.27.4&Prime; _module_preset=\u00a0\u00bbdefault\u00a0\u00bb background_color=\u00a0\u00bb#31257C\u00a0\u00bb background_enable_color=\u00a0\u00bbon\u00a0\u00bb hover_enabled=\u00a0\u00bb0&Prime; global_colors_info=\u00a0\u00bb{}\u00a0\u00bb sticky_transition=\u00a0\u00bbon\u00a0\u00bb sticky_enabled=\u00a0\u00bb0&Prime;]<\/p>\n<p><strong>Zone de prosp\u00e9rit\u00e9 postale (PPZ)<\/strong><br \/><strong>Lettre d&rsquo;information n\u00b0 2<\/strong><\/p>\n<p>Cliquez ici pour t\u00e9l\u00e9charger la lettre d&rsquo;information<\/p>\n<p>[\/et_pb_slide][\/et_pb_slider][et_pb_slider _builder_version=\u00a0\u00bb4.27.4&Prime; _module_preset=\u00a0\u00bbdefault\u00a0\u00bb global_colors_info=\u00a0\u00bb{}\u00a0\u00bb][et_pb_slide heading=\u00a0\u00bbLa zone de prosp\u00e9rit\u00e9 postale (PPZ) &#8211; 1re partie\u00a0\u00bb button_text=\u00a0\u00bbLinkedIn\u00a0\u00bb button_link=\u00a0\u00bbhttps:\/\/www.linkedin.com\/posts\/waltertrezek_ecommerce-dos-globalmarketplaces-activity-7259507745844805637-g8B5\/?utm_source=share&amp;utm_medium=member_ios\u00a0\u00bb image=\u00a0\u00bbhttps:\/\/www.logistic-natives.com\/wp-content\/uploads\/2024\/11\/1730801520454.jpeg\u00a0\u00bb _builder_version=\u00a0\u00bb4.27.4&Prime; _module_preset=\u00a0\u00bbdefault\u00a0\u00bb global_colors_info=\u00a0\u00bb{}\u00a0\u00bb sticky_transition=\u00a0\u00bbon\u00a0\u00bb]<\/p>\n<p>\ud835\uddd4 \ud835\udde1\ud835\uddf2\ud835\ude04 \ud835\uddd8\ud835\uddff\ud835\uddee \ud835\uddf3\ud835\uddfc\ud835\uddff \ud835\udde3\ud835\uddfc\ud835\ude00\ud835\ude01\ud835\uddee\ud835\uddf9 \ud835\uddd6\ud835\uddff\ud835\uddfc\ud835\ude00\ud835\ude00-\ud835\uddd5\ud835\uddfc\ud835\uddff\ud835\uddf1\ud835\uddf2\ud835\uddff \ud835\uddd8\ud835\uddf0\ud835\uddfc\ud835\uddfa\ud835\uddfa\ud835\uddf2\ud835\uddff\ud835\uddf0\ud835\uddf2 \ud835\uddee\ud835\uddfb\ud835\uddf1 \ud835\udddf\ud835\uddfc\ud835\uddf4\ud835\uddf6\ud835\ude00\ud835\ude01\ud835\uddf6\ud835\uddf0\ud835\ude00<\/p>\n<p>Cliquez ici pour consulter l&rsquo;article sur LinkedIn<\/p>\n<p>[\/et_pb_slide][et_pb_slide heading=\u00a0\u00bbLa zone de prosp\u00e9rit\u00e9 postale (PPZ) &#8211; 2e partie\u00a0\u00bb button_text=\u00a0\u00bbLinkedIn\u00a0\u00bb button_link=\u00a0\u00bbhttps:\/\/www.linkedin.com\/posts\/waltertrezek_global-marketplaces-supplychains-activity-7265278362758119424-jKhb\/?utm_source=share&amp;utm_medium=member_ios\u00a0\u00bb image=\u00a0\u00bbhttps:\/\/www.logistic-natives.com\/wp-content\/uploads\/2024\/11\/1732177342478.jpg\u00a0\u00bb _builder_version=\u00a0\u00bb4.27.4&Prime; _module_preset=\u00a0\u00bbdefault\u00a0\u00bb background_color=\u00a0\u00bb#999999&Prime; background_enable_color=\u00a0\u00bbon\u00a0\u00bb global_colors_info=\u00a0\u00bb{}\u00a0\u00bb sticky_transition=\u00a0\u00bbon\u00a0\u00bb]<\/p>\n<p>\ud835\uddea\ud835\uddf5\ud835\uddee\ud835\ude01 \ud835\uddf6\ud835\ude00 \ud835\uddee \ud835\udde3\ud835\uddfc\ud835\ude00\ud835\ude01\ud835\uddee\ud835\uddf9 \ud835\udde3\ud835\uddff\ud835\uddfc\ud835\ude00\ud835\uddfd\ud835\uddf2\ud835\uddff\ud835\uddf6\ud835\ude01\ud835\ude06 \ud835\udded\ud835\uddfc\ud835\uddfb\ud835\uddf2 (\ud835\udde3\ud835\udde3\ud835\udded) \ud835\udde3\ud835\uddff\ud835\uddfc\ud835\uddf7\ud835\uddf2\ud835\uddf0\ud835\ude01, \ud835\uddee\ud835\uddfb\ud835\uddf1 \ud835\ude04\ud835\uddf5\ud835\uddee\ud835\ude01 \ud835\uddee\ud835\uddff\ud835\uddf2 \ud835\uddf6\ud835\ude01\ud835\ude00 \ud835\uddf4\ud835\uddfc\ud835\uddee\ud835\uddf9\ud835\ude00 ?<\/p>\n<p>Cliquez ici pour consulter l&rsquo;article sur LinkedIn<\/p>\n<p>[\/et_pb_slide][et_pb_slide heading=\u00a0\u00bbLa zone de prosp\u00e9rit\u00e9 postale (PPZ) &#8211; 3e partie\u00a0\u00bb button_text=\u00a0\u00bbLinkedIn\u00a0\u00bb button_link=\u00a0\u00bbhttps:\/\/www.linkedin.com\/posts\/waltertrezek_ecommerce-ecosystem-dataintegration-activity-7267809465213546496-Ptf9\/?utm_source=share&amp;utm_medium=member_ios\u00a0\u00bb image=\u00a0\u00bbhttps:\/\/www.logistic-natives.com\/wp-content\/uploads\/2024\/12\/1732739083041.jpg\u00a0\u00bb _builder_version=\u00a0\u00bb4.27.4&Prime; _module_preset=\u00a0\u00bbdefault\u00a0\u00bb global_colors_info=\u00a0\u00bb{}\u00a0\u00bb sticky_transition=\u00a0\u00bbon\u00a0\u00bb]<\/p>\n<p>\ud835\udde6\ud835\uddf2\ud835\uddee\ud835\uddfa\ud835\uddf9\ud835\uddf2\ud835\ude00\ud835\ude00 \ud835\udde3\ud835\uddfc\ud835\ude00\ud835\ude01\ud835\uddee\ud835\uddf9 \ud835\udddc\ud835\udde7 \ud835\udddc\ud835\uddfb\ud835\ude01\ud835\uddf2\ud835\uddf4\ud835\uddff\ud835\uddee\ud835\ude01\ud835\uddf6\ud835\uddfc\ud835\uddfb \ud835\ude04\ud835\uddf6\ud835\ude01\ud835\uddf5 \ud835\uddf0\ud835\uddfc\ud835\uddfa\ud835\uddfa\ud835\uddf2\ud835\uddff\ud835\uddf0\ud835\uddf6\ud835\uddee\ud835\uddf9 \ud835\uddfd\ud835\uddf9\ud835\uddee\ud835\ude06\ud835\uddf2\ud835\uddff\ud835\ude00 \ud835\uddf6\ud835\ude00 \ud835\ude01\ud835\uddf5\ud835\uddf2 \ud835\uddf0\ud835\uddfc\ud835\uddff\ud835\uddf2 \ud835\uddfc\ud835\uddf3 \ud835\udde3\ud835\udde3\ud835\udded<\/p>\n<p>Cliquez ici pour consulter l&rsquo;article sur LinkedIn<\/p>\n<p>[\/et_pb_slide][\/et_pb_slider][et_pb_slider _builder_version=\u00a0\u00bb4.27.4&Prime; _module_preset=\u00a0\u00bbdefault\u00a0\u00bb global_colors_info=\u00a0\u00bb{}\u00a0\u00bb][et_pb_slide heading=\u00a0\u00bbOman lance son premier projet PPZ en Asie et dans la r\u00e9gion du Golfe\u00a0\u00bb button_text=\u00a0\u00bbLinkedIn\u00a0\u00bb button_link=\u00a0\u00bbhttps:\/\/www.linkedin.com\/feed\/update\/urn:li:activity:7327584113681457152&Prime; image=\u00a0\u00bbhttps:\/\/www.logistic-natives.com\/wp-content\/uploads\/2025\/05\/oman-post_linkedIn_Zeichenflaeche-1.png\u00a0\u00bb _builder_version=\u00a0\u00bb4.27.4&Prime; _module_preset=\u00a0\u00bbdefault\u00a0\u00bb background_color=\u00a0\u00bb#999999&Prime; background_enable_color=\u00a0\u00bbon\u00a0\u00bb global_colors_info=\u00a0\u00bb{}\u00a0\u00bb sticky_transition=\u00a0\u00bbon\u00a0\u00bb]<\/p>\n<p><strong>Oman Post a rejoint l&rsquo;initiative \u00ab Postal Prosperity Zone \u00bb (PPZ) du Comit\u00e9 de coop\u00e9ration (CC) de l&rsquo;UPU afin de dynamiser le commerce \u00e9lectronique transfrontalier gr\u00e2ce \u00e0 des solutions logistiques num\u00e9riques int\u00e9gr\u00e9es.<\/strong><\/p>\n<p>Cliquez ici pour consulter l&rsquo;article sur LinkedIn<\/p>\n<p>[\/et_pb_slide][\/et_pb_slider][et_pb_cta button_url=\u00a0\u00bbhttps:\/\/www.logistic-natives.com\/wp-content\/uploads\/2024\/12\/Preasentation_logistic-natives_2024.pdf\u00a0\u00bb button_text=\u00a0\u00bbT\u00c9L\u00c9CHARGER\u00a0\u00bb _builder_version=\u00a0\u00bb4.27.4&Prime; _module_preset=\u00a0\u00bbdefault\u00a0\u00bb global_colors_info=\u00a0\u00bb{}\u00a0\u00bb]<\/p>\n<h3 style=\"text-align: center;\">Nous nous pr\u00e9sentons.<\/h3>\n<p style=\"text-align: center;\">Vous pouvez t\u00e9l\u00e9charger ici notre pr\u00e9sentation au format PDF.<\/p>\n<p>[\/et_pb_cta][et_pb_cta button_url=\u00a0\u00bbhttps:\/\/www.logistic-natives.com\/wp-content\/uploads\/2024\/12\/Preasentation_logistic-natives_2024-ENG.pdf\u00a0\u00bb button_text=\u00a0\u00bbT\u00c9L\u00c9CHARGER\u00a0\u00bb _builder_version=\u00a0\u00bb4.27.4&Prime; _module_preset=\u00a0\u00bbdefault\u00a0\u00bb global_colors_info=\u00a0\u00bb{}\u00a0\u00bb]<\/p>\n<h3 style=\"text-align: center;\">Nous nous pr\u00e9sentons.<\/h3>\n<p style=\"text-align: center;\">Vous pouvez t\u00e9l\u00e9charger ici notre pr\u00e9sentation au format PDF.<\/p>\n<p>[\/et_pb_cta][\/et_pb_column][et_pb_column type=\u00a0\u00bb1_4&Prime; _builder_version=\u00a0\u00bb4.16&Prime; _module_preset=\u00a0\u00bbdefault\u00a0\u00bb global_colors_info=\u00a0\u00bb{}\u00a0\u00bb][et_pb_image src=\u00a0\u00bbhttps:\/\/www.logistic-natives.com\/wp-content\/uploads\/2024\/02\/logistic-natives-service-UG-logo_Zeichenflaeche-1.png\u00a0\u00bb title_text=\u00a0\u00bblogistic natives service UG logo_zone de dessin 1&Prime; _builder_version=\u00a0\u00bb4.24.1&Prime; _module_preset=\u00a0\u00bbdefault\u00a0\u00bb box_shadow_style=\u00a0\u00bbpreset2&Prime; global_colors_info=\u00a0\u00bb{}\u00a0\u00bb][\/et_pb_image][et_pb_team_member name=\u00a0\u00bbFlorian Seikel\u00a0\u00bb position=\u00a0\u00bbDirecteur g\u00e9n\u00e9ral\u00a0\u00bb image_url=\u00a0\u00bbhttps:\/\/www.logistic-natives.com\/wp-content\/uploads\/2020\/07\/Florian-Seikel-Logistic-natives-1.png\u00a0\u00bb linkedin_url=\u00a0\u00bbhttps:\/\/www.linkedin.com\/in\/florian-seikel-87a0aa169\/\u00a0\u00bb _builder_version=\u00a0\u00bb4.24.1&Prime; _module_preset=\u00a0\u00bbdefault\u00a0\u00bb body_font_size=\u00a0\u00bb12px\u00a0\u00bb background_color=\u00a0\u00bb#ffffff\u00a0\u00bb custom_padding=\u00a0\u00bb10px|10px|10px|10px|false|false\u00a0\u00bb border_width_all=\u00a0\u00bb1px\u00a0\u00bb border_color_all=\u00a0\u00bb#efefef\u00a0\u00bb global_colors_info=\u00a0\u00bb{}\u00a0\u00bb]<\/p>\n<p><strong>logistic-natives service UG<br \/><\/strong>Centre international du commerce (IHZ)<br \/>Friedrichstra\u00dfe 95<br \/>10117 Berlin<\/p>\n<p>T\u00e9l. +49 162-2561001<\/p>\n<p>[\/et_pb_team_member][et_pb_team_member name=\u00a0\u00bbMartin F\u00fcll  \u00a0\u00bb position=\u00a0\u00bbResponsable de division Logistique du commerce \u00e9lectronique\u00a0\u00bb image_url=\u00a0\u00bbhttps:\/\/www.logistic-natives.com\/wp-content\/uploads\/2020\/11\/martin-fuell-Logistic-natives-e1606135900590.jpg\u00a0\u00bb linkedin_url=\u00a0\u00bbhttps:\/\/www.linkedin.com\/in\/martin-f%C3%BCll-436a4633\/\u00a0\u00bb _builder_version=\u00a0\u00bb4.24.1&Prime; _module_preset=\u00a0\u00bbdefault\u00a0\u00bb body_font_size=\u00a0\u00bb12px\u00a0\u00bb background_color=\u00a0\u00bb#ffffff\u00a0\u00bb custom_padding=\u00a0\u00bb10px|10px|10px|10px|false|false\u00a0\u00bb border_width_all=\u00a0\u00bb1px\u00a0\u00bb border_color_all=\u00a0\u00bb#efefef\u00a0\u00bb global_colors_info=\u00a0\u00bb{}\u00a0\u00bb]<\/p>\n<p><strong>logitic-natives service UG<\/strong><br \/>Centre international du commerce (IHZ)<br \/>Friedrichstra\u00dfe 95<br \/>10117 Berlin<\/p>\n<p>T\u00e9l. : +49 162-2561001<br \/>E-mail : <a href=\"mailto:martin.fuell@logistic-natives.at\">martin.fuell@logistic-natives.at<\/a><\/p>\n<p>[\/et_pb_team_member][\/et_pb_column][\/et_pb_row][\/et_pb_section]<\/p>\n","protected":false},"excerpt":{"rendered":"<p>logistic-natives : Conseil et gestion de projetDepuis 2024, Logistics Natives propose des services de conseil et de gestion de projets par l&rsquo;interm\u00e9diaire de sa soci\u00e9t\u00e9 de services, en mettant en commun le r\u00e9seau, l&rsquo;expertise et les comp\u00e9tences de ses membres. Logistics Natives donne acc\u00e8s \u00e0 un vaste r\u00e9seau de consultants, de sp\u00e9cialistes et de cadres [&hellip;]<\/p>\n","protected":false},"author":6,"featured_media":0,"parent":33056,"menu_order":0,"comment_status":"closed","ping_status":"closed","template":"","meta":{"_et_pb_use_builder":"on","_et_pb_old_content":"","_et_gb_content_width":"","footnotes":""},"class_list":["post-33030","page","type-page","status-publish","hentry"],"yoast_head":"<!-- This site is optimized with the Yoast SEO plugin v28.3 - https:\/\/yoast.com\/product\/yoast-seo-wordpress\/ -->\n<title>Conseil et gestion de projet | Logistic Natives e.V.<\/title>\n<meta name=\"robots\" content=\"index, follow, max-snippet:-1, max-image-preview:large, max-video-preview:-1\" \/>\n<link rel=\"canonical\" href=\"https:\/\/www.logistic-natives.com\/fr\/accueil\/conseil-et-gestion-de-projet\" \/>\n<meta property=\"og:locale\" content=\"fr_FR\" \/>\n<meta property=\"og:type\" content=\"article\" \/>\n<meta property=\"og:title\" content=\"Conseil et gestion de projet | Logistic Natives e.V.\" \/>\n<meta property=\"og:description\" content=\"logistic-natives : Conseil et gestion de projetDepuis 2024, Logistics Natives propose des services de conseil et de gestion de projets par l&#039;interm\u00e9diaire de sa soci\u00e9t\u00e9 de services, en mettant en commun le r\u00e9seau, l&#039;expertise et les comp\u00e9tences de ses membres. Logistics Natives donne acc\u00e8s \u00e0 un vaste r\u00e9seau de consultants, de sp\u00e9cialistes et de cadres [&hellip;]\" \/>\n<meta property=\"og:url\" content=\"https:\/\/www.logistic-natives.com\/fr\/accueil\/conseil-et-gestion-de-projet\" \/>\n<meta property=\"og:site_name\" content=\"Logistic Natives e.V.\" \/>\n<meta property=\"article:modified_time\" content=\"2026-07-30T15:19:16+00:00\" \/>\n<meta property=\"og:image\" content=\"https:\/\/www.logistic-natives.com\/wp-content\/uploads\/2020\/11\/logistic-natives-logo.jpg\" \/>\n\t<meta property=\"og:image:width\" content=\"258\" \/>\n\t<meta property=\"og:image:height\" content=\"375\" \/>\n\t<meta property=\"og:image:type\" content=\"image\/jpeg\" \/>\n<meta name=\"twitter:card\" content=\"summary_large_image\" \/>\n<meta name=\"twitter:label1\" content=\"Dur\u00e9e de lecture estim\u00e9e\" \/>\n\t<meta name=\"twitter:data1\" content=\"7 minutes\" \/>\n<script type=\"application\/ld+json\" class=\"yoast-schema-graph\">{\"@context\":\"https:\\\/\\\/schema.org\",\"@graph\":[{\"@type\":\"WebPage\",\"@id\":\"https:\\\/\\\/www.logistic-natives.com\\\/fr\\\/accueil\\\/conseil-et-gestion-de-projet\",\"url\":\"https:\\\/\\\/www.logistic-natives.com\\\/fr\\\/accueil\\\/conseil-et-gestion-de-projet\",\"name\":\"Conseil et gestion de projet | Logistic Natives e.V.\",\"isPartOf\":{\"@id\":\"https:\\\/\\\/www.logistic-natives.com\\\/fr#website\"},\"datePublished\":\"2024-02-19T16:17:47+00:00\",\"dateModified\":\"2026-07-30T15:19:16+00:00\",\"breadcrumb\":{\"@id\":\"https:\\\/\\\/www.logistic-natives.com\\\/fr\\\/accueil\\\/conseil-et-gestion-de-projet#breadcrumb\"},\"inLanguage\":\"fr-FR\",\"potentialAction\":[{\"@type\":\"ReadAction\",\"target\":[\"https:\\\/\\\/www.logistic-natives.com\\\/fr\\\/accueil\\\/conseil-et-gestion-de-projet\"]}]},{\"@type\":\"BreadcrumbList\",\"@id\":\"https:\\\/\\\/www.logistic-natives.com\\\/fr\\\/accueil\\\/conseil-et-gestion-de-projet#breadcrumb\",\"itemListElement\":[{\"@type\":\"ListItem\",\"position\":1,\"name\":\"Home\",\"item\":\"https:\\\/\\\/www.logistic-natives.com\\\/fr?page_id=33056\"},{\"@type\":\"ListItem\",\"position\":2,\"name\":\"Accueil\",\"item\":\"https:\\\/\\\/www.logistic-natives.com\\\/fr?page_id=33056\"},{\"@type\":\"ListItem\",\"position\":3,\"name\":\"Conseil et gestion de projet\"}]},{\"@type\":\"WebSite\",\"@id\":\"https:\\\/\\\/www.logistic-natives.com\\\/fr#website\",\"url\":\"https:\\\/\\\/www.logistic-natives.com\\\/fr\",\"name\":\"Logistic Natives e.V.\",\"description\":\"Network of international logistics infrastructure in modern commerce\",\"publisher\":{\"@id\":\"https:\\\/\\\/www.logistic-natives.com\\\/fr#organization\"},\"potentialAction\":[{\"@type\":\"SearchAction\",\"target\":{\"@type\":\"EntryPoint\",\"urlTemplate\":\"https:\\\/\\\/www.logistic-natives.com\\\/fr?s={search_term_string}\"},\"query-input\":{\"@type\":\"PropertyValueSpecification\",\"valueRequired\":true,\"valueName\":\"search_term_string\"}}],\"inLanguage\":\"fr-FR\"},{\"@type\":\"Organization\",\"@id\":\"https:\\\/\\\/www.logistic-natives.com\\\/fr#organization\",\"name\":\"logistic-natives e.V.\",\"url\":\"https:\\\/\\\/www.logistic-natives.com\\\/fr\",\"logo\":{\"@type\":\"ImageObject\",\"inLanguage\":\"fr-FR\",\"@id\":\"https:\\\/\\\/www.logistic-natives.com\\\/fr#\\\/schema\\\/logo\\\/image\\\/\",\"url\":\"https:\\\/\\\/www.logistic-natives.com\\\/wp-content\\\/uploads\\\/2020\\\/12\\\/logistic-natives-logo_500x572px_PFAD.jpg\",\"contentUrl\":\"https:\\\/\\\/www.logistic-natives.com\\\/wp-content\\\/uploads\\\/2020\\\/12\\\/logistic-natives-logo_500x572px_PFAD.jpg\",\"width\":500,\"height\":572,\"caption\":\"logistic-natives e.V.\"},\"image\":{\"@id\":\"https:\\\/\\\/www.logistic-natives.com\\\/fr#\\\/schema\\\/logo\\\/image\\\/\"}}]}<\/script>\n<!-- \/ Yoast SEO plugin. -->","yoast_head_json":{"title":"Conseil et gestion de projet | Logistic Natives e.V.","robots":{"index":"index","follow":"follow","max-snippet":"max-snippet:-1","max-image-preview":"max-image-preview:large","max-video-preview":"max-video-preview:-1"},"canonical":"https:\/\/www.logistic-natives.com\/fr\/accueil\/conseil-et-gestion-de-projet","og_locale":"fr_FR","og_type":"article","og_title":"Conseil et gestion de projet | Logistic Natives e.V.","og_description":"logistic-natives : Conseil et gestion de projetDepuis 2024, Logistics Natives propose des services de conseil et de gestion de projets par l'interm\u00e9diaire de sa soci\u00e9t\u00e9 de services, en mettant en commun le r\u00e9seau, l'expertise et les comp\u00e9tences de ses membres. Logistics Natives donne acc\u00e8s \u00e0 un vaste r\u00e9seau de consultants, de sp\u00e9cialistes et de cadres [&hellip;]","og_url":"https:\/\/www.logistic-natives.com\/fr\/accueil\/conseil-et-gestion-de-projet","og_site_name":"Logistic Natives e.V.","article_modified_time":"2026-07-30T15:19:16+00:00","og_image":[{"width":258,"height":375,"url":"https:\/\/www.logistic-natives.com\/wp-content\/uploads\/2020\/11\/logistic-natives-logo.jpg","type":"image\/jpeg"}],"twitter_card":"summary_large_image","twitter_misc":{"Dur\u00e9e de lecture estim\u00e9e":"7 minutes"},"schema":{"@context":"https:\/\/schema.org","@graph":[{"@type":"WebPage","@id":"https:\/\/www.logistic-natives.com\/fr\/accueil\/conseil-et-gestion-de-projet","url":"https:\/\/www.logistic-natives.com\/fr\/accueil\/conseil-et-gestion-de-projet","name":"Conseil et gestion de projet | Logistic Natives e.V.","isPartOf":{"@id":"https:\/\/www.logistic-natives.com\/fr#website"},"datePublished":"2024-02-19T16:17:47+00:00","dateModified":"2026-07-30T15:19:16+00:00","breadcrumb":{"@id":"https:\/\/www.logistic-natives.com\/fr\/accueil\/conseil-et-gestion-de-projet#breadcrumb"},"inLanguage":"fr-FR","potentialAction":[{"@type":"ReadAction","target":["https:\/\/www.logistic-natives.com\/fr\/accueil\/conseil-et-gestion-de-projet"]}]},{"@type":"BreadcrumbList","@id":"https:\/\/www.logistic-natives.com\/fr\/accueil\/conseil-et-gestion-de-projet#breadcrumb","itemListElement":[{"@type":"ListItem","position":1,"name":"Home","item":"https:\/\/www.logistic-natives.com\/fr?page_id=33056"},{"@type":"ListItem","position":2,"name":"Accueil","item":"https:\/\/www.logistic-natives.com\/fr?page_id=33056"},{"@type":"ListItem","position":3,"name":"Conseil et gestion de projet"}]},{"@type":"WebSite","@id":"https:\/\/www.logistic-natives.com\/fr#website","url":"https:\/\/www.logistic-natives.com\/fr","name":"Logistic Natives e.V.","description":"Network of international logistics infrastructure in modern commerce","publisher":{"@id":"https:\/\/www.logistic-natives.com\/fr#organization"},"potentialAction":[{"@type":"SearchAction","target":{"@type":"EntryPoint","urlTemplate":"https:\/\/www.logistic-natives.com\/fr?s={search_term_string}"},"query-input":{"@type":"PropertyValueSpecification","valueRequired":true,"valueName":"search_term_string"}}],"inLanguage":"fr-FR"},{"@type":"Organization","@id":"https:\/\/www.logistic-natives.com\/fr#organization","name":"logistic-natives e.V.","url":"https:\/\/www.logistic-natives.com\/fr","logo":{"@type":"ImageObject","inLanguage":"fr-FR","@id":"https:\/\/www.logistic-natives.com\/fr#\/schema\/logo\/image\/","url":"https:\/\/www.logistic-natives.com\/wp-content\/uploads\/2020\/12\/logistic-natives-logo_500x572px_PFAD.jpg","contentUrl":"https:\/\/www.logistic-natives.com\/wp-content\/uploads\/2020\/12\/logistic-natives-logo_500x572px_PFAD.jpg","width":500,"height":572,"caption":"logistic-natives e.V."},"image":{"@id":"https:\/\/www.logistic-natives.com\/fr#\/schema\/logo\/image\/"}}]}},"_links":{"self":[{"href":"https:\/\/www.logistic-natives.com\/fr\/wp-json\/wp\/v2\/pages\/33030","targetHints":{"allow":["GET"]}}],"collection":[{"href":"https:\/\/www.logistic-natives.com\/fr\/wp-json\/wp\/v2\/pages"}],"about":[{"href":"https:\/\/www.logistic-natives.com\/fr\/wp-json\/wp\/v2\/types\/page"}],"author":[{"embeddable":true,"href":"https:\/\/www.logistic-natives.com\/fr\/wp-json\/wp\/v2\/users\/6"}],"replies":[{"embeddable":true,"href":"https:\/\/www.logistic-natives.com\/fr\/wp-json\/wp\/v2\/comments?post=33030"}],"version-history":[{"count":0,"href":"https:\/\/www.logistic-natives.com\/fr\/wp-json\/wp\/v2\/pages\/33030\/revisions"}],"up":[{"embeddable":true,"href":"https:\/\/www.logistic-natives.com\/fr\/wp-json\/wp\/v2\/pages\/33056"}],"wp:attachment":[{"href":"https:\/\/www.logistic-natives.com\/fr\/wp-json\/wp\/v2\/media?parent=33030"}],"curies":[{"name":"wp","href":"https:\/\/api.w.org\/{rel}","templated":true}]}}