{"id":33056,"date":"2020-06-25T13:33:49","date_gmt":"2020-06-25T12:33:49","guid":{"rendered":"https:\/\/www.logistic-natives.com\/accueil"},"modified":"2026-07-30T16:19:23","modified_gmt":"2026-07-30T15:19:23","slug":"accueil","status":"publish","type":"page","link":"https:\/\/www.logistic-natives.com\/fr","title":{"rendered":"Accueil"},"content":{"rendered":"<p>[et_pb_section fb_built=\u00a0\u00bb1&Prime; custom_padding_last_edited=\u00a0\u00bbon|phone\u00a0\u00bb admin_label=\u00a0\u00bbsection\u00a0\u00bb _builder_version=\u00a0\u00bb4.16&Prime; background_color=\u00a0\u00bb#a0a0a0&Prime; parallax_method=\u00a0\u00bboff\u00a0\u00bb custom_padding=\u00a0\u00bb26vh||0vh|||\u00a0\u00bb custom_padding_tablet=\u00a0\u00bb22vh||24vh|\u00a0\u00bb custom_padding_phone=\u00a0\u00bb10vh||10vh|\u00a0\u00bb global_colors_info=\u00a0\u00bb{}\u00a0\u00bb][et_pb_row admin_label=\u00a0\u00bbrow\u00a0\u00bb _builder_version=\u00a0\u00bb4.16&Prime; background_image=\u00a0\u00bbhttps:\/\/www.logistic-natives.com\/wp-content\/uploads\/2020\/06\/bg.png\u00a0\u00bb background_size=\u00a0\u00bbinitial\u00a0\u00bb background_position=\u00a0\u00bbtop_left\u00a0\u00bb background_repeat=\u00a0\u00bbrepeat\u00a0\u00bb max_width=\u00a0\u00bb1600px\u00a0\u00bb make_fullwidth=\u00a0\u00bboff\u00a0\u00bb use_custom_width=\u00a0\u00bbon\u00a0\u00bb width_unit=\u00a0\u00bbon\u00a0\u00bb custom_width_px=\u00a0\u00bb1600px\u00a0\u00bb collapsed=\u00a0\u00bbon\u00a0\u00bb global_colors_info=\u00a0\u00bb{}\u00a0\u00bb][et_pb_column type=\u00a0\u00bb4_4&Prime; _builder_version=\u00a0\u00bb4.16&Prime; custom_padding=\u00a0\u00bb|||\u00a0\u00bb global_colors_info=\u00a0\u00bb{}\u00a0\u00bb custom_padding__hover=\u00a0\u00bb|||\u00a0\u00bb][et_pb_cta admin_label=\u00a0\u00bbAppel \u00e0 l&#039;action\u00a0\u00bb _builder_version=\u00a0\u00bb4.16&Prime; header_font=\u00a0\u00bbOpen Sans||||||||\u00a0\u00bb header_font_size=\u00a0\u00bb90&Prime; header_line_height=\u00a0\u00bb1.2em\u00a0\u00bb body_font=\u00a0\u00bb|on||on|\u00a0\u00bb body_font_size=\u00a0\u00bb26&Prime; use_background_color=\u00a0\u00bboff\u00a0\u00bb background_size=\u00a0\u00bbinitial\u00a0\u00bb background_position=\u00a0\u00bbtop_left\u00a0\u00bb background_repeat=\u00a0\u00bbrepeat\u00a0\u00bb custom_button=\u00a0\u00bbon\u00a0\u00bb button_bg_color=\u00a0\u00bb#0c71c3&Prime; min_height=\u00a0\u00bb391px\u00a0\u00bb custom_padding=\u00a0\u00bb60px||60px||false|false\u00a0\u00bb header_font_size_tablet=\u00a0\u00bb70&Prime; header_font_size_phone=\u00a0\u00bb30&Prime; header_font_size_last_edited=\u00a0\u00bbon|phone\u00a0\u00bb body_font_size_tablet=\u00a0\u00bb24&Prime; body_font_size_phone=\u00a0\u00bb18&Prime; body_font_size_last_edited=\u00a0\u00bbon|phone\u00a0\u00bb custom_css_promo_title=\u00a0\u00bbtext-transform: none;||font-weight: 300;\u00a0\u00bb use_border_color=\u00a0\u00bboff\u00a0\u00bb border_color=\u00a0\u00bb#ffffff\u00a0\u00bb border_style=\u00a0\u00bbsolid\u00a0\u00bb button_letter_spacing_hover=\u00a0\u00bb0&Prime; inline_fonts=\u00a0\u00bbOpen Sans\u00a0\u00bb global_colors_info=\u00a0\u00bb{}\u00a0\u00bb button_text_size__hover_enabled=\u00a0\u00bboff\u00a0\u00bb button_one_text_size__hover_enabled=\u00a0\u00bboff\u00a0\u00bb button_two_text_size__hover_enabled=\u00a0\u00bboff\u00a0\u00bb button_text_color__hover_enabled=\u00a0\u00bboff\u00a0\u00bb button_one_text_color__hover_enabled=\u00a0\u00bboff\u00a0\u00bb button_two_text_color__hover_enabled=\u00a0\u00bboff\u00a0\u00bb button_border_width__hover_enabled=\u00a0\u00bboff\u00a0\u00bb button_one_border_width__hover_enabled=\u00a0\u00bboff\u00a0\u00bb button_two_border_width__hover_enabled=\u00a0\u00bboff\u00a0\u00bb button_border_color__hover_enabled=\u00a0\u00bboff\u00a0\u00bb button_one_border_color__hover_enabled=\u00a0\u00bboff\u00a0\u00bb button_two_border_color__hover_enabled=\u00a0\u00bboff\u00a0\u00bb button_border_radius__hover_enabled=\u00a0\u00bboff\u00a0\u00bb button_one_border_radius__hover_enabled=\u00a0\u00bboff\u00a0\u00bb button_two_border_radius__hover_enabled=\u00a0\u00bboff\u00a0\u00bb button_letter_spacing__hover_enabled=\u00a0\u00bbon\u00a0\u00bb button_letter_spacing__hover=\u00a0\u00bb0&Prime; button_one_letter_spacing__hover_enabled=\u00a0\u00bboff\u00a0\u00bb button_two_letter_spacing__hover_enabled=\u00a0\u00bboff\u00a0\u00bb button_bg_color__hover_enabled=\u00a0\u00bboff\u00a0\u00bb button_one_bg_color__hover_enabled=\u00a0\u00bboff\u00a0\u00bb button_two_bg_color__hover_enabled=\u00a0\u00bboff\u00a0\u00bb]<\/p>\n<h2>R\u00e9seau international<\/h2>\n<h3>de la logistique et des infrastructures dans le commerce moderne<\/h3>\n<p>[\/et_pb_cta][\/et_pb_column][\/et_pb_row][\/et_pb_section][et_pb_section fb_built=\u00a0\u00bb1&Prime; custom_padding_last_edited=\u00a0\u00bbon|phone\u00a0\u00bb _builder_version=\u00a0\u00bb4.16&Prime; background_enable_image=\u00a0\u00bboff\u00a0\u00bb min_height=\u00a0\u00bb65px\u00a0\u00bb custom_padding=\u00a0\u00bb||100px||false|false\u00a0\u00bb custom_padding_tablet=\u00a0\u00bb\u00a0\u00bb custom_padding_phone=\u00a0\u00bb||100px|\u00a0\u00bb global_colors_info=\u00a0\u00bb{}\u00a0\u00bb][et_pb_row column_structure=\u00a0\u00bb1_3,1_3,1_3&Prime; _builder_version=\u00a0\u00bb4.14.2&Prime; background_color=\u00a0\u00bb#31257C\u00a0\u00bb parallax=\u00a0\u00bbon\u00a0\u00bb width=\u00a0\u00bb100%\u00a0\u00bb max_width=\u00a0\u00bb1150px\u00a0\u00bb module_alignment=\u00a0\u00bbcenter\u00a0\u00bb custom_margin=\u00a0\u00bb-150px||||false|false\u00a0\u00bb custom_padding=\u00a0\u00bb40px|40px|50px|40px|false|false\u00a0\u00bb animation_style=\u00a0\u00bbzoom\u00a0\u00bb border_color_all=\u00a0\u00bbrgba(0,0,0,0)\u00a0\u00bb box_shadow_style=\u00a0\u00bbpreset2&Prime; make_fullwidth=\u00a0\u00bboff\u00a0\u00bb use_custom_width=\u00a0\u00bbon\u00a0\u00bb width_unit=\u00a0\u00bbon\u00a0\u00bb custom_width_px=\u00a0\u00bb1600px\u00a0\u00bb global_module=\u00a0\u00bb1115&Prime; saved_tabs=\u00a0\u00bball\u00a0\u00bb global_colors_info=\u00a0\u00bb{}\u00a0\u00bb][et_pb_column type=\u00a0\u00bb1_3&Prime; _builder_version=\u00a0\u00bb4.16&Prime; custom_padding=\u00a0\u00bb|||\u00a0\u00bb global_colors_info=\u00a0\u00bb{}\u00a0\u00bb custom_padding__hover=\u00a0\u00bb|||\u00a0\u00bb][et_pb_blurb title=\u00a0\u00bbEnvoyez-nous un e-mail\u00a0\u00bb use_icon=\u00a0\u00bbon\u00a0\u00bb font_icon=\u00a0\u00bb&#xe076;||divi||400&Prime; icon_color=\u00a0\u00bb#bbbbbb\u00a0\u00bb icon_placement=\u00a0\u00bbleft\u00a0\u00bb _builder_version=\u00a0\u00bb4.16&Prime; header_font=\u00a0\u00bb|on||on|\u00a0\u00bb body_text_color=\u00a0\u00bb#bbbbbb\u00a0\u00bb body_font_size=\u00a0\u00bb14px\u00a0\u00bb background_size=\u00a0\u00bbinitial\u00a0\u00bb background_position=\u00a0\u00bbtop_left\u00a0\u00bb background_repeat=\u00a0\u00bbrepeat\u00a0\u00bb background_layout=\u00a0\u00bbdark\u00a0\u00bb use_border_color=\u00a0\u00bboff\u00a0\u00bb border_color=\u00a0\u00bb#ffffff\u00a0\u00bb border_style=\u00a0\u00bbsolid\u00a0\u00bb global_colors_info=\u00a0\u00bb{}\u00a0\u00bb]<\/p>\n<p><a href=\"mailto:florian.seikel@logistic-natives.de\"><span style=\"color: white;\">florian.seikel@logistic-natives.com<\/span><\/a><\/p>\n<p>[\/et_pb_blurb][\/et_pb_column][et_pb_column type=\u00a0\u00bb1_3&Prime; _builder_version=\u00a0\u00bb4.16&Prime; custom_padding=\u00a0\u00bb|||\u00a0\u00bb global_colors_info=\u00a0\u00bb{}\u00a0\u00bb custom_padding__hover=\u00a0\u00bb|||\u00a0\u00bb][et_pb_blurb title=\u00a0\u00bbN&#039;h\u00e9sitez pas \u00e0 nous appeler\u00a0\u00bb use_icon=\u00a0\u00bbon\u00a0\u00bb font_icon=\u00a0\u00bb&#xe090;||divi||400&Prime; icon_color=\u00a0\u00bb#bbbbbb\u00a0\u00bb icon_placement=\u00a0\u00bbleft\u00a0\u00bb _builder_version=\u00a0\u00bb4.16&Prime; header_font=\u00a0\u00bb|on||on|\u00a0\u00bb body_text_color=\u00a0\u00bb#bbbbbb\u00a0\u00bb body_font_size=\u00a0\u00bb14px\u00a0\u00bb background_size=\u00a0\u00bbinitial\u00a0\u00bb background_position=\u00a0\u00bbtop_left\u00a0\u00bb background_repeat=\u00a0\u00bbrepeat\u00a0\u00bb background_layout=\u00a0\u00bbdark\u00a0\u00bb use_border_color=\u00a0\u00bboff\u00a0\u00bb border_color=\u00a0\u00bb#ffffff\u00a0\u00bb border_style=\u00a0\u00bbsolid\u00a0\u00bb global_colors_info=\u00a0\u00bb{}\u00a0\u00bb]<\/p>\n<p><a href=\"tel:+491622561001\"><span style=\"color: white;\">  +49 162 256 1001<\/span><\/a><\/p>\n<p>[\/et_pb_blurb][et_pb_blurb title=\u00a0\u00bbT\u00e9l\u00e9charger\u00a0\u00bb use_icon=\u00a0\u00bbon\u00a0\u00bb font_icon=\u00a0\u00bb&#xf1c1;||fa||400&Prime; icon_color=\u00a0\u00bb#bbbbbb\u00a0\u00bb icon_placement=\u00a0\u00bbleft\u00a0\u00bb _builder_version=\u00a0\u00bb4.27.0&Prime; header_font=\u00a0\u00bb|on||on|\u00a0\u00bb body_text_color=\u00a0\u00bb#bbbbbb\u00a0\u00bb body_font_size=\u00a0\u00bb14px\u00a0\u00bb background_size=\u00a0\u00bbinitial\u00a0\u00bb background_position=\u00a0\u00bbtop_left\u00a0\u00bb background_repeat=\u00a0\u00bbrepeat\u00a0\u00bb background_layout=\u00a0\u00bbdark\u00a0\u00bb use_border_color=\u00a0\u00bboff\u00a0\u00bb border_color=\u00a0\u00bb#ffffff\u00a0\u00bb border_style=\u00a0\u00bbsolid\u00a0\u00bb global_colors_info=\u00a0\u00bb{}\u00a0\u00bb]<\/p>\n<p>T\u00e9l\u00e9chargez ici notre manifeste (PDF)<\/p>\n<p>[\/et_pb_blurb][\/et_pb_column][et_pb_column type=\u00a0\u00bb1_3&Prime; _builder_version=\u00a0\u00bb4.16&Prime; custom_padding=\u00a0\u00bb|||\u00a0\u00bb global_colors_info=\u00a0\u00bb{}\u00a0\u00bb custom_padding__hover=\u00a0\u00bb|||\u00a0\u00bb][et_pb_button button_url=\u00a0\u00bbhttps:\/\/www.logistic-natives.com\/mitglied-werden\u00a0\u00bb button_text=\u00a0\u00bbDevenir membre\u00a0\u00bb button_alignment=\u00a0\u00bbcenter\u00a0\u00bb _builder_version=\u00a0\u00bb4.16&Prime; custom_button=\u00a0\u00bbon\u00a0\u00bb button_bg_color=\u00a0\u00bb#a41e0c\u00a0\u00bb button_border_width=\u00a0\u00bb8&Prime; button_border_color=\u00a0\u00bb#31257C\u00a0\u00bb button_border_radius=\u00a0\u00bb0&Prime; button_font=\u00a0\u00bb|on|||\u00a0\u00bb button_use_icon=\u00a0\u00bboff\u00a0\u00bb background_layout=\u00a0\u00bbdark\u00a0\u00bb button_text_size_tablet=\u00a0\u00bb\u00a0\u00bb button_text_size_phone=\u00a0\u00bb16&Prime; button_text_size_last_edited=\u00a0\u00bbon|tablet\u00a0\u00bb custom_css_main_element=\u00a0\u00bbwidth: 100%;\u00a0\u00bb button_letter_spacing_hover=\u00a0\u00bb0&Prime; global_colors_info=\u00a0\u00bb{}\u00a0\u00bb button_text_size__hover_enabled=\u00a0\u00bboff\u00a0\u00bb button_one_text_size__hover_enabled=\u00a0\u00bboff\u00a0\u00bb button_two_text_size__hover_enabled=\u00a0\u00bboff\u00a0\u00bb button_text_color__hover_enabled=\u00a0\u00bboff\u00a0\u00bb button_one_text_color__hover_enabled=\u00a0\u00bboff\u00a0\u00bb button_two_text_color__hover_enabled=\u00a0\u00bboff\u00a0\u00bb button_border_width__hover_enabled=\u00a0\u00bboff\u00a0\u00bb button_one_border_width__hover_enabled=\u00a0\u00bboff\u00a0\u00bb button_two_border_width__hover_enabled=\u00a0\u00bboff\u00a0\u00bb button_border_color__hover_enabled=\u00a0\u00bboff\u00a0\u00bb button_one_border_color__hover_enabled=\u00a0\u00bboff\u00a0\u00bb button_two_border_color__hover_enabled=\u00a0\u00bboff\u00a0\u00bb button_border_radius__hover_enabled=\u00a0\u00bboff\u00a0\u00bb button_one_border_radius__hover_enabled=\u00a0\u00bboff\u00a0\u00bb button_two_border_radius__hover_enabled=\u00a0\u00bboff\u00a0\u00bb button_letter_spacing__hover_enabled=\u00a0\u00bbon\u00a0\u00bb button_letter_spacing__hover=\u00a0\u00bb0&Prime; button_one_letter_spacing__hover_enabled=\u00a0\u00bboff\u00a0\u00bb button_two_letter_spacing__hover_enabled=\u00a0\u00bboff\u00a0\u00bb button_bg_color__hover_enabled=\u00a0\u00bboff\u00a0\u00bb button_one_bg_color__hover_enabled=\u00a0\u00bboff\u00a0\u00bb button_two_bg_color__hover_enabled=\u00a0\u00bboff\u00a0\u00bb][\/et_pb_button][et_pb_button button_url=\u00a0\u00bbhttps:\/\/www.logistic-natives.com\/wp-content\/uploads\/2024\/09\/Our-vision-of-infrastructure-logistics_logistc-natives-e.V.-2024.pdf\u00a0\u00bb button_text=\u00a0\u00bbManifeste\u00a0\u00bb button_alignment=\u00a0\u00bbcenter\u00a0\u00bb _builder_version=\u00a0\u00bb4.27.0&Prime; custom_button=\u00a0\u00bbon\u00a0\u00bb button_bg_color=\u00a0\u00bb#a41e0c\u00a0\u00bb button_border_width=\u00a0\u00bb8&Prime; button_border_color=\u00a0\u00bb#31257C\u00a0\u00bb button_border_radius=\u00a0\u00bb0&Prime; button_font=\u00a0\u00bb|on|||\u00a0\u00bb button_use_icon=\u00a0\u00bboff\u00a0\u00bb background_layout=\u00a0\u00bbdark\u00a0\u00bb button_text_size_tablet=\u00a0\u00bb\u00a0\u00bb button_text_size_phone=\u00a0\u00bb16&Prime; button_text_size_last_edited=\u00a0\u00bbon|tablet\u00a0\u00bb custom_css_main_element=\u00a0\u00bbwidth: 100%;\u00a0\u00bb button_letter_spacing_hover=\u00a0\u00bb0&Prime; global_colors_info=\u00a0\u00bb{}\u00a0\u00bb button_text_size__hover_enabled=\u00a0\u00bboff\u00a0\u00bb button_one_text_size__hover_enabled=\u00a0\u00bboff\u00a0\u00bb button_two_text_size__hover_enabled=\u00a0\u00bboff\u00a0\u00bb button_text_color__hover_enabled=\u00a0\u00bboff\u00a0\u00bb button_one_text_color__hover_enabled=\u00a0\u00bboff\u00a0\u00bb button_two_text_color__hover_enabled=\u00a0\u00bboff\u00a0\u00bb button_border_width__hover_enabled=\u00a0\u00bboff\u00a0\u00bb button_one_border_width__hover_enabled=\u00a0\u00bboff\u00a0\u00bb button_two_border_width__hover_enabled=\u00a0\u00bboff\u00a0\u00bb button_border_color__hover_enabled=\u00a0\u00bboff\u00a0\u00bb button_one_border_color__hover_enabled=\u00a0\u00bboff\u00a0\u00bb button_two_border_color__hover_enabled=\u00a0\u00bboff\u00a0\u00bb button_border_radius__hover_enabled=\u00a0\u00bboff\u00a0\u00bb button_one_border_radius__hover_enabled=\u00a0\u00bboff\u00a0\u00bb button_two_border_radius__hover_enabled=\u00a0\u00bboff\u00a0\u00bb button_letter_spacing__hover_enabled=\u00a0\u00bbon\u00a0\u00bb button_letter_spacing__hover=\u00a0\u00bb0&Prime; button_one_letter_spacing__hover_enabled=\u00a0\u00bboff\u00a0\u00bb button_two_letter_spacing__hover_enabled=\u00a0\u00bboff\u00a0\u00bb button_bg_color__hover_enabled=\u00a0\u00bboff\u00a0\u00bb button_one_bg_color__hover_enabled=\u00a0\u00bboff\u00a0\u00bb button_two_bg_color__hover_enabled=\u00a0\u00bboff\u00a0\u00bb][\/et_pb_button][\/et_pb_column][\/et_pb_row][\/et_pb_section][et_pb_section fb_built=\u00a0\u00bb1&Prime; _builder_version=\u00a0\u00bb4.16&Prime; background_color=\u00a0\u00bbrgba(0,0,0,0)\u00a0\u00bb background_enable_image=\u00a0\u00bboff\u00a0\u00bb custom_padding=\u00a0\u00bb0px||100px|\u00a0\u00bb global_colors_info=\u00a0\u00bb{}\u00a0\u00bb][et_pb_row _builder_version=\u00a0\u00bb4.16&Prime; background_size=\u00a0\u00bbinitial\u00a0\u00bb background_position=\u00a0\u00bbtop_left\u00a0\u00bb background_repeat=\u00a0\u00bbrepeat\u00a0\u00bb custom_margin=\u00a0\u00bb0px||50px|\u00a0\u00bb custom_margin_tablet=\u00a0\u00bb0px||30px|\u00a0\u00bb custom_margin_phone=\u00a0\u00bb0px||10px|\u00a0\u00bb custom_margin_last_edited=\u00a0\u00bbon|phone\u00a0\u00bb custom_padding=\u00a0\u00bb0px||0px|\u00a0\u00bb make_fullwidth=\u00a0\u00bboff\u00a0\u00bb use_custom_width=\u00a0\u00bboff\u00a0\u00bb width_unit=\u00a0\u00bbon\u00a0\u00bb global_colors_info=\u00a0\u00bb{}\u00a0\u00bb][et_pb_column type=\u00a0\u00bb4_4&Prime; _builder_version=\u00a0\u00bb4.16&Prime; custom_padding=\u00a0\u00bb|||\u00a0\u00bb global_colors_info=\u00a0\u00bb{}\u00a0\u00bb custom_padding__hover=\u00a0\u00bb|||\u00a0\u00bb][et_pb_cta title=\u00a0\u00bbBienvenue sur  \u00a0\u00bb _builder_version=\u00a0\u00bb4.16&Prime; header_font=\u00a0\u00bb|on||on|\u00a0\u00bb header_text_color=\u00a0\u00bb#606c7d\u00a0\u00bb header_line_height=\u00a0\u00bb1.8em\u00a0\u00bb body_font=\u00a0\u00bb|700|||||||\u00a0\u00bb body_text_color=\u00a0\u00bb#203149&Prime; body_font_size=\u00a0\u00bb50&Prime; body_line_height=\u00a0\u00bb1.4em\u00a0\u00bb use_background_color=\u00a0\u00bboff\u00a0\u00bb background_size=\u00a0\u00bbinitial\u00a0\u00bb background_position=\u00a0\u00bbtop_left\u00a0\u00bb background_repeat=\u00a0\u00bbrepeat\u00a0\u00bb custom_margin=\u00a0\u00bb0px|||\u00a0\u00bb custom_padding=\u00a0\u00bb0px|||\u00a0\u00bb header_font_size_tablet=\u00a0\u00bb24&Prime; header_font_size_phone=\u00a0\u00bb20&Prime; header_font_size_last_edited=\u00a0\u00bbon|phone\u00a0\u00bb header_line_height_tablet=\u00a0\u00bb\u00a0\u00bb header_line_height_phone=\u00a0\u00bb\u00a0\u00bb header_line_height_last_edited=\u00a0\u00bbon|phone\u00a0\u00bb body_font_size_tablet=\u00a0\u00bb\u00a0\u00bb body_font_size_phone=\u00a0\u00bb35&Prime; body_font_size_last_edited=\u00a0\u00bbon|desktop\u00a0\u00bb custom_css_promo_description=\u00a0\u00bbfont-weight:900;\u00a0\u00bb use_border_color=\u00a0\u00bboff\u00a0\u00bb border_color=\u00a0\u00bb#ffffff\u00a0\u00bb border_style=\u00a0\u00bbsolid\u00a0\u00bb button_letter_spacing_hover=\u00a0\u00bb0&Prime; global_colors_info=\u00a0\u00bb{}\u00a0\u00bb button_text_size__hover_enabled=\u00a0\u00bboff\u00a0\u00bb button_one_text_size__hover_enabled=\u00a0\u00bboff\u00a0\u00bb button_two_text_size__hover_enabled=\u00a0\u00bboff\u00a0\u00bb button_text_color__hover_enabled=\u00a0\u00bboff\u00a0\u00bb button_one_text_color__hover_enabled=\u00a0\u00bboff\u00a0\u00bb button_two_text_color__hover_enabled=\u00a0\u00bboff\u00a0\u00bb button_border_width__hover_enabled=\u00a0\u00bboff\u00a0\u00bb button_one_border_width__hover_enabled=\u00a0\u00bboff\u00a0\u00bb button_two_border_width__hover_enabled=\u00a0\u00bboff\u00a0\u00bb button_border_color__hover_enabled=\u00a0\u00bboff\u00a0\u00bb button_one_border_color__hover_enabled=\u00a0\u00bboff\u00a0\u00bb button_two_border_color__hover_enabled=\u00a0\u00bboff\u00a0\u00bb button_border_radius__hover_enabled=\u00a0\u00bboff\u00a0\u00bb button_one_border_radius__hover_enabled=\u00a0\u00bboff\u00a0\u00bb button_two_border_radius__hover_enabled=\u00a0\u00bboff\u00a0\u00bb button_letter_spacing__hover_enabled=\u00a0\u00bbon\u00a0\u00bb button_letter_spacing__hover=\u00a0\u00bb0&Prime; button_one_letter_spacing__hover_enabled=\u00a0\u00bboff\u00a0\u00bb button_two_letter_spacing__hover_enabled=\u00a0\u00bboff\u00a0\u00bb button_bg_color__hover_enabled=\u00a0\u00bboff\u00a0\u00bb button_one_bg_color__hover_enabled=\u00a0\u00bboff\u00a0\u00bb button_two_bg_color__hover_enabled=\u00a0\u00bboff\u00a0\u00bb]logistic-natives e.V.[\/et_pb_cta][\/et_pb_column][\/et_pb_row][et_pb_row column_structure=\u00a0\u00bb1_3,1_3,1_3&Prime; use_custom_gutter=\u00a0\u00bbon\u00a0\u00bb gutter_width=\u00a0\u00bb2&Prime; _builder_version=\u00a0\u00bb4.16&Prime; background_size=\u00a0\u00bbinitial\u00a0\u00bb background_position=\u00a0\u00bbtop_left\u00a0\u00bb background_repeat=\u00a0\u00bbrepeat\u00a0\u00bb max_width=\u00a0\u00bb1600px\u00a0\u00bb make_fullwidth=\u00a0\u00bboff\u00a0\u00bb use_custom_width=\u00a0\u00bbon\u00a0\u00bb width_unit=\u00a0\u00bbon\u00a0\u00bb custom_width_px=\u00a0\u00bb1600px\u00a0\u00bb global_colors_info=\u00a0\u00bb{}\u00a0\u00bb][et_pb_column type=\u00a0\u00bb1_3&Prime; module_class=\u00a0\u00bblg_blurb_image\u00a0\u00bb _builder_version=\u00a0\u00bb4.16&Prime; background_image=\u00a0\u00bbhttps:\/\/www.logistic-natives.com\/wp-content\/uploads\/2020\/06\/max-williams-yo7WXSJe3Es-unsplash-scaled.jpg\u00a0\u00bb background_blend=\u00a0\u00bbsoft-light\u00a0\u00bb custom_padding=\u00a0\u00bb|||\u00a0\u00bb global_colors_info=\u00a0\u00bb{}\u00a0\u00bb custom_padding__hover=\u00a0\u00bb|||\u00a0\u00bb][et_pb_blurb title=\u00a0\u00bbAvantages\u00a0\u00bb url=\u00a0\u00bbhttps:\/\/www.logistic-natives.com\/vorteile\u00a0\u00bb url_new_window=\u00a0\u00bbon\u00a0\u00bb use_icon=\u00a0\u00bbon\u00a0\u00bb font_icon=\u00a0\u00bb&#xe0ef;||divi||400&Prime; icon_color=\u00a0\u00bb#ffffff\u00a0\u00bb image_icon_width=\u00a0\u00bb50px\u00a0\u00bb module_class=\u00a0\u00bblg_image_blurb\u00a0\u00bb _builder_version=\u00a0\u00bb4.16&Prime; header_font=\u00a0\u00bb|on||on|\u00a0\u00bb header_text_color=\u00a0\u00bb#ffffff\u00a0\u00bb header_font_size=\u00a0\u00bb20&Prime; background_size=\u00a0\u00bbinitial\u00a0\u00bb background_position=\u00a0\u00bbtop_left\u00a0\u00bb background_repeat=\u00a0\u00bbrepeat\u00a0\u00bb text_orientation=\u00a0\u00bbcenter\u00a0\u00bb background_layout=\u00a0\u00bbdark\u00a0\u00bb custom_padding=\u00a0\u00bb360px|||\u00a0\u00bb animation=\u00a0\u00bboff\u00a0\u00bb link_option_url=\u00a0\u00bbhttps:\/\/www.logistic-natives.com\/vorteile\u00a0\u00bb link_option_url_new_window=\u00a0\u00bbon\u00a0\u00bb custom_css_blurb_image=\u00a0\u00bbmargin-bottom:10px;\u00a0\u00bb box_shadow_style=\u00a0\u00bbpreset2&Prime; border_style=\u00a0\u00bbsolid\u00a0\u00bb icon_font_size=\u00a0\u00bb50px\u00a0\u00bb global_colors_info=\u00a0\u00bb{}\u00a0\u00bb][\/et_pb_blurb][\/et_pb_column][et_pb_column type=\u00a0\u00bb1_3&Prime; module_class=\u00a0\u00bblg_blurb_image\u00a0\u00bb _builder_version=\u00a0\u00bb4.16&Prime; background_image=\u00a0\u00bbhttps:\/\/www.logistic-natives.com\/wp-content\/uploads\/2020\/06\/business-21823_1920.jpg\u00a0\u00bb custom_padding=\u00a0\u00bb|||\u00a0\u00bb global_colors_info=\u00a0\u00bb{}\u00a0\u00bb custom_padding__hover=\u00a0\u00bb|||\u00a0\u00bb][et_pb_blurb title=\u00a0\u00bbContenu du m\u00e9moire\u00a0\u00bb url=\u00a0\u00bbhttps:\/\/www.logistic-natives.com\/leistungen\u00a0\u00bb url_new_window=\u00a0\u00bbon\u00a0\u00bb use_icon=\u00a0\u00bbon\u00a0\u00bb font_icon=\u00a0\u00bb&#xe01d;||divi||400&Prime; icon_color=\u00a0\u00bb#ffffff\u00a0\u00bb image_icon_width=\u00a0\u00bb50px\u00a0\u00bb module_class=\u00a0\u00bblg_image_blurb\u00a0\u00bb _builder_version=\u00a0\u00bb4.16&Prime; header_font=\u00a0\u00bb|on||on|\u00a0\u00bb header_text_color=\u00a0\u00bb#ffffff\u00a0\u00bb header_font_size=\u00a0\u00bb20&Prime; background_size=\u00a0\u00bbinitial\u00a0\u00bb background_position=\u00a0\u00bbtop_left\u00a0\u00bb background_repeat=\u00a0\u00bbrepeat\u00a0\u00bb text_orientation=\u00a0\u00bbcenter\u00a0\u00bb custom_padding=\u00a0\u00bb360px|||\u00a0\u00bb animation=\u00a0\u00bboff\u00a0\u00bb link_option_url=\u00a0\u00bbhttps:\/\/www.logistic-natives.com\/leistungen\u00a0\u00bb link_option_url_new_window=\u00a0\u00bbon\u00a0\u00bb custom_css_blurb_image=\u00a0\u00bbmargin-bottom:10px;\u00a0\u00bb box_shadow_style=\u00a0\u00bbpreset2&Prime; border_style=\u00a0\u00bbsolid\u00a0\u00bb icon_font_size=\u00a0\u00bb50px\u00a0\u00bb global_colors_info=\u00a0\u00bb{}\u00a0\u00bb][\/et_pb_blurb][\/et_pb_column][et_pb_column type=\u00a0\u00bb1_3&Prime; module_class=\u00a0\u00bblg_blurb_image\u00a0\u00bb _builder_version=\u00a0\u00bb4.16&Prime; background_image=\u00a0\u00bbhttps:\/\/www.logistic-natives.com\/wp-content\/uploads\/2020\/06\/gallery1.jpg\u00a0\u00bb custom_padding=\u00a0\u00bb|||\u00a0\u00bb global_colors_info=\u00a0\u00bb{}\u00a0\u00bb custom_padding__hover=\u00a0\u00bb|||\u00a0\u00bb][et_pb_blurb title=\u00a0\u00bbMembres\u00a0\u00bb url=\u00a0\u00bbhttps:\/\/www.logistic-natives.com\/mitglieder\u00a0\u00bb url_new_window=\u00a0\u00bbon\u00a0\u00bb use_icon=\u00a0\u00bbon\u00a0\u00bb font_icon=\u00a0\u00bb&#xe007;||divi||400&Prime; icon_color=\u00a0\u00bb#ffffff\u00a0\u00bb image_icon_width=\u00a0\u00bb50px\u00a0\u00bb module_class=\u00a0\u00bblg_image_blurb\u00a0\u00bb _builder_version=\u00a0\u00bb4.16&Prime; header_font=\u00a0\u00bb|on||on|\u00a0\u00bb header_text_color=\u00a0\u00bb#ffffff\u00a0\u00bb header_font_size=\u00a0\u00bb20&Prime; background_size=\u00a0\u00bbinitial\u00a0\u00bb background_position=\u00a0\u00bbtop_left\u00a0\u00bb background_repeat=\u00a0\u00bbrepeat\u00a0\u00bb text_orientation=\u00a0\u00bbcenter\u00a0\u00bb custom_padding=\u00a0\u00bb360px|||\u00a0\u00bb animation=\u00a0\u00bboff\u00a0\u00bb link_option_url=\u00a0\u00bbhttps:\/\/www.logistic-natives.com\/mitglieder\u00a0\u00bb link_option_url_new_window=\u00a0\u00bbon\u00a0\u00bb custom_css_blurb_image=\u00a0\u00bbmargin-bottom:10px;\u00a0\u00bb box_shadow_style=\u00a0\u00bbpreset2&Prime; border_style=\u00a0\u00bbsolid\u00a0\u00bb icon_font_size=\u00a0\u00bb50px\u00a0\u00bb global_colors_info=\u00a0\u00bb{}\u00a0\u00bb][\/et_pb_blurb][\/et_pb_column][\/et_pb_row][\/et_pb_section][et_pb_section fb_built=\u00a0\u00bb1&Prime; disabled_on=\u00a0\u00bboff|off|off\u00a0\u00bb _builder_version=\u00a0\u00bb4.16&Prime; background_color=\u00a0\u00bb#31257C\u00a0\u00bb background_enable_image=\u00a0\u00bboff\u00a0\u00bb custom_padding=\u00a0\u00bb0px|0px|0px|0px\u00a0\u00bb top_divider_height=\u00a0\u00bb60px\u00a0\u00bb global_colors_info=\u00a0\u00bb{}\u00a0\u00bb][et_pb_row column_structure=\u00a0\u00bb1_2,1_2&Prime; use_custom_gutter=\u00a0\u00bbon\u00a0\u00bb gutter_width=\u00a0\u00bb1&Prime; make_equal=\u00a0\u00bbon\u00a0\u00bb module_class=\u00a0\u00bb et_pb_row_fullwidth\u00a0\u00bb _builder_version=\u00a0\u00bb4.16&Prime; background_size=\u00a0\u00bbinitial\u00a0\u00bb background_position=\u00a0\u00bbtop_left\u00a0\u00bb background_repeat=\u00a0\u00bbrepeat\u00a0\u00bb width=\u00a0\u00bb100%\u00a0\u00bb width_tablet=\u00a0\u00bb100%\u00a0\u00bb width_phone=\u00a0\u00bb\u00a0\u00bb width_last_edited=\u00a0\u00bbon|desktop\u00a0\u00bb max_width=\u00a0\u00bb100%\u00a0\u00bb max_width_tablet=\u00a0\u00bb100%\u00a0\u00bb max_width_phone=\u00a0\u00bb\u00a0\u00bb max_width_last_edited=\u00a0\u00bbon|desktop\u00a0\u00bb custom_margin=\u00a0\u00bb|0px||0px\u00a0\u00bb custom_padding=\u00a0\u00bb0px|0px|0px|0px|false|false\u00a0\u00bb make_fullwidth=\u00a0\u00bbon\u00a0\u00bb use_custom_width=\u00a0\u00bboff\u00a0\u00bb width_unit=\u00a0\u00bbon\u00a0\u00bb global_colors_info=\u00a0\u00bb{}\u00a0\u00bb][et_pb_column type=\u00a0\u00bb1_2&Prime; module_class=\u00a0\u00bbb3-vertical-align\u00a0\u00bb _builder_version=\u00a0\u00bb4.16&Prime; background_color=\u00a0\u00bb#31257C\u00a0\u00bb custom_padding=\u00a0\u00bb60px|20px|60px|20px|false|false\u00a0\u00bb global_colors_info=\u00a0\u00bb{}\u00a0\u00bb custom_padding__hover=\u00a0\u00bb|||\u00a0\u00bb][et_pb_button button_url=\u00a0\u00bb@ET-DC@eyJkeW5hbWljIjp0cnVlLCJjb250ZW50IjoicG9zdF9saW5rX3VybF9wYWdlIiwic2V0dGluZ3MiOnsicG9zdF9pZCI6IjEzNDQifX0=@\u00a0\u00bb button_text=\u00a0\u00bbConsultez les statuts\u00a0\u00bb button_alignment=\u00a0\u00bbcenter\u00a0\u00bb _builder_version=\u00a0\u00bb4.27.4&Prime; _dynamic_attributes=\u00a0\u00bbbutton_url\u00a0\u00bb _module_preset=\u00a0\u00bbdefault\u00a0\u00bb custom_button=\u00a0\u00bbon\u00a0\u00bb button_text_color=\u00a0\u00bb#ffffff\u00a0\u00bb button_bg_color=\u00a0\u00bb#999999&Prime; button_border_width=\u00a0\u00bb0px\u00a0\u00bb button_border_color=\u00a0\u00bb#ffffff\u00a0\u00bb custom_padding=\u00a0\u00bb|40px||40px|false|false\u00a0\u00bb box_shadow_style=\u00a0\u00bbpreset3&Prime; global_colors_info=\u00a0\u00bb{}\u00a0\u00bb][\/et_pb_button][\/et_pb_column][et_pb_column type=\u00a0\u00bb1_2&Prime; module_class=\u00a0\u00bbb3-vertical-align\u00a0\u00bb _builder_version=\u00a0\u00bb4.16&Prime; background_color=\u00a0\u00bb#999999&Prime; custom_padding=\u00a0\u00bb60px|20px|60px|20px|false|false\u00a0\u00bb global_colors_info=\u00a0\u00bb{}\u00a0\u00bb custom_padding__hover=\u00a0\u00bb|||\u00a0\u00bb][et_pb_button button_url=\u00a0\u00bb@ET-DC@eyJkeW5hbWljIjp0cnVlLCJjb250ZW50IjoicG9zdF9saW5rX3VybF9wYWdlIiwic2V0dGluZ3MiOnsicG9zdF9pZCI6IjI0NjUifX0=@\u00a0\u00bb url_new_window=\u00a0\u00bbon\u00a0\u00bb button_text=\u00a0\u00bbR\u00e8glement relatif aux cotisations\u00a0\u00bb button_alignment=\u00a0\u00bbcenter\u00a0\u00bb _builder_version=\u00a0\u00bb4.16&Prime; _dynamic_attributes=\u00a0\u00bbbutton_url\u00a0\u00bb _module_preset=\u00a0\u00bbdefault\u00a0\u00bb custom_button=\u00a0\u00bbon\u00a0\u00bb button_text_color=\u00a0\u00bb#ffffff\u00a0\u00bb button_bg_color=\u00a0\u00bb#31257C\u00a0\u00bb button_border_color=\u00a0\u00bb#31257C\u00a0\u00bb custom_padding=\u00a0\u00bb|40px||40px|false|false\u00a0\u00bb box_shadow_style=\u00a0\u00bbpreset3&Prime; global_colors_info=\u00a0\u00bb{}\u00a0\u00bb][\/et_pb_button][\/et_pb_column][\/et_pb_row][\/et_pb_section][et_pb_section fb_built=\u00a0\u00bb1&Prime; custom_padding_last_edited=\u00a0\u00bbon|phone\u00a0\u00bb _builder_version=\u00a0\u00bb4.16&Prime; background_image=\u00a0\u00bbhttps:\/\/www.logistic-natives.com\/wp-content\/uploads\/2020\/06\/logistic-map.png\u00a0\u00bb custom_padding=\u00a0\u00bb200px||200px|\u00a0\u00bb custom_padding_tablet=\u00a0\u00bb100px||100px|\u00a0\u00bb custom_padding_phone=\u00a0\u00bb60px||60px|\u00a0\u00bb global_colors_info=\u00a0\u00bb{}\u00a0\u00bb][et_pb_row _builder_version=\u00a0\u00bb4.27.4&Prime; _module_preset=\u00a0\u00bbdefault\u00a0\u00bb global_colors_info=\u00a0\u00bb{}\u00a0\u00bb][et_pb_column type=\u00a0\u00bb4_4&Prime; _builder_version=\u00a0\u00bb4.27.4&Prime; _module_preset=\u00a0\u00bbdefault\u00a0\u00bb global_colors_info=\u00a0\u00bb{}\u00a0\u00bb][et_pb_image src=\u00a0\u00bbhttps:\/\/www.logistic-natives.com\/wp-content\/uploads\/2025\/02\/2025-02-18-Social-Media-Assets_Logistics10.png\u00a0\u00bb title_text=\u00a0\u00bbSOS \u2013 L&#039;\u00e9conomie allemande est en danger\u00a0\u00bb url=\u00a0\u00bbhttps:\/\/insm.de\/aktuelles\/kampagnen\/sos\/die-deutsche-wirtschaft-ist-in-gefahr\u00a0\u00bb url_new_window=\u00a0\u00bbon\u00a0\u00bb _builder_version=\u00a0\u00bb4.27.4&Prime; _module_preset=\u00a0\u00bbdefault\u00a0\u00bb global_colors_info=\u00a0\u00bb{}\u00a0\u00bb][\/et_pb_image][\/et_pb_column][\/et_pb_row][et_pb_row column_structure=\u00a0\u00bb1_4,1_4,1_4,1_4&Prime; use_custom_gutter=\u00a0\u00bbon\u00a0\u00bb gutter_width=\u00a0\u00bb1&Prime; make_equal=\u00a0\u00bbon\u00a0\u00bb _builder_version=\u00a0\u00bb4.16&Prime; background_size=\u00a0\u00bbinitial\u00a0\u00bb background_position=\u00a0\u00bbtop_left\u00a0\u00bb background_repeat=\u00a0\u00bbrepeat\u00a0\u00bb max_width=\u00a0\u00bb1400px\u00a0\u00bb make_fullwidth=\u00a0\u00bboff\u00a0\u00bb use_custom_width=\u00a0\u00bbon\u00a0\u00bb width_unit=\u00a0\u00bbon\u00a0\u00bb custom_width_px=\u00a0\u00bb1400px\u00a0\u00bb global_colors_info=\u00a0\u00bb{}\u00a0\u00bb][et_pb_column type=\u00a0\u00bb1_4&Prime; _builder_version=\u00a0\u00bb4.16&Prime; custom_padding=\u00a0\u00bb|||\u00a0\u00bb global_colors_info=\u00a0\u00bb{}\u00a0\u00bb custom_padding__hover=\u00a0\u00bb|||\u00a0\u00bb][et_pb_blurb title=\u00a0\u00bb\u00c9tudes\u00a0\u00bb use_icon=\u00a0\u00bbon\u00a0\u00bb font_icon=\u00a0\u00bb&#xe0e9;||divi||400&Prime; icon_color=\u00a0\u00bb#203149&Prime; image_icon_width=\u00a0\u00bb60px\u00a0\u00bb icon_alignment=\u00a0\u00bbleft\u00a0\u00bb _builder_version=\u00a0\u00bb4.16&Prime; header_font=\u00a0\u00bb|on|||\u00a0\u00bb header_text_color=\u00a0\u00bb#203149&Prime; header_font_size=\u00a0\u00bb20&Prime; header_line_height=\u00a0\u00bb1.5em\u00a0\u00bb body_text_color=\u00a0\u00bb#686f7d\u00a0\u00bb body_font_size=\u00a0\u00bb15&Prime; body_line_height=\u00a0\u00bb1.6em\u00a0\u00bb background_size=\u00a0\u00bbinitial\u00a0\u00bb background_position=\u00a0\u00bbtop_left\u00a0\u00bb background_repeat=\u00a0\u00bbrepeat\u00a0\u00bb custom_padding=\u00a0\u00bb|50px||\u00a0\u00bb custom_padding_tablet=\u00a0\u00bb|20px||\u00a0\u00bb custom_padding_phone=\u00a0\u00bb|10px||\u00a0\u00bb custom_padding_last_edited=\u00a0\u00bbon|phone\u00a0\u00bb custom_css_blurb_image=\u00a0\u00bbtext-align: left;||margin-bottom: 10px;\u00a0\u00bb border_style=\u00a0\u00bbsolid\u00a0\u00bb icon_font_size=\u00a0\u00bb60px\u00a0\u00bb global_colors_info=\u00a0\u00bb{}\u00a0\u00bb]<\/p>\n<p>Les chiffres, les donn\u00e9es et les faits constituent la base sur laquelle nous nous appuyons pour informer et conseiller les responsables politiques, le grand public et, surtout, nos adh\u00e9rents. \u00c0 cette fin, l&rsquo;association commande ses propres \u00e9tudes et \u00e9labore des livres blancs. <\/p>\n<p>Il va sans dire que nous travaillons en \u00e9troite collaboration avec nos partenaires et d\u2019autres institutions dans ce domaine. Nous offrons ainsi aux entrepreneurs, aux responsables politiques et \u00e0 la soci\u00e9t\u00e9 civile des analyses approfondies sur l\u2019\u00e9volution de la logistique et des infrastructures internationales dans le commerce moderne, et nous soutenons la num\u00e9risation du secteur. <\/p>\n<p>[\/et_pb_blurb][\/et_pb_column][et_pb_column type=\u00a0\u00bb1_4&Prime; _builder_version=\u00a0\u00bb4.16&Prime; custom_padding=\u00a0\u00bb|||\u00a0\u00bb global_colors_info=\u00a0\u00bb{}\u00a0\u00bb custom_padding__hover=\u00a0\u00bb|||\u00a0\u00bb][et_pb_blurb title=\u00a0\u00bbComit\u00e9s de travail\u00a0\u00bb use_icon=\u00a0\u00bbon\u00a0\u00bb font_icon=\u00a0\u00bb&#xe0f5;||divi||400&Prime; icon_color=\u00a0\u00bb#203149&Prime; image_icon_width=\u00a0\u00bb60px\u00a0\u00bb icon_alignment=\u00a0\u00bbleft\u00a0\u00bb _builder_version=\u00a0\u00bb4.16&Prime; header_font=\u00a0\u00bb|on|||\u00a0\u00bb header_text_color=\u00a0\u00bb#203149&Prime; header_font_size=\u00a0\u00bb20&Prime; header_line_height=\u00a0\u00bb1.5em\u00a0\u00bb body_text_color=\u00a0\u00bb#686f7d\u00a0\u00bb body_font_size=\u00a0\u00bb15&Prime; body_line_height=\u00a0\u00bb1.6em\u00a0\u00bb background_size=\u00a0\u00bbinitial\u00a0\u00bb background_position=\u00a0\u00bbtop_left\u00a0\u00bb background_repeat=\u00a0\u00bbrepeat\u00a0\u00bb custom_padding=\u00a0\u00bb|50px||\u00a0\u00bb custom_padding_tablet=\u00a0\u00bb|20px||\u00a0\u00bb custom_padding_phone=\u00a0\u00bb|10px||\u00a0\u00bb custom_padding_last_edited=\u00a0\u00bbon|phone\u00a0\u00bb custom_css_blurb_image=\u00a0\u00bbtext-align: left;||margin-bottom: 10px;\u00a0\u00bb border_style=\u00a0\u00bbsolid\u00a0\u00bb icon_font_size=\u00a0\u00bb60px\u00a0\u00bb global_colors_info=\u00a0\u00bb{}\u00a0\u00bb]<\/p>\n<p>Il existe six groupes de travail permanents qui se r\u00e9unissent r\u00e9guli\u00e8rement et se penchent sur les tendances actuelles du secteur. Des porte-parole ont \u00e9t\u00e9 \u00e9lus parmi les membres ; ceux-ci sont \u00e9galement des experts dans les domaines de comp\u00e9tence de l&rsquo;association. <\/p>\n<p>Certains groupes de travail ont mis en place des comit\u00e9s sp\u00e9ciaux charg\u00e9s d&rsquo;\u00e9tudier les d\u00e9fis sp\u00e9cifiques \u00e0 leur secteur.<\/p>\n<p>Il existe six groupes de travail permanents qui se r\u00e9unissent r\u00e9guli\u00e8rement et se penchent sur les tendances actuelles du secteur.<\/p>\n<p>[\/et_pb_blurb][\/et_pb_column][et_pb_column type=\u00a0\u00bb1_4&Prime; _builder_version=\u00a0\u00bb4.16&Prime; custom_padding=\u00a0\u00bb|||\u00a0\u00bb global_colors_info=\u00a0\u00bb{}\u00a0\u00bb custom_padding__hover=\u00a0\u00bb|||\u00a0\u00bb][et_pb_blurb title=\u00a0\u00bbConseil et formation continue\u00a0\u00bb use_icon=\u00a0\u00bbon\u00a0\u00bb font_icon=\u00a0\u00bb&#xe01b;||divi||400&Prime; icon_color=\u00a0\u00bb#203149&Prime; image_icon_width=\u00a0\u00bb60px\u00a0\u00bb icon_alignment=\u00a0\u00bbleft\u00a0\u00bb _builder_version=\u00a0\u00bb4.16&Prime; header_font=\u00a0\u00bb|on|||\u00a0\u00bb header_text_color=\u00a0\u00bb#203149&Prime; header_font_size=\u00a0\u00bb20&Prime; header_line_height=\u00a0\u00bb1.5em\u00a0\u00bb body_text_color=\u00a0\u00bb#686f7d\u00a0\u00bb body_font_size=\u00a0\u00bb15&Prime; body_line_height=\u00a0\u00bb1.6em\u00a0\u00bb background_size=\u00a0\u00bbinitial\u00a0\u00bb background_position=\u00a0\u00bbtop_left\u00a0\u00bb background_repeat=\u00a0\u00bbrepeat\u00a0\u00bb custom_padding=\u00a0\u00bb|50px||\u00a0\u00bb custom_padding_tablet=\u00a0\u00bb|20px||\u00a0\u00bb custom_padding_phone=\u00a0\u00bb|10px||\u00a0\u00bb custom_padding_last_edited=\u00a0\u00bbon|phone\u00a0\u00bb custom_css_blurb_image=\u00a0\u00bbtext-align: left;||margin-bottom: 10px;\u00a0\u00bb border_style=\u00a0\u00bbsolid\u00a0\u00bb icon_font_size=\u00a0\u00bb60px\u00a0\u00bb global_colors_info=\u00a0\u00bb{}\u00a0\u00bb]<\/p>\n<p>Nous mettons l&rsquo;accent sur la formation continue et le conseil. Le partage et le transfert de connaissances sont essentiels dans le contexte de la num\u00e9risation croissante du secteur. Les \u00e9v\u00e9nements et les projets organis\u00e9s par logistic-natives offrent aux membres, aux partenaires et aux personnes int\u00e9ress\u00e9es une plateforme d&rsquo;information de premier plan dans le domaine de la logistique et des infrastructures, \u00e0 l&rsquo;\u00e9chelle nationale et internationale, au service du commerce moderne.  <\/p>\n<p>Les activit\u00e9s pragmatiques propos\u00e9es par logistic-natives permettent aux participants d&rsquo;aborder le sujet en question de mani\u00e8re approfondie et ax\u00e9e sur la pratique. Nos sp\u00e9cialistes se tiennent volontiers \u00e0 votre disposition pour vous faire b\u00e9n\u00e9ficier de leur expertise. <\/p>\n<p>[\/et_pb_blurb][\/et_pb_column][et_pb_column type=\u00a0\u00bb1_4&Prime; _builder_version=\u00a0\u00bb4.16&Prime; custom_padding=\u00a0\u00bb|||\u00a0\u00bb global_colors_info=\u00a0\u00bb{}\u00a0\u00bb custom_padding__hover=\u00a0\u00bb|||\u00a0\u00bb][et_pb_blurb title=\u00a0\u00bbOrganisation du march\u00e9\u00a0\u00bb use_icon=\u00a0\u00bbon\u00a0\u00bb font_icon=\u00a0\u00bb&#xe0ff;||divi||400&Prime; icon_color=\u00a0\u00bb#203149&Prime; image_icon_width=\u00a0\u00bb60px\u00a0\u00bb icon_alignment=\u00a0\u00bbleft\u00a0\u00bb _builder_version=\u00a0\u00bb4.16&Prime; header_font=\u00a0\u00bb|on|||\u00a0\u00bb header_text_color=\u00a0\u00bb#203149&Prime; header_font_size=\u00a0\u00bb20&Prime; header_line_height=\u00a0\u00bb1.5em\u00a0\u00bb body_text_color=\u00a0\u00bb#686f7d\u00a0\u00bb body_font_size=\u00a0\u00bb15&Prime; body_line_height=\u00a0\u00bb1.6em\u00a0\u00bb background_size=\u00a0\u00bbinitial\u00a0\u00bb background_position=\u00a0\u00bbtop_left\u00a0\u00bb background_repeat=\u00a0\u00bbrepeat\u00a0\u00bb custom_padding=\u00a0\u00bb|50px|0px|||\u00a0\u00bb custom_padding_tablet=\u00a0\u00bb|20px||\u00a0\u00bb custom_padding_phone=\u00a0\u00bb|10px||\u00a0\u00bb custom_padding_last_edited=\u00a0\u00bbon|phone\u00a0\u00bb custom_css_blurb_image=\u00a0\u00bbtext-align: left;||margin-bottom: 10px;\u00a0\u00bb border_style=\u00a0\u00bbsolid\u00a0\u00bb icon_font_size=\u00a0\u00bb60px\u00a0\u00bb global_colors_info=\u00a0\u00bb{}\u00a0\u00bb]<\/p>\n<p>L&rsquo;association \u00ab logistic-natives \u00bb a \u00e9t\u00e9 fond\u00e9e dans le but de fa\u00e7onner avec succ\u00e8s et de mani\u00e8re active le march\u00e9 de la logistique internationale et des infrastructures du commerce moderne, en tant que groupe de d\u00e9fense des int\u00e9r\u00eats. Pour ce faire, des conditions-cadres intelligentes sont n\u00e9cessaires. En tant que groupe de d\u00e9fense des int\u00e9r\u00eats, les \u00ab logistic-natives \u00bb se penchent sur les questions l\u00e9gislatives d\u2019actualit\u00e9. De m\u00eame, l\u2019association s\u2019est fix\u00e9 des objectifs \u00e0 long terme en vue de r\u00e9formes fondamentales favorables \u00e0 l\u2019\u00e9conomie, allant de pair avec une plus grande flexibilit\u00e9, une r\u00e9duction de la bureaucratie et une lib\u00e9ralisation.   <\/p>\n<p>Les objectifs correspondants sont d\u00e9finis en concertation directe avec les membres de l&rsquo;association. Les membres de logistic-natives interviennent en tant que partenaires aupr\u00e8s des acteurs politiques, \u00e9conomiques et de la soci\u00e9t\u00e9 civile, et mettent leur expertise approfondie \u00e0 votre disposition. <\/p>\n<p>[\/et_pb_blurb][\/et_pb_column][\/et_pb_row][\/et_pb_section][et_pb_section fb_built=\u00a0\u00bb1&Prime; disabled_on=\u00a0\u00bbon|on|on\u00a0\u00bb module_id=\u00a0\u00bbforme\u00a0\u00bb _builder_version=\u00a0\u00bb4.27.7&Prime; background_enable_image=\u00a0\u00bboff\u00a0\u00bb custom_padding=\u00a0\u00bb100px||150px|\u00a0\u00bb hover_enabled=\u00a0\u00bb0&Prime; global_colors_info=\u00a0\u00bb{}\u00a0\u00bb disabled=\u00a0\u00bbon\u00a0\u00bb sticky_enabled=\u00a0\u00bb0&Prime;][et_pb_row _builder_version=\u00a0\u00bb4.16&Prime; background_size=\u00a0\u00bbinitial\u00a0\u00bb background_position=\u00a0\u00bbtop_left\u00a0\u00bb background_repeat=\u00a0\u00bbrepeat\u00a0\u00bb max_width=\u00a0\u00bb1600px\u00a0\u00bb make_fullwidth=\u00a0\u00bboff\u00a0\u00bb use_custom_width=\u00a0\u00bbon\u00a0\u00bb width_unit=\u00a0\u00bbon\u00a0\u00bb custom_width_px=\u00a0\u00bb1600px\u00a0\u00bb global_colors_info=\u00a0\u00bb{}\u00a0\u00bb][et_pb_column type=\u00a0\u00bb4_4&Prime; _builder_version=\u00a0\u00bb4.16&Prime; custom_padding=\u00a0\u00bb|||\u00a0\u00bb global_colors_info=\u00a0\u00bb{}\u00a0\u00bb custom_padding__hover=\u00a0\u00bb|||\u00a0\u00bb][et_pb_cta title=\u00a0\u00bbDevenir membre\u00a0\u00bb _builder_version=\u00a0\u00bb4.16&Prime; header_font=\u00a0\u00bb|on||on|\u00a0\u00bb header_text_color=\u00a0\u00bb#606c7d\u00a0\u00bb header_line_height=\u00a0\u00bb1.8em\u00a0\u00bb body_font=\u00a0\u00bb|on||on|\u00a0\u00bb body_text_color=\u00a0\u00bb#203149&Prime; body_font_size=\u00a0\u00bb40&Prime; body_line_height=\u00a0\u00bb1.3em\u00a0\u00bb use_background_color=\u00a0\u00bboff\u00a0\u00bb background_size=\u00a0\u00bbinitial\u00a0\u00bb background_position=\u00a0\u00bbtop_left\u00a0\u00bb background_repeat=\u00a0\u00bbrepeat\u00a0\u00bb text_orientation=\u00a0\u00bbright\u00a0\u00bb custom_margin=\u00a0\u00bb0px|||\u00a0\u00bb custom_padding=\u00a0\u00bb0px|||\u00a0\u00bb header_font_size_tablet=\u00a0\u00bb22&Prime; header_font_size_phone=\u00a0\u00bb16&Prime; header_font_size_last_edited=\u00a0\u00bbon|desktop\u00a0\u00bb body_font_size_tablet=\u00a0\u00bb34&Prime; body_font_size_phone=\u00a0\u00bb27&Prime; body_font_size_last_edited=\u00a0\u00bbon|phone\u00a0\u00bb custom_css_promo_description=\u00a0\u00bbfont-weight:900;\u00a0\u00bb use_border_color=\u00a0\u00bboff\u00a0\u00bb border_color=\u00a0\u00bb#ffffff\u00a0\u00bb border_style=\u00a0\u00bbsolid\u00a0\u00bb button_letter_spacing_hover=\u00a0\u00bb0&Prime; global_colors_info=\u00a0\u00bb{}\u00a0\u00bb button_text_size__hover_enabled=\u00a0\u00bboff\u00a0\u00bb button_one_text_size__hover_enabled=\u00a0\u00bboff\u00a0\u00bb button_two_text_size__hover_enabled=\u00a0\u00bboff\u00a0\u00bb button_text_color__hover_enabled=\u00a0\u00bboff\u00a0\u00bb button_one_text_color__hover_enabled=\u00a0\u00bboff\u00a0\u00bb button_two_text_color__hover_enabled=\u00a0\u00bboff\u00a0\u00bb button_border_width__hover_enabled=\u00a0\u00bboff\u00a0\u00bb button_one_border_width__hover_enabled=\u00a0\u00bboff\u00a0\u00bb button_two_border_width__hover_enabled=\u00a0\u00bboff\u00a0\u00bb button_border_color__hover_enabled=\u00a0\u00bboff\u00a0\u00bb button_one_border_color__hover_enabled=\u00a0\u00bboff\u00a0\u00bb button_two_border_color__hover_enabled=\u00a0\u00bboff\u00a0\u00bb button_border_radius__hover_enabled=\u00a0\u00bboff\u00a0\u00bb button_one_border_radius__hover_enabled=\u00a0\u00bboff\u00a0\u00bb button_two_border_radius__hover_enabled=\u00a0\u00bboff\u00a0\u00bb button_letter_spacing__hover_enabled=\u00a0\u00bbon\u00a0\u00bb button_letter_spacing__hover=\u00a0\u00bb0&Prime; button_one_letter_spacing__hover_enabled=\u00a0\u00bboff\u00a0\u00bb button_two_letter_spacing__hover_enabled=\u00a0\u00bboff\u00a0\u00bb button_bg_color__hover_enabled=\u00a0\u00bboff\u00a0\u00bb button_one_bg_color__hover_enabled=\u00a0\u00bboff\u00a0\u00bb button_two_bg_color__hover_enabled=\u00a0\u00bboff\u00a0\u00bb]<\/p>\n<p>Je m&rsquo;int\u00e9resse aux activit\u00e9s de l&rsquo;association et je souhaiterais recevoir des informations personnalis\u00e9es et d\u00e9taill\u00e9es.<\/p>\n<p>[\/et_pb_cta][\/et_pb_column][\/et_pb_row][et_pb_row column_structure=\u00a0\u00bb1_3,2_3&Prime; custom_padding_last_edited=\u00a0\u00bbon|phone\u00a0\u00bb disabled_on=\u00a0\u00bboff|off|off\u00a0\u00bb admin_label=\u00a0\u00bbDevenir membre\u00a0\u00bb _builder_version=\u00a0\u00bb4.16&Prime; background_color=\u00a0\u00bb#ededed\u00a0\u00bb background_image=\u00a0\u00bbhttps:\/\/www.logistic-natives.com\/wp-content\/uploads\/2020\/06\/logistic-map-1.png\u00a0\u00bb background_position=\u00a0\u00bbtop_left\u00a0\u00bb background_repeat=\u00a0\u00bbrepeat\u00a0\u00bb max_width=\u00a0\u00bb1600px\u00a0\u00bb custom_padding=\u00a0\u00bb100px|100px|100px|100px\u00a0\u00bb custom_padding_tablet=\u00a0\u00bb50px|50px|50px|50px\u00a0\u00bb custom_padding_phone=\u00a0\u00bb20px|20px|20px|20px\u00a0\u00bb custom_css_main_element=\u00a0\u00bbborder-bottom: solid 4px #0290cc;\u00a0\u00bb box_shadow_style=\u00a0\u00bbpreset2&Prime; use_custom_width=\u00a0\u00bbon\u00a0\u00bb custom_width_px=\u00a0\u00bb1600px\u00a0\u00bb global_colors_info=\u00a0\u00bb{}\u00a0\u00bb][et_pb_column type=\u00a0\u00bb1_3&Prime; _builder_version=\u00a0\u00bb4.16&Prime; background_position=\u00a0\u00bbtop_left\u00a0\u00bb custom_padding=\u00a0\u00bb50px|50px|50px|50px\u00a0\u00bb custom_padding_tablet=\u00a0\u00bb30px|30px|30px|30px\u00a0\u00bb custom_padding_phone=\u00a0\u00bb20px|20px|20px|20px\u00a0\u00bb custom_padding_last_edited=\u00a0\u00bbon|phone\u00a0\u00bb global_colors_info=\u00a0\u00bb{}\u00a0\u00bb custom_padding__hover=\u00a0\u00bb|||\u00a0\u00bb][et_pb_image src=\u00a0\u00bbhttps:\/\/www.logistic-natives.com\/wp-content\/uploads\/2020\/12\/scott-graham-5fNmWej4tAA-unsplash-scaled.jpg\u00a0\u00bb title_text=\u00a0\u00bbscott-graham-5fNmWej4tAA-unsplash\u00a0\u00bb _builder_version=\u00a0\u00bb4.16&Prime; _module_preset=\u00a0\u00bbdefault\u00a0\u00bb global_colors_info=\u00a0\u00bb{}\u00a0\u00bb][\/et_pb_image][\/et_pb_column][et_pb_column type=\u00a0\u00bb2_3&Prime; _builder_version=\u00a0\u00bb4.16&Prime; background_position=\u00a0\u00bbtop_left\u00a0\u00bb custom_padding=\u00a0\u00bb|||\u00a0\u00bb global_colors_info=\u00a0\u00bb{}\u00a0\u00bb custom_padding__hover=\u00a0\u00bb|||\u00a0\u00bb][et_pb_contact_form email=\u00a0\u00bbtoralf.schneider@logistic-natives.com\u00a0\u00bb success_message=\u00a0\u00bbMerci beaucoup pour votre message\u00a0\u00bb submit_button_text=\u00a0\u00bbEnvoyer\u00a0\u00bb _builder_version=\u00a0\u00bb4.27.7&Prime; _unique_id=\u00a0\u00bba10e5faa-89d2-4e74-9662-2e9965ed7435&Prime; form_field_background_color=\u00a0\u00bb#898989&Prime; custom_button=\u00a0\u00bbon\u00a0\u00bb button_text_color=\u00a0\u00bb#ffffff\u00a0\u00bb button_bg_color=\u00a0\u00bb#0c71c3&Prime; button_border_color=\u00a0\u00bb#0c71c3&Prime; button_icon=\u00a0\u00bb&#x24;||divi||400&Prime; custom_css_contact_fields=\u00a0\u00bbbackground: #fff !important;\u00a0\u00bb custom_css_text_field=\u00a0\u00bbbackground: #fff !important;\u00a0\u00bb custom_css_captcha_field=\u00a0\u00bbbackground: #fff !important;\u00a0\u00bb border_radii=\u00a0\u00bbon|0px|0px|0px|0px\u00a0\u00bb use_border_color=\u00a0\u00bboff\u00a0\u00bb border_color=\u00a0\u00bb#ffffff\u00a0\u00bb border_style=\u00a0\u00bbsolid\u00a0\u00bb input_border_radius=\u00a0\u00bb0&Prime; form_background_color=\u00a0\u00bb#898989&Prime; global_colors_info=\u00a0\u00bb{}\u00a0\u00bb][et_pb_contact_field field_id=\u00a0\u00bbName\u00a0\u00bb field_title=\u00a0\u00bbNom\u00a0\u00bb _builder_version=\u00a0\u00bb4.16&Prime; global_colors_info=\u00a0\u00bb{}\u00a0\u00bb button_text_size__hover_enabled=\u00a0\u00bboff\u00a0\u00bb button_one_text_size__hover_enabled=\u00a0\u00bboff\u00a0\u00bb button_two_text_size__hover_enabled=\u00a0\u00bboff\u00a0\u00bb button_text_color__hover_enabled=\u00a0\u00bboff\u00a0\u00bb button_one_text_color__hover_enabled=\u00a0\u00bboff\u00a0\u00bb button_two_text_color__hover_enabled=\u00a0\u00bboff\u00a0\u00bb button_border_width__hover_enabled=\u00a0\u00bboff\u00a0\u00bb button_one_border_width__hover_enabled=\u00a0\u00bboff\u00a0\u00bb button_two_border_width__hover_enabled=\u00a0\u00bboff\u00a0\u00bb button_border_color__hover_enabled=\u00a0\u00bboff\u00a0\u00bb button_one_border_color__hover_enabled=\u00a0\u00bboff\u00a0\u00bb button_two_border_color__hover_enabled=\u00a0\u00bboff\u00a0\u00bb button_border_radius__hover_enabled=\u00a0\u00bboff\u00a0\u00bb button_one_border_radius__hover_enabled=\u00a0\u00bboff\u00a0\u00bb button_two_border_radius__hover_enabled=\u00a0\u00bboff\u00a0\u00bb button_letter_spacing__hover_enabled=\u00a0\u00bboff\u00a0\u00bb button_one_letter_spacing__hover_enabled=\u00a0\u00bboff\u00a0\u00bb button_two_letter_spacing__hover_enabled=\u00a0\u00bboff\u00a0\u00bb button_bg_color__hover_enabled=\u00a0\u00bboff\u00a0\u00bb button_one_bg_color__hover_enabled=\u00a0\u00bboff\u00a0\u00bb button_two_bg_color__hover_enabled=\u00a0\u00bboff\u00a0\u00bb][\/et_pb_contact_field][et_pb_contact_field field_id=\u00a0\u00bbVorname\u00a0\u00bb field_title=\u00a0\u00bbPr\u00e9nom\u00a0\u00bb _builder_version=\u00a0\u00bb4.16&Prime; form_field_font=\u00a0\u00bb||||\u00a0\u00bb use_border_color=\u00a0\u00bboff\u00a0\u00bb border_style=\u00a0\u00bbsolid\u00a0\u00bb global_colors_info=\u00a0\u00bb{}\u00a0\u00bb button_text_size__hover_enabled=\u00a0\u00bboff\u00a0\u00bb button_one_text_size__hover_enabled=\u00a0\u00bboff\u00a0\u00bb button_two_text_size__hover_enabled=\u00a0\u00bboff\u00a0\u00bb button_text_color__hover_enabled=\u00a0\u00bboff\u00a0\u00bb button_one_text_color__hover_enabled=\u00a0\u00bboff\u00a0\u00bb button_two_text_color__hover_enabled=\u00a0\u00bboff\u00a0\u00bb button_border_width__hover_enabled=\u00a0\u00bboff\u00a0\u00bb button_one_border_width__hover_enabled=\u00a0\u00bboff\u00a0\u00bb button_two_border_width__hover_enabled=\u00a0\u00bboff\u00a0\u00bb button_border_color__hover_enabled=\u00a0\u00bboff\u00a0\u00bb button_one_border_color__hover_enabled=\u00a0\u00bboff\u00a0\u00bb button_two_border_color__hover_enabled=\u00a0\u00bboff\u00a0\u00bb button_border_radius__hover_enabled=\u00a0\u00bboff\u00a0\u00bb button_one_border_radius__hover_enabled=\u00a0\u00bboff\u00a0\u00bb button_two_border_radius__hover_enabled=\u00a0\u00bboff\u00a0\u00bb button_letter_spacing__hover_enabled=\u00a0\u00bboff\u00a0\u00bb button_one_letter_spacing__hover_enabled=\u00a0\u00bboff\u00a0\u00bb button_two_letter_spacing__hover_enabled=\u00a0\u00bboff\u00a0\u00bb button_bg_color__hover_enabled=\u00a0\u00bboff\u00a0\u00bb button_one_bg_color__hover_enabled=\u00a0\u00bboff\u00a0\u00bb button_two_bg_color__hover_enabled=\u00a0\u00bboff\u00a0\u00bb][\/et_pb_contact_field][et_pb_contact_field field_id=\u00a0\u00bbEmail\u00a0\u00bb field_title=\u00a0\u00bbAdresse e-mail\u00a0\u00bb field_type=\u00a0\u00bbemail\u00a0\u00bb _builder_version=\u00a0\u00bb4.16&Prime; global_colors_info=\u00a0\u00bb{}\u00a0\u00bb button_text_size__hover_enabled=\u00a0\u00bboff\u00a0\u00bb button_one_text_size__hover_enabled=\u00a0\u00bboff\u00a0\u00bb button_two_text_size__hover_enabled=\u00a0\u00bboff\u00a0\u00bb button_text_color__hover_enabled=\u00a0\u00bboff\u00a0\u00bb button_one_text_color__hover_enabled=\u00a0\u00bboff\u00a0\u00bb button_two_text_color__hover_enabled=\u00a0\u00bboff\u00a0\u00bb button_border_width__hover_enabled=\u00a0\u00bboff\u00a0\u00bb button_one_border_width__hover_enabled=\u00a0\u00bboff\u00a0\u00bb button_two_border_width__hover_enabled=\u00a0\u00bboff\u00a0\u00bb button_border_color__hover_enabled=\u00a0\u00bboff\u00a0\u00bb button_one_border_color__hover_enabled=\u00a0\u00bboff\u00a0\u00bb button_two_border_color__hover_enabled=\u00a0\u00bboff\u00a0\u00bb button_border_radius__hover_enabled=\u00a0\u00bboff\u00a0\u00bb button_one_border_radius__hover_enabled=\u00a0\u00bboff\u00a0\u00bb button_two_border_radius__hover_enabled=\u00a0\u00bboff\u00a0\u00bb button_letter_spacing__hover_enabled=\u00a0\u00bboff\u00a0\u00bb button_one_letter_spacing__hover_enabled=\u00a0\u00bboff\u00a0\u00bb button_two_letter_spacing__hover_enabled=\u00a0\u00bboff\u00a0\u00bb button_bg_color__hover_enabled=\u00a0\u00bboff\u00a0\u00bb button_one_bg_color__hover_enabled=\u00a0\u00bboff\u00a0\u00bb button_two_bg_color__hover_enabled=\u00a0\u00bboff\u00a0\u00bb][\/et_pb_contact_field][et_pb_contact_field field_id=\u00a0\u00bbTelefon\u00a0\u00bb field_title=\u00a0\u00bbT\u00e9l\u00e9phone\u00a0\u00bb _builder_version=\u00a0\u00bb4.16&Prime; form_field_font=\u00a0\u00bb||||\u00a0\u00bb use_border_color=\u00a0\u00bboff\u00a0\u00bb border_style=\u00a0\u00bbsolid\u00a0\u00bb global_colors_info=\u00a0\u00bb{}\u00a0\u00bb button_text_size__hover_enabled=\u00a0\u00bboff\u00a0\u00bb button_one_text_size__hover_enabled=\u00a0\u00bboff\u00a0\u00bb button_two_text_size__hover_enabled=\u00a0\u00bboff\u00a0\u00bb button_text_color__hover_enabled=\u00a0\u00bboff\u00a0\u00bb button_one_text_color__hover_enabled=\u00a0\u00bboff\u00a0\u00bb button_two_text_color__hover_enabled=\u00a0\u00bboff\u00a0\u00bb button_border_width__hover_enabled=\u00a0\u00bboff\u00a0\u00bb button_one_border_width__hover_enabled=\u00a0\u00bboff\u00a0\u00bb button_two_border_width__hover_enabled=\u00a0\u00bboff\u00a0\u00bb button_border_color__hover_enabled=\u00a0\u00bboff\u00a0\u00bb button_one_border_color__hover_enabled=\u00a0\u00bboff\u00a0\u00bb button_two_border_color__hover_enabled=\u00a0\u00bboff\u00a0\u00bb button_border_radius__hover_enabled=\u00a0\u00bboff\u00a0\u00bb button_one_border_radius__hover_enabled=\u00a0\u00bboff\u00a0\u00bb button_two_border_radius__hover_enabled=\u00a0\u00bboff\u00a0\u00bb button_letter_spacing__hover_enabled=\u00a0\u00bboff\u00a0\u00bb button_one_letter_spacing__hover_enabled=\u00a0\u00bboff\u00a0\u00bb button_two_letter_spacing__hover_enabled=\u00a0\u00bboff\u00a0\u00bb button_bg_color__hover_enabled=\u00a0\u00bboff\u00a0\u00bb button_one_bg_color__hover_enabled=\u00a0\u00bboff\u00a0\u00bb button_two_bg_color__hover_enabled=\u00a0\u00bboff\u00a0\u00bb][\/et_pb_contact_field][et_pb_contact_field field_id=\u00a0\u00bbNachricht\u00a0\u00bb field_title=\u00a0\u00bbMessage\u00a0\u00bb field_type=\u00a0\u00bbtext\u00a0\u00bb fullwidth_field=\u00a0\u00bbon\u00a0\u00bb _builder_version=\u00a0\u00bb4.16&Prime; global_colors_info=\u00a0\u00bb{}\u00a0\u00bb button_text_size__hover_enabled=\u00a0\u00bboff\u00a0\u00bb button_one_text_size__hover_enabled=\u00a0\u00bboff\u00a0\u00bb button_two_text_size__hover_enabled=\u00a0\u00bboff\u00a0\u00bb button_text_color__hover_enabled=\u00a0\u00bboff\u00a0\u00bb button_one_text_color__hover_enabled=\u00a0\u00bboff\u00a0\u00bb button_two_text_color__hover_enabled=\u00a0\u00bboff\u00a0\u00bb button_border_width__hover_enabled=\u00a0\u00bboff\u00a0\u00bb button_one_border_width__hover_enabled=\u00a0\u00bboff\u00a0\u00bb button_two_border_width__hover_enabled=\u00a0\u00bboff\u00a0\u00bb button_border_color__hover_enabled=\u00a0\u00bboff\u00a0\u00bb button_one_border_color__hover_enabled=\u00a0\u00bboff\u00a0\u00bb button_two_border_color__hover_enabled=\u00a0\u00bboff\u00a0\u00bb button_border_radius__hover_enabled=\u00a0\u00bboff\u00a0\u00bb button_one_border_radius__hover_enabled=\u00a0\u00bboff\u00a0\u00bb button_two_border_radius__hover_enabled=\u00a0\u00bboff\u00a0\u00bb button_letter_spacing__hover_enabled=\u00a0\u00bboff\u00a0\u00bb button_one_letter_spacing__hover_enabled=\u00a0\u00bboff\u00a0\u00bb button_two_letter_spacing__hover_enabled=\u00a0\u00bboff\u00a0\u00bb button_bg_color__hover_enabled=\u00a0\u00bboff\u00a0\u00bb button_one_bg_color__hover_enabled=\u00a0\u00bboff\u00a0\u00bb button_two_bg_color__hover_enabled=\u00a0\u00bboff\u00a0\u00bb][\/et_pb_contact_field][\/et_pb_contact_form][\/et_pb_column][\/et_pb_row][\/et_pb_section][et_pb_section fb_built=\u00a0\u00bb1&Prime; disabled_on=\u00a0\u00bboff|off|off\u00a0\u00bb _builder_version=\u00a0\u00bb4.16&Prime; background_image=\u00a0\u00bbhttps:\/\/www.logistic-natives.com\/wp-content\/uploads\/2020\/06\/hannes-egler-nT4k2JDtwTQ-unsplash5.jpg\u00a0\u00bb top_divider_style=\u00a0\u00bbarrow2&Prime; top_divider_color=\u00a0\u00bb#ffffff\u00a0\u00bb top_divider_height=\u00a0\u00bb60px\u00a0\u00bb bottom_divider_style=\u00a0\u00bbarrow2&Prime; bottom_divider_color=\u00a0\u00bb#efefef\u00a0\u00bb bottom_divider_height=\u00a0\u00bb60px\u00a0\u00bb global_colors_info=\u00a0\u00bb{}\u00a0\u00bb][et_pb_row _builder_version=\u00a0\u00bb4.16&Prime; background_size=\u00a0\u00bbinitial\u00a0\u00bb background_position=\u00a0\u00bbtop_left\u00a0\u00bb background_repeat=\u00a0\u00bbrepeat\u00a0\u00bb make_fullwidth=\u00a0\u00bboff\u00a0\u00bb use_custom_width=\u00a0\u00bboff\u00a0\u00bb width_unit=\u00a0\u00bbon\u00a0\u00bb global_colors_info=\u00a0\u00bb{}\u00a0\u00bb][et_pb_column type=\u00a0\u00bb4_4&Prime; _builder_version=\u00a0\u00bb4.16&Prime; custom_padding=\u00a0\u00bb|||\u00a0\u00bb global_colors_info=\u00a0\u00bb{}\u00a0\u00bb custom_padding__hover=\u00a0\u00bb|||\u00a0\u00bb][et_pb_cta title=\u00a0\u00bbFaits concernant Logistic Natives\u00a0\u00bb _builder_version=\u00a0\u00bb4.16&Prime; header_font=\u00a0\u00bb|on||on|\u00a0\u00bb header_text_color=\u00a0\u00bb#ffffff\u00a0\u00bb header_line_height=\u00a0\u00bb2.4em\u00a0\u00bb body_font=\u00a0\u00bb|on||on|\u00a0\u00bb body_text_color=\u00a0\u00bb#ffffff\u00a0\u00bb body_font_size=\u00a0\u00bb45&Prime; body_line_height=\u00a0\u00bb1.5em\u00a0\u00bb use_background_color=\u00a0\u00bboff\u00a0\u00bb background_size=\u00a0\u00bbinitial\u00a0\u00bb background_position=\u00a0\u00bbtop_left\u00a0\u00bb background_repeat=\u00a0\u00bbrepeat\u00a0\u00bb custom_margin=\u00a0\u00bb0px|||\u00a0\u00bb custom_padding=\u00a0\u00bb0px|||\u00a0\u00bb header_font_size_tablet=\u00a0\u00bb22&Prime; header_font_size_phone=\u00a0\u00bb18&Prime; header_font_size_last_edited=\u00a0\u00bbon|phone\u00a0\u00bb header_line_height_tablet=\u00a0\u00bb\u00a0\u00bb header_line_height_phone=\u00a0\u00bb1.8em\u00a0\u00bb header_line_height_last_edited=\u00a0\u00bbon|phone\u00a0\u00bb body_font_size_tablet=\u00a0\u00bb34&Prime; body_font_size_phone=\u00a0\u00bb26&Prime; body_font_size_last_edited=\u00a0\u00bbon|phone\u00a0\u00bb custom_css_promo_description=\u00a0\u00bbfont-weight:900;\u00a0\u00bb use_border_color=\u00a0\u00bboff\u00a0\u00bb border_color=\u00a0\u00bb#ffffff\u00a0\u00bb border_style=\u00a0\u00bbsolid\u00a0\u00bb button_letter_spacing_hover=\u00a0\u00bb0&Prime; global_colors_info=\u00a0\u00bb{}\u00a0\u00bb button_text_size__hover_enabled=\u00a0\u00bboff\u00a0\u00bb button_one_text_size__hover_enabled=\u00a0\u00bboff\u00a0\u00bb button_two_text_size__hover_enabled=\u00a0\u00bboff\u00a0\u00bb button_text_color__hover_enabled=\u00a0\u00bboff\u00a0\u00bb button_one_text_color__hover_enabled=\u00a0\u00bboff\u00a0\u00bb button_two_text_color__hover_enabled=\u00a0\u00bboff\u00a0\u00bb button_border_width__hover_enabled=\u00a0\u00bboff\u00a0\u00bb button_one_border_width__hover_enabled=\u00a0\u00bboff\u00a0\u00bb button_two_border_width__hover_enabled=\u00a0\u00bboff\u00a0\u00bb button_border_color__hover_enabled=\u00a0\u00bboff\u00a0\u00bb button_one_border_color__hover_enabled=\u00a0\u00bboff\u00a0\u00bb button_two_border_color__hover_enabled=\u00a0\u00bboff\u00a0\u00bb button_border_radius__hover_enabled=\u00a0\u00bboff\u00a0\u00bb button_one_border_radius__hover_enabled=\u00a0\u00bboff\u00a0\u00bb button_two_border_radius__hover_enabled=\u00a0\u00bboff\u00a0\u00bb button_letter_spacing__hover_enabled=\u00a0\u00bbon\u00a0\u00bb button_letter_spacing__hover=\u00a0\u00bb0&Prime; button_one_letter_spacing__hover_enabled=\u00a0\u00bboff\u00a0\u00bb button_two_letter_spacing__hover_enabled=\u00a0\u00bboff\u00a0\u00bb button_bg_color__hover_enabled=\u00a0\u00bboff\u00a0\u00bb button_one_bg_color__hover_enabled=\u00a0\u00bboff\u00a0\u00bb button_two_bg_color__hover_enabled=\u00a0\u00bboff\u00a0\u00bb]<\/p>\n<p>LES FAITS PARLENT D&rsquo;EUX-M\u00caMES  <\/p>\n<p>[\/et_pb_cta][\/et_pb_column][\/et_pb_row][et_pb_row column_structure=\u00a0\u00bb1_3,1_3,1_3&Prime; _builder_version=\u00a0\u00bb4.16&Prime; background_size=\u00a0\u00bbinitial\u00a0\u00bb background_position=\u00a0\u00bbtop_left\u00a0\u00bb background_repeat=\u00a0\u00bbrepeat\u00a0\u00bb max_width=\u00a0\u00bb1600px\u00a0\u00bb make_fullwidth=\u00a0\u00bboff\u00a0\u00bb use_custom_width=\u00a0\u00bbon\u00a0\u00bb width_unit=\u00a0\u00bbon\u00a0\u00bb custom_width_px=\u00a0\u00bb1600px\u00a0\u00bb global_colors_info=\u00a0\u00bb{}\u00a0\u00bb][et_pb_column type=\u00a0\u00bb1_3&Prime; module_class=\u00a0\u00bblg_box_zoom\u00a0\u00bb _builder_version=\u00a0\u00bb4.16&Prime; background_color=\u00a0\u00bbrgba(255,255,255,0.05)\u00a0\u00bb custom_padding=\u00a0\u00bb100px|60px|100px|60px\u00a0\u00bb global_colors_info=\u00a0\u00bb{}\u00a0\u00bb custom_padding__hover=\u00a0\u00bb|||\u00a0\u00bb][et_pb_blurb use_icon=\u00a0\u00bbon\u00a0\u00bb font_icon=\u00a0\u00bb&#xe107;||divi||400&Prime; icon_color=\u00a0\u00bb#efefef\u00a0\u00bb image_icon_width=\u00a0\u00bb70px\u00a0\u00bb _builder_version=\u00a0\u00bb4.16&Prime; background_size=\u00a0\u00bbinitial\u00a0\u00bb background_position=\u00a0\u00bbtop_left\u00a0\u00bb background_repeat=\u00a0\u00bbrepeat\u00a0\u00bb use_border_color=\u00a0\u00bboff\u00a0\u00bb border_color=\u00a0\u00bb#ffffff\u00a0\u00bb border_style=\u00a0\u00bbsolid\u00a0\u00bb icon_font_size=\u00a0\u00bb70px\u00a0\u00bb global_colors_info=\u00a0\u00bb{}\u00a0\u00bb][\/et_pb_blurb][et_pb_text _builder_version=\u00a0\u00bb4.16&Prime; _module_preset=\u00a0\u00bbdefault\u00a0\u00bb text_text_color=\u00a0\u00bb#ffffff\u00a0\u00bb header_text_color=\u00a0\u00bb#ffffff\u00a0\u00bb header_font_size=\u00a0\u00bb55px\u00a0\u00bb custom_padding=\u00a0\u00bb|||0px||\u00a0\u00bb global_colors_info=\u00a0\u00bb{}\u00a0\u00bb]<\/p>\n<p style=\"text-align: center;\"><strong>Un r\u00e9seau solide et efficace <\/strong><strong>gr\u00e2ce \u00e0 un contact direct avec<\/strong><\/p>\n<h1 style=\"text-align: center;\"><strong>~ 50<\/strong><\/h1>\n<p style=\"text-align: center;\"><strong>Membres dans le monde entier<\/strong><\/p>\n<p>[\/et_pb_text][\/et_pb_column][et_pb_column type=\u00a0\u00bb1_3&Prime; module_class=\u00a0\u00bblg_box_zoom\u00a0\u00bb _builder_version=\u00a0\u00bb4.16&Prime; background_color=\u00a0\u00bbrgba(255,255,255,0.05)\u00a0\u00bb custom_padding=\u00a0\u00bb100px|60px|100px|60px\u00a0\u00bb global_colors_info=\u00a0\u00bb{}\u00a0\u00bb custom_padding__hover=\u00a0\u00bb|||\u00a0\u00bb][et_pb_blurb use_icon=\u00a0\u00bbon\u00a0\u00bb font_icon=\u00a0\u00bb&#xe01f;||divi||400&Prime; icon_color=\u00a0\u00bb#efefef\u00a0\u00bb image_icon_width=\u00a0\u00bb70px\u00a0\u00bb _builder_version=\u00a0\u00bb4.16&Prime; background_size=\u00a0\u00bbinitial\u00a0\u00bb background_position=\u00a0\u00bbtop_left\u00a0\u00bb background_repeat=\u00a0\u00bbrepeat\u00a0\u00bb use_border_color=\u00a0\u00bboff\u00a0\u00bb border_color=\u00a0\u00bb#ffffff\u00a0\u00bb border_style=\u00a0\u00bbsolid\u00a0\u00bb icon_font_size=\u00a0\u00bb70px\u00a0\u00bb global_colors_info=\u00a0\u00bb{}\u00a0\u00bb][\/et_pb_blurb][et_pb_text _builder_version=\u00a0\u00bb4.16&Prime; _module_preset=\u00a0\u00bbdefault\u00a0\u00bb text_text_color=\u00a0\u00bb#ffffff\u00a0\u00bb header_text_color=\u00a0\u00bb#ffffff\u00a0\u00bb header_font_size=\u00a0\u00bb55px\u00a0\u00bb global_colors_info=\u00a0\u00bb{}\u00a0\u00bb]<\/p>\n<p style=\"text-align: center;\"><strong>Repr\u00e9sentation des int\u00e9r\u00eats politiques de<\/strong><\/p>\n<h1 style=\"text-align: center;\"><strong>30.000<\/strong><\/h1>\n<p style=\"text-align: center;\"><strong>Petites et moyennes entreprises<\/strong><\/p>\n<p>[\/et_pb_text][\/et_pb_column][et_pb_column type=\u00a0\u00bb1_3&Prime; module_class=\u00a0\u00bblg_box_zoom\u00a0\u00bb _builder_version=\u00a0\u00bb4.16&Prime; background_color=\u00a0\u00bbrgba(255,255,255,0.05)\u00a0\u00bb custom_padding=\u00a0\u00bb100px|60px|100px|60px\u00a0\u00bb global_colors_info=\u00a0\u00bb{}\u00a0\u00bb custom_padding__hover=\u00a0\u00bb|||\u00a0\u00bb][et_pb_blurb use_icon=\u00a0\u00bbon\u00a0\u00bb font_icon=\u00a0\u00bb&#xe0e3;||divi||400&Prime; icon_color=\u00a0\u00bb#efefef\u00a0\u00bb image_icon_width=\u00a0\u00bb70px\u00a0\u00bb _builder_version=\u00a0\u00bb4.16&Prime; background_size=\u00a0\u00bbinitial\u00a0\u00bb background_position=\u00a0\u00bbtop_left\u00a0\u00bb background_repeat=\u00a0\u00bbrepeat\u00a0\u00bb use_border_color=\u00a0\u00bboff\u00a0\u00bb border_color=\u00a0\u00bb#ffffff\u00a0\u00bb border_style=\u00a0\u00bbsolid\u00a0\u00bb icon_font_size=\u00a0\u00bb70px\u00a0\u00bb global_colors_info=\u00a0\u00bb{}\u00a0\u00bb][\/et_pb_blurb][et_pb_text _builder_version=\u00a0\u00bb4.16&Prime; _module_preset=\u00a0\u00bbdefault\u00a0\u00bb text_text_color=\u00a0\u00bb#ffffff\u00a0\u00bb header_text_color=\u00a0\u00bb#ffffff\u00a0\u00bb header_font_size=\u00a0\u00bb55px\u00a0\u00bb global_colors_info=\u00a0\u00bb{}\u00a0\u00bb]<\/p>\n<p style=\"text-align: center;\"><strong>D\u00e9cideurs <\/strong><strong>dans de nombreux <\/strong><strong>pays et r\u00e9gions \u00e9conomiques <\/strong><strong>dans <\/strong> <\/p>\n<h1 style=\"text-align: center;\"><strong>6  <\/strong><\/h1>\n<p style=\"text-align: center;\"><strong>continents<\/strong><\/p>\n<p>[\/et_pb_text][\/et_pb_column][\/et_pb_row][\/et_pb_section][et_pb_section fb_built=\u00a0\u00bb1&Prime; _builder_version=\u00a0\u00bb4.16&Prime; background_color=\u00a0\u00bb#efefef\u00a0\u00bb background_enable_image=\u00a0\u00bboff\u00a0\u00bb top_divider_color=\u00a0\u00bb#31257c\u00a0\u00bb top_divider_height=\u00a0\u00bb60px\u00a0\u00bb global_colors_info=\u00a0\u00bb{}\u00a0\u00bb][et_pb_row _builder_version=\u00a0\u00bb4.16&Prime; background_size=\u00a0\u00bbinitial\u00a0\u00bb background_position=\u00a0\u00bbtop_left\u00a0\u00bb background_repeat=\u00a0\u00bbrepeat\u00a0\u00bb max_width=\u00a0\u00bb1500px\u00a0\u00bb make_fullwidth=\u00a0\u00bboff\u00a0\u00bb use_custom_width=\u00a0\u00bbon\u00a0\u00bb width_unit=\u00a0\u00bbon\u00a0\u00bb custom_width_px=\u00a0\u00bb1500px\u00a0\u00bb global_colors_info=\u00a0\u00bb{}\u00a0\u00bb][et_pb_column type=\u00a0\u00bb4_4&Prime; _builder_version=\u00a0\u00bb4.16&Prime; custom_padding=\u00a0\u00bb|||\u00a0\u00bb global_colors_info=\u00a0\u00bb{}\u00a0\u00bb custom_padding__hover=\u00a0\u00bb|||\u00a0\u00bb][et_pb_cta title=\u00a0\u00bbAvis issus du r\u00e9seau\u00a0\u00bb _builder_version=\u00a0\u00bb4.16&Prime; header_font=\u00a0\u00bb|on||on|\u00a0\u00bb header_text_color=\u00a0\u00bb#606c7d\u00a0\u00bb header_line_height=\u00a0\u00bb2em\u00a0\u00bb body_font=\u00a0\u00bb|on||on|\u00a0\u00bb body_text_color=\u00a0\u00bb#203149&Prime; body_font_size=\u00a0\u00bb45&Prime; body_line_height=\u00a0\u00bb1.5em\u00a0\u00bb use_background_color=\u00a0\u00bboff\u00a0\u00bb background_size=\u00a0\u00bbinitial\u00a0\u00bb background_position=\u00a0\u00bbtop_left\u00a0\u00bb background_repeat=\u00a0\u00bbrepeat\u00a0\u00bb custom_margin=\u00a0\u00bb0px||0px|\u00a0\u00bb custom_padding=\u00a0\u00bb0px||0px|\u00a0\u00bb header_font_size_tablet=\u00a0\u00bb22&Prime; header_font_size_phone=\u00a0\u00bb18&Prime; header_font_size_last_edited=\u00a0\u00bbon|phone\u00a0\u00bb header_line_height_tablet=\u00a0\u00bb\u00a0\u00bb header_line_height_phone=\u00a0\u00bb1.6em\u00a0\u00bb header_line_height_last_edited=\u00a0\u00bbon|phone\u00a0\u00bb body_font_size_tablet=\u00a0\u00bb34&Prime; body_font_size_phone=\u00a0\u00bb25&Prime; body_font_size_last_edited=\u00a0\u00bbon|phone\u00a0\u00bb custom_css_promo_description=\u00a0\u00bbfont-weight:900;\u00a0\u00bb use_border_color=\u00a0\u00bboff\u00a0\u00bb border_color=\u00a0\u00bb#ffffff\u00a0\u00bb border_style=\u00a0\u00bbsolid\u00a0\u00bb button_letter_spacing_hover=\u00a0\u00bb0&Prime; global_colors_info=\u00a0\u00bb{}\u00a0\u00bb button_text_size__hover_enabled=\u00a0\u00bboff\u00a0\u00bb button_one_text_size__hover_enabled=\u00a0\u00bboff\u00a0\u00bb button_two_text_size__hover_enabled=\u00a0\u00bboff\u00a0\u00bb button_text_color__hover_enabled=\u00a0\u00bboff\u00a0\u00bb button_one_text_color__hover_enabled=\u00a0\u00bboff\u00a0\u00bb button_two_text_color__hover_enabled=\u00a0\u00bboff\u00a0\u00bb button_border_width__hover_enabled=\u00a0\u00bboff\u00a0\u00bb button_one_border_width__hover_enabled=\u00a0\u00bboff\u00a0\u00bb button_two_border_width__hover_enabled=\u00a0\u00bboff\u00a0\u00bb button_border_color__hover_enabled=\u00a0\u00bboff\u00a0\u00bb button_one_border_color__hover_enabled=\u00a0\u00bboff\u00a0\u00bb button_two_border_color__hover_enabled=\u00a0\u00bboff\u00a0\u00bb button_border_radius__hover_enabled=\u00a0\u00bboff\u00a0\u00bb button_one_border_radius__hover_enabled=\u00a0\u00bboff\u00a0\u00bb button_two_border_radius__hover_enabled=\u00a0\u00bboff\u00a0\u00bb button_letter_spacing__hover_enabled=\u00a0\u00bbon\u00a0\u00bb button_letter_spacing__hover=\u00a0\u00bb0&Prime; button_one_letter_spacing__hover_enabled=\u00a0\u00bboff\u00a0\u00bb button_two_letter_spacing__hover_enabled=\u00a0\u00bboff\u00a0\u00bb button_bg_color__hover_enabled=\u00a0\u00bboff\u00a0\u00bb button_one_bg_color__hover_enabled=\u00a0\u00bboff\u00a0\u00bb button_two_bg_color__hover_enabled=\u00a0\u00bboff\u00a0\u00bb]<\/p>\n<p>Ce qu&rsquo;en disent nos partenaires et nos membres<\/p>\n<p>[\/et_pb_cta][et_pb_slider _builder_version=\u00a0\u00bb4.27.4&Prime; header_line_height=\u00a0\u00bb2em\u00a0\u00bb body_font=\u00a0\u00bbRaleway||||\u00a0\u00bb body_text_color=\u00a0\u00bb#c1c1c1&Prime; body_font_size=\u00a0\u00bb20&Prime; body_line_height=\u00a0\u00bb2em\u00a0\u00bb background_color=\u00a0\u00bb#FFFFFF\u00a0\u00bb background_position=\u00a0\u00bbtop_left\u00a0\u00bb custom_padding=\u00a0\u00bb50px|0px|50px|0px\u00a0\u00bb custom_padding_tablet=\u00a0\u00bb|||\u00a0\u00bb custom_padding_phone=\u00a0\u00bb|||\u00a0\u00bb auto=\u00a0\u00bbon\u00a0\u00bb custom_css_slide_description=\u00a0\u00bbmargin-bottom: 100px;\u00a0\u00bb custom_css_slide_active_controller=\u00a0\u00bbbackground-color: rgb(16, 142, 209) !Important;\u00a0\u00bb custom_css_slide_arrows=\u00a0\u00bbcolor: #111d2b !important;|| background-color: #ededed;\u00a0\u00bb button_letter_spacing_hover=\u00a0\u00bb0&Prime; top_padding=\u00a0\u00bb50px\u00a0\u00bb bottom_padding=\u00a0\u00bb50px\u00a0\u00bb remove_inner_shadow=\u00a0\u00bbon\u00a0\u00bb hide_content_on_mobile=\u00a0\u00bboff\u00a0\u00bb hide_cta_on_mobile=\u00a0\u00bboff\u00a0\u00bb show_inner_shadow=\u00a0\u00bboff\u00a0\u00bb global_colors_info=\u00a0\u00bb{}\u00a0\u00bb button_text_size__hover_enabled=\u00a0\u00bboff\u00a0\u00bb button_one_text_size__hover_enabled=\u00a0\u00bboff\u00a0\u00bb button_two_text_size__hover_enabled=\u00a0\u00bboff\u00a0\u00bb button_text_color__hover_enabled=\u00a0\u00bboff\u00a0\u00bb button_one_text_color__hover_enabled=\u00a0\u00bboff\u00a0\u00bb button_two_text_color__hover_enabled=\u00a0\u00bboff\u00a0\u00bb button_border_width__hover_enabled=\u00a0\u00bboff\u00a0\u00bb button_one_border_width__hover_enabled=\u00a0\u00bboff\u00a0\u00bb button_two_border_width__hover_enabled=\u00a0\u00bboff\u00a0\u00bb button_border_color__hover_enabled=\u00a0\u00bboff\u00a0\u00bb button_one_border_color__hover_enabled=\u00a0\u00bboff\u00a0\u00bb button_two_border_color__hover_enabled=\u00a0\u00bboff\u00a0\u00bb button_border_radius__hover_enabled=\u00a0\u00bboff\u00a0\u00bb button_one_border_radius__hover_enabled=\u00a0\u00bboff\u00a0\u00bb button_two_border_radius__hover_enabled=\u00a0\u00bboff\u00a0\u00bb button_letter_spacing__hover_enabled=\u00a0\u00bbon\u00a0\u00bb button_letter_spacing__hover=\u00a0\u00bb0&Prime; button_one_letter_spacing__hover_enabled=\u00a0\u00bboff\u00a0\u00bb button_two_letter_spacing__hover_enabled=\u00a0\u00bboff\u00a0\u00bb button_bg_color__hover_enabled=\u00a0\u00bboff\u00a0\u00bb button_one_bg_color__hover_enabled=\u00a0\u00bboff\u00a0\u00bb button_two_bg_color__hover_enabled=\u00a0\u00bboff\u00a0\u00bb][et_pb_slide heading=\u00a0\u00bblogistic-natives e.V.\u00a0\u00bb use_bg_overlay=\u00a0\u00bboff\u00a0\u00bb use_text_overlay=\u00a0\u00bboff\u00a0\u00bb _builder_version=\u00a0\u00bb4.22.2&Prime; header_font=\u00a0\u00bb||||\u00a0\u00bb body_font=\u00a0\u00bb||||\u00a0\u00bb body_text_color=\u00a0\u00bb#9e9e9e\u00a0\u00bb body_font_size=\u00a0\u00bb22&Prime; background_color=\u00a0\u00bb#FFFFFF\u00a0\u00bb background_enable_color=\u00a0\u00bbon\u00a0\u00bb button_icon_placement=\u00a0\u00bbright\u00a0\u00bb button_on_hover=\u00a0\u00bbon\u00a0\u00bb background_layout=\u00a0\u00bblight\u00a0\u00bb header_line_height_tablet=\u00a0\u00bb1em\u00a0\u00bb header_line_height_phone=\u00a0\u00bb1em\u00a0\u00bb body_font_size_tablet=\u00a0\u00bb22&Prime; body_font_size_phone=\u00a0\u00bb22&Prime; body_font_size_last_edited=\u00a0\u00bboff|phone\u00a0\u00bb global_colors_info=\u00a0\u00bb{}\u00a0\u00bb button_text_size__hover_enabled=\u00a0\u00bboff\u00a0\u00bb button_one_text_size__hover_enabled=\u00a0\u00bboff\u00a0\u00bb button_two_text_size__hover_enabled=\u00a0\u00bboff\u00a0\u00bb button_text_color__hover_enabled=\u00a0\u00bboff\u00a0\u00bb button_one_text_color__hover_enabled=\u00a0\u00bboff\u00a0\u00bb button_two_text_color__hover_enabled=\u00a0\u00bboff\u00a0\u00bb button_border_width__hover_enabled=\u00a0\u00bboff\u00a0\u00bb button_one_border_width__hover_enabled=\u00a0\u00bboff\u00a0\u00bb button_two_border_width__hover_enabled=\u00a0\u00bboff\u00a0\u00bb button_border_color__hover_enabled=\u00a0\u00bboff\u00a0\u00bb button_one_border_color__hover_enabled=\u00a0\u00bboff\u00a0\u00bb button_two_border_color__hover_enabled=\u00a0\u00bboff\u00a0\u00bb button_border_radius__hover_enabled=\u00a0\u00bboff\u00a0\u00bb button_one_border_radius__hover_enabled=\u00a0\u00bboff\u00a0\u00bb button_two_border_radius__hover_enabled=\u00a0\u00bboff\u00a0\u00bb button_letter_spacing__hover_enabled=\u00a0\u00bboff\u00a0\u00bb button_one_letter_spacing__hover_enabled=\u00a0\u00bboff\u00a0\u00bb button_two_letter_spacing__hover_enabled=\u00a0\u00bboff\u00a0\u00bb button_bg_color__hover_enabled=\u00a0\u00bboff\u00a0\u00bb button_one_bg_color__hover_enabled=\u00a0\u00bboff\u00a0\u00bb button_two_bg_color__hover_enabled=\u00a0\u00bboff\u00a0\u00bb sticky_transition=\u00a0\u00bbon\u00a0\u00bb]<\/p>\n<p style=\"text-align: center;\"><img loading=\"lazy\" decoding=\"async\" class=\"alignnone wp-image-8737 \" src=\"https:\/\/www.logistic-natives.com\/wp-content\/uploads\/2021\/11\/LN_Logo_4c_200x200_Zeichenflaeche-1-300x300.png\" alt=\"\" width=\"226\" height=\"226\" srcset=\"https:\/\/www.logistic-natives.com\/wp-content\/uploads\/2021\/11\/LN_Logo_4c_200x200_Zeichenflaeche-1-300x300.png 300w, https:\/\/www.logistic-natives.com\/wp-content\/uploads\/2021\/11\/LN_Logo_4c_200x200_Zeichenflaeche-1-150x150.png 150w, https:\/\/www.logistic-natives.com\/wp-content\/uploads\/2021\/11\/LN_Logo_4c_200x200_Zeichenflaeche-1.png 417w\" sizes=\"(max-width: 226px) 100vw, 226px\" \/><\/p>\n<p style=\"text-align: center;\">Fort de son expertise pragmatique, le r\u00e9seau est l&rsquo;interlocuteur privil\u00e9gi\u00e9 des repr\u00e9sentants du monde politique, de l&rsquo;administration, du secteur priv\u00e9 et d&rsquo;autres institutions pour \u00e9laborer des solutions nationales et internationales adapt\u00e9es au commerce moderne.  <\/p>\n<p><strong>Voici quelques t\u00e9moignages de nos membres et partenaires.<\/strong><\/p>\n<h3 style=\"text-align: center;\"> <\/h3>\n<p>[\/et_pb_slide][et_pb_slide heading=\u00a0\u00bbMicha Augstein\u00a0\u00bb use_bg_overlay=\u00a0\u00bboff\u00a0\u00bb use_text_overlay=\u00a0\u00bboff\u00a0\u00bb _builder_version=\u00a0\u00bb4.27.4&Prime; header_font=\u00a0\u00bb||||\u00a0\u00bb body_font=\u00a0\u00bb||||\u00a0\u00bb body_text_color=\u00a0\u00bb#9e9e9e\u00a0\u00bb body_font_size=\u00a0\u00bb22&Prime; background_color=\u00a0\u00bb#FFFFFF\u00a0\u00bb background_enable_color=\u00a0\u00bbon\u00a0\u00bb button_icon_placement=\u00a0\u00bbright\u00a0\u00bb button_on_hover=\u00a0\u00bbon\u00a0\u00bb background_layout=\u00a0\u00bblight\u00a0\u00bb header_line_height_tablet=\u00a0\u00bb1em\u00a0\u00bb header_line_height_phone=\u00a0\u00bb1em\u00a0\u00bb body_font_size_tablet=\u00a0\u00bb22&Prime; body_font_size_phone=\u00a0\u00bb22&Prime; body_font_size_last_edited=\u00a0\u00bboff|phone\u00a0\u00bb global_colors_info=\u00a0\u00bb{}\u00a0\u00bb button_text_size__hover_enabled=\u00a0\u00bboff\u00a0\u00bb button_one_text_size__hover_enabled=\u00a0\u00bboff\u00a0\u00bb button_two_text_size__hover_enabled=\u00a0\u00bboff\u00a0\u00bb button_text_color__hover_enabled=\u00a0\u00bboff\u00a0\u00bb button_one_text_color__hover_enabled=\u00a0\u00bboff\u00a0\u00bb button_two_text_color__hover_enabled=\u00a0\u00bboff\u00a0\u00bb button_border_width__hover_enabled=\u00a0\u00bboff\u00a0\u00bb button_one_border_width__hover_enabled=\u00a0\u00bboff\u00a0\u00bb button_two_border_width__hover_enabled=\u00a0\u00bboff\u00a0\u00bb button_border_color__hover_enabled=\u00a0\u00bboff\u00a0\u00bb button_one_border_color__hover_enabled=\u00a0\u00bboff\u00a0\u00bb button_two_border_color__hover_enabled=\u00a0\u00bboff\u00a0\u00bb button_border_radius__hover_enabled=\u00a0\u00bboff\u00a0\u00bb button_one_border_radius__hover_enabled=\u00a0\u00bboff\u00a0\u00bb button_two_border_radius__hover_enabled=\u00a0\u00bboff\u00a0\u00bb button_letter_spacing__hover_enabled=\u00a0\u00bboff\u00a0\u00bb button_one_letter_spacing__hover_enabled=\u00a0\u00bboff\u00a0\u00bb button_two_letter_spacing__hover_enabled=\u00a0\u00bboff\u00a0\u00bb button_bg_color__hover_enabled=\u00a0\u00bboff\u00a0\u00bb button_one_bg_color__hover_enabled=\u00a0\u00bboff\u00a0\u00bb button_two_bg_color__hover_enabled=\u00a0\u00bboff\u00a0\u00bb sticky_transition=\u00a0\u00bbon\u00a0\u00bb]<\/p>\n<p style=\"text-align: center;\"><img loading=\"lazy\" decoding=\"async\" class=\"alignnone wp-image-32740 \" src=\"https:\/\/www.logistic-natives.com\/wp-content\/uploads\/2025\/05\/Micha-Augstein-Logistic-natives-191x300.png\" alt=\"\" width=\"180\" height=\"283\" srcset=\"https:\/\/www.logistic-natives.com\/wp-content\/uploads\/2025\/05\/Micha-Augstein-Logistic-natives-191x300.png 191w, https:\/\/www.logistic-natives.com\/wp-content\/uploads\/2025\/05\/Micha-Augstein-Logistic-natives.png 255w\" sizes=\"(max-width: 180px) 100vw, 180px\" \/><\/p>\n<p style=\"text-align: center;\">Le commerce moderne ne se r\u00e9sume pas simplement \u00e0 une version 2.0 ou 4.0 de quoi que ce soit. Il symbolise l&rsquo;\u00e9volution constante du commerce. O\u00f9 en \u00eates-vous, vous ou votre entreprise, \u00e0 l&rsquo;heure actuelle ? Quel est l&rsquo;impact de la logistique dans ce commerce moderne et tirez-vous pleinement parti de toutes les possibilit\u00e9s qu&rsquo;elle offre ?   <\/p>\n<p style=\"text-align: center;\">\u00c0 cet \u00e9gard, il est tout \u00e0 fait opportun que les \u00ab logistic natives \u00bb, gr\u00e2ce \u00e0 la diversit\u00e9 de leurs membres innovants et aux \u00e9changes approfondis au sein des groupes de travail, se situent v\u00e9ritablement \u00e0 la pointe de la logistique moderne et innovante dont le commerce a besoin. Tirez parti de cette expertise commune et enrichissez-la. <\/p>\n<h3 style=\"text-align: center;\"> <\/h3>\n<p>[\/et_pb_slide][et_pb_slide heading=\u00a0\u00bbGeorg Wittmann\u00a0\u00bb use_bg_overlay=\u00a0\u00bboff\u00a0\u00bb use_text_overlay=\u00a0\u00bboff\u00a0\u00bb _builder_version=\u00a0\u00bb4.20.2&Prime; header_font=\u00a0\u00bb||||\u00a0\u00bb body_font=\u00a0\u00bb||||\u00a0\u00bb body_text_color=\u00a0\u00bb#9e9e9e\u00a0\u00bb body_font_size=\u00a0\u00bb22&Prime; background_color=\u00a0\u00bb#FFFFFF\u00a0\u00bb background_enable_color=\u00a0\u00bbon\u00a0\u00bb button_icon_placement=\u00a0\u00bbright\u00a0\u00bb button_on_hover=\u00a0\u00bbon\u00a0\u00bb background_layout=\u00a0\u00bblight\u00a0\u00bb header_line_height_tablet=\u00a0\u00bb1em\u00a0\u00bb header_line_height_phone=\u00a0\u00bb1em\u00a0\u00bb body_font_size_tablet=\u00a0\u00bb22&Prime; body_font_size_phone=\u00a0\u00bb22&Prime; body_font_size_last_edited=\u00a0\u00bboff|phone\u00a0\u00bb global_colors_info=\u00a0\u00bb{}\u00a0\u00bb button_text_size__hover_enabled=\u00a0\u00bboff\u00a0\u00bb button_one_text_size__hover_enabled=\u00a0\u00bboff\u00a0\u00bb button_two_text_size__hover_enabled=\u00a0\u00bboff\u00a0\u00bb button_text_color__hover_enabled=\u00a0\u00bboff\u00a0\u00bb button_one_text_color__hover_enabled=\u00a0\u00bboff\u00a0\u00bb button_two_text_color__hover_enabled=\u00a0\u00bboff\u00a0\u00bb button_border_width__hover_enabled=\u00a0\u00bboff\u00a0\u00bb button_one_border_width__hover_enabled=\u00a0\u00bboff\u00a0\u00bb button_two_border_width__hover_enabled=\u00a0\u00bboff\u00a0\u00bb button_border_color__hover_enabled=\u00a0\u00bboff\u00a0\u00bb button_one_border_color__hover_enabled=\u00a0\u00bboff\u00a0\u00bb button_two_border_color__hover_enabled=\u00a0\u00bboff\u00a0\u00bb button_border_radius__hover_enabled=\u00a0\u00bboff\u00a0\u00bb button_one_border_radius__hover_enabled=\u00a0\u00bboff\u00a0\u00bb button_two_border_radius__hover_enabled=\u00a0\u00bboff\u00a0\u00bb button_letter_spacing__hover_enabled=\u00a0\u00bboff\u00a0\u00bb button_one_letter_spacing__hover_enabled=\u00a0\u00bboff\u00a0\u00bb button_two_letter_spacing__hover_enabled=\u00a0\u00bboff\u00a0\u00bb button_bg_color__hover_enabled=\u00a0\u00bboff\u00a0\u00bb button_one_bg_color__hover_enabled=\u00a0\u00bboff\u00a0\u00bb button_two_bg_color__hover_enabled=\u00a0\u00bboff\u00a0\u00bb sticky_transition=\u00a0\u00bbon\u00a0\u00bb]<\/p>\n<p><img loading=\"lazy\" decoding=\"async\" class=\"wp-image-1700 aligncenter\" src=\"https:\/\/www.logistic-natives.com\/wp-content\/uploads\/2020\/10\/Georg-Wittmann-Logistic-natives-e1612281597567.jpg\" alt=\"\" width=\"172\" height=\"202\"><\/p>\n<p style=\"text-align: center;\">Nous sommes ravis de pouvoir compter sur logistic-natives, un partenaire solide qui s&rsquo;engage activement en faveur des int\u00e9r\u00eats des commer\u00e7ants de taille moyenne et les accompagne dans les d\u00e9fis li\u00e9s \u00e0 la num\u00e9risation.<\/p>\n<p>[\/et_pb_slide][et_pb_slide heading=\u00a0\u00bbToralf Schneider\u00a0\u00bb _builder_version=\u00a0\u00bb4.16&Prime; _module_preset=\u00a0\u00bbdefault\u00a0\u00bb background_color=\u00a0\u00bb#FFFFFF\u00a0\u00bb background_enable_color=\u00a0\u00bbon\u00a0\u00bb text_orientation=\u00a0\u00bbcenter\u00a0\u00bb background_layout=\u00a0\u00bblight\u00a0\u00bb global_colors_info=\u00a0\u00bb{}\u00a0\u00bb sticky_transition=\u00a0\u00bbon\u00a0\u00bb]<\/p>\n<p><img loading=\"lazy\" decoding=\"async\" class=\"wp-image-1677 alignnone \" src=\"https:\/\/www.logistic-natives.com\/wp-content\/uploads\/2020\/10\/Toralf-Schneider-Logistic-natives-e1612178030560.jpg\" alt=\"Toralf Schneider - Logistic-natives\" width=\"176\" height=\"199\"><\/p>\n<p>Je fais partie de logistic-native, car je souhaite repenser et red\u00e9finir activement les processus logistiques, en collaboration avec d&rsquo;autres pionniers du secteur. \u00c0 cet effet, l&rsquo;association logistic-natives e.V. m&rsquo;offre la plateforme id\u00e9ale et l&rsquo;espace de travail que je recherchais depuis longtemps. <\/p>\n<p>[\/et_pb_slide][et_pb_slide heading=\u00a0\u00bbJesper Okkels\u00a0\u00bb _builder_version=\u00a0\u00bb4.16&Prime; _module_preset=\u00a0\u00bbdefault\u00a0\u00bb background_color=\u00a0\u00bb#FFFFFF\u00a0\u00bb background_enable_color=\u00a0\u00bbon\u00a0\u00bb text_orientation=\u00a0\u00bbcenter\u00a0\u00bb background_layout=\u00a0\u00bblight\u00a0\u00bb global_colors_info=\u00a0\u00bb{}\u00a0\u00bb sticky_transition=\u00a0\u00bbon\u00a0\u00bb]<\/p>\n<p><img loading=\"lazy\" decoding=\"async\" class=\"wp-image-990 alignnone \" src=\"https:\/\/www.logistic-natives.com\/wp-content\/uploads\/2020\/07\/jesper-oklels-Logistic-natives-e1612178582118.png\" alt=\"Jesper Oklels\" width=\"180\" height=\"219\"><\/p>\n<p>Le \u00ab commerce moderne \u00bb recouvre de nombreux aspects qu&rsquo;il convient de prendre en compte, notamment des th\u00e8mes tels que la num\u00e9risation, la standardisation et la normalisation, la l\u00e9gislation, le commerce \u00e9lectronique transfrontalier, le \u00ab dernier kilom\u00e8tre \u00bb, la mobilit\u00e9 \u00e9lectrique, l&rsquo;itralogistique, le d\u00e9veloppement durable et bien d&rsquo;autres encore.<\/p>\n<p>Chez logistic-natives, je trouve le savoir-faire n\u00e9cessaire \u00e0 cet effet, transmis par des visionnaires et des professionnels pragmatiques issus de tous les domaines du commerce moderne, de sa logistique et des infrastructures contemporaines.<\/p>\n<p>[\/et_pb_slide][et_pb_slide heading=\u00a0\u00bbJan Br\u00fcck\u00a0\u00bb _builder_version=\u00a0\u00bb4.16&Prime; _module_preset=\u00a0\u00bbdefault\u00a0\u00bb background_color=\u00a0\u00bb#FFFFFF\u00a0\u00bb background_enable_color=\u00a0\u00bbon\u00a0\u00bb text_orientation=\u00a0\u00bbcenter\u00a0\u00bb background_layout=\u00a0\u00bblight\u00a0\u00bb global_colors_info=\u00a0\u00bb{}\u00a0\u00bb sticky_transition=\u00a0\u00bbon\u00a0\u00bb]<\/p>\n<p><img loading=\"lazy\" decoding=\"async\" class=\"wp-image-2161 aligncenter\" src=\"https:\/\/www.logistic-natives.com\/wp-content\/uploads\/2020\/11\/JanBrueck-Logistic-natives-e1612188095659.jpg\" alt=\"\" width=\"182\" height=\"199\"><\/p>\n<p style=\"text-align: center;\">Pour Spring GDS, l&rsquo;adh\u00e9sion aux Logistic Natives constitue un \u00e9largissement logique de son r\u00e9seau et une source importante d&rsquo;id\u00e9es et d&rsquo;impulsions concernant les tendances et les \u00e9volutions du commerce moderne. Un groupe d\u2019experts ind\u00e9pendants d\u00e9bat de sujets d\u2019actualit\u00e9 dans tous les domaines de la logistique et cr\u00e9e ainsi de la valeur ajout\u00e9e, tant pour ses propres activit\u00e9s que pour le secteur en g\u00e9n\u00e9ral. <\/p>\n<p>[\/et_pb_slide][et_pb_slide heading=\u00a0\u00bbRainer Will\u00a0\u00bb _builder_version=\u00a0\u00bb4.16&Prime; _module_preset=\u00a0\u00bbdefault\u00a0\u00bb background_color=\u00a0\u00bb#FFFFFF\u00a0\u00bb background_enable_color=\u00a0\u00bbon\u00a0\u00bb text_orientation=\u00a0\u00bbcenter\u00a0\u00bb background_layout=\u00a0\u00bblight\u00a0\u00bb global_colors_info=\u00a0\u00bb{}\u00a0\u00bb sticky_transition=\u00a0\u00bbon\u00a0\u00bb]<\/p>\n<p><img loading=\"lazy\" decoding=\"async\" class=\"wp-image-2943 alignnone \" src=\"https:\/\/www.logistic-natives.com\/wp-content\/uploads\/2020\/11\/rainer-will-Logistic-natives-e1612281390514.jpg\" alt=\"\" width=\"167\" height=\"201\"><\/p>\n<p>La crise du coronavirus a provoqu\u00e9 un v\u00e9ritable \u00ab big bang \u00bb num\u00e9rique et fait bondir de plus de 30 % le volume des colis dans le commerce en ligne autrichien. Cela ouvre de grandes perspectives pour les boutiques en ligne nationales, mais pose \u00e9galement d\u2019\u00e9normes d\u00e9fis en mati\u00e8re de logistique. Afin de rester \u00e0 la pointe de l\u2019actualit\u00e9 et de suivre de pr\u00e8s les concepts de livraison innovants et durables, l\u2019association du commerce travaille en \u00e9troite collaboration avec les \u00ab logistic-natives \u00bb.  <\/p>\n<p>[\/et_pb_slide][et_pb_slide heading=\u00a0\u00bbHubert Biedermann\u00a0\u00bb _builder_version=\u00a0\u00bb4.16&Prime; _module_preset=\u00a0\u00bbdefault\u00a0\u00bb background_color=\u00a0\u00bb#FFFFFF\u00a0\u00bb background_enable_color=\u00a0\u00bbon\u00a0\u00bb text_orientation=\u00a0\u00bbcenter\u00a0\u00bb background_layout=\u00a0\u00bblight\u00a0\u00bb global_colors_info=\u00a0\u00bb{}\u00a0\u00bb sticky_transition=\u00a0\u00bbon\u00a0\u00bb]<\/p>\n<p><img loading=\"lazy\" decoding=\"async\" class=\"wp-image-1030 \" src=\"https:\/\/www.logistic-natives.com\/wp-content\/uploads\/2020\/07\/hubert-biedermann-Logistic-natives-1-e1612436252757.png\" alt=\"Hubert Biedermann - vice-pr\u00e9sident\" width=\"164\" height=\"187\"><\/p>\n<p>Notre adh\u00e9sion \u00e0 Logistic Natives nous offre la possibilit\u00e9 d&rsquo;\u00e9changer au-del\u00e0 des fronti\u00e8res avec des experts issus des domaines les plus divers de la logistique et de nous impliquer activement. L&rsquo;\u00e9largissement du r\u00e9seau, ainsi que les impulsions et les id\u00e9es qui en d\u00e9coulent, cr\u00e9ent une valeur ajout\u00e9e. <\/p>\n<p>[\/et_pb_slide][et_pb_slide heading=\u00a0\u00bbLuca Cassetti\u00a0\u00bb _builder_version=\u00a0\u00bb4.16&Prime; _module_preset=\u00a0\u00bbdefault\u00a0\u00bb background_color=\u00a0\u00bb#FFFFFF\u00a0\u00bb background_enable_color=\u00a0\u00bbon\u00a0\u00bb text_orientation=\u00a0\u00bbcenter\u00a0\u00bb background_layout=\u00a0\u00bblight\u00a0\u00bb global_colors_info=\u00a0\u00bb{}\u00a0\u00bb sticky_transition=\u00a0\u00bbon\u00a0\u00bb]<\/p>\n<p><img loading=\"lazy\" decoding=\"async\" class=\"wp-image-4431 aligncenter\" src=\"https:\/\/www.logistic-natives.com\/wp-content\/uploads\/2021\/02\/Luca-Cassetti-Logistic-natives-e1612539405525.png\" alt=\"\" width=\"177\" height=\"201\"><\/p>\n<p>Le commerce num\u00e9rique est en constante \u00e9volution et transforme progressivement les processus m\u00e9tier. Dans ce contexte de num\u00e9risation croissante, la logistique joue un r\u00f4le pr\u00e9pond\u00e9rant pour garantir un service de qualit\u00e9, fourni dans les d\u00e9lais et de mani\u00e8re durable. Ecommerce Europe se r\u00e9jouit de ce partenariat solide avec logistic-natives, qui dispose de l\u2019expertise n\u00e9cessaire et occupe une position de premier plan dans le commerce de d\u00e9tail num\u00e9rique et le commerce moderne, apportant ainsi une valeur ajout\u00e9e tangible au travail que nous menons au niveau europ\u00e9en.  <\/p>\n<p>[\/et_pb_slide][et_pb_slide heading=\u00a0\u00bbAlexandra Horn\u00a0\u00bb _builder_version=\u00a0\u00bb4.16&Prime; _module_preset=\u00a0\u00bbdefault\u00a0\u00bb background_color=\u00a0\u00bb#FFFFFF\u00a0\u00bb background_enable_color=\u00a0\u00bbon\u00a0\u00bb text_orientation=\u00a0\u00bbcenter\u00a0\u00bb background_layout=\u00a0\u00bblight\u00a0\u00bb global_colors_info=\u00a0\u00bb{}\u00a0\u00bb sticky_transition=\u00a0\u00bbon\u00a0\u00bb]<\/p>\n<p><img loading=\"lazy\" decoding=\"async\" class=\"wp-image-4435 aligncenter\" src=\"https:\/\/www.logistic-natives.com\/wp-content\/uploads\/2021\/02\/Alexandra-Horn_DIN-221x300.jpg\" alt=\"\" width=\"153\" height=\"209\" srcset=\"https:\/\/www.logistic-natives.com\/wp-content\/uploads\/2021\/02\/Alexandra-Horn_DIN-221x300.jpg 221w, https:\/\/www.logistic-natives.com\/wp-content\/uploads\/2021\/02\/Alexandra-Horn_DIN.jpg 268w\" sizes=\"(max-width: 153px) 100vw, 153px\" \/><\/p>\n<p>Les normes sont importantes pour les PME, et les PME sont importantes pour la normalisation. C&rsquo;est pourquoi les PME devraient participer activement \u00e0 la normalisation et saisir cette occasion unique de contribuer \u00e0 l&rsquo;\u00e9laboration des r\u00e8gles et des normes applicables au march\u00e9. Les mutations en cours dans les domaines de la logistique et de la mobilit\u00e9, en particulier, donneront naissance \u00e0 de nouvelles normes et standards, auxquels les PME devraient contribuer d\u00e8s \u00e0 pr\u00e9sent par l\u2019interm\u00e9diaire de l\u2019association logistic-natives e.V.  <\/p>\n<p>[\/et_pb_slide][et_pb_slide heading=\u00a0\u00bbBernd Kratz\u00a0\u00bb _builder_version=\u00a0\u00bb4.16&Prime; _module_preset=\u00a0\u00bbdefault\u00a0\u00bb background_color=\u00a0\u00bb#FFFFFF\u00a0\u00bb background_enable_color=\u00a0\u00bbon\u00a0\u00bb text_orientation=\u00a0\u00bbcenter\u00a0\u00bb background_layout=\u00a0\u00bblight\u00a0\u00bb global_colors_info=\u00a0\u00bb{}\u00a0\u00bb sticky_transition=\u00a0\u00bbon\u00a0\u00bb]<\/p>\n<p><img loading=\"lazy\" decoding=\"async\" class=\"wp-image-987 aligncenter\" src=\"https:\/\/www.logistic-natives.com\/wp-content\/uploads\/2020\/07\/Bernd-kratz-Logistic-natives-e1612855964668-240x300.png\" alt=\"\" width=\"165\" height=\"207\"><\/p>\n<p>La dynamique des march\u00e9s exige des cycles de changement courts au sein de la cha\u00eene d&rsquo;approvisionnement. La logistique doit r\u00e9agir rapidement et avec souplesse \u00e0 des exigences en constante \u00e9volution, que ce soit sur le plan organisationnel, technique, politique ou transfrontalier.<br \/>Les \u00ab Logistic Natives \u00bb allient l\u2019expertise des diff\u00e9rentes fonctions d\u2019une logistique globale \u00e0 une r\u00e9flexion et une approche visionnaires \u00e0 l\u2019\u00e9chelle europ\u00e9enne. <\/p>\n<p>[\/et_pb_slide][et_pb_slide heading=\u00a0\u00bbUlrich Lison\u00a0\u00bb _builder_version=\u00a0\u00bb4.16&Prime; _module_preset=\u00a0\u00bbdefault\u00a0\u00bb background_color=\u00a0\u00bb#FFFFFF\u00a0\u00bb background_enable_color=\u00a0\u00bbon\u00a0\u00bb text_orientation=\u00a0\u00bbcenter\u00a0\u00bb background_layout=\u00a0\u00bblight\u00a0\u00bb global_colors_info=\u00a0\u00bb{}\u00a0\u00bb sticky_transition=\u00a0\u00bbon\u00a0\u00bb]<\/p>\n<p><img loading=\"lazy\" decoding=\"async\" class=\"wp-image-985 alignnone aligncenter\" src=\"https:\/\/www.logistic-natives.com\/wp-content\/uploads\/2020\/07\/Uli-Lison-Logistic-natives.png\" alt=\"Uli-Lison\" width=\"137\" height=\"214\" srcset=\"https:\/\/www.logistic-natives.com\/wp-content\/uploads\/2020\/07\/Uli-Lison-Logistic-natives.png 255w, https:\/\/www.logistic-natives.com\/wp-content\/uploads\/2020\/07\/Uli-Lison-Logistic-natives-191x300.png 191w\" sizes=\"(max-width: 137px) 100vw, 137px\" \/><\/p>\n<p style=\"text-align: center;\">On ne peut pas faire mieux : o\u00f9 trouverait-on un autre endroit o\u00f9 \u00e9changer des id\u00e9es passionnantes, nouvelles, originales et insolites, sans parler du fait que l\u2019on y re\u00e7oit en priorit\u00e9 une multitude d\u2019informations ? Et pour couronner le tout : quelle \u00e9quipe g\u00e9niale ! <\/p>\n<p>[\/et_pb_slide][et_pb_slide heading=\u00a0\u00bbNic Heimann\u00a0\u00bb _builder_version=\u00a0\u00bb4.16&Prime; _module_preset=\u00a0\u00bbdefault\u00a0\u00bb background_color=\u00a0\u00bb#FFFFFF\u00a0\u00bb background_enable_color=\u00a0\u00bbon\u00a0\u00bb text_orientation=\u00a0\u00bbcenter\u00a0\u00bb background_layout=\u00a0\u00bblight\u00a0\u00bb global_colors_info=\u00a0\u00bb{}\u00a0\u00bb sticky_transition=\u00a0\u00bbon\u00a0\u00bb]<\/p>\n<p><img loading=\"lazy\" decoding=\"async\" class=\"wp-image-4836 alignnone aligncenter\" src=\"https:\/\/www.logistic-natives.com\/wp-content\/uploads\/2021\/03\/Nic-Heimann.jpg\" alt=\"\" width=\"155\" height=\"244\" srcset=\"https:\/\/www.logistic-natives.com\/wp-content\/uploads\/2021\/03\/Nic-Heimann.jpg 255w, https:\/\/www.logistic-natives.com\/wp-content\/uploads\/2021\/03\/Nic-Heimann-191x300.jpg 191w\" sizes=\"(max-width: 155px) 100vw, 155px\" \/><\/p>\n<p style=\"text-align: center;\">Ceux qui ont envie de penser diff\u00e9remment favorisent le progr\u00e8s. C&rsquo;est ce dont nous avons besoin, surtout en cette p\u00e9riode. Et les \u00ab logistic-natives \u00bb nous y incitent. C&rsquo;est pourquoi Uwe fait partie de l&rsquo;aventure et se r\u00e9jouit toujours de remettre en question les habitudes.   <\/p>\n<p>[\/et_pb_slide][et_pb_slide heading=\u00a0\u00bbGregor C. Blach\u00a0\u00bb _builder_version=\u00a0\u00bb4.16&Prime; _module_preset=\u00a0\u00bbdefault\u00a0\u00bb background_color=\u00a0\u00bb#FFFFFF\u00a0\u00bb background_enable_color=\u00a0\u00bbon\u00a0\u00bb text_orientation=\u00a0\u00bbcenter\u00a0\u00bb background_layout=\u00a0\u00bblight\u00a0\u00bb global_colors_info=\u00a0\u00bb{}\u00a0\u00bb sticky_transition=\u00a0\u00bbon\u00a0\u00bb]<\/p>\n<p><img loading=\"lazy\" decoding=\"async\" class=\"wp-image-4996 aligncenter\" src=\"https:\/\/www.logistic-natives.com\/wp-content\/uploads\/2021\/04\/Gregor-C.-Blach.jpg\" alt=\"\" width=\"158\" height=\"249\" srcset=\"https:\/\/www.logistic-natives.com\/wp-content\/uploads\/2021\/04\/Gregor-C.-Blach.jpg 255w, https:\/\/www.logistic-natives.com\/wp-content\/uploads\/2021\/04\/Gregor-C.-Blach-191x300.jpg 191w\" sizes=\"(max-width: 158px) 100vw, 158px\" \/><\/p>\n<p style=\"text-align: center;\">La vision internationale et interdisciplinaire des \u00ab logistic natives \u00bb constitue exactement la bonne approche : sortir des sentiers battus, apprendre les uns des autres et \u00e9largir ses horizons. C&rsquo;est ainsi que le secteur peut et doit se pr\u00e9parer pour l&rsquo;avenir. <\/p>\n<p>[\/et_pb_slide][et_pb_slide heading=\u00a0\u00bbMarc M\u00fchlenbach\u00a0\u00bb _builder_version=\u00a0\u00bb4.16&Prime; _module_preset=\u00a0\u00bbdefault\u00a0\u00bb background_color=\u00a0\u00bb#FFFFFF\u00a0\u00bb background_enable_color=\u00a0\u00bbon\u00a0\u00bb text_orientation=\u00a0\u00bbcenter\u00a0\u00bb background_layout=\u00a0\u00bblight\u00a0\u00bb global_colors_info=\u00a0\u00bb{}\u00a0\u00bb sticky_transition=\u00a0\u00bbon\u00a0\u00bb]<\/p>\n<p><img loading=\"lazy\" decoding=\"async\" class=\"wp-image-7970 aligncenter\" src=\"https:\/\/www.logistic-natives.com\/wp-content\/uploads\/2021\/10\/Marc-Muehlenbach.png\" alt=\"\" width=\"155\" height=\"244\" srcset=\"https:\/\/www.logistic-natives.com\/wp-content\/uploads\/2021\/10\/Marc-Muehlenbach.png 255w, https:\/\/www.logistic-natives.com\/wp-content\/uploads\/2021\/10\/Marc-Muehlenbach-191x300.png 191w\" sizes=\"(max-width: 155px) 100vw, 155px\" \/><\/p>\n<p style=\"text-align: center;\">Beam a rejoint Logsitic-Natives avant tout pour \u00e9changer des id\u00e9es. Notre travail repose sur une solide compr\u00e9hension des probl\u00e8mes, des goulots d&rsquo;\u00e9tranglement et des processus obsol\u00e8tes dans le domaine de la logistique. Plus nous en apprenons \u00e0 leur sujet gr\u00e2ce \u00e0 des r\u00e9seaux tri\u00e9s sur le volet, mieux nous serons en mesure de cr\u00e9er les start-ups logistiques de demain.  <\/p>\n<p>[\/et_pb_slide][et_pb_slide heading=\u00a0\u00bbMichael Flachsel\u00a0\u00bb _builder_version=\u00a0\u00bb4.16&Prime; _module_preset=\u00a0\u00bbdefault\u00a0\u00bb background_color=\u00a0\u00bb#FFFFFF\u00a0\u00bb background_enable_color=\u00a0\u00bbon\u00a0\u00bb text_orientation=\u00a0\u00bbcenter\u00a0\u00bb background_layout=\u00a0\u00bblight\u00a0\u00bb global_colors_info=\u00a0\u00bb{}\u00a0\u00bb sticky_transition=\u00a0\u00bbon\u00a0\u00bb]<\/p>\n<p><img loading=\"lazy\" decoding=\"async\" class=\"wp-image-7742 aligncenter\" src=\"https:\/\/www.logistic-natives.com\/wp-content\/uploads\/2021\/10\/Michael-Flachsel.png\" alt=\"\" width=\"167\" height=\"263\" srcset=\"https:\/\/www.logistic-natives.com\/wp-content\/uploads\/2021\/10\/Michael-Flachsel.png 255w, https:\/\/www.logistic-natives.com\/wp-content\/uploads\/2021\/10\/Michael-Flachsel-191x300.png 191w\" sizes=\"(max-width: 167px) 100vw, 167px\" \/><\/p>\n<p style=\"text-align: center;\">Com4green Logistics GmbH s&rsquo;est donn\u00e9 pour mission, en tant que r\u00e9seau regroupant des petites et moyennes entreprises du secteur de la logistique, d&rsquo;agir en tant que repr\u00e9sentant neutre de leurs int\u00e9r\u00eats et de proposer des solutions aux questions relatives \u00e0 la num\u00e9risation, \u00e0 l&rsquo;\u00e9cologie et \u00e0 la gestion d&rsquo;entreprise.<\/p>\n<p style=\"text-align: center;\">L&rsquo;association Logistic Natives eV, qui se consacre aux PME, appara\u00eet donc \u00e0 nos yeux comme le partenaire naturel et logique pour soutenir les prestataires logistiques de taille moyenne face aux grands groupes logistiques.<\/p>\n<p>[\/et_pb_slide][et_pb_slide heading=\u00a0\u00bbFrauke Heistermann\u00a0\u00bb _builder_version=\u00a0\u00bb4.16&Prime; _module_preset=\u00a0\u00bbdefault\u00a0\u00bb background_color=\u00a0\u00bb#FFFFFF\u00a0\u00bb background_enable_color=\u00a0\u00bbon\u00a0\u00bb text_orientation=\u00a0\u00bbcenter\u00a0\u00bb background_layout=\u00a0\u00bblight\u00a0\u00bb global_colors_info=\u00a0\u00bb{}\u00a0\u00bb sticky_transition=\u00a0\u00bbon\u00a0\u00bb]<\/p>\n<p><img loading=\"lazy\" decoding=\"async\" class=\"wp-image-7657 aligncenter\" src=\"https:\/\/www.logistic-natives.com\/wp-content\/uploads\/2021\/10\/Frauke-Heistermann.png\" alt=\"\" width=\"167\" height=\"262\" srcset=\"https:\/\/www.logistic-natives.com\/wp-content\/uploads\/2021\/10\/Frauke-Heistermann.png 255w, https:\/\/www.logistic-natives.com\/wp-content\/uploads\/2021\/10\/Frauke-Heistermann-191x300.png 191w\" sizes=\"(max-width: 167px) 100vw, 167px\" \/><\/p>\n<p style=\"text-align: center;\">Derri\u00e8re le r\u00f4le essentiel que joue la logistique en mati\u00e8re d&rsquo;approvisionnement se cachent de nombreuses personnes exer\u00e7ant des m\u00e9tiers tr\u00e8s vari\u00e9s. En collaboration avec logistic-natives, nous souhaitons continuer \u00e0 promouvoir la cause de la logistique et \u00e0 renforcer sa visibilit\u00e9, afin d\u2019obtenir une plus grande reconnaissance pour ce secteur \u00e9conomique, mais aussi pour garantir, gr\u00e2ce \u00e0 nos activit\u00e9s communes, que la logistique continue de fonctionner sans heurts. <\/p>\n<p>[\/et_pb_slide][et_pb_slide heading=\u00a0\u00bbJerrit Odewald\u00a0\u00bb _builder_version=\u00a0\u00bb4.16&Prime; _module_preset=\u00a0\u00bbdefault\u00a0\u00bb background_color=\u00a0\u00bb#FFFFFF\u00a0\u00bb background_enable_color=\u00a0\u00bbon\u00a0\u00bb text_orientation=\u00a0\u00bbcenter\u00a0\u00bb background_layout=\u00a0\u00bblight\u00a0\u00bb global_colors_info=\u00a0\u00bb{}\u00a0\u00bb sticky_transition=\u00a0\u00bbon\u00a0\u00bb]<\/p>\n<p><img loading=\"lazy\" decoding=\"async\" class=\"wp-image-5687 aligncenter\" src=\"https:\/\/www.logistic-natives.com\/wp-content\/uploads\/2021\/06\/Jerrit-Odewald.png\" alt=\"\" width=\"166\" height=\"260\" srcset=\"https:\/\/www.logistic-natives.com\/wp-content\/uploads\/2021\/06\/Jerrit-Odewald.png 255w, https:\/\/www.logistic-natives.com\/wp-content\/uploads\/2021\/06\/Jerrit-Odewald-191x300.png 191w\" sizes=\"(max-width: 166px) 100vw, 166px\" \/><\/p>\n<p style=\"text-align: center;\">Les \u00ab Logistic Natives \u00bb abordent deux th\u00e8mes d\u2019une grande actualit\u00e9 qui nous pr\u00e9occupent d\u00e9j\u00e0 aujourd\u2019hui et qui, par leur interaction, rec\u00e8lent un immense potentiel pour l\u2019avenir : la logistique et le commerce moderne sous toutes leurs facettes. Repens\u00e9s de mani\u00e8re \u00e0 la fois novatrice et transversale, ces deux domaines offrent d\u2019\u00e9normes opportunit\u00e9s pour l\u2019Allemagne en tant que p\u00f4le \u00e9conomique, mais posent \u00e9galement d\u2019\u00e9normes d\u00e9fis.<\/p>\n<p style=\"text-align: center;\">Un r\u00e9seau jeune et innovant, qui d\u00e9finit ici des approches de mani\u00e8re pragmatique et sans id\u00e9ologie et met en place des pistes d\u2019action, est tout \u00e0 fait louable. Une interface qui offre \u00e0 ce domaine th\u00e9matique, tant pour l\u2019\u00e9conomie que pour la politique, cet espace et cette plateforme pertinente, comme le fait Logistic Natives, repr\u00e9sente une valeur ajout\u00e9e tangible pour tous les acteurs et parties prenantes. Cela correspond \u00e9galement \u00e0 ma vision des choses et \u00e0 celle d\u2019ONC GmbH ; c\u2019est pourquoi nous sommes ravis d\u2019y participer.  <\/p>\n<p>[\/et_pb_slide][et_pb_slide heading=\u00a0\u00bbJan Dietrich Hempel\u00a0\u00bb _builder_version=\u00a0\u00bb4.16&Prime; _module_preset=\u00a0\u00bbdefault\u00a0\u00bb background_color=\u00a0\u00bb#FFFFFF\u00a0\u00bb background_enable_color=\u00a0\u00bbon\u00a0\u00bb text_orientation=\u00a0\u00bbcenter\u00a0\u00bb background_layout=\u00a0\u00bblight\u00a0\u00bb global_colors_info=\u00a0\u00bb{}\u00a0\u00bb sticky_transition=\u00a0\u00bbon\u00a0\u00bb]<\/p>\n<p><img loading=\"lazy\" decoding=\"async\" class=\"wp-image-8604 aligncenter\" src=\"https:\/\/www.logistic-natives.com\/wp-content\/uploads\/2021\/11\/Hempel-Jan-Dietrich.png\" alt=\"\" width=\"155\" height=\"244\" srcset=\"https:\/\/www.logistic-natives.com\/wp-content\/uploads\/2021\/11\/Hempel-Jan-Dietrich.png 255w, https:\/\/www.logistic-natives.com\/wp-content\/uploads\/2021\/11\/Hempel-Jan-Dietrich-191x300.png 191w\" sizes=\"(max-width: 155px) 100vw, 155px\" \/><\/p>\n<p style=\"text-align: center;\">Le groupe GARBE s&rsquo;est donn\u00e9 pour mission de cr\u00e9er des espaces. Des biens immobiliers logistiques con\u00e7us avec une vision \u00e0 long terme et dans une optique durable pour relever les d\u00e9fis de demain. Depuis plus de 30 ans, ces exigences fondamentales ne s&rsquo;appliquent pas seulement \u00e0 nos clients, mais constituent \u00e9galement notre r\u00e9f\u00e9rence vis-\u00e0-vis de nos partenaires et au sein de notre r\u00e9seau. En tant qu\u2019entreprise dot\u00e9e d\u2019une organisation moderne et d\u2019une dimension internationale, l\u2019association logistic-natives e.V. constitue pour nous un r\u00e9seau international comp\u00e9tent qui partage et d\u00e9fend nos int\u00e9r\u00eats \u00e9conomiques et juridiques.   <\/p>\n<p style=\"text-align: center;\">L&rsquo;expertise pragmatique des nombreux repr\u00e9sentants issus du monde politique, de l&rsquo;administration, du secteur priv\u00e9 et d&rsquo;autres institutions correspond \u00e0 notre conception tr\u00e8s affirm\u00e9e des valeurs. Celle-ci se caract\u00e9rise par des relations durables, une conduite des affaires ouverte et fond\u00e9e sur la confiance, ainsi qu&rsquo;une transparence maximale. <\/p>\n<p>[\/et_pb_slide][et_pb_slide heading=\u00a0\u00bbCosima B\u00e4r\u00a0\u00bb _builder_version=\u00a0\u00bb4.18.0&Prime; _module_preset=\u00a0\u00bbdefault\u00a0\u00bb background_color=\u00a0\u00bb#FFFFFF\u00a0\u00bb background_enable_color=\u00a0\u00bbon\u00a0\u00bb text_orientation=\u00a0\u00bbcenter\u00a0\u00bb background_layout=\u00a0\u00bblight\u00a0\u00bb global_colors_info=\u00a0\u00bb{}\u00a0\u00bb sticky_transition=\u00a0\u00bbon\u00a0\u00bb]<\/p>\n<p><img loading=\"lazy\" decoding=\"async\" class=\"wp-image-12447 aligncenter\" src=\"https:\/\/www.logistic-natives.com\/wp-content\/uploads\/2022\/02\/Cosima-Baer.png\" alt=\"\" width=\"156\" height=\"244\" srcset=\"https:\/\/www.logistic-natives.com\/wp-content\/uploads\/2022\/02\/Cosima-Baer.png 255w, https:\/\/www.logistic-natives.com\/wp-content\/uploads\/2022\/02\/Cosima-Baer-191x300.png 191w\" sizes=\"(max-width: 156px) 100vw, 156px\" \/><\/p>\n<p style=\"text-align: center;\">Une logistique enti\u00e8rement num\u00e9rique n&rsquo;est plus seulement un avantage concurrentiel, mais un facteur d\u00e9terminant pour la croissance et la p\u00e9rennit\u00e9 sur le march\u00e9.<\/p>\n<p>[\/et_pb_slide][et_pb_slide heading=\u00a0\u00bbWolfgang Hoeltgen\u00a0\u00bb _builder_version=\u00a0\u00bb4.16&Prime; _module_preset=\u00a0\u00bbdefault\u00a0\u00bb background_color=\u00a0\u00bb#FFFFFF\u00a0\u00bb background_enable_color=\u00a0\u00bbon\u00a0\u00bb text_orientation=\u00a0\u00bbcenter\u00a0\u00bb background_layout=\u00a0\u00bblight\u00a0\u00bb global_colors_info=\u00a0\u00bb{}\u00a0\u00bb sticky_transition=\u00a0\u00bbon\u00a0\u00bb]<\/p>\n<p><img loading=\"lazy\" decoding=\"async\" class=\"wp-image-13222 alignnone aligncenter\" src=\"https:\/\/www.logistic-natives.com\/wp-content\/uploads\/2022\/02\/Wolfgang-Hoeltgen.png\" alt=\"\" width=\"156\" height=\"207\" srcset=\"https:\/\/www.logistic-natives.com\/wp-content\/uploads\/2022\/02\/Wolfgang-Hoeltgen.png 255w, https:\/\/www.logistic-natives.com\/wp-content\/uploads\/2022\/02\/Wolfgang-Hoeltgen-226x300.png 226w\" sizes=\"(max-width: 156px) 100vw, 156px\" \/><\/p>\n<p style=\"text-align: center;\">GreyOrange souhaite contribuer \u00e0 l&rsquo;optimisation des processus inter-entreprises \u00e0 l&rsquo;aide d&rsquo;algorithmes, gr\u00e2ce \u00e0 une intelligence assist\u00e9e par logiciel.<\/p>\n<p>[\/et_pb_slide][et_pb_slide heading=\u00a0\u00bbAndreas Weidner\u00a0\u00bb _builder_version=\u00a0\u00bb4.16&Prime; _module_preset=\u00a0\u00bbdefault\u00a0\u00bb background_color=\u00a0\u00bb#FFFFFF\u00a0\u00bb background_enable_color=\u00a0\u00bbon\u00a0\u00bb text_orientation=\u00a0\u00bbcenter\u00a0\u00bb background_layout=\u00a0\u00bblight\u00a0\u00bb global_colors_info=\u00a0\u00bb{}\u00a0\u00bb sticky_transition=\u00a0\u00bbon\u00a0\u00bb]<\/p>\n<p><img loading=\"lazy\" decoding=\"async\" class=\"wp-image-13947 aligncenter\" src=\"https:\/\/www.logistic-natives.com\/wp-content\/uploads\/2022\/03\/Andreas-Weidner_eClear.png\" alt=\"\" width=\"160\" height=\"252\" srcset=\"https:\/\/www.logistic-natives.com\/wp-content\/uploads\/2022\/03\/Andreas-Weidner_eClear.png 255w, https:\/\/www.logistic-natives.com\/wp-content\/uploads\/2022\/03\/Andreas-Weidner_eClear-191x300.png 191w\" sizes=\"(max-width: 160px) 100vw, 160px\" \/><\/p>\n<p>L&rsquo;ensemble du secteur du commerce \u00e9lectronique conna\u00eet un essor fulgurant. La r\u00e9glementation et la l\u00e9gislation ne permettent pas \u00e0 tous les commer\u00e7ants de participer (efficacement) au commerce transfrontalier, mais c&rsquo;est pr\u00e9cis\u00e9ment l\u00e0 que r\u00e9side un potentiel \u00e9norme. Nous souhaitons apporter notre contribution gr\u00e2ce \u00e0 notre savoir-faire et tirer des enseignements des autres afin de nous am\u00e9liorer encore davantage.  <\/p>\n<p>[\/et_pb_slide][et_pb_slide heading=\u00a0\u00bbGideon Martz\u00a0\u00bb _builder_version=\u00a0\u00bb4.17.1&Prime; _module_preset=\u00a0\u00bbdefault\u00a0\u00bb background_color=\u00a0\u00bb#FFFFFF\u00a0\u00bb background_enable_color=\u00a0\u00bbon\u00a0\u00bb text_orientation=\u00a0\u00bbcenter\u00a0\u00bb background_layout=\u00a0\u00bblight\u00a0\u00bb global_colors_info=\u00a0\u00bb{}\u00a0\u00bb sticky_transition=\u00a0\u00bbon\u00a0\u00bb]<\/p>\n<p><img loading=\"lazy\" decoding=\"async\" class=\"wp-image-15792 aligncenter\" src=\"https:\/\/www.logistic-natives.com\/wp-content\/uploads\/2022\/04\/Gideon-Martz.png\" alt=\"\" width=\"171\" height=\"272\"><\/p>\n<p style=\"text-align: center;\">Nous sommes ravis d&rsquo;\u00e9largir notre r\u00e9seau gr\u00e2ce \u00e0 Logistic Natives et de retrouver ainsi des connaissances de longue date avec lesquelles des synergies peuvent se cr\u00e9er dans le domaine de l&rsquo;intralogistique.<\/p>\n<p>[\/et_pb_slide][et_pb_slide heading=\u00a0\u00bbFelix Benecke\u00a0\u00bb _builder_version=\u00a0\u00bb4.18.0&Prime; _module_preset=\u00a0\u00bbdefault\u00a0\u00bb background_color=\u00a0\u00bb#FFFFFF\u00a0\u00bb background_enable_color=\u00a0\u00bbon\u00a0\u00bb text_orientation=\u00a0\u00bbcenter\u00a0\u00bb background_layout=\u00a0\u00bblight\u00a0\u00bb global_colors_info=\u00a0\u00bb{}\u00a0\u00bb sticky_transition=\u00a0\u00bbon\u00a0\u00bb]<\/p>\n<p><img loading=\"lazy\" decoding=\"async\" class=\"wp-image-16382 aligncenter\" src=\"https:\/\/www.logistic-natives.com\/wp-content\/uploads\/2022\/05\/Felix-Benecke_Korn-Ferry.png\" alt=\"\" width=\"171\" height=\"269\" srcset=\"https:\/\/www.logistic-natives.com\/wp-content\/uploads\/2022\/05\/Felix-Benecke_Korn-Ferry.png 255w, https:\/\/www.logistic-natives.com\/wp-content\/uploads\/2022\/05\/Felix-Benecke_Korn-Ferry-191x300.png 191w\" sizes=\"(max-width: 171px) 100vw, 171px\" \/><\/p>\n<p style=\"text-align: center;\">Le contexte \u00e9conomique actuel est trop impr\u00e9visible pour se contenter de s&rsquo;appuyer sur des \u00ab lignes et des cases \u00bb vieilles d&rsquo;un si\u00e8cle<\/p>\n<p>[\/et_pb_slide][et_pb_slide heading=\u00a0\u00bbRen\u00e9 Kopplow\u00a0\u00bb _builder_version=\u00a0\u00bb4.19.2&Prime; _module_preset=\u00a0\u00bbdefault\u00a0\u00bb background_color=\u00a0\u00bb#FFFFFF\u00a0\u00bb background_enable_color=\u00a0\u00bbon\u00a0\u00bb text_orientation=\u00a0\u00bbcenter\u00a0\u00bb background_layout=\u00a0\u00bblight\u00a0\u00bb global_colors_info=\u00a0\u00bb{}\u00a0\u00bb sticky_transition=\u00a0\u00bbon\u00a0\u00bb]<\/p>\n<p><img loading=\"lazy\" decoding=\"async\" class=\"aligncenter wp-image-24768\" src=\"https:\/\/www.logistic-natives.com\/wp-content\/uploads\/2022\/12\/Rene-Kopplow-150x150.jpeg\" alt=\"\" width=\"219\" height=\"219\" srcset=\"https:\/\/www.logistic-natives.com\/wp-content\/uploads\/2022\/12\/Rene-Kopplow-150x150.jpeg 150w, https:\/\/www.logistic-natives.com\/wp-content\/uploads\/2022\/12\/Rene-Kopplow-300x300.jpeg 300w, https:\/\/www.logistic-natives.com\/wp-content\/uploads\/2022\/12\/Rene-Kopplow.jpeg 400w\" sizes=\"(max-width: 219px) 100vw, 219px\" \/><\/p>\n<p style=\"text-align: center;\">Un petit pays, de grandes opportunit\u00e9s.<\/p>\n<p style=\"text-align: center;\">Ne sous-estimez pas le march\u00e9 du commerce \u00e9lectronique en Belgique. Local Hero bpost est la cl\u00e9 du succ\u00e8s pour les boutiques en ligne allemandes. <\/p>\n<p style=\"text-align: center;\">D\u00e9couvrez-en davantage sur le comportement des consommateurs belges et n&rsquo;h\u00e9sitez pas \u00e0 me contacter.<\/p>\n<p>[\/et_pb_slide][et_pb_slide heading=\u00a0\u00bbIsabell Kochan\u00a0\u00bb _builder_version=\u00a0\u00bb4.27.4&Prime; _module_preset=\u00a0\u00bbdefault\u00a0\u00bb background_color=\u00a0\u00bb#FFFFFF\u00a0\u00bb background_enable_color=\u00a0\u00bbon\u00a0\u00bb text_orientation=\u00a0\u00bbcenter\u00a0\u00bb background_layout=\u00a0\u00bblight\u00a0\u00bb global_colors_info=\u00a0\u00bb{}\u00a0\u00bb sticky_transition=\u00a0\u00bbon\u00a0\u00bb]<\/p>\n<p><img loading=\"lazy\" decoding=\"async\" class=\"wp-image-24914 aligncenter\" src=\"https:\/\/www.logistic-natives.com\/wp-content\/uploads\/2022\/12\/Isabell-Kochan.png\" alt=\"\" width=\"134\" height=\"210\" srcset=\"https:\/\/www.logistic-natives.com\/wp-content\/uploads\/2022\/12\/Isabell-Kochan.png 255w, https:\/\/www.logistic-natives.com\/wp-content\/uploads\/2022\/12\/Isabell-Kochan-191x300.png 191w\" sizes=\"(max-width: 134px) 100vw, 134px\" \/><\/p>\n<p style=\"text-align: center;\"><span style=\"font-weight: 400;\">Les diff\u00e9rences peuvent constituer un d\u00e9fi. Lorsque vous avez affaire \u00e0 un groupe homog\u00e8ne de personnes qui pensent toutes de la m\u00eame mani\u00e8re, il est plus facile de parvenir \u00e0 un consensus satisfaisant. La diversit\u00e9 implique d&rsquo;int\u00e9grer des personnes ayant des points de vue, des exp\u00e9riences et des opinions diff\u00e9rents, et peut-\u00eatre m\u00eame des styles de travail ou des attentes diff\u00e9rents.  <\/span><i><span style=\"font-weight: 400;\"><br \/><\/span><\/i><\/p>\n<p>[\/et_pb_slide][et_pb_slide heading=\u00a0\u00bbRainer Buchmann  \u00a0\u00bb _builder_version=\u00a0\u00bb4.19.4&Prime; _module_preset=\u00a0\u00bbdefault\u00a0\u00bb background_color=\u00a0\u00bb#FFFFFF\u00a0\u00bb background_enable_color=\u00a0\u00bbon\u00a0\u00bb text_orientation=\u00a0\u00bbcenter\u00a0\u00bb background_layout=\u00a0\u00bblight\u00a0\u00bb global_colors_info=\u00a0\u00bb{}\u00a0\u00bb sticky_transition=\u00a0\u00bbon\u00a0\u00bb]<\/p>\n<p><img loading=\"lazy\" decoding=\"async\" class=\"wp-image-25834 aligncenter\" src=\"https:\/\/www.logistic-natives.com\/wp-content\/uploads\/2023\/01\/Rainer-Buchmann-191x300.png\" alt=\"\" width=\"138\" height=\"216\" srcset=\"https:\/\/www.logistic-natives.com\/wp-content\/uploads\/2023\/01\/Rainer-Buchmann-191x300.png 191w, https:\/\/www.logistic-natives.com\/wp-content\/uploads\/2023\/01\/Rainer-Buchmann.png 255w\" sizes=\"(max-width: 138px) 100vw, 138px\" \/><\/p>\n<p style=\"text-align: center;\">Le commerce num\u00e9rique et les avanc\u00e9es technologiques sont en constante \u00e9volution. Les changements intervenant dans la cha\u00eene d\u2019approvisionnement et dans nos habitudes d\u2019<br \/>s d\u2019achat entra\u00eenent une modification des structures de commande et des gammes de r\u00e9f\u00e9rences.<br \/>Les dynamiques actuelles du march\u00e9 exigent une r\u00e9activit\u00e9 et une capacit\u00e9 d\u2019adaptation rapides. Trouver le juste \u00e9quilibre entre des mesures purement organisationnelles et le d\u00e9ploiement judicieux de la technologie revient \u00e0 concilier flexibilit\u00e9 et efficacit\u00e9 \u2013 la v\u00e9rit\u00e9 se situe sans doute entre les deux, compte tenu du rythme des changements.<br \/>Logistics Natives offre l\u2019expertise n\u00e9cessaire pour \u00e9changer des points de vue et des exp\u00e9riences personnelles dans un environnement agr\u00e9able et inspirant <br \/>, dont j\u2019ai l\u2019honneur de faire partie.  <\/p>\n<p style=\"text-align: center;\"><i><span style=\"font-weight: 400;\"> <\/span><\/i><\/p>\n<p>[\/et_pb_slide][\/et_pb_slider][\/et_pb_column][\/et_pb_row][\/et_pb_section]<\/p>\n","protected":false},"excerpt":{"rendered":"<p>R\u00e9seau international de la logistique et des infrastructures dans le commerce moderneflorian.seikel@logistic-natives.com +49 162 256 1001T\u00e9l\u00e9chargez ici notre manifeste (PDF)logistic-natives e.V.Les chiffres, les donn\u00e9es et les faits constituent la base sur laquelle nous nous appuyons pour informer et conseiller les responsables politiques, le grand public et, surtout, nos adh\u00e9rents. \u00c0 cette fin, l&rsquo;association commande ses [&hellip;]<\/p>\n","protected":false},"author":4,"featured_media":0,"parent":0,"menu_order":0,"comment_status":"closed","ping_status":"closed","template":"","meta":{"_et_pb_use_builder":"on","_et_pb_old_content":"","_et_gb_content_width":"","footnotes":""},"class_list":["post-33056","page","type-page","status-publish","hentry"],"yoast_head":"<!-- This site is optimized with the Yoast SEO plugin v28.3 - https:\/\/yoast.com\/product\/yoast-seo-wordpress\/ -->\n<title>Accueil | Logistic Natives e.V.<\/title>\n<meta name=\"robots\" content=\"index, follow, max-snippet:-1, max-image-preview:large, max-video-preview:-1\" \/>\n<link rel=\"canonical\" href=\"https:\/\/www.logistic-natives.com\/fr\" \/>\n<meta property=\"og:locale\" content=\"fr_FR\" \/>\n<meta property=\"og:type\" content=\"article\" \/>\n<meta property=\"og:title\" content=\"Accueil | Logistic Natives e.V.\" \/>\n<meta property=\"og:description\" content=\"R\u00e9seau international de la logistique et des infrastructures dans le commerce moderneflorian.seikel@logistic-natives.com +49 162 256 1001T\u00e9l\u00e9chargez ici notre manifeste (PDF)logistic-natives e.V.Les chiffres, les donn\u00e9es et les faits constituent la base sur laquelle nous nous appuyons pour informer et conseiller les responsables politiques, le grand public et, surtout, nos adh\u00e9rents. \u00c0 cette fin, l&#039;association commande ses [&hellip;]\" \/>\n<meta property=\"og:url\" content=\"https:\/\/www.logistic-natives.com\/fr\" \/>\n<meta property=\"og:site_name\" content=\"Logistic Natives e.V.\" \/>\n<meta property=\"article:modified_time\" content=\"2026-07-30T15:19:23+00:00\" \/>\n<meta property=\"og:image\" content=\"https:\/\/www.logistic-natives.com\/wp-content\/uploads\/2021\/11\/LN_Logo_4c_200x200_Zeichenflaeche-1-300x300.png\" \/>\n<meta name=\"twitter:card\" content=\"summary_large_image\" \/>\n<meta name=\"twitter:label1\" content=\"Dur\u00e9e de lecture estim\u00e9e\" \/>\n\t<meta name=\"twitter:data1\" content=\"48 minutes\" \/>\n<script type=\"application\/ld+json\" class=\"yoast-schema-graph\">{\"@context\":\"https:\\\/\\\/schema.org\",\"@graph\":[{\"@type\":\"WebPage\",\"@id\":\"https:\\\/\\\/www.logistic-natives.com\\\/fr\",\"url\":\"https:\\\/\\\/www.logistic-natives.com\\\/fr\",\"name\":\"Accueil | Logistic Natives e.V.\",\"isPartOf\":{\"@id\":\"https:\\\/\\\/www.logistic-natives.com\\\/fr#website\"},\"primaryImageOfPage\":{\"@id\":\"https:\\\/\\\/www.logistic-natives.com\\\/fr#primaryimage\"},\"image\":{\"@id\":\"https:\\\/\\\/www.logistic-natives.com\\\/fr#primaryimage\"},\"thumbnailUrl\":\"https:\\\/\\\/www.logistic-natives.com\\\/wp-content\\\/uploads\\\/2021\\\/11\\\/LN_Logo_4c_200x200_Zeichenflaeche-1-300x300.png\",\"datePublished\":\"2020-06-25T12:33:49+00:00\",\"dateModified\":\"2026-07-30T15:19:23+00:00\",\"breadcrumb\":{\"@id\":\"https:\\\/\\\/www.logistic-natives.com\\\/fr#breadcrumb\"},\"inLanguage\":\"fr-FR\",\"potentialAction\":[{\"@type\":\"ReadAction\",\"target\":[\"https:\\\/\\\/www.logistic-natives.com\\\/fr\"]}]},{\"@type\":\"ImageObject\",\"inLanguage\":\"fr-FR\",\"@id\":\"https:\\\/\\\/www.logistic-natives.com\\\/fr#primaryimage\",\"url\":\"https:\\\/\\\/www.logistic-natives.com\\\/wp-content\\\/uploads\\\/2021\\\/11\\\/LN_Logo_4c_200x200_Zeichenflaeche-1-300x300.png\",\"contentUrl\":\"https:\\\/\\\/www.logistic-natives.com\\\/wp-content\\\/uploads\\\/2021\\\/11\\\/LN_Logo_4c_200x200_Zeichenflaeche-1-300x300.png\"},{\"@type\":\"BreadcrumbList\",\"@id\":\"https:\\\/\\\/www.logistic-natives.com\\\/fr#breadcrumb\",\"itemListElement\":[{\"@type\":\"ListItem\",\"position\":1,\"name\":\"Home\",\"item\":\"https:\\\/\\\/www.logistic-natives.com\\\/fr?page_id=33056\"},{\"@type\":\"ListItem\",\"position\":2,\"name\":\"Accueil\"}]},{\"@type\":\"WebSite\",\"@id\":\"https:\\\/\\\/www.logistic-natives.com\\\/fr#website\",\"url\":\"https:\\\/\\\/www.logistic-natives.com\\\/fr\",\"name\":\"Logistic Natives e.V.\",\"description\":\"Network of international logistics infrastructure in modern commerce\",\"publisher\":{\"@id\":\"https:\\\/\\\/www.logistic-natives.com\\\/fr#organization\"},\"potentialAction\":[{\"@type\":\"SearchAction\",\"target\":{\"@type\":\"EntryPoint\",\"urlTemplate\":\"https:\\\/\\\/www.logistic-natives.com\\\/fr?s={search_term_string}\"},\"query-input\":{\"@type\":\"PropertyValueSpecification\",\"valueRequired\":true,\"valueName\":\"search_term_string\"}}],\"inLanguage\":\"fr-FR\"},{\"@type\":\"Organization\",\"@id\":\"https:\\\/\\\/www.logistic-natives.com\\\/fr#organization\",\"name\":\"logistic-natives e.V.\",\"url\":\"https:\\\/\\\/www.logistic-natives.com\\\/fr\",\"logo\":{\"@type\":\"ImageObject\",\"inLanguage\":\"fr-FR\",\"@id\":\"https:\\\/\\\/www.logistic-natives.com\\\/fr#\\\/schema\\\/logo\\\/image\\\/\",\"url\":\"https:\\\/\\\/www.logistic-natives.com\\\/wp-content\\\/uploads\\\/2020\\\/12\\\/logistic-natives-logo_500x572px_PFAD.jpg\",\"contentUrl\":\"https:\\\/\\\/www.logistic-natives.com\\\/wp-content\\\/uploads\\\/2020\\\/12\\\/logistic-natives-logo_500x572px_PFAD.jpg\",\"width\":500,\"height\":572,\"caption\":\"logistic-natives e.V.\"},\"image\":{\"@id\":\"https:\\\/\\\/www.logistic-natives.com\\\/fr#\\\/schema\\\/logo\\\/image\\\/\"}}]}<\/script>\n<!-- \/ Yoast SEO plugin. -->","yoast_head_json":{"title":"Accueil | Logistic Natives e.V.","robots":{"index":"index","follow":"follow","max-snippet":"max-snippet:-1","max-image-preview":"max-image-preview:large","max-video-preview":"max-video-preview:-1"},"canonical":"https:\/\/www.logistic-natives.com\/fr","og_locale":"fr_FR","og_type":"article","og_title":"Accueil | Logistic Natives e.V.","og_description":"R\u00e9seau international de la logistique et des infrastructures dans le commerce moderneflorian.seikel@logistic-natives.com +49 162 256 1001T\u00e9l\u00e9chargez ici notre manifeste (PDF)logistic-natives e.V.Les chiffres, les donn\u00e9es et les faits constituent la base sur laquelle nous nous appuyons pour informer et conseiller les responsables politiques, le grand public et, surtout, nos adh\u00e9rents. \u00c0 cette fin, l'association commande ses [&hellip;]","og_url":"https:\/\/www.logistic-natives.com\/fr","og_site_name":"Logistic Natives e.V.","article_modified_time":"2026-07-30T15:19:23+00:00","og_image":[{"url":"https:\/\/www.logistic-natives.com\/wp-content\/uploads\/2021\/11\/LN_Logo_4c_200x200_Zeichenflaeche-1-300x300.png","type":"","width":"","height":""}],"twitter_card":"summary_large_image","twitter_misc":{"Dur\u00e9e de lecture estim\u00e9e":"48 minutes"},"schema":{"@context":"https:\/\/schema.org","@graph":[{"@type":"WebPage","@id":"https:\/\/www.logistic-natives.com\/fr","url":"https:\/\/www.logistic-natives.com\/fr","name":"Accueil | Logistic Natives e.V.","isPartOf":{"@id":"https:\/\/www.logistic-natives.com\/fr#website"},"primaryImageOfPage":{"@id":"https:\/\/www.logistic-natives.com\/fr#primaryimage"},"image":{"@id":"https:\/\/www.logistic-natives.com\/fr#primaryimage"},"thumbnailUrl":"https:\/\/www.logistic-natives.com\/wp-content\/uploads\/2021\/11\/LN_Logo_4c_200x200_Zeichenflaeche-1-300x300.png","datePublished":"2020-06-25T12:33:49+00:00","dateModified":"2026-07-30T15:19:23+00:00","breadcrumb":{"@id":"https:\/\/www.logistic-natives.com\/fr#breadcrumb"},"inLanguage":"fr-FR","potentialAction":[{"@type":"ReadAction","target":["https:\/\/www.logistic-natives.com\/fr"]}]},{"@type":"ImageObject","inLanguage":"fr-FR","@id":"https:\/\/www.logistic-natives.com\/fr#primaryimage","url":"https:\/\/www.logistic-natives.com\/wp-content\/uploads\/2021\/11\/LN_Logo_4c_200x200_Zeichenflaeche-1-300x300.png","contentUrl":"https:\/\/www.logistic-natives.com\/wp-content\/uploads\/2021\/11\/LN_Logo_4c_200x200_Zeichenflaeche-1-300x300.png"},{"@type":"BreadcrumbList","@id":"https:\/\/www.logistic-natives.com\/fr#breadcrumb","itemListElement":[{"@type":"ListItem","position":1,"name":"Home","item":"https:\/\/www.logistic-natives.com\/fr?page_id=33056"},{"@type":"ListItem","position":2,"name":"Accueil"}]},{"@type":"WebSite","@id":"https:\/\/www.logistic-natives.com\/fr#website","url":"https:\/\/www.logistic-natives.com\/fr","name":"Logistic Natives e.V.","description":"Network of international logistics infrastructure in modern commerce","publisher":{"@id":"https:\/\/www.logistic-natives.com\/fr#organization"},"potentialAction":[{"@type":"SearchAction","target":{"@type":"EntryPoint","urlTemplate":"https:\/\/www.logistic-natives.com\/fr?s={search_term_string}"},"query-input":{"@type":"PropertyValueSpecification","valueRequired":true,"valueName":"search_term_string"}}],"inLanguage":"fr-FR"},{"@type":"Organization","@id":"https:\/\/www.logistic-natives.com\/fr#organization","name":"logistic-natives e.V.","url":"https:\/\/www.logistic-natives.com\/fr","logo":{"@type":"ImageObject","inLanguage":"fr-FR","@id":"https:\/\/www.logistic-natives.com\/fr#\/schema\/logo\/image\/","url":"https:\/\/www.logistic-natives.com\/wp-content\/uploads\/2020\/12\/logistic-natives-logo_500x572px_PFAD.jpg","contentUrl":"https:\/\/www.logistic-natives.com\/wp-content\/uploads\/2020\/12\/logistic-natives-logo_500x572px_PFAD.jpg","width":500,"height":572,"caption":"logistic-natives e.V."},"image":{"@id":"https:\/\/www.logistic-natives.com\/fr#\/schema\/logo\/image\/"}}]}},"_links":{"self":[{"href":"https:\/\/www.logistic-natives.com\/fr\/wp-json\/wp\/v2\/pages\/33056","targetHints":{"allow":["GET"]}}],"collection":[{"href":"https:\/\/www.logistic-natives.com\/fr\/wp-json\/wp\/v2\/pages"}],"about":[{"href":"https:\/\/www.logistic-natives.com\/fr\/wp-json\/wp\/v2\/types\/page"}],"author":[{"embeddable":true,"href":"https:\/\/www.logistic-natives.com\/fr\/wp-json\/wp\/v2\/users\/4"}],"replies":[{"embeddable":true,"href":"https:\/\/www.logistic-natives.com\/fr\/wp-json\/wp\/v2\/comments?post=33056"}],"version-history":[{"count":0,"href":"https:\/\/www.logistic-natives.com\/fr\/wp-json\/wp\/v2\/pages\/33056\/revisions"}],"wp:attachment":[{"href":"https:\/\/www.logistic-natives.com\/fr\/wp-json\/wp\/v2\/media?parent=33056"}],"curies":[{"name":"wp","href":"https:\/\/api.w.org\/{rel}","templated":true}]}}