{"id":33146,"date":"2020-11-04T16:42:14","date_gmt":"2020-11-04T15:42:14","guid":{"rendered":"https:\/\/www.logistic-natives.com\/a-propos-de-nous\/reglement-relatif-aux-cotisations"},"modified":"2026-07-30T16:19:32","modified_gmt":"2026-07-30T15:19:32","slug":"reglement-relatif-aux-cotisations","status":"publish","type":"page","link":"https:\/\/www.logistic-natives.com\/fr\/a-propos-de-nous\/reglement-relatif-aux-cotisations","title":{"rendered":"R\u00e8glement relatif aux cotisations"},"content":{"rendered":"<p>[et_pb_section fb_built=\u00a0\u00bb1&Prime; custom_padding_last_edited=\u00a0\u00bbon|phone\u00a0\u00bb admin_label=\u00a0\u00bbsection\u00a0\u00bb _builder_version=\u00a0\u00bb4.6.6&Prime; background_color=\u00a0\u00bbrgba(5,38,89,0.43)\u00a0\u00bb background_image=\u00a0\u00bbhttps:\/\/www.logistic-natives.com\/wp-content\/uploads\/2020\/06\/logistic-dark-bg.jpg\u00a0\u00bb custom_padding=\u00a0\u00bb0vh||0vh|||\u00a0\u00bb custom_padding_tablet=\u00a0\u00bb22vh||24vh|\u00a0\u00bb custom_padding_phone=\u00a0\u00bb10vh||10vh|\u00a0\u00bb][et_pb_row admin_label=\u00a0\u00bbrow\u00a0\u00bb _builder_version=\u00a0\u00bb4.6.6&Prime; background_enable_image=\u00a0\u00bboff\u00a0\u00bb background_size=\u00a0\u00bbinitial\u00a0\u00bb background_position=\u00a0\u00bbtop_left\u00a0\u00bb background_repeat=\u00a0\u00bbrepeat\u00a0\u00bb max_width=\u00a0\u00bb1500px\u00a0\u00bb module_alignment=\u00a0\u00bbcenter\u00a0\u00bb min_height=\u00a0\u00bb150px\u00a0\u00bb custom_margin=\u00a0\u00bb||||false|false\u00a0\u00bb make_fullwidth=\u00a0\u00bboff\u00a0\u00bb use_custom_width=\u00a0\u00bbon\u00a0\u00bb width_unit=\u00a0\u00bbon\u00a0\u00bb custom_width_px=\u00a0\u00bb1600px\u00a0\u00bb][et_pb_column type=\u00a0\u00bb4_4&Prime; _builder_version=\u00a0\u00bb3.25&Prime; custom_padding=\u00a0\u00bb|||\u00a0\u00bb custom_padding__hover=\u00a0\u00bb|||\u00a0\u00bb][et_pb_cta title=\u00a0\u00bbR\u00e8glement relatif aux cotisations\u00a0\u00bb admin_label=\u00a0\u00bbAppel \u00e0 l&#039;action\u00a0\u00bb _builder_version=\u00a0\u00bb4.6.6&Prime; header_font=\u00a0\u00bbOpen Sans||||||||\u00a0\u00bb header_font_size=\u00a0\u00bb90&Prime; header_line_height=\u00a0\u00bb1.2em\u00a0\u00bb body_font=\u00a0\u00bb|on||on|\u00a0\u00bb body_font_size=\u00a0\u00bb26&Prime; use_background_color=\u00a0\u00bboff\u00a0\u00bb background_size=\u00a0\u00bbinitial\u00a0\u00bb background_position=\u00a0\u00bbtop_left\u00a0\u00bb background_repeat=\u00a0\u00bbrepeat\u00a0\u00bb custom_button=\u00a0\u00bbon\u00a0\u00bb button_bg_color=\u00a0\u00bb#0c71c3&Prime; min_height=\u00a0\u00bb150px\u00a0\u00bb custom_padding=\u00a0\u00bb60px||0px|0px|false|false\u00a0\u00bb hover_enabled=\u00a0\u00bb0&Prime; header_font_size_tablet=\u00a0\u00bb70&Prime; header_font_size_phone=\u00a0\u00bb30&Prime; header_font_size_last_edited=\u00a0\u00bbon|phone\u00a0\u00bb body_font_size_tablet=\u00a0\u00bb24&Prime; body_font_size_phone=\u00a0\u00bb18&Prime; body_font_size_last_edited=\u00a0\u00bbon|phone\u00a0\u00bb custom_css_promo_title=\u00a0\u00bbtext-transform: none;||font-weight: 300;\u00a0\u00bb text_shadow_style=\u00a0\u00bbpreset5&Prime; use_border_color=\u00a0\u00bboff\u00a0\u00bb border_color=\u00a0\u00bb#ffffff\u00a0\u00bb border_style=\u00a0\u00bbsolid\u00a0\u00bb button_letter_spacing_hover=\u00a0\u00bb0&Prime; inline_fonts=\u00a0\u00bbOpen Sans\u00a0\u00bb button_text_size__hover_enabled=\u00a0\u00bboff\u00a0\u00bb button_one_text_size__hover_enabled=\u00a0\u00bboff\u00a0\u00bb button_two_text_size__hover_enabled=\u00a0\u00bboff\u00a0\u00bb button_text_color__hover_enabled=\u00a0\u00bboff\u00a0\u00bb button_one_text_color__hover_enabled=\u00a0\u00bboff\u00a0\u00bb button_two_text_color__hover_enabled=\u00a0\u00bboff\u00a0\u00bb button_border_width__hover_enabled=\u00a0\u00bboff\u00a0\u00bb button_one_border_width__hover_enabled=\u00a0\u00bboff\u00a0\u00bb button_two_border_width__hover_enabled=\u00a0\u00bboff\u00a0\u00bb button_border_color__hover_enabled=\u00a0\u00bboff\u00a0\u00bb button_one_border_color__hover_enabled=\u00a0\u00bboff\u00a0\u00bb button_two_border_color__hover_enabled=\u00a0\u00bboff\u00a0\u00bb button_border_radius__hover_enabled=\u00a0\u00bboff\u00a0\u00bb button_one_border_radius__hover_enabled=\u00a0\u00bboff\u00a0\u00bb button_two_border_radius__hover_enabled=\u00a0\u00bboff\u00a0\u00bb button_letter_spacing__hover_enabled=\u00a0\u00bbon\u00a0\u00bb button_letter_spacing__hover=\u00a0\u00bb0&Prime; button_one_letter_spacing__hover_enabled=\u00a0\u00bboff\u00a0\u00bb button_two_letter_spacing__hover_enabled=\u00a0\u00bboff\u00a0\u00bb button_bg_color__hover_enabled=\u00a0\u00bboff\u00a0\u00bb button_one_bg_color__hover_enabled=\u00a0\u00bboff\u00a0\u00bb button_two_bg_color__hover_enabled=\u00a0\u00bboff\u00a0\u00bb max_height=\u00a0\u00bb250px\u00a0\u00bb sticky_enabled=\u00a0\u00bb0&Prime;]<\/p>\n<p>r\u00e9seau d&rsquo;infrastructures logistiques internationales dans le commerce moderne  <\/p>\n<p>[\/et_pb_cta][\/et_pb_column][\/et_pb_row][\/et_pb_section][et_pb_section fb_built=\u00a0\u00bb1&Prime; custom_padding_last_edited=\u00a0\u00bbon|desktop\u00a0\u00bb admin_label=\u00a0\u00bbServices\u00a0\u00bb _builder_version=\u00a0\u00bb4.6.6&Prime; background_color=\u00a0\u00bb#efefef\u00a0\u00bb background_enable_image=\u00a0\u00bboff\u00a0\u00bb custom_margin=\u00a0\u00bb|||\u00a0\u00bb custom_padding=\u00a0\u00bb70px|0px|70px|0px|true|false\u00a0\u00bb custom_padding_tablet=\u00a0\u00bb100px||40px|\u00a0\u00bb custom_padding_phone=\u00a0\u00bb||40px|\u00a0\u00bb top_divider_height=\u00a0\u00bb60px\u00a0\u00bb border_color_all=\u00a0\u00bbrgba(0,0,0,0)\u00a0\u00bb border_style_all=\u00a0\u00bbnone\u00a0\u00bb][et_pb_row column_structure=\u00a0\u00bb3_4,1_4&Prime; _builder_version=\u00a0\u00bb4.5.1&Prime; _module_preset=\u00a0\u00bbdefault\u00a0\u00bb][et_pb_column type=\u00a0\u00bb3_4&Prime; _builder_version=\u00a0\u00bb4.5.1&Prime; _module_preset=\u00a0\u00bbdefault\u00a0\u00bb][et_pb_text _builder_version=\u00a0\u00bb4.6.6&Prime; _module_preset=\u00a0\u00bbdefault\u00a0\u00bb]<\/p>\n<p>pour l&rsquo;association <strong>logistic-natives e.V. <br \/><\/strong>&#8211; r\u00e9seau d&rsquo;infrastructures logistiques internationales dans le commerce moderne &#8211;<\/p>\n<p>du 29 avril 2020<\/p>\n<p>&nbsp;<\/p>\n<p>[\/et_pb_text][et_pb_accordion disabled_on=\u00a0\u00bbon|on|on\u00a0\u00bb _builder_version=\u00a0\u00bb4.6.6&Prime; _module_preset=\u00a0\u00bbdefault\u00a0\u00bb disabled=\u00a0\u00bbon\u00a0\u00bb][et_pb_accordion_item title=\u00a0\u00bb\u00a7 1 Obligation de cotisation\u00a0\u00bb open=\u00a0\u00bbon\u00a0\u00bb _builder_version=\u00a0\u00bb4.6.6&Prime; _module_preset=\u00a0\u00bbdefault\u00a0\u00bb]<\/p>\n<p>Le pr\u00e9sent r\u00e8glement relatif aux cotisations r\u00e9git les obligations annuelles des membres de l&rsquo;association \u00ab<br \/> \u00bb en mati\u00e8re de cotisations, conform\u00e9ment \u00e0 l&rsquo;article 6, paragraphe 1, des statuts de l&rsquo;association \u00ab logistic-natives e.V. \u00bb.<\/p>\n<p>[\/et_pb_accordion_item][et_pb_accordion_item title=\u00a0\u00bb\u00a7 2 Base de calcul de la cotisation\u00a0\u00bb _builder_version=\u00a0\u00bb4.6.6&Prime; _module_preset=\u00a0\u00bbdefault\u00a0\u00bb open=\u00a0\u00bboff\u00a0\u00bb]<\/p>\n<p>La cotisation pour l&rsquo;ann\u00e9e civile en cours est calcul\u00e9e sur la base du chiffre d&rsquo;affaires annuel brut (c&rsquo;est-\u00e0-dire TVA comprise).<\/p>\n<p>Pour les entreprises commerciales, c&rsquo;est le chiffre d&rsquo;affaires brut de la vente par correspondance, d\u00e9duction faite des frais d&rsquo;exp\u00e9dition et des retours, que le membre concern\u00e9 a r\u00e9alis\u00e9 au cours de l&rsquo;ann\u00e9e civile pr\u00e9c\u00e9dente (chiffre d&rsquo;affaires) qui est pris en compte.<\/p>\n<p>[\/et_pb_accordion_item][et_pb_accordion_item title=\u00a0\u00bb\u00a7 3 Calcul de la cotisation\u00a0\u00bb _builder_version=\u00a0\u00bb4.6.6&Prime; _module_preset=\u00a0\u00bbdefault\u00a0\u00bb open=\u00a0\u00bboff\u00a0\u00bb]<\/p>\n<p>(1) Pour les membres (membres associ\u00e9s au sens de l&rsquo;article 5, paragraphe 2, des statuts) qui se trouvent en phase de d\u00e9marrage, la cotisation s&rsquo;\u00e9l\u00e8ve \u00e0 un montant forfaitaire de 1 000 euros. <br \/>  La d\u00e9finition d&rsquo;une start-up est la suivante : l&rsquo;entreprise est consid\u00e9r\u00e9e comme une start-up au sens de l&rsquo;association jusqu&rsquo;\u00e0 la fin de la troisi\u00e8me ann\u00e9e suivant sa cr\u00e9ation.<\/p>\n<p>  (2) Pour les membres \u00e0 part enti\u00e8re vis\u00e9s \u00e0 l&rsquo;article 5, paragraphe 1, et les membres associ\u00e9s vis\u00e9s \u00e0 l&rsquo;article 5, paragraphe 2, des statuts, dont le chiffre d&rsquo;affaires ne d\u00e9passe pas 1 000 000 d&rsquo;euros, la cotisation forfaitaire s&rsquo;\u00e9l\u00e8ve \u00e0 3 000 euros.  <\/p>\n<p>  (3) Pour les membres \u00e0 part enti\u00e8re vis\u00e9s \u00e0 l&rsquo;article 5, paragraphe 1, et les membres associ\u00e9s vis\u00e9s \u00e0 l&rsquo;article 5, paragraphe 2, des statuts, dont le chiffre d&rsquo;affaires est sup\u00e9rieur ou \u00e9gal \u00e0 1 000 000 d&rsquo;euros, la cotisation forfaitaire s&rsquo;\u00e9l\u00e8ve \u00e0 6 000 euros.  <\/p>\n<p>  (4) L&rsquo;adh\u00e9sion est gratuite pour les membres bienfaiteurs et les membres d&rsquo;honneur, conform\u00e9ment \u00e0 l&rsquo;article 5 des statuts. <\/p>\n<p>  (5) La cotisation annuelle maximale s&rsquo;\u00e9l\u00e8ve \u00e0 6 000 euros.<\/p>\n<p>  (6) L&rsquo;ann\u00e9e de cotisation correspond \u00e0 l&rsquo;ann\u00e9e civile. L&rsquo;association calcule la cotisation sur une base annuelle au d\u00e9but de l&rsquo;ann\u00e9e civile. <\/p>\n<p>  (7) En cas d&rsquo;adh\u00e9sion \u00e0 l&rsquo;association en cours d&rsquo;ann\u00e9e, la cotisation doit \u00eatre calcul\u00e9e sur la base des trimestres restants de l&rsquo;ann\u00e9e.<\/p>\n<p>[\/et_pb_accordion_item][et_pb_accordion_item title=\u00a0\u00bb\u00a7 4 Perception des cotisations\u00a0\u00bb _builder_version=\u00a0\u00bb4.6.6&Prime; _module_preset=\u00a0\u00bbdefault\u00a0\u00bb open=\u00a0\u00bboff\u00a0\u00bb]<\/p>\n<p>(1) Tous les membres sont tenus de communiquer chaque ann\u00e9e \u00e0 la direction de l&rsquo;association, au cours des quatre premi\u00e8res semaines de l&rsquo;ann\u00e9e, le chiffre d&rsquo;affaires pris en compte conform\u00e9ment \u00e0 l&rsquo;article 2 ; ils re\u00e7oivent ensuite une facture de cotisation correspondante qu&rsquo;ils sont tenus de r\u00e9gler sans d\u00e9lai.<\/p>\n<p>Les d\u00e9clarations de chiffre d&rsquo;affaires des adh\u00e9rents sont confidentielles ; elles servent uniquement \u00e0 calculer le montant de la cotisation et ne sont pas transmises \u00e0 des tiers<br \/>, pas plus que les informations relatives au montant concret de la cotisation qui en r\u00e9sulte pour l&rsquo;adh\u00e9rent.<\/p>\n<p>  (2) Si aucune d\u00e9claration de chiffre d&rsquo;affaires n&rsquo;est transmise dans le d\u00e9lai imparti, la direction de l&rsquo;association proc\u00e8de \u00e0 une estimation fond\u00e9e du chiffre d&rsquo;affaires concern\u00e9 du membre, par exemple en s&rsquo;appuyant sur des sources accessibles au public, sur la situation \u00e9conomique du secteur et, le cas \u00e9ch\u00e9ant, sur la derni\u00e8re facture de cotisation, puis envoie au membre une facture de cotisation correspondante.<\/p>\n<p>  (3) Si le membre conteste cette facture sans d\u00e9lai par \u00e9crit aupr\u00e8s de la direction de l&rsquo;association et d\u00e9clare \u00e0 cette occasion le chiffre d&rsquo;affaires exact conform\u00e9ment \u00e0 l&rsquo;article 2, la facture de cotisation sera ajust\u00e9e. Pour les frais suppl\u00e9mentaires ainsi occasionn\u00e9s, des frais de traitement forfaitaires de 250,00 euros seront factur\u00e9s avec la facture r\u00e9vis\u00e9e<br \/>. <\/p>\n<p>[\/et_pb_accordion_item][et_pb_accordion_item title=\u00a0\u00bb\u00a75 \u00c9valuation des cotisations des membres\u00a0\u00bb _builder_version=\u00a0\u00bb4.6.6&Prime; _module_preset=\u00a0\u00bbdefault\u00a0\u00bb open=\u00a0\u00bboff\u00a0\u00bb]<\/p>\n<p>(1) Le comit\u00e9 directeur et la direction se r\u00e9unissent chaque ann\u00e9e pour examiner l&rsquo;\u00e9valuation et l&rsquo;ajustement des cotisations \u00e0 percevoir conform\u00e9ment \u00e0 l&rsquo;article 3 pour l&rsquo;ann\u00e9e suivante.<\/p>\n<p>  (2) Cela doit \u00eatre fait suffisamment \u00e0 l&rsquo;avance avant l&rsquo;assembl\u00e9e g\u00e9n\u00e9rale annuelle de l&rsquo;association.<\/p>\n<p>  (3) Les membres de l&rsquo;association doivent se prononcer sur toute proposition de modification des cotisations vis\u00e9e \u00e0 l&rsquo;article 10.<\/p>\n<p>[\/et_pb_accordion_item][et_pb_accordion_item title=\u00a0\u00bb\u00a7 6 Entr\u00e9e en vigueur\u00a0\u00bb _builder_version=\u00a0\u00bb4.6.6&Prime; _module_preset=\u00a0\u00bbdefault\u00a0\u00bb open=\u00a0\u00bboff\u00a0\u00bb]<\/p>\n<p>Le pr\u00e9sent r\u00e8glement relatif aux cotisations entre en vigueur le 29 avril 2020.<\/p>\n<p>[\/et_pb_accordion_item][\/et_pb_accordion][et_pb_button button_url=\u00a0\u00bbhttps:\/\/www.logistic-natives.com\/wp-content\/uploads\/2020\/11\/Beitragsordnung-logistic-natives-e.V..pdf\u00a0\u00bb url_new_window=\u00a0\u00bbon\u00a0\u00bb button_text=\u00a0\u00bbT\u00e9l\u00e9charger le r\u00e8glement relatif aux cotisations\u00a0\u00bb _builder_version=\u00a0\u00bb4.6.6&Prime; _module_preset=\u00a0\u00bbdefault\u00a0\u00bb][\/et_pb_button][\/et_pb_column][et_pb_column type=\u00a0\u00bb1_4&Prime; _builder_version=\u00a0\u00bb4.5.1&Prime; _module_preset=\u00a0\u00bbdefault\u00a0\u00bb][et_pb_team_member name=\u00a0\u00bbFlorian Seikel\u00a0\u00bb position=\u00a0\u00bbdirecteur g\u00e9n\u00e9ral\u00a0\u00bb image_url=\u00a0\u00bbhttps:\/\/www.logistic-natives.com\/wp-content\/uploads\/2020\/07\/Florian-Seikel-Logistic-natives-1.png\u00a0\u00bb _builder_version=\u00a0\u00bb4.6.6&Prime; _module_preset=\u00a0\u00bbdefault\u00a0\u00bb header_text_align=\u00a0\u00bbcenter\u00a0\u00bb body_text_align=\u00a0\u00bbcenter\u00a0\u00bb body_font_size=\u00a0\u00bb12px\u00a0\u00bb position_font=\u00a0\u00bb|600|||||||\u00a0\u00bb position_text_align=\u00a0\u00bbcenter\u00a0\u00bb position_font_size=\u00a0\u00bb16px\u00a0\u00bb background_color=\u00a0\u00bb#ffffff\u00a0\u00bb custom_padding=\u00a0\u00bb10px|10px|10px|10px|true|false\u00a0\u00bb border_radii=\u00a0\u00bboff||||\u00a0\u00bb border_width_all=\u00a0\u00bb1px\u00a0\u00bb border_color_all=\u00a0\u00bb#d8d8d8&Prime; border_radii_image=\u00a0\u00bboff|20px|20px||\u00a0\u00bb global_module=\u00a0\u00bb1335&Prime; saved_tabs=\u00a0\u00bball\u00a0\u00bb]<\/p>\n<p>Telefon: +49 162 256 1001<\/p>\n<p>[\/et_pb_team_member][et_pb_text admin_label=\u00a0\u00bbMen\u00fc-\u00dcberuns\u00a0\u00bb _builder_version=\u00a0\u00bb4.6.6&Prime; _module_preset=\u00a0\u00bbdefault\u00a0\u00bb background_color=\u00a0\u00bb#ffffff\u00a0\u00bb custom_padding=\u00a0\u00bb15px|15px|15px|15px|true|true\u00a0\u00bb border_width_all=\u00a0\u00bb1px\u00a0\u00bb border_color_all=\u00a0\u00bb#d8d8d8&Prime; global_module=\u00a0\u00bb1846&Prime; saved_tabs=\u00a0\u00bball\u00a0\u00bb]<\/p>\n<h3>Weitere Information<\/h3>\n<ul>\n<li><a href=\"https:\/\/www.logistic-natives.com\/fr?page_id=33084\">Satzung<\/a><\/li>\n<li><a href=\"https:\/\/www.logistic-natives.com\/fr?page_id=33146\">Beitragsordnung<\/a><\/li>\n<li><a href=\"https:\/\/www.logistic-natives.com\/mitglieder\">Mitglieder<\/a><\/li>\n<li><a href=\"https:\/\/www.logistic-natives.com\/mitglied-werden\">Mitglied werden<\/a><\/li>\n<li><a href=\"https:\/\/www.logistic-natives.com\/fr?page_id=32991\">\u00dcber uns<\/a><\/li>\n<li><a href=\"https:\/\/www.logistic-natives.com\/ueber-uns\/expertenrat\">Expertenrat<\/a>\n<\/li>\n<\/ul>\n<p>[\/et_pb_text][\/et_pb_column][\/et_pb_row][\/et_pb_section]<\/p>\n","protected":false},"excerpt":{"rendered":"<p>r\u00e9seau d&rsquo;infrastructures logistiques internationales dans le commerce moderne pour l&rsquo;association logistic-natives e.V. &#8211; r\u00e9seau d&rsquo;infrastructures logistiques internationales dans le commerce moderne &#8211; du 29 avril 2020 &nbsp;Le pr\u00e9sent r\u00e8glement relatif aux cotisations r\u00e9git les obligations annuelles des membres de l&rsquo;association \u00ab \u00bb en mati\u00e8re de cotisations, conform\u00e9ment \u00e0 l&rsquo;article 6, paragraphe 1, des statuts de [&hellip;]<\/p>\n","protected":false},"author":4,"featured_media":0,"parent":32991,"menu_order":0,"comment_status":"closed","ping_status":"closed","template":"","meta":{"_et_pb_use_builder":"on","_et_pb_old_content":"","_et_gb_content_width":"","footnotes":""},"class_list":["post-33146","page","type-page","status-publish","hentry"],"yoast_head":"<!-- This site is optimized with the Yoast SEO plugin v28.3 - https:\/\/yoast.com\/product\/yoast-seo-wordpress\/ -->\n<title>R\u00e8glement relatif aux cotisations | Logistic Natives e.V.<\/title>\n<meta name=\"robots\" content=\"index, follow, max-snippet:-1, max-image-preview:large, max-video-preview:-1\" \/>\n<link rel=\"canonical\" href=\"https:\/\/www.logistic-natives.com\/fr\/a-propos-de-nous\/reglement-relatif-aux-cotisations\" \/>\n<meta property=\"og:locale\" content=\"fr_FR\" \/>\n<meta property=\"og:type\" content=\"article\" \/>\n<meta property=\"og:title\" content=\"R\u00e8glement relatif aux cotisations | Logistic Natives e.V.\" \/>\n<meta property=\"og:description\" content=\"r\u00e9seau d&#039;infrastructures logistiques internationales dans le commerce moderne pour l&#039;association logistic-natives e.V. - r\u00e9seau d&#039;infrastructures logistiques internationales dans le commerce moderne - du 29 avril 2020 &nbsp;Le pr\u00e9sent r\u00e8glement relatif aux cotisations r\u00e9git les obligations annuelles des membres de l&#039;association \u00ab \u00bb en mati\u00e8re de cotisations, conform\u00e9ment \u00e0 l&#039;article 6, paragraphe 1, des statuts de [&hellip;]\" \/>\n<meta property=\"og:url\" content=\"https:\/\/www.logistic-natives.com\/fr\/a-propos-de-nous\/reglement-relatif-aux-cotisations\" \/>\n<meta property=\"og:site_name\" content=\"Logistic Natives e.V.\" \/>\n<meta property=\"article:modified_time\" content=\"2026-07-30T15:19:32+00:00\" \/>\n<meta property=\"og:image\" content=\"https:\/\/www.logistic-natives.com\/wp-content\/uploads\/2020\/11\/logistic-natives-logo.jpg\" \/>\n\t<meta property=\"og:image:width\" content=\"258\" \/>\n\t<meta property=\"og:image:height\" content=\"375\" \/>\n\t<meta property=\"og:image:type\" content=\"image\/jpeg\" \/>\n<meta name=\"twitter:card\" content=\"summary_large_image\" \/>\n<meta name=\"twitter:label1\" content=\"Dur\u00e9e de lecture estim\u00e9e\" \/>\n\t<meta name=\"twitter:data1\" content=\"7 minutes\" \/>\n<script type=\"application\/ld+json\" class=\"yoast-schema-graph\">{\"@context\":\"https:\\\/\\\/schema.org\",\"@graph\":[{\"@type\":\"WebPage\",\"@id\":\"https:\\\/\\\/www.logistic-natives.com\\\/fr\\\/a-propos-de-nous\\\/reglement-relatif-aux-cotisations\",\"url\":\"https:\\\/\\\/www.logistic-natives.com\\\/fr\\\/a-propos-de-nous\\\/reglement-relatif-aux-cotisations\",\"name\":\"R\u00e8glement relatif aux cotisations | Logistic Natives e.V.\",\"isPartOf\":{\"@id\":\"https:\\\/\\\/www.logistic-natives.com\\\/fr#website\"},\"datePublished\":\"2020-11-04T15:42:14+00:00\",\"dateModified\":\"2026-07-30T15:19:32+00:00\",\"breadcrumb\":{\"@id\":\"https:\\\/\\\/www.logistic-natives.com\\\/fr\\\/a-propos-de-nous\\\/reglement-relatif-aux-cotisations#breadcrumb\"},\"inLanguage\":\"fr-FR\",\"potentialAction\":[{\"@type\":\"ReadAction\",\"target\":[\"https:\\\/\\\/www.logistic-natives.com\\\/fr\\\/a-propos-de-nous\\\/reglement-relatif-aux-cotisations\"]}]},{\"@type\":\"BreadcrumbList\",\"@id\":\"https:\\\/\\\/www.logistic-natives.com\\\/fr\\\/a-propos-de-nous\\\/reglement-relatif-aux-cotisations#breadcrumb\",\"itemListElement\":[{\"@type\":\"ListItem\",\"position\":1,\"name\":\"Home\",\"item\":\"https:\\\/\\\/www.logistic-natives.com\\\/fr?page_id=33056\"},{\"@type\":\"ListItem\",\"position\":2,\"name\":\"\u00c0 propos de nous\",\"item\":\"https:\\\/\\\/www.logistic-natives.com\\\/fr?page_id=32991\"},{\"@type\":\"ListItem\",\"position\":3,\"name\":\"R\u00e8glement relatif aux cotisations\"}]},{\"@type\":\"WebSite\",\"@id\":\"https:\\\/\\\/www.logistic-natives.com\\\/fr#website\",\"url\":\"https:\\\/\\\/www.logistic-natives.com\\\/fr\",\"name\":\"Logistic Natives e.V.\",\"description\":\"Network of international logistics infrastructure in modern commerce\",\"publisher\":{\"@id\":\"https:\\\/\\\/www.logistic-natives.com\\\/fr#organization\"},\"potentialAction\":[{\"@type\":\"SearchAction\",\"target\":{\"@type\":\"EntryPoint\",\"urlTemplate\":\"https:\\\/\\\/www.logistic-natives.com\\\/fr?s={search_term_string}\"},\"query-input\":{\"@type\":\"PropertyValueSpecification\",\"valueRequired\":true,\"valueName\":\"search_term_string\"}}],\"inLanguage\":\"fr-FR\"},{\"@type\":\"Organization\",\"@id\":\"https:\\\/\\\/www.logistic-natives.com\\\/fr#organization\",\"name\":\"logistic-natives e.V.\",\"url\":\"https:\\\/\\\/www.logistic-natives.com\\\/fr\",\"logo\":{\"@type\":\"ImageObject\",\"inLanguage\":\"fr-FR\",\"@id\":\"https:\\\/\\\/www.logistic-natives.com\\\/fr#\\\/schema\\\/logo\\\/image\\\/\",\"url\":\"https:\\\/\\\/www.logistic-natives.com\\\/wp-content\\\/uploads\\\/2020\\\/12\\\/logistic-natives-logo_500x572px_PFAD.jpg\",\"contentUrl\":\"https:\\\/\\\/www.logistic-natives.com\\\/wp-content\\\/uploads\\\/2020\\\/12\\\/logistic-natives-logo_500x572px_PFAD.jpg\",\"width\":500,\"height\":572,\"caption\":\"logistic-natives e.V.\"},\"image\":{\"@id\":\"https:\\\/\\\/www.logistic-natives.com\\\/fr#\\\/schema\\\/logo\\\/image\\\/\"}}]}<\/script>\n<!-- \/ Yoast SEO plugin. -->","yoast_head_json":{"title":"R\u00e8glement relatif aux cotisations | Logistic Natives e.V.","robots":{"index":"index","follow":"follow","max-snippet":"max-snippet:-1","max-image-preview":"max-image-preview:large","max-video-preview":"max-video-preview:-1"},"canonical":"https:\/\/www.logistic-natives.com\/fr\/a-propos-de-nous\/reglement-relatif-aux-cotisations","og_locale":"fr_FR","og_type":"article","og_title":"R\u00e8glement relatif aux cotisations | Logistic Natives e.V.","og_description":"r\u00e9seau d'infrastructures logistiques internationales dans le commerce moderne pour l'association logistic-natives e.V. - r\u00e9seau d'infrastructures logistiques internationales dans le commerce moderne - du 29 avril 2020 &nbsp;Le pr\u00e9sent r\u00e8glement relatif aux cotisations r\u00e9git les obligations annuelles des membres de l'association \u00ab \u00bb en mati\u00e8re de cotisations, conform\u00e9ment \u00e0 l'article 6, paragraphe 1, des statuts de [&hellip;]","og_url":"https:\/\/www.logistic-natives.com\/fr\/a-propos-de-nous\/reglement-relatif-aux-cotisations","og_site_name":"Logistic Natives e.V.","article_modified_time":"2026-07-30T15:19:32+00:00","og_image":[{"width":258,"height":375,"url":"https:\/\/www.logistic-natives.com\/wp-content\/uploads\/2020\/11\/logistic-natives-logo.jpg","type":"image\/jpeg"}],"twitter_card":"summary_large_image","twitter_misc":{"Dur\u00e9e de lecture estim\u00e9e":"7 minutes"},"schema":{"@context":"https:\/\/schema.org","@graph":[{"@type":"WebPage","@id":"https:\/\/www.logistic-natives.com\/fr\/a-propos-de-nous\/reglement-relatif-aux-cotisations","url":"https:\/\/www.logistic-natives.com\/fr\/a-propos-de-nous\/reglement-relatif-aux-cotisations","name":"R\u00e8glement relatif aux cotisations | Logistic Natives e.V.","isPartOf":{"@id":"https:\/\/www.logistic-natives.com\/fr#website"},"datePublished":"2020-11-04T15:42:14+00:00","dateModified":"2026-07-30T15:19:32+00:00","breadcrumb":{"@id":"https:\/\/www.logistic-natives.com\/fr\/a-propos-de-nous\/reglement-relatif-aux-cotisations#breadcrumb"},"inLanguage":"fr-FR","potentialAction":[{"@type":"ReadAction","target":["https:\/\/www.logistic-natives.com\/fr\/a-propos-de-nous\/reglement-relatif-aux-cotisations"]}]},{"@type":"BreadcrumbList","@id":"https:\/\/www.logistic-natives.com\/fr\/a-propos-de-nous\/reglement-relatif-aux-cotisations#breadcrumb","itemListElement":[{"@type":"ListItem","position":1,"name":"Home","item":"https:\/\/www.logistic-natives.com\/fr?page_id=33056"},{"@type":"ListItem","position":2,"name":"\u00c0 propos de nous","item":"https:\/\/www.logistic-natives.com\/fr?page_id=32991"},{"@type":"ListItem","position":3,"name":"R\u00e8glement relatif aux cotisations"}]},{"@type":"WebSite","@id":"https:\/\/www.logistic-natives.com\/fr#website","url":"https:\/\/www.logistic-natives.com\/fr","name":"Logistic Natives e.V.","description":"Network of international logistics infrastructure in modern commerce","publisher":{"@id":"https:\/\/www.logistic-natives.com\/fr#organization"},"potentialAction":[{"@type":"SearchAction","target":{"@type":"EntryPoint","urlTemplate":"https:\/\/www.logistic-natives.com\/fr?s={search_term_string}"},"query-input":{"@type":"PropertyValueSpecification","valueRequired":true,"valueName":"search_term_string"}}],"inLanguage":"fr-FR"},{"@type":"Organization","@id":"https:\/\/www.logistic-natives.com\/fr#organization","name":"logistic-natives e.V.","url":"https:\/\/www.logistic-natives.com\/fr","logo":{"@type":"ImageObject","inLanguage":"fr-FR","@id":"https:\/\/www.logistic-natives.com\/fr#\/schema\/logo\/image\/","url":"https:\/\/www.logistic-natives.com\/wp-content\/uploads\/2020\/12\/logistic-natives-logo_500x572px_PFAD.jpg","contentUrl":"https:\/\/www.logistic-natives.com\/wp-content\/uploads\/2020\/12\/logistic-natives-logo_500x572px_PFAD.jpg","width":500,"height":572,"caption":"logistic-natives e.V."},"image":{"@id":"https:\/\/www.logistic-natives.com\/fr#\/schema\/logo\/image\/"}}]}},"_links":{"self":[{"href":"https:\/\/www.logistic-natives.com\/fr\/wp-json\/wp\/v2\/pages\/33146","targetHints":{"allow":["GET"]}}],"collection":[{"href":"https:\/\/www.logistic-natives.com\/fr\/wp-json\/wp\/v2\/pages"}],"about":[{"href":"https:\/\/www.logistic-natives.com\/fr\/wp-json\/wp\/v2\/types\/page"}],"author":[{"embeddable":true,"href":"https:\/\/www.logistic-natives.com\/fr\/wp-json\/wp\/v2\/users\/4"}],"replies":[{"embeddable":true,"href":"https:\/\/www.logistic-natives.com\/fr\/wp-json\/wp\/v2\/comments?post=33146"}],"version-history":[{"count":0,"href":"https:\/\/www.logistic-natives.com\/fr\/wp-json\/wp\/v2\/pages\/33146\/revisions"}],"up":[{"embeddable":true,"href":"https:\/\/www.logistic-natives.com\/fr\/wp-json\/wp\/v2\/pages\/32991"}],"wp:attachment":[{"href":"https:\/\/www.logistic-natives.com\/fr\/wp-json\/wp\/v2\/media?parent=33146"}],"curies":[{"name":"wp","href":"https:\/\/api.w.org\/{rel}","templated":true}]}}