{"id":33273,"date":"2020-11-21T21:00:15","date_gmt":"2020-11-21T20:00:15","guid":{"rendered":"https:\/\/www.logistic-natives.com\/protection-des-donnees"},"modified":"2026-07-30T16:20:20","modified_gmt":"2026-07-30T15:20:20","slug":"protection-des-donnees","status":"publish","type":"page","link":"https:\/\/www.logistic-natives.com\/fr\/protection-des-donnees","title":{"rendered":"Protection des donn\u00e9es"},"content":{"rendered":"<p>[et_pb_section fb_built=\u00a0\u00bb1&Prime; custom_padding_last_edited=\u00a0\u00bbon|phone\u00a0\u00bb admin_label=\u00a0\u00bbsection\u00a0\u00bb _builder_version=\u00a0\u00bb4.16&Prime; background_color=\u00a0\u00bbrgba(5,38,89,0.43)\u00a0\u00bb background_image=\u00a0\u00bbhttps:\/\/www.logistic-natives.com\/wp-content\/uploads\/2020\/06\/logistic-dark-bg.jpg\u00a0\u00bb custom_padding=\u00a0\u00bb0vh||0vh|||\u00a0\u00bb custom_padding_tablet=\u00a0\u00bb22vh||24vh|\u00a0\u00bb custom_padding_phone=\u00a0\u00bb10vh||10vh|\u00a0\u00bb global_colors_info=\u00a0\u00bb{}\u00a0\u00bb][et_pb_row admin_label=\u00a0\u00bbrow\u00a0\u00bb _builder_version=\u00a0\u00bb4.16&Prime; background_enable_image=\u00a0\u00bboff\u00a0\u00bb background_size=\u00a0\u00bbinitial\u00a0\u00bb background_position=\u00a0\u00bbtop_left\u00a0\u00bb background_repeat=\u00a0\u00bbrepeat\u00a0\u00bb max_width=\u00a0\u00bb1500px\u00a0\u00bb module_alignment=\u00a0\u00bbcenter\u00a0\u00bb min_height=\u00a0\u00bb150px\u00a0\u00bb custom_margin=\u00a0\u00bb||||false|false\u00a0\u00bb make_fullwidth=\u00a0\u00bboff\u00a0\u00bb use_custom_width=\u00a0\u00bbon\u00a0\u00bb width_unit=\u00a0\u00bbon\u00a0\u00bb custom_width_px=\u00a0\u00bb1600px\u00a0\u00bb global_colors_info=\u00a0\u00bb{}\u00a0\u00bb][et_pb_column type=\u00a0\u00bb4_4&Prime; _builder_version=\u00a0\u00bb4.16&Prime; custom_padding=\u00a0\u00bb|||\u00a0\u00bb global_colors_info=\u00a0\u00bb{}\u00a0\u00bb custom_padding__hover=\u00a0\u00bb|||\u00a0\u00bb][\/et_pb_column][\/et_pb_row][\/et_pb_section][et_pb_section fb_built=\u00a0\u00bb1&Prime; custom_padding_last_edited=\u00a0\u00bbon|desktop\u00a0\u00bb admin_label=\u00a0\u00bbServices\u00a0\u00bb _builder_version=\u00a0\u00bb4.16&Prime; background_color=\u00a0\u00bb#efefef\u00a0\u00bb background_enable_image=\u00a0\u00bboff\u00a0\u00bb custom_margin=\u00a0\u00bb|||\u00a0\u00bb custom_padding=\u00a0\u00bb70px|0px|70px|0px|true|false\u00a0\u00bb custom_padding_tablet=\u00a0\u00bb100px||40px|\u00a0\u00bb custom_padding_phone=\u00a0\u00bb||40px|\u00a0\u00bb top_divider_height=\u00a0\u00bb60px\u00a0\u00bb border_color_all=\u00a0\u00bbrgba(0,0,0,0)\u00a0\u00bb border_style_all=\u00a0\u00bbnone\u00a0\u00bb global_colors_info=\u00a0\u00bb{}\u00a0\u00bb][et_pb_row column_structure=\u00a0\u00bb3_4,1_4&Prime; _builder_version=\u00a0\u00bb4.16&Prime; _module_preset=\u00a0\u00bbdefault\u00a0\u00bb global_colors_info=\u00a0\u00bb{}\u00a0\u00bb][et_pb_column type=\u00a0\u00bb3_4&Prime; _builder_version=\u00a0\u00bb4.16&Prime; _module_preset=\u00a0\u00bbdefault\u00a0\u00bb global_colors_info=\u00a0\u00bb{}\u00a0\u00bb][et_pb_text _builder_version=\u00a0\u00bb4.16&Prime; _module_preset=\u00a0\u00bbdefault\u00a0\u00bb header_font_size=\u00a0\u00bb40px\u00a0\u00bb global_colors_info=\u00a0\u00bb{}\u00a0\u00bb]<\/p>\n<h1>Politique de confidentialit\u00e9<\/h1>\n<p>[\/et_pb_text][et_pb_text _builder_version=\u00a0\u00bb4.27.7&Prime; _module_preset=\u00a0\u00bbdefault\u00a0\u00bb hover_enabled=\u00a0\u00bb0&Prime; sticky_enabled=\u00a0\u00bb0&Prime;]<\/p>\n<h2>1. La protection des donn\u00e9es en bref<\/h2>\n<h3>Remarques g\u00e9n\u00e9rales<\/h3>\n<p>Les informations suivantes vous donnent un aper\u00e7u simple de la mani\u00e8re dont vos donn\u00e9es \u00e0 caract\u00e8re personnel sont trait\u00e9es lorsque vous consultez ce site web. Les donn\u00e9es \u00e0 caract\u00e8re personnel d\u00e9signent toutes les donn\u00e9es permettant de vous identifier personnellement. Vous trouverez des informations d\u00e9taill\u00e9es sur la protection des donn\u00e9es dans notre politique de confidentialit\u00e9 figurant au bas de ce texte.  <\/p>\n<h3>Collecte de donn\u00e9es sur ce site web<\/h3>\n<h4>Qui est responsable de la collecte des donn\u00e9es sur ce site web ?<\/h4>\n<p>Le traitement des donn\u00e9es sur ce site web est assur\u00e9 par l&rsquo;exploitant du site. Vous trouverez ses coordonn\u00e9es dans la section \u00ab Informations relatives au responsable du traitement \u00bb de la pr\u00e9sente politique de confidentialit\u00e9. <\/p>\n<h4>Comment collectons-nous vos donn\u00e9es ?<\/h4>\n<p>Vos donn\u00e9es sont collect\u00e9es, d&rsquo;une part, lorsque vous nous les communiquez. Il peut s&rsquo;agir, par exemple, de donn\u00e9es que vous saisissez dans un formulaire de contact. <\/p>\n<p>D&rsquo;autres donn\u00e9es sont collect\u00e9es par nos syst\u00e8mes informatiques de mani\u00e8re automatique ou apr\u00e8s avoir obtenu votre consentement lorsque vous consultez le site web. Il s&rsquo;agit principalement de donn\u00e9es techniques (par exemple, le navigateur Internet, le syst\u00e8me d&rsquo;exploitation ou l&rsquo;heure de consultation de la page). La collecte de ces donn\u00e9es s&rsquo;effectue automatiquement d\u00e8s que vous acc\u00e9dez \u00e0 ce site web.  <\/p>\n<h4>\u00c0 quelles fins utilisons-nous vos donn\u00e9es ?<\/h4>\n<p>Une partie des donn\u00e9es est collect\u00e9e afin de garantir le bon fonctionnement du site web. D&rsquo;autres donn\u00e9es peuvent \u00eatre utilis\u00e9es pour analyser votre comportement en tant qu&rsquo;utilisateur. Dans la mesure o\u00f9 des contrats peuvent \u00eatre conclus ou initi\u00e9s via le site web, les donn\u00e9es transmises sont \u00e9galement trait\u00e9es dans le cadre d&rsquo;offres contractuelles, de commandes ou d&rsquo;autres demandes de commande.  <\/p>\n<h4>Quels sont vos droits concernant vos donn\u00e9es ?<\/h4>\n<p>Vous avez \u00e0 tout moment le droit d&rsquo;obtenir, gratuitement, des informations sur l&rsquo;origine, les destinataires et la finalit\u00e9 de vos donn\u00e9es \u00e0 caract\u00e8re personnel enregistr\u00e9es. Vous avez \u00e9galement le droit de demander la rectification ou la suppression de ces donn\u00e9es. Si vous avez donn\u00e9 votre consentement au traitement des donn\u00e9es, vous pouvez le retirer \u00e0 tout moment avec effet pour l&rsquo;avenir. Vous disposez \u00e9galement, dans certaines circonstances, du droit de demander la limitation du traitement de vos donn\u00e9es \u00e0 caract\u00e8re personnel. En outre, vous disposez d&rsquo;un droit de recours aupr\u00e8s de l&rsquo;autorit\u00e9 de contr\u00f4le comp\u00e9tente.    <\/p>\n<p>\u00c0 ce sujet, ainsi que pour toute autre question relative \u00e0 la protection des donn\u00e9es, vous pouvez nous contacter \u00e0 tout moment.<\/p>\n<h2>2. H\u00e9bergement<\/h2>\n<p>Nous h\u00e9bergeons le contenu de notre site web chez le prestataire suivant :<\/p>\n<h3>H\u00e9bergement externe<\/h3>\n<p>Ce site web est h\u00e9berg\u00e9 en externe. Les donn\u00e9es \u00e0 caract\u00e8re personnel collect\u00e9es sur ce site web sont stock\u00e9es sur les serveurs de l&rsquo;h\u00e9bergeur ou des h\u00e9bergeurs. Il peut s&rsquo;agir notamment d&rsquo;adresses IP, de demandes de contact, de m\u00e9tadonn\u00e9es et de donn\u00e9es de communication, de donn\u00e9es contractuelles, de coordonn\u00e9es, de noms, de visites du site web et d&rsquo;autres donn\u00e9es g\u00e9n\u00e9r\u00e9es par un site web.  <\/p>\n<p>L&rsquo;h\u00e9bergement externe est mis en place aux fins de l&rsquo;ex\u00e9cution du contrat conclu avec nos clients potentiels et existants (art. 6, al. 1, let. b du RGPD) et dans l\u2019int\u00e9r\u00eat d\u2019une mise \u00e0 disposition s\u00fbre, rapide et efficace de notre offre en ligne par un prestataire professionnel (art. 6, al. 1, let. f du RGPD). Dans la mesure o\u00f9 un consentement correspondant a \u00e9t\u00e9 sollicit\u00e9, le traitement s\u2019effectue exclusivement sur la base de l\u2019article 6, paragraphe 1, point a) du RGPD et de l\u2019article 25, paragraphe 1 de la TDDDG, dans la mesure o\u00f9 ce consentement porte sur l\u2019enregistrement de cookies ou l\u2019acc\u00e8s \u00e0 des informations stock\u00e9es sur le terminal de l\u2019utilisateur (par exemple, l\u2019empreinte num\u00e9rique de l\u2019appareil) au sens de la TDDDG. Ce consentement est r\u00e9vocable \u00e0 tout moment.     <\/p>\n<p>Notre ou nos h\u00e9bergeurs ne traiteront vos donn\u00e9es que dans la mesure o\u00f9 cela est n\u00e9cessaire \u00e0 l&rsquo;ex\u00e9cution de leurs obligations de prestation et se conformeront \u00e0 nos instructions concernant ces donn\u00e9es.<\/p>\n<p>Nous faisons appel aux h\u00e9bergeurs suivants :<\/p>\n<p>World4You Internet Services GmbH<br \/>Wolfgang-Pauli-Stra\u00dfe 2, BT3<br \/>4020 Linz<br \/>Autriche<\/p>\n<h4>Traitement des commandes<\/h4>\n<p>Nous avons conclu un contrat de sous-traitance (AVV) pour l&rsquo;utilisation du service susmentionn\u00e9. Il s&rsquo;agit d&rsquo;un contrat requis par la l\u00e9gislation sur la protection des donn\u00e9es, qui garantit que ce prestataire ne traite les donn\u00e9es \u00e0 caract\u00e8re personnel des visiteurs de notre site web que conform\u00e9ment \u00e0 nos instructions et dans le respect du RGPD. <\/p>\n<h2>3. Remarques g\u00e9n\u00e9rales et informations obligatoires<\/h2>\n<h3>Protection des donn\u00e9es<\/h3>\n<p>Les exploitants de ce site prennent tr\u00e8s au s\u00e9rieux la protection de vos donn\u00e9es \u00e0 caract\u00e8re personnel. Nous traitons vos donn\u00e9es \u00e0 caract\u00e8re personnel de mani\u00e8re confidentielle, conform\u00e9ment \u00e0 la l\u00e9gislation en vigueur en mati\u00e8re de protection des donn\u00e9es ainsi qu&rsquo;\u00e0 la pr\u00e9sente politique de confidentialit\u00e9. <\/p>\n<p>Lorsque vous utilisez ce site web, diverses donn\u00e9es \u00e0 caract\u00e8re personnel sont collect\u00e9es. Les donn\u00e9es \u00e0 caract\u00e8re personnel sont des donn\u00e9es permettant de vous identifier personnellement. La pr\u00e9sente politique de confidentialit\u00e9 explique quelles donn\u00e9es nous collectons et \u00e0 quelles fins nous les utilisons. Elle explique \u00e9galement comment et dans quel but cela se fait.   <\/p>\n<p>Nous attirons votre attention sur le fait que la transmission de donn\u00e9es sur Internet (par exemple lors de communications par e-mail) peut pr\u00e9senter des failles de s\u00e9curit\u00e9. Il n&rsquo;est pas possible d&rsquo;assurer une protection totale des donn\u00e9es contre tout acc\u00e8s par des tiers. <\/p>\n<h3>Remarque concernant le responsable du traitement<\/h3>\n<p>Le responsable du traitement des donn\u00e9es sur ce site web est :<\/p>\n<p>logistic-natives e.V.<br \/>Centre international du commerce<br \/>Friedrichstra\u00dfe 95<br \/>10117 Berlin<\/p>\n<p>T\u00e9l\u00e9phone : 01622561001<br \/>E-mail : florian.seikel@logistic-natives.com<\/p>\n<p>Le responsable du traitement est la personne physique ou morale qui, seule ou conjointement avec d&rsquo;autres, d\u00e9termine les finalit\u00e9s et les moyens du traitement des donn\u00e9es \u00e0 caract\u00e8re personnel (par exemple, noms, adresses e-mail, etc.).<\/p>\n<h3>Dur\u00e9e de conservation<\/h3>\n<p>Sauf mention d&rsquo;une dur\u00e9e de conservation plus pr\u00e9cise dans la pr\u00e9sente d\u00e9claration de confidentialit\u00e9, vos donn\u00e9es \u00e0 caract\u00e8re personnel sont conserv\u00e9es chez nous jusqu&rsquo;\u00e0 ce que la finalit\u00e9 du traitement des donn\u00e9es cesse d&rsquo;exister. Si vous faites valoir une demande de suppression justifi\u00e9e ou si vous r\u00e9voquez votre consentement au traitement des donn\u00e9es, vos donn\u00e9es seront supprim\u00e9es, \u00e0 moins que nous ne disposions d\u2019autres motifs l\u00e9galement admissibles justifiant la conservation de vos donn\u00e9es \u00e0 caract\u00e8re personnel (par exemple, des d\u00e9lais de conservation pr\u00e9vus par le droit fiscal ou le droit commercial) ; dans ce dernier cas, la suppression interviendra d\u00e8s que ces motifs auront cess\u00e9 d\u2019exister. <\/p>\n<h3>Remarques g\u00e9n\u00e9rales concernant les bases juridiques du traitement des donn\u00e9es sur ce site web<\/h3>\n<p>Si vous avez consenti au traitement des donn\u00e9es, nous traitons vos donn\u00e9es \u00e0 caract\u00e8re personnel sur la base de l\u2019article 6, paragraphe 1, point a) du RGPD ou de l\u2019article 9, paragraphe 2, point a) du RGPD, lorsque des cat\u00e9gories particuli\u00e8res de donn\u00e9es au sens de l\u2019article 9, paragraphe 1, du RGPD sont trait\u00e9es. En cas de consentement explicite au transfert de donn\u00e9es \u00e0 caract\u00e8re personnel vers des pays tiers, le traitement des donn\u00e9es s\u2019effectue en outre sur la base de l\u2019article 49, paragraphe 1, point a), du RGPD. Si vous avez consenti \u00e0 l\u2019enregistrement de cookies ou \u00e0 l\u2019acc\u00e8s \u00e0 des informations stock\u00e9es sur votre terminal (par exemple via l\u2019empreinte num\u00e9rique du terminal), le traitement des donn\u00e9es s\u2019effectue en outre sur la base de l\u2019article 25, paragraphe 1, de la loi allemande sur la protection des donn\u00e9es dans le cadre des services de t\u00e9l\u00e9communication (TDDDG). Ce consentement est r\u00e9vocable \u00e0 tout moment. Si vos donn\u00e9es sont n\u00e9cessaires \u00e0 l\u2019ex\u00e9cution d\u2019un contrat ou \u00e0 la mise en \u0153uvre de mesures pr\u00e9contractuelles, nous traitons vos donn\u00e9es sur la base de l\u2019article 6, paragraphe 1, point b) du RGPD. Par ailleurs, nous traitons vos donn\u00e9es, dans la mesure o\u00f9 celles-ci sont n\u00e9cessaires au respect d\u2019une obligation l\u00e9gale, sur la base de l\u2019article 6, paragraphe 1, point c) du RGPD. Le traitement des donn\u00e9es peut \u00e9galement \u00eatre fond\u00e9 sur notre int\u00e9r\u00eat l\u00e9gitime, conform\u00e9ment \u00e0 l\u2019article 6, paragraphe 1, point f) du RGPD. Les paragraphes suivants de la pr\u00e9sente politique de confidentialit\u00e9 fournissent des informations sur les bases juridiques applicables dans chaque cas particulier.                     <\/p>\n<h3>Remarque concernant le transfert de donn\u00e9es vers des pays tiers non conformes \u00e0 la r\u00e9glementation en mati\u00e8re de protection des donn\u00e9es, ainsi que le transfert vers des entreprises am\u00e9ricaines non certifi\u00e9es DPF<\/h3>\n<p>Nous utilisons notamment des outils provenant d\u2019entreprises dont le si\u00e8ge se trouve dans des pays tiers n\u2019offrant pas un niveau de protection des donn\u00e9es suffisant, ainsi que des outils am\u00e9ricains dont les fournisseurs ne sont pas certifi\u00e9s au titre du cadre de protection des donn\u00e9es UE-\u00c9tats-Unis (DPF). Lorsque ces outils sont actifs, vos donn\u00e9es \u00e0 caract\u00e8re personnel peuvent \u00eatre transf\u00e9r\u00e9es vers ces pays et y \u00eatre trait\u00e9es. Nous attirons votre attention sur le fait qu\u2019aucun niveau de protection des donn\u00e9es comparable \u00e0 celui de l\u2019UE ne peut \u00eatre garanti dans les pays tiers non conformes \u00e0 la r\u00e9glementation en mati\u00e8re de protection des donn\u00e9es.  <\/p>\n<p>Nous attirons votre attention sur le fait que les \u00c9tats-Unis, en tant que pays tiers s\u00fbr, pr\u00e9sentent en principe un niveau de protection des donn\u00e9es comparable \u00e0 celui de l\u2019UE. Un transfert de donn\u00e9es vers les \u00c9tats-Unis est donc autoris\u00e9 si le destinataire dispose d\u2019une certification au titre du \u00ab Cadre de protection des donn\u00e9es UE-\u00c9tats-Unis \u00bb (DPF) ou s\u2019il offre des garanties suppl\u00e9mentaires appropri\u00e9es. Vous trouverez dans la pr\u00e9sente d\u00e9claration de confidentialit\u00e9 des informations sur les transferts vers des pays tiers, y compris sur les destinataires des donn\u00e9es.  <\/p>\n<h3>Destinataires des donn\u00e9es \u00e0 caract\u00e8re personnel<\/h3>\n<p>Dans le cadre de nos activit\u00e9s commerciales, nous collaborons avec divers organismes externes. Dans ce contexte, il est parfois n\u00e9cessaire de leur transmettre des donn\u00e9es \u00e0 caract\u00e8re personnel. Nous ne transmettons des donn\u00e9es \u00e0 caract\u00e8re personnel \u00e0 des organismes externes que si cela s\u2019av\u00e8re n\u00e9cessaire \u00e0 l\u2019ex\u00e9cution d\u2019un contrat, si nous y sommes l\u00e9galement tenus (par exemple, la transmission de donn\u00e9es aux autorit\u00e9s fiscales), lorsque nous avons un int\u00e9r\u00eat l\u00e9gitime \u00e0 cette transmission au sens de l\u2019article 6, paragraphe 1, point f) du RGPD, ou lorsqu\u2019une autre base juridique autorise ce transfert. Lorsque nous faisons appel \u00e0 des sous-traitants, nous ne transmettons les donn\u00e9es \u00e0 caract\u00e8re personnel de nos clients que sur la base d\u2019un contrat de sous-traitance valide. En cas de traitement conjoint, un accord de traitement conjoint est conclu.      <\/p>\n<h3>Retrait de votre consentement au traitement des donn\u00e9es<\/h3>\n<p>De nombreux traitements de donn\u00e9es ne sont possibles qu&rsquo;avec votre consentement explicite. Vous pouvez \u00e0 tout moment retirer un consentement d\u00e9j\u00e0 donn\u00e9. La l\u00e9galit\u00e9 du traitement des donn\u00e9es effectu\u00e9 jusqu&rsquo;au moment du retrait n&rsquo;est pas affect\u00e9e par ce dernier.  <\/p>\n<h3>Droit d&rsquo;opposition \u00e0 la collecte de donn\u00e9es dans des cas particuliers ainsi qu&rsquo;au marketing direct (art. 21 du RGPD)<\/h3>\n<p>SI LE TRAITEMENT DES DONN\u00c9ES EST EFFECTU\u00c9 SUR LA BASE DE L&rsquo;ART. 6, AL. 1, LET. E ou F du RGPD, vous avez \u00e0 tout moment le droit, pour des motifs li\u00e9s \u00e0 votre situation particuli\u00e8re, de vous opposer au traitement de vos donn\u00e9es \u00e0 caract\u00e8re personnel ; cela s\u2019applique \u00e9galement au profilage fond\u00e9 sur ces dispositions. VOUS TROUVEREZ DANS LA PR\u00c9SENTE POLITIQUE DE CONFIDENTIALIT\u00c9 LA BASE JURIDIQUE SUR LAQUELLE REPOSE CHAQUE TRAITEMENT. SI VOUS VOUS OPPOSEZ AU TRAITEMENT, NOUS NE TRAITERONS PLUS VOS DONN\u00c9ES \u00c0 CARACT\u00c8RE PERSONNEL, SAUF SI NOUS POUVONS D\u00c9MONTRER L\u2019EXISTENCE DE RAISONS IMP\u00c9RIEUSES ET L\u00c9GITIMES JUSTIFIANT LE TRAITEMENT, QUI PR\u00c9VALENT SUR VOS INT\u00c9R\u00caTS, vos droits et libert\u00e9s, ou si le traitement sert \u00e0 la constatation, \u00e0 l\u2019exercice ou \u00e0 la d\u00e9fense de droits en justice (OPPOSITION EN VERTU DE L\u2019ART. 21, AL. 1 DU RGPD).    <\/p>\n<p>SI VOS DONN\u00c9ES \u00c0 CARACT\u00c8RE PERSONNEL SONT TRAIT\u00c9ES \u00c0 DES FINS DE MARKETING DIRECT, VOUS DISPOSEZ ALORS DU DROIT DE VOUS OPPOSER \u00c0 TOUT MOMENT AU TRAITEMENT DES DONN\u00c9ES \u00c0 CARACT\u00c8RE PERSONNEL VOUS CONCERNANT \u00c0 DES FINS DE PUBLICIT\u00c9 DE CE TYPE ; CELA S&rsquo;APPLIQUE \u00c9GALEMENT AU PROFILAGE, DANS LA MESURE O\u00d9 IL EST LI\u00c9 \u00c0 UNE TELLE PUBLICIT\u00c9 DIRECTE. SI VOUS VOUS OPPOSEZ \u00c0 CE TRAITEMENT, VOS DONN\u00c9ES \u00c0 CARACT\u00c8RE PERSONNEL NE SERONT PLUS UTILIS\u00c9ES \u00c0 DES FINS DE PUBLICIT\u00c9 DIRECTE (OPPOSITION CONFORM\u00c9MENT \u00c0 L\u2019ART. 21, AL. 2 DU RGPD). <\/p>\n<h3>Droit de recours aupr\u00e8s de l&rsquo;autorit\u00e9 de contr\u00f4le comp\u00e9tente<\/h3>\n<p>En cas de violation du RGPD, les personnes concern\u00e9es disposent d&rsquo;un droit de recours aupr\u00e8s d&rsquo;une autorit\u00e9 de contr\u00f4le, notamment dans l&rsquo;\u00c9tat membre o\u00f9 elles r\u00e9sident habituellement, o\u00f9 elles travaillent ou o\u00f9 la violation pr\u00e9sum\u00e9e a eu lieu. Ce droit de recours s\u2019exerce sans pr\u00e9judice d\u2019autres voies de recours administratives ou judiciaires. <\/p>\n<h3>Droit \u00e0 la portabilit\u00e9 des donn\u00e9es<\/h3>\n<p>Vous avez le droit de recevoir, ou de faire transmettre \u00e0 un tiers, les donn\u00e9es que nous traitons de mani\u00e8re automatis\u00e9e sur la base de votre consentement ou en ex\u00e9cution d&rsquo;un contrat, dans un format couramment utilis\u00e9 et lisible par machine. Si vous demandez le transfert direct des donn\u00e9es \u00e0 un autre responsable du traitement, celui-ci n\u2019aura lieu que dans la mesure o\u00f9 cela est techniquement possible. <\/p>\n<h3>Acc\u00e8s, rectification et suppression<\/h3>\n<p>Conform\u00e9ment aux dispositions l\u00e9gales en vigueur, vous disposez \u00e0 tout moment du droit d&rsquo;obtenir, sans frais, des informations sur vos donn\u00e9es \u00e0 caract\u00e8re personnel enregistr\u00e9es, leur origine, leurs destinataires et la finalit\u00e9 du traitement de ces donn\u00e9es, ainsi que, le cas \u00e9ch\u00e9ant, du droit de rectification ou de suppression de ces donn\u00e9es. \u00c0 cet \u00e9gard, ainsi que pour toute autre question relative aux donn\u00e9es \u00e0 caract\u00e8re personnel, vous pouvez nous contacter \u00e0 tout moment. <\/p>\n<h3>Droit \u00e0 la limitation du traitement<\/h3>\n<p>Vous avez le droit de demander la limitation du traitement de vos donn\u00e9es \u00e0 caract\u00e8re personnel. Pour ce faire, vous pouvez nous contacter \u00e0 tout moment. Le droit \u00e0 la limitation du traitement s&rsquo;applique dans les cas suivants :  <\/p>\n<ul>\n<li>Si vous contestez l&rsquo;exactitude de vos donn\u00e9es \u00e0 caract\u00e8re personnel que nous conservons, nous avons g\u00e9n\u00e9ralement besoin d&rsquo;un certain temps pour v\u00e9rifier cela. Pendant la dur\u00e9e de cette v\u00e9rification, vous avez le droit de demander la limitation du traitement de vos donn\u00e9es \u00e0 caract\u00e8re personnel. <\/li>\n<li>Si le traitement de vos donn\u00e9es \u00e0 caract\u00e8re personnel a \u00e9t\u00e9 ou est effectu\u00e9 de mani\u00e8re illicite, vous pouvez demander la limitation du traitement de ces donn\u00e9es plut\u00f4t que leur effacement.<\/li>\n<li>Si nous n&rsquo;avons plus besoin de vos donn\u00e9es \u00e0 caract\u00e8re personnel, mais que vous en avez besoin pour exercer, d\u00e9fendre ou faire valoir des droits, vous avez le droit de demander la limitation du traitement de vos donn\u00e9es \u00e0 caract\u00e8re personnel plut\u00f4t que leur effacement.<\/li>\n<li>Si vous avez form\u00e9 une opposition en vertu de l&rsquo;article 21, paragraphe 1, du RGPD, il convient de proc\u00e9der \u00e0 une mise en balance de vos int\u00e9r\u00eats et des n\u00f4tres. Tant que la pr\u00e9pond\u00e9rance des int\u00e9r\u00eats de l&rsquo;une ou l&rsquo;autre partie n&rsquo;est pas \u00e9tablie, vous avez le droit de demander la limitation du traitement de vos donn\u00e9es \u00e0 caract\u00e8re personnel.  <\/li>\n<\/ul>\n<p>Si vous avez limit\u00e9 le traitement de vos donn\u00e9es \u00e0 caract\u00e8re personnel, ces donn\u00e9es ne peuvent \u2013 hormis leur conservation \u2013 \u00eatre trait\u00e9es qu\u2019avec votre consentement ou aux fins de faire valoir, d\u2019exercer ou de d\u00e9fendre des droits en justice, ou pour prot\u00e9ger les droits d\u2019une autre personne physique ou morale, ou encore pour des raisons d\u2019int\u00e9r\u00eat public important de l\u2019Union europ\u00e9enne ou d\u2019un \u00c9tat membre.<\/p>\n<h3>Chiffrement SSL ou TLS<\/h3>\n<p>Pour des raisons de s\u00e9curit\u00e9 et afin de prot\u00e9ger la transmission de contenus confidentiels, tels que les commandes ou les demandes que vous nous envoyez en tant qu&rsquo;exploitant du site, cette page utilise un cryptage SSL ou TLS. Vous pouvez reconna\u00eetre une connexion crypt\u00e9e au fait que l&rsquo;adresse dans la barre d&rsquo;adresse de votre navigateur passe de \u00ab http:\/\/ \u00bb \u00e0 \u00ab https:\/\/ \u00bb, ainsi qu&rsquo;\u00e0 la pr\u00e9sence du symbole du cadenas dans la barre d&rsquo;adresse de votre navigateur. <\/p>\n<p>Lorsque le chiffrement SSL ou TLS est activ\u00e9, les donn\u00e9es que vous nous transmettez ne peuvent pas \u00eatre consult\u00e9es par des tiers.<\/p>\n<h3>Opposition aux e-mails publicitaires<\/h3>\n<p>L&rsquo;utilisation des coordonn\u00e9es publi\u00e9es dans le cadre des mentions l\u00e9gales obligatoires pour l&rsquo;envoi de publicit\u00e9s et de documents d&rsquo;information non express\u00e9ment sollicit\u00e9s est par la pr\u00e9sente interdite. Les exploitants du site se r\u00e9servent express\u00e9ment le droit d\u2019engager des poursuites judiciaires en cas d\u2019envoi non sollicit\u00e9 d\u2019informations publicitaires, notamment par le biais de courriers \u00e9lectroniques ind\u00e9sirables (spam). <\/p>\n<h2>4. Collecte de donn\u00e9es sur ce site web<\/h2>\n<h3>Cookies<\/h3>\n<p>Nos pages Internet utilisent ce que l&rsquo;on appelle des \u00ab cookies \u00bb. Les cookies sont de petits fichiers de donn\u00e9es qui ne causent aucun dommage \u00e0 votre terminal. Ils sont stock\u00e9s sur votre terminal soit de mani\u00e8re temporaire, pour la dur\u00e9e d&rsquo;une session (cookies de session), soit de mani\u00e8re permanente (cookies permanents). Les cookies de session sont automatiquement supprim\u00e9s \u00e0 la fin de votre visite. Les cookies permanents restent stock\u00e9s sur votre terminal jusqu\u2019\u00e0 ce que vous les supprimiez vous-m\u00eame ou qu\u2019ils soient automatiquement supprim\u00e9s par votre navigateur web.    <\/p>\n<p>Les cookies peuvent provenir de notre part (cookies propri\u00e9taires) ou d&rsquo;entreprises tierces (appel\u00e9s \u00ab cookies tiers \u00bb). Les cookies tiers permettent l&rsquo;int\u00e9gration de certains services propos\u00e9s par des entreprises tierces au sein de sites web (par exemple, des cookies destin\u00e9s au traitement des services de paiement). <\/p>\n<p>Les cookies remplissent diff\u00e9rentes fonctions. De nombreux cookies sont techniquement indispensables, car certaines fonctionnalit\u00e9s du site web ne pourraient pas fonctionner sans eux (par exemple, la fonctionnalit\u00e9 du panier d&rsquo;achat ou l&rsquo;affichage de vid\u00e9os). D&rsquo;autres cookies peuvent \u00eatre utilis\u00e9s pour analyser le comportement des utilisateurs ou \u00e0 des fins publicitaires.  <\/p>\n<p>Les cookies n\u00e9cessaires \u00e0 la mise en \u0153uvre du processus de communication \u00e9lectronique, \u00e0 la mise \u00e0 disposition de certaines fonctionnalit\u00e9s que vous avez demand\u00e9es (par exemple, la fonctionnalit\u00e9 du panier d\u2019achat) ou \u00e0 l\u2019optimisation du site web (par exemple, les cookies destin\u00e9s \u00e0 mesurer l\u2019audience du site) (cookies n\u00e9cessaires), sont stock\u00e9s sur la base de l\u2019article 6, paragraphe 1, point f) du RGPD, sauf indication d\u2019une autre base juridique. L\u2019exploitant du site web a un int\u00e9r\u00eat l\u00e9gitime \u00e0 stocker des cookies n\u00e9cessaires afin d\u2019assurer une mise \u00e0 disposition techniquement irr\u00e9prochable et optimis\u00e9e de ses services. Si un consentement \u00e0 l\u2019enregistrement de cookies et de technologies de reconnaissance similaires a \u00e9t\u00e9 sollicit\u00e9, le traitement s\u2019effectue exclusivement sur la base de ce consentement (article 6, paragraphe 1, point a) du RGPD et \u00a7 25, paragraphe 1 de la TDDDG) ; ce consentement est r\u00e9vocable \u00e0 tout moment.    <\/p>\n<p>Vous pouvez configurer votre navigateur de mani\u00e8re \u00e0 \u00eatre inform\u00e9 de l&rsquo;installation de cookies et \u00e0 n&rsquo;autoriser les cookies qu&rsquo;au cas par cas, \u00e0 refuser les cookies dans certains cas ou de mani\u00e8re g\u00e9n\u00e9rale, ainsi qu&rsquo;\u00e0 activer la suppression automatique des cookies \u00e0 la fermeture du navigateur. La d\u00e9sactivation des cookies peut entra\u00eener une limitation des fonctionnalit\u00e9s de ce site web. <\/p>\n<p>Si d&rsquo;autres cookies et services sont utilis\u00e9s sur ce site web, vous en trouverez les informations dans la pr\u00e9sente d\u00e9claration de confidentialit\u00e9.<\/p>\n<h3>CCM19<\/h3>\n<p>Notre site web utilise CCM19 afin d&rsquo;obtenir votre consentement \u00e0 l&rsquo;enregistrement de certains cookies sur votre terminal ou \u00e0 l&rsquo;utilisation de certaines technologies, et d&rsquo;en assurer la documentation conform\u00e9ment \u00e0 la r\u00e9glementation en mati\u00e8re de protection des donn\u00e9es. Le fournisseur de cette technologie est Papoo Software &#038; Media GmbH, Auguststr. 4, 53229 Bonn (ci-apr\u00e8s \u00ab CCM19 \u00bb).  <\/p>\n<p>Lorsque vous acc\u00e9dez \u00e0 notre site web, une connexion est \u00e9tablie avec les serveurs de CCM19 afin de recueillir vos consentements et autres d\u00e9clarations concernant l&rsquo;utilisation des cookies. CCM19 enregistre ensuite un cookie dans votre navigateur afin de pouvoir associer \u00e0 votre profil les consentements que vous avez donn\u00e9s ou leur r\u00e9vocation. Les donn\u00e9es ainsi collect\u00e9es sont conserv\u00e9es jusqu\u2019\u00e0 ce que vous nous demandiez de les supprimer, que vous supprimiez vous-m\u00eame le cookie CCM19 ou que la finalit\u00e9 justifiant leur conservation cesse d\u2019exister. Les obligations l\u00e9gales imp\u00e9ratives en mati\u00e8re de conservation des donn\u00e9es restent inchang\u00e9es.   <\/p>\n<p>CCM19 est utilis\u00e9 afin d&rsquo;obtenir les consentements requis par la loi pour l&rsquo;utilisation de cookies. La base juridique est l&rsquo;article 6, paragraphe 1, premi\u00e8re phrase, point c) du RGPD.   <\/p>\n<h4>Traitement des commandes<\/h4>\n<p>Nous avons conclu un contrat de sous-traitance (AVV) pour l&rsquo;utilisation du service susmentionn\u00e9. Il s&rsquo;agit d&rsquo;un contrat requis par la l\u00e9gislation sur la protection des donn\u00e9es, qui garantit que ce prestataire ne traite les donn\u00e9es \u00e0 caract\u00e8re personnel des visiteurs de notre site web que conform\u00e9ment \u00e0 nos instructions et dans le respect du RGPD. <\/p>\n<h3>Fichiers journaux du serveur<\/h3>\n<p>L&rsquo;h\u00e9bergeur de ces pages collecte et enregistre automatiquement des informations dans ce que l&rsquo;on appelle des fichiers journaux de serveur, que votre navigateur nous transmet automatiquement. Il s&rsquo;agit des \u00e9l\u00e9ments suivants : <\/p>\n<ul>\n<li>Type et version du navigateur<\/li>\n<li>syst\u00e8me d&rsquo;exploitation utilis\u00e9<\/li>\n<li>URL de r\u00e9f\u00e9rence<\/li>\n<li>Nom d&rsquo;h\u00f4te de l&rsquo;ordinateur qui acc\u00e8de au site<\/li>\n<li>Heure de la requ\u00eate au serveur<\/li>\n<li>Adresse IP<\/li>\n<\/ul>\n<p>Ces donn\u00e9es ne sont pas recoup\u00e9es avec d&rsquo;autres sources de donn\u00e9es.<\/p>\n<p>La collecte de ces donn\u00e9es s&rsquo;effectue sur la base de l&rsquo;article 6, paragraphe 1, point f) du RGPD. L&rsquo;exploitant du site web a un int\u00e9r\u00eat l\u00e9gitime \u00e0 garantir un affichage techniquement irr\u00e9prochable et \u00e0 optimiser son site web ; \u00e0 cette fin, la collecte des fichiers journaux du serveur est n\u00e9cessaire.   <\/p>\n<h3>Formulaire de contact<\/h3>\n<p>Lorsque vous nous envoyez des demandes via le formulaire de contact, nous conservons les informations que vous avez saisies dans ce formulaire, y compris vos coordonn\u00e9es, afin de traiter votre demande et de pouvoir y r\u00e9pondre en cas de questions compl\u00e9mentaires. Nous ne transmettons pas ces donn\u00e9es sans votre consentement. <\/p>\n<p>Le traitement de ces donn\u00e9es s&rsquo;effectue sur la base de l&rsquo;article 6, paragraphe 1, point b) du RGPD, dans la mesure o\u00f9 votre demande est li\u00e9e \u00e0 l&rsquo;ex\u00e9cution d&rsquo;un contrat ou est n\u00e9cessaire \u00e0 la mise en \u0153uvre de mesures pr\u00e9contractuelles. Dans tous les autres cas, le traitement repose sur notre int\u00e9r\u00eat l\u00e9gitime \u00e0 traiter efficacement les demandes qui nous sont adress\u00e9es (article 6, paragraphe 1, point f) du RGPD) ou sur votre consentement (article 6, paragraphe 1, point a) du RGPD) dans la mesure o\u00f9 celui-ci a \u00e9t\u00e9 sollicit\u00e9 ; ce consentement est r\u00e9vocable \u00e0 tout moment.   <\/p>\n<p>Les donn\u00e9es que vous avez saisies dans le formulaire de contact sont conserv\u00e9es par nos soins jusqu\u2019\u00e0 ce que vous nous demandiez de les supprimer, que vous r\u00e9voquiez votre consentement \u00e0 leur conservation ou que la finalit\u00e9 justifiant leur conservation cesse d\u2019exister (par exemple, une fois votre demande trait\u00e9e). Les dispositions l\u00e9gales imp\u00e9ratives \u2013 notamment les d\u00e9lais de conservation \u2013 ne sont pas affect\u00e9es. <\/p>\n<h3>Demande par e-mail, par t\u00e9l\u00e9phone ou par fax<\/h3>\n<p>Lorsque vous nous contactez par e-mail, par t\u00e9l\u00e9phone ou par fax, votre demande, y compris toutes les donn\u00e9es \u00e0 caract\u00e8re personnel qui en d\u00e9coulent (nom, objet de la demande), est enregistr\u00e9e et trait\u00e9e par nos soins afin de traiter votre demande. Nous ne transmettons pas ces donn\u00e9es sans votre consentement. <\/p>\n<p>Le traitement de ces donn\u00e9es s&rsquo;effectue sur la base de l&rsquo;article 6, paragraphe 1, point b) du RGPD, dans la mesure o\u00f9 votre demande est li\u00e9e \u00e0 l&rsquo;ex\u00e9cution d&rsquo;un contrat ou est n\u00e9cessaire \u00e0 la mise en \u0153uvre de mesures pr\u00e9contractuelles. Dans tous les autres cas, le traitement repose sur notre int\u00e9r\u00eat l\u00e9gitime \u00e0 traiter efficacement les demandes qui nous sont adress\u00e9es (article 6, paragraphe 1, point f) du RGPD) ou sur votre consentement (article 6, paragraphe 1, point a) du RGPD) dans la mesure o\u00f9 celui-ci a \u00e9t\u00e9 sollicit\u00e9 ; ce consentement est r\u00e9vocable \u00e0 tout moment.   <\/p>\n<p>Les donn\u00e9es que vous nous transmettez par le biais de vos demandes de contact sont conserv\u00e9es chez nous jusqu\u2019\u00e0 ce que vous nous demandiez de les supprimer, que vous retiriez votre consentement \u00e0 leur conservation ou que la finalit\u00e9 justifiant leur conservation cesse d\u2019exister (par exemple, une fois votre demande trait\u00e9e). Les dispositions l\u00e9gales imp\u00e9ratives \u2013 notamment les d\u00e9lais de conservation pr\u00e9vus par la loi \u2013 ne sont pas affect\u00e9es. <\/p>\n<h2>5. Plug-ins et outils<\/h2>\n<h3>Font Awesome (h\u00e9bergement local)<\/h3>\n<p>Ce site utilise Font Awesome pour assurer une mise en page uniforme des polices. Font Awesome est install\u00e9 localement. Aucune connexion n&rsquo;est \u00e9tablie avec les serveurs de Fonticons, Inc.   <\/p>\n<p>Pour plus d&rsquo;informations sur Font Awesome, veuillez consulter la politique de confidentialit\u00e9 de Font Awesome \u00e0 l&rsquo;adresse suivante : <a href=\"https:\/\/fontawesome.com\/privacy\" target=\"_blank\" rel=\"noopener noreferrer\">https:\/\/fontawesome.com\/privacy<\/a>.<\/p>\n<h3>Wordfence<\/h3>\n<p>Nous avons int\u00e9gr\u00e9 Wordfence \u00e0 ce site web. Le fournisseur est Defiant Inc., Defiant, Inc., 800 5th Ave Ste 4100, Seattle, WA 98104, \u00c9tats-Unis (ci-apr\u00e8s \u00ab Wordfence \u00bb).<\/p>\n<p>Wordfence sert \u00e0 prot\u00e9ger notre site web contre les acc\u00e8s ind\u00e9sirables ou les cyberattaques malveillantes. \u00c0 cette fin, notre site web \u00e9tablit une connexion permanente avec les serveurs de Wordfence afin que ce dernier puisse comparer les acc\u00e8s effectu\u00e9s sur notre site web avec ses bases de donn\u00e9es et, le cas \u00e9ch\u00e9ant, les bloquer. <\/p>\n<p>L&rsquo;utilisation de Wordfence repose sur l&rsquo;article 6, paragraphe 1, point f) du RGPD. L&rsquo;exploitant du site web a un int\u00e9r\u00eat l\u00e9gitime \u00e0 prot\u00e9ger son site web de la mani\u00e8re la plus efficace possible contre les cyberattaques. Dans la mesure o\u00f9 un consentement correspondant a \u00e9t\u00e9 sollicit\u00e9, le traitement s\u2019effectue exclusivement sur la base de l\u2019article 6, paragraphe 1, point a), du RGPD et de l\u2019article 25, paragraphe 1, de la TDDDG, dans la mesure o\u00f9 ce consentement porte sur l\u2019enregistrement de cookies ou l\u2019acc\u00e8s \u00e0 des informations contenues dans le terminal de l\u2019utilisateur (par exemple, l\u2019empreinte num\u00e9rique de l\u2019appareil) au sens de la TDDDG. Ce consentement est r\u00e9vocable \u00e0 tout moment.        <\/p>\n<p>Le transfert de donn\u00e9es vers les \u00c9tats-Unis s&rsquo;appuie sur les clauses contractuelles types de la Commission europ\u00e9enne. Vous trouverez plus de d\u00e9tails ici : <a href=\"https:\/\/www.wordfence.com\/help\/general-data-protection-regulation\/\" target=\"_blank\" rel=\"noopener noreferrer\">https:\/\/www.wordfence.com\/help\/general-data-protection-regulation\/<\/a>. <\/p>\n<h4>Traitement des commandes<\/h4>\n<p>Nous avons conclu un contrat de sous-traitance (AVV) pour l&rsquo;utilisation du service susmentionn\u00e9. Il s&rsquo;agit d&rsquo;un contrat requis par la l\u00e9gislation sur la protection des donn\u00e9es, qui garantit que ce prestataire ne traite les donn\u00e9es \u00e0 caract\u00e8re personnel des visiteurs de notre site web que conform\u00e9ment \u00e0 nos instructions et dans le respect du RGPD. <\/p>\n<p>[\/et_pb_text][et_pb_image src=\u00a0\u00bbhttps:\/\/www.logistic-natives.com\/wp-content\/uploads\/2026\/07\/datenschutz-siegel-dark-horizontal-large.png\u00a0\u00bb _builder_version=\u00a0\u00bb4.27.7&Prime; _module_preset=\u00a0\u00bbdefault\u00a0\u00bb title_text=\u00a0\u00bblabel-de-protection-des-donn\u00e9es-fonc\u00e9-horizontal-grand-format\u00a0\u00bb width=\u00a0\u00bb41%\u00a0\u00bb hover_enabled=\u00a0\u00bb0&Prime; sticky_enabled=\u00a0\u00bb0&Prime;][\/et_pb_image][et_pb_accordion _builder_version=\u00a0\u00bb4.27.7&Prime; _module_preset=\u00a0\u00bbdefault\u00a0\u00bb hover_enabled=\u00a0\u00bb0&Prime; global_colors_info=\u00a0\u00bb{}\u00a0\u00bb disabled_on=\u00a0\u00bbon|on|on\u00a0\u00bb disabled=\u00a0\u00bbon\u00a0\u00bb sticky_enabled=\u00a0\u00bb0&Prime;][et_pb_accordion_item title=\u00a0\u00bb1) Informations relatives \u00e0 la collecte de donn\u00e9es \u00e0 caract\u00e8re personnel et coordonn\u00e9es du responsable du traitement\u00a0\u00bb open=\u00a0\u00bbon\u00a0\u00bb _builder_version=\u00a0\u00bb4.16&Prime; _module_preset=\u00a0\u00bbdefault\u00a0\u00bb global_colors_info=\u00a0\u00bb{}\u00a0\u00bb]<\/p>\n<p><strong>1.1<\/strong> Nous sommes ravis de votre visite sur notre site web et vous remercions de l&rsquo;int\u00e9r\u00eat que vous portez \u00e0<br \/>. Nous vous informons ci-apr\u00e8s de la mani\u00e8re dont nous traitons vos donn\u00e9es \u00e0 caract\u00e8re personnel<br \/>lorsque vous utilisez notre site web. Les donn\u00e9es \u00e0 caract\u00e8re personnel<br \/>d\u00e9signent ici toutes les donn\u00e9es permettant de vous identifier personnellement.  <\/p>\n<p><strong>1.2<\/strong> Le responsable du traitement des donn\u00e9es sur ce site web, au sens du r\u00e8glement g\u00e9n\u00e9ral sur la protection des donn\u00e9es (RGPD)<br \/>, est logistic-natives e.V., Albrechtstra\u00dfe 13,<br \/>10117 Berlin, Allemagne, t\u00e9l. : 01622561001, e-mail : FSeikel@gmx.de. Le responsable du traitement des donn\u00e9es \u00e0 caract\u00e8re personnel sur<br \/>est la personne physique<br \/>ou morale qui, seule ou conjointement avec d\u2019autres, d\u00e9termine les finalit\u00e9s et<br \/>les moyens du traitement des donn\u00e9es \u00e0 caract\u00e8re personnel.<\/p>\n<p><strong>1.3<\/strong> Pour des raisons de s\u00e9curit\u00e9 et afin de prot\u00e9ger la transmission<br \/>des donn\u00e9es \u00e0 caract\u00e8re personnel et d\u2019autres contenus confidentiels (par exemple, les commandes ou<br \/>les demandes adress\u00e9es au responsable du traitement), ce site web utilise un cryptage SSL ou TLS. Vous pouvez reconna\u00eetre une connexion crypt\u00e9e<br \/>gr\u00e2ce \u00e0 la cha\u00eene de caract\u00e8res \u00ab https:\/\/ \u00bb et \u00e0 l\u2019ic\u00f4ne repr\u00e9sentant un cadenas dans<br \/>la barre d\u2019adresse de votre navigateur.  <\/p>\n<p>[\/et_pb_accordion_item][et_pb_accordion_item title=\u00a0\u00bb2) Collecte de donn\u00e9es lors de la consultation de notre site web\u00a0\u00bb _builder_version=\u00a0\u00bb4.16&Prime; _module_preset=\u00a0\u00bbdefault\u00a0\u00bb global_colors_info=\u00a0\u00bb{}\u00a0\u00bb open=\u00a0\u00bboff\u00a0\u00bb]<\/p>\n<p>Lorsque vous consultez notre site web \u00e0 titre purement informatif, c&rsquo;est-\u00e0-dire lorsque vous ne vous inscrivez pas sur<br \/>ni ne nous transmettez d&rsquo;autres informations, nous ne collectons que les donn\u00e9es<br \/>que votre navigateur transmet \u00e0 notre serveur (ce que l&rsquo;on appelle les \u00ab fichiers journaux du serveur \u00bb). Lorsque vous consultez notre site web \u00e0 l\u2019adresse<br \/>, nous collectons les donn\u00e9es suivantes, qui nous sont techniquement<br \/>n\u00e9cessaires pour vous permettre de consulter le site : <\/p>\n<p>&#8211; Le site web que vous avez consult\u00e9 :<br \/>&#8211; Date et heure de la consultation<br \/>&#8211; Volume de donn\u00e9es transmises en octets<br \/>&#8211; Source\/lien \u00e0 partir duquel vous avez acc\u00e9d\u00e9 \u00e0 la page<br \/>&#8211; Navigateur utilis\u00e9<br \/>&#8211; Syst\u00e8me d&rsquo;exploitation utilis\u00e9<br \/>&#8211; Adresse IP utilis\u00e9e (le cas \u00e9ch\u00e9ant : sous forme anonymis\u00e9e)<\/p>\n<p>Le traitement est effectu\u00e9 conform\u00e9ment \u00e0 l&rsquo;article 6, paragraphe 1, point f) du RGPD, sur la base de notre int\u00e9r\u00eat l\u00e9gitime<br \/>\u00e0 am\u00e9liorer la stabilit\u00e9 et la fonctionnalit\u00e9 de notre site web. Il n&rsquo;y a pas de<br \/>transmission ni d&rsquo;autre utilisation des donn\u00e9es. Nous nous r\u00e9servons toutefois le droit<br \/>de v\u00e9rifier a posteriori les fichiers journaux du serveur si des indices concrets<br \/>laissent supposer une utilisation illicite.    <\/p>\n<p>[\/et_pb_accordion_item][et_pb_accordion_item title=\u00a0\u00bb3) Cookies\u00a0\u00bb _builder_version=\u00a0\u00bb4.16&Prime; _module_preset=\u00a0\u00bbdefault\u00a0\u00bb global_colors_info=\u00a0\u00bb{}\u00a0\u00bb open=\u00a0\u00bboff\u00a0\u00bb]<\/p>\n<p>Afin de rendre la visite de notre site Web plus attrayante et de permettre l&rsquo;utilisation de certaines fonctionnalit\u00e9s de<br \/>, nous utilisons sur diff\u00e9rentes pages ce que l&rsquo;on appelle des cookies<br \/>. Il s&rsquo;agit de petits fichiers texte qui sont enregistr\u00e9s sur votre terminal<br \/>. Certains des cookies que nous utilisons sont supprim\u00e9s \u00e0 la fin de la session de navigation<br \/>, c&rsquo;est-\u00e0-dire lorsque vous fermez votre navigateur (ce que l&rsquo;on appelle les cookies de session<br \/>). D\u2019autres cookies restent stock\u00e9s sur votre terminal et nous permettent,<br \/>, ou \u00e0 nos entreprises partenaires (cookies tiers), de reconna\u00eetre votre navigateur lors de votre prochaine visite sur<br \/>(cookies persistants). Lorsque des cookies sont install\u00e9s,<br \/>ceux-ci collectent et traitent, dans une mesure individuelle, certaines informations utilisateur<br \/>telles que les donn\u00e9es relatives au navigateur et \u00e0 la localisation, ainsi que les adresses IP. Les cookies persistants sont<br \/>supprim\u00e9s automatiquement apr\u00e8s une dur\u00e9e pr\u00e9d\u00e9finie, qui peut varier en fonction du cookie<br \/>.     <\/p>\n<p>Dans la mesure o\u00f9 certains cookies que nous avons mis en place traitent \u00e9galement des donn\u00e9es \u00e0 caract\u00e8re personnel<br \/>, ce traitement est effectu\u00e9 conform\u00e9ment \u00e0 l\u2019article 6, paragraphe 1, point b) du RGPD, soit<br \/>aux fins de l\u2019ex\u00e9cution du contrat, soit conform\u00e9ment \u00e0 l\u2019article 6, paragraphe 1, point f du RGPD afin de pr\u00e9server<br \/>nos int\u00e9r\u00eats l\u00e9gitimes visant \u00e0 garantir la meilleure fonctionnalit\u00e9 possible du site web ainsi qu\u2019<br \/>une exp\u00e9rience de navigation conviviale et efficace pour les utilisateurs.<br \/>Nous pouvons \u00eatre amen\u00e9s \u00e0 collaborer avec des partenaires publicitaires qui nous aident \u00e0 rendre notre<br \/>offre Internet plus int\u00e9ressante pour vous. \u00c0 cette fin, dans ce<br \/>cas, des cookies provenant d\u2019entreprises partenaires sont \u00e9galement enregistr\u00e9s sur votre<br \/>disque dur lorsque vous visitez notre site web (cookies tiers). Lorsque nous collaborons avec les partenaires publicitaires susmentionn\u00e9s<br \/>, vous serez inform\u00e9 individuellement et s\u00e9par\u00e9ment de l\u2019utilisation de ces cookies ainsi que<br \/>de l\u2019\u00e9tendue des informations collect\u00e9es dans chaque cas, dans les paragraphes suivants<br \/>.      <\/p>\n<p>Veuillez noter que vous pouvez configurer votre navigateur de mani\u00e8re \u00e0 \u00eatre inform\u00e9 de l&rsquo;installation de cookies via<br \/>, \u00e0 d\u00e9cider au cas par cas de leur acceptation<br \/>ou \u00e0 refuser les cookies dans certains cas ou de mani\u00e8re g\u00e9n\u00e9rale.<br \/>Chaque navigateur g\u00e8re les param\u00e8tres relatifs aux cookies de mani\u00e8re diff\u00e9rente.<br \/>Cette proc\u00e9dure est d\u00e9crite dans le menu \u00ab Aide \u00bb de chaque navigateur, qui vous explique comment modifier vos param\u00e8tres de cookies sur<br \/>. Vous trouverez ces informations pour chaque navigateur sur<br \/>en cliquant sur les liens suivants : <\/p>\n<p>Internet Explorer :<br \/>http:\/\/windows.microsoft.com\/de-DE\/windows-vista\/Block-or-allow-cookies<br \/>Firefox : https:\/\/support.mozilla.org\/de\/kb\/cookies-erlauben-und-ablehnen<br \/>Chrome :<br \/>http:\/\/support.google.com\/chrome\/bin\/answer.py?hl=de&#038;hlrm=en&#038;answer=95647<br \/>Safari : https:\/\/support.apple.com\/de-de\/guide\/safari\/sfri11471\/mac<br \/>Opera : http:\/\/help.opera.com\/Windows\/10.20\/de\/cookies.html<br \/>Veuillez noter que le refus des cookies peut limiter les fonctionnalit\u00e9s de notre site Web<br \/>.<\/p>\n<p>[\/et_pb_accordion_item][et_pb_accordion_item title=\u00a0\u00bb4) Prise de contact\u00a0\u00bb _builder_version=\u00a0\u00bb4.16&Prime; _module_preset=\u00a0\u00bbdefault\u00a0\u00bb global_colors_info=\u00a0\u00bb{}\u00a0\u00bb open=\u00a0\u00bboff\u00a0\u00bb]<\/p>\n<p>Lorsqu\u2019il vous met en relation avec nous (par exemple via le formulaire de contact ou par e-mail),<br \/>collecte des donn\u00e9es \u00e0 caract\u00e8re personnel. Les donn\u00e9es collect\u00e9es via le formulaire de contact<br \/>sont indiqu\u00e9es dans le formulaire de contact correspondant. Ces donn\u00e9es sont enregistr\u00e9es sur<br \/>et utilis\u00e9es exclusivement dans le but de r\u00e9pondre \u00e0 votre demande ou pour la prise de contact<br \/>et la gestion technique qui y est associ\u00e9e, ainsi que sur<br \/>. La base juridique du traitement de ces donn\u00e9es est notre int\u00e9r\u00eat l\u00e9gitime<br \/>\u00e0 r\u00e9pondre \u00e0 votre demande, conform\u00e9ment \u00e0 l\u2019article 6, paragraphe 1, point f) du RGPD. Si votre prise de contact via<br \/>vise la conclusion d\u2019un contrat, la base juridique suppl\u00e9mentaire<br \/>pour le traitement est l\u2019article 6, paragraphe 1, point b) du RGPD. Vos donn\u00e9es seront supprim\u00e9es<br \/>une fois le traitement de votre demande achev\u00e9. C&rsquo;est le cas lorsque les circonstances<br \/>permettent de conclure que la situation en question a \u00e9t\u00e9 d\u00e9finitivement clarifi\u00e9e<br \/>et pour autant qu&rsquo;aucune obligation l\u00e9gale de conservation ne s&rsquo;y oppose.          <\/p>\n<p>[\/et_pb_accordion_item][et_pb_accordion_item title=\u00a0\u00bb5) Utilisation des donn\u00e9es clients \u00e0 des fins de prospection directe\u00a0\u00bb _builder_version=\u00a0\u00bb4.16&Prime; _module_preset=\u00a0\u00bbdefault\u00a0\u00bb global_colors_info=\u00a0\u00bb{}\u00a0\u00bb open=\u00a0\u00bboff\u00a0\u00bb]<\/p>\n<p>Inscription \u00e0 notre newsletter par e-mail<\/p>\n<p>Si vous vous abonnez \u00e0 notre newsletter par e-mail, nous vous enverrons r\u00e9guli\u00e8rement des informations sur nos offres \u00e0 l&rsquo;adresse<br \/>. La seule information obligatoire pour l&rsquo;envoi de la newsletter \u00e0 l&rsquo;adresse<br \/>est votre adresse e-mail. La fourniture d&rsquo;autres donn\u00e9es est facultative et<br \/>est utilis\u00e9e pour pouvoir nous adresser \u00e0 vous de mani\u00e8re personnalis\u00e9e. Pour l\u2019envoi de la newsletter<br \/>, nous utilisons la proc\u00e9dure dite de \u00ab double opt-in \u00bb. Cela signifie que nous ne vous enverrons une newsletter par e-mail<br \/>que lorsque vous nous aurez express\u00e9ment confirm\u00e9<br \/>que vous acceptez de la recevoir. Nous vous enverrons alors<br \/>un e-mail de confirmation, dans lequel il vous sera demand\u00e9 de cliquer sur un lien<br \/>correspondant afin de confirmer que vous souhaitez recevoir la newsletter \u00e0 l&rsquo;avenir.     <\/p>\n<p>En cliquant sur le lien de confirmation, vous nous donnez votre consentement pour l&rsquo;utilisation de vos donn\u00e9es \u00e0 caract\u00e8re personnel par<br \/>, conform\u00e9ment \u00e0 l&rsquo;article 6, paragraphe 1, point a) du RGPD. Lors de votre inscription \u00e0 la newsletter sur<br \/>, nous enregistrons votre adresse IP fournie par votre fournisseur d\u2019acc\u00e8s Internet (FAI)<br \/>, ainsi que la date et l\u2019heure de votre inscription, afin de pouvoir retracer ult\u00e9rieurement<br \/>toute utilisation abusive \u00e9ventuelle de votre adresse e-mail<br \/>. Les donn\u00e9es que nous collectons lors de votre inscription \u00e0 la newsletter sont<br \/>utilis\u00e9es exclusivement \u00e0 des fins de communication publicitaire par le biais de la newsletter.<br \/>Vous pouvez vous d\u00e9sabonner de la newsletter \u00e0 tout moment via le lien pr\u00e9vu \u00e0 cet effet dans la newsletter<br \/>ou en envoyant un message \u00e0 cet effet au responsable mentionn\u00e9 ci-dessus<br \/>. Une fois votre d\u00e9sabonnement effectu\u00e9, votre adresse e-mail sera imm\u00e9diatement supprim\u00e9e de notre liste de diffusion<br \/>, sauf si vous avez express\u00e9ment consenti \u00e0 une utilisation ult\u00e9rieure de vos donn\u00e9es<br \/>ou si nous nous r\u00e9servons le droit d\u2019utiliser vos donn\u00e9es \u00e0 d\u2019autres fins<br \/>, dans la mesure o\u00f9 cela est autoris\u00e9 par la loi et o\u00f9 nous vous en informons dans la pr\u00e9sente d\u00e9claration<br \/>.     <\/p>\n<p>[\/et_pb_accordion_item][et_pb_accordion_item title=\u00a0\u00bb6) Droits de la personne concern\u00e9e\u00a0\u00bb _builder_version=\u00a0\u00bb4.16&Prime; _module_preset=\u00a0\u00bbdefault\u00a0\u00bb global_colors_info=\u00a0\u00bb{}\u00a0\u00bb open=\u00a0\u00bboff\u00a0\u00bb]<\/p>\n<p>6.1 La l\u00e9gislation en vigueur en mati\u00e8re de protection des donn\u00e9es vous conf\u00e8re, vis-\u00e0-vis du responsable du traitement, des droits \u00e9tendus<br \/>(droits d&rsquo;acc\u00e8s et d&rsquo;intervention) concernant le traitement de vos donn\u00e9es \u00e0 caract\u00e8re personnel, sur lesquels nous vous informons ci-apr\u00e8s<br \/>:<\/p>\n<p>&#8211; Droit d&rsquo;acc\u00e8s conform\u00e9ment \u00e0 l&rsquo;article 15 du RGPD : vous disposez notamment d&rsquo;un droit d&rsquo;acc\u00e8s<br \/>concernant vos donn\u00e9es \u00e0 caract\u00e8re personnel que nous traitons, les finalit\u00e9s du traitement,<br \/>les cat\u00e9gories de donn\u00e9es \u00e0 caract\u00e8re personnel trait\u00e9es, les destinataires ou<br \/>les cat\u00e9gories de destinataires auxquels vos donn\u00e9es ont \u00e9t\u00e9 ou<br \/>seront communiqu\u00e9es, la dur\u00e9e de conservation pr\u00e9vue ou les crit\u00e8res permettant de d\u00e9terminer la<br \/>dur\u00e9e de conservation, l\u2019existence d\u2019un droit de rectification, d\u2019effacement, de limitation<br \/>du traitement, d\u2019opposition au traitement, de d\u00e9poser une r\u00e9clamation aupr\u00e8s d\u2019une autorit\u00e9 de contr\u00f4le<br \/>, l\u2019origine de vos donn\u00e9es si celles-ci n\u2019ont pas \u00e9t\u00e9 collect\u00e9es par nos soins aupr\u00e8s de vous<br \/>, l\u2019existence d\u2019une prise de d\u00e9cision automatis\u00e9e<br \/>, y compris le profilage, et, le cas \u00e9ch\u00e9ant, des informations pertinentes sur la logique impliqu\u00e9e<br \/>, ainsi que la port\u00e9e de ce traitement<br \/>et les effets vis\u00e9s, ainsi que votre droit d\u2019\u00eatre inform\u00e9 des garanties pr\u00e9vues \u00e0 l\u2019article 46<br \/>du RGPD en cas de transfert de vos donn\u00e9es vers des pays tiers ;<\/p>\n<p>&#8211; Droit de rectification conform\u00e9ment \u00e0 l&rsquo;article 16 du RGPD : vous disposez d&rsquo;un droit \u00e0 la rectification sans d\u00e9lai<br \/>des donn\u00e9es inexactes vous concernant et\/ou \u00e0 la compl\u00e9tion de vos donn\u00e9es incompl\u00e8tes que nous conservons sur<br \/>;<\/p>\n<p>&#8211; Droit \u00e0 l&rsquo;effacement conform\u00e9ment \u00e0 l&rsquo;article 17 du RGPD : vous avez le droit de demander l&rsquo;effacement de vos donn\u00e9es \u00e0 caract\u00e8re personnel<br \/>si les conditions pr\u00e9vues \u00e0 l&rsquo;article 17, paragraphe 1, du RGPD<br \/>sont remplies. Ce droit ne s&rsquo;applique toutefois pas, notamment lorsque le traitement<br \/>est n\u00e9cessaire \u00e0 l&rsquo;exercice du droit \u00e0 la libert\u00e9 d&rsquo;expression et d&rsquo;information, au<br \/>respect d&rsquo;une obligation l\u00e9gale, pour des raisons d&rsquo;int\u00e9r\u00eat public ou<br \/>\u00e0 la constatation, \u00e0 l&rsquo;exercice ou \u00e0 la d\u00e9fense de droits en justice<br \/>;  <\/p>\n<p>&#8211; Droit \u00e0 la limitation du traitement conform\u00e9ment \u00e0 l&rsquo;article 18 du RGPD : Vous avez le droit de demander<br \/>la limitation du traitement de vos donn\u00e9es \u00e0 caract\u00e8re personnel,<br \/>tant que l\u2019exactitude de vos donn\u00e9es, que vous contestez, fait l\u2019objet d\u2019une v\u00e9rification, si vous refusez<br \/>l\u2019effacement de vos donn\u00e9es en raison d\u2019un traitement illicite et demandez \u00e0 la place<br \/>la limitation du traitement de vos donn\u00e9es, si vous avez besoin de vos donn\u00e9es pour<br \/>faire valoir, exercer ou d\u00e9fendre des droits,<br \/>une fois que nous n\u2019avons plus besoin de ces donn\u00e9es apr\u00e8s la r\u00e9alisation de la finalit\u00e9, ou si vous avez<br \/>form\u00e9 opposition pour des motifs li\u00e9s \u00e0 votre situation particuli\u00e8re, tant qu\u2019il n\u2019est pas encore<br \/>\u00e9tabli si nos motifs l\u00e9gitimes pr\u00e9valent ;<\/p>\n<p>&#8211; Droit d&rsquo;information conform\u00e9ment \u00e0 l&rsquo;article 19 du RGPD : Si vous avez exerc\u00e9 votre droit de rectification,<br \/>d\u2019effacement ou de limitation du traitement aupr\u00e8s du responsable du traitement<br \/>, celui-ci est tenu d\u2019informer tous les destinataires auxquels les donn\u00e9es \u00e0 caract\u00e8re personnel vous concernant<br \/>ont \u00e9t\u00e9 communiqu\u00e9es de cette rectification, de cet effacement<br \/>ou de cette limitation du traitement, \u00e0 moins que cela ne s\u2019av\u00e8re<br \/>impossible ou n\u2019implique un effort disproportionn\u00e9. Vous disposez<br \/>du droit d\u2019\u00eatre inform\u00e9 de l\u2019identit\u00e9 de ces destinataires. <\/p>\n<p>&#8211; Droit \u00e0 la portabilit\u00e9 des donn\u00e9es conform\u00e9ment \u00e0 l&rsquo;article 20 du RGPD : vous avez le droit de recevoir les donn\u00e9es \u00e0 caract\u00e8re personnel<br \/>que vous nous avez fournies dans un format structur\u00e9, couramment utilis\u00e9 et lisible par machine, ou d&rsquo;exiger leur transmission \u00e0 un autre responsable du traitement<br \/>, dans la mesure o\u00f9 cela est techniquement possible ;<\/p>\n<p>&#8211; Droit de retrait des consentements accord\u00e9s conform\u00e9ment \u00e0 l&rsquo;article 7, paragraphe 3, du RGPD : vous disposez du droit<br \/>de retirer \u00e0 tout moment, avec effet pour l&rsquo;avenir, un consentement<br \/>accord\u00e9 pour le traitement des donn\u00e9es. En cas de retrait, nous supprimerons imm\u00e9diatement les donn\u00e9es concern\u00e9es<br \/>, \u00e0 moins qu\u2019un traitement ult\u00e9rieur ne puisse s\u2019appuyer sur une base juridique<br \/>permettant le traitement sans consentement. Le retrait du consentement<br \/>n\u2019affecte pas la lic\u00e9it\u00e9 du traitement effectu\u00e9 sur la base de ce consentement jusqu\u2019au moment du retrait<br \/>;   <\/p>\n<p>&#8211; Droit de recours conform\u00e9ment \u00e0 l\u2019article 77 du RGPD : si vous estimez que le traitement<br \/>des donn\u00e9es \u00e0 caract\u00e8re personnel vous concernant enfreint le RGPD<br \/>, vous disposez \u2013 sans pr\u00e9judice de tout autre recours administratif ou<br \/>judiciaire \u2013 &#8211; le droit d\u2019introduire une r\u00e9clamation aupr\u00e8s d\u2019une autorit\u00e9 de contr\u00f4le,<br \/>notamment dans l\u2019\u00c9tat membre o\u00f9 vous r\u00e9sidez, o\u00f9 vous travaillez ou<br \/>o\u00f9 la violation pr\u00e9sum\u00e9e a eu lieu.<\/p>\n<p>6.2 DROIT D&rsquo;OPPOSITION<\/p>\n<p>LORSQUE, DANS LE CADRE D\u2019UNE \u00c9VALUATION DES INT\u00c9R\u00caTS, NOUS TRAITONS VOS DONN\u00c9ES \u00c0 CARACT\u00c8RE PERSONNEL<br \/>EN RAISON DE NOTRE INT\u00c9R\u00caT L\u00c9GITIME PR\u00c9POND\u00c9RANT<br \/>, VOUS DISPOSEZ \u00c0 TOUT MOMENT DU DROIT, POUR DES RAISONS LI\u00c9ES \u00c0<br \/>VOTRE SITUATION PARTICULI\u00c8RE, DE VOUS OPPOSER \u00c0 CE TRAITEMENT<br \/>AVEC EFFET POUR L&rsquo;AVENIR.<br \/>SI VOUS EXERCER VOTRE DROIT D\u2019OPPOSITION, NOUS METTRONS FIN AU TRAITEMENT DES DONN\u00c9ES CONCERN\u00c9ES<br \/>. UN TRAITEMENT ULT\u00c9RIEUR DEMEURE TOUTEFOIS R\u00c9SERV\u00c9<br \/>SI NOUS POUVONS D\u00c9MONTRER L\u2019EXISTENCE DE RAISONS IMP\u00c9RIEUSES ET L\u00c9GITIMES JUSTIFIANT LE TRAITEMENT<br \/>QUI PR\u00c9VALENT SUR VOS INT\u00c9R\u00caTS, vos droits fondamentaux et vos libert\u00e9s fondamentales<br \/>l\u2019emportent, ou si le traitement sert \u00e0 faire valoir, exercer ou d\u00e9fendre des droits<\/p>\n<p> . <\/p>\n<p>SI NOUS TRAITONS VOS DONN\u00c9ES \u00c0 CARACT\u00c8RE PERSONNEL AFIN DE VOUS ENVOYER DES MESSAGES PUBLICITAIRES DIRECTS<br \/>, VOUS DISPOSEZ DU DROIT DE VOUS OPPOSER \u00c0 TOUT MOMENT<br \/>AU TRAITEMENT DES DONN\u00c9ES \u00c0 CARACT\u00c8RE PERSONNEL VOUS CONCERNANT \u00c0 DES FINS<br \/>DE PUBLICIT\u00c9 DE CE TYPE. VOUS POUVEZ EXERCER VOTRE DROIT D&rsquo;OPPOSITION COMME D\u00c9CRIT CI-DESSUS<br \/>. <\/p>\n<p>FAITES VALOIR VOTRE DROIT D&rsquo;OPPOSITION, ET NOUS METTRONS FIN AU TRAITEMENT<br \/>DES DONN\u00c9ES CONCERN\u00c9ES \u00c0 DES FINS DE MARKETING DIRECT.<\/p>\n<p>[\/et_pb_accordion_item][et_pb_accordion_item title=\u00a0\u00bb7) Dur\u00e9e de conservation des donn\u00e9es \u00e0 caract\u00e8re personnel\u00a0\u00bb _builder_version=\u00a0\u00bb4.16&Prime; _module_preset=\u00a0\u00bbdefault\u00a0\u00bb global_colors_info=\u00a0\u00bb{}\u00a0\u00bb open=\u00a0\u00bboff\u00a0\u00bb]<\/p>\n<p>La dur\u00e9e de conservation des donn\u00e9es \u00e0 caract\u00e8re personnel est d\u00e9termin\u00e9e en fonction de la base juridique applicable<br \/>, de la finalit\u00e9 du traitement et, le cas \u00e9ch\u00e9ant,<br \/>, du d\u00e9lai de conservation l\u00e9gal applicable (par exemple, les d\u00e9lais de conservation pr\u00e9vus par le droit commercial et<br \/>le droit fiscal).<\/p>\n<p>Lors du traitement de donn\u00e9es \u00e0 caract\u00e8re personnel sur la base d&rsquo;un consentement explicite<br \/>conform\u00e9ment \u00e0 l&rsquo;article 6, paragraphe 1, point a), du RGPD, ces donn\u00e9es sont conserv\u00e9es<br \/>jusqu&rsquo;\u00e0 ce que la personne concern\u00e9e retire son consentement.  <\/p>\n<p>S&rsquo;il existe des d\u00e9lais de conservation l\u00e9gaux pour les donn\u00e9es trait\u00e9es dans le cadre<br \/>d&rsquo;obligations contractuelles ou assimil\u00e9es, sur la base<br \/>de l&rsquo;article 6, paragraphe 1, point b) du RGPD, ces donn\u00e9es sont syst\u00e9matiquement supprim\u00e9es \u00e0 l&rsquo;expiration des d\u00e9lais de conservation<br \/>, \u00e0 condition qu\u2019elles ne soient plus n\u00e9cessaires \u00e0 l\u2019<br \/>ex\u00e9cution ou \u00e0 la n\u00e9gociation d\u2019un contrat et\/ou qu\u2019il n\u2019existe plus, de notre part, d\u2019<br \/>int\u00e9r\u00eat l\u00e9gitime justifiant leur conservation.  <\/p>\n<p>Lors du traitement de donn\u00e9es \u00e0 caract\u00e8re personnel sur la base de l\u2019article 6, paragraphe 1, points<br \/>du RGPD, ces donn\u00e9es sont conserv\u00e9es jusqu\u2019\u00e0 ce que la personne concern\u00e9e exerce son droit d\u2019opposition<br \/>conform\u00e9ment \u00e0 l\u2019article 21, paragraphe 1, du RGPD, sauf si nous puissions<br \/>d\u00e9montrer l\u2019existence de motifs l\u00e9gitimes et imp\u00e9rieux justifiant le traitement, qui pr\u00e9valent sur les int\u00e9r\u00eats,<br \/>les droits et les libert\u00e9s de la personne concern\u00e9e, ou que le traitement serve<br \/>\u00e0 la constatation, \u00e0 l\u2019exercice ou \u00e0 la d\u00e9fense de droits en justice.  <\/p>\n<p>Lors du traitement de donn\u00e9es \u00e0 caract\u00e8re personnel \u00e0 des fins de prospection directe sur<br \/>, conform\u00e9ment \u00e0 l&rsquo;article 6, paragraphe 1, point f) du RGPD, ces donn\u00e9es sont conserv\u00e9es jusqu&rsquo;\u00e0 ce que<br \/>la personne concern\u00e9e exerce son droit d&rsquo;opposition en vertu de l&rsquo;article 21, paragraphe 2 du RGPD.<br \/>Sauf indication contraire dans les autres informations de la pr\u00e9sente d\u00e9claration concernant des situations de traitement sp\u00e9cifiques<br \/>, les donn\u00e9es \u00e0 caract\u00e8re personnel enregistr\u00e9es<br \/>sont par ailleurs effac\u00e9es lorsqu\u2019elles ne sont plus n\u00e9cessaires aux fins pour lesquelles elles ont \u00e9t\u00e9 collect\u00e9es ou trait\u00e9es d\u2019une autre mani\u00e8re sur<br \/>.   <\/p>\n<p>[\/et_pb_accordion_item][\/et_pb_accordion][et_pb_button button_url=\u00a0\u00bbhttps:\/\/www.logistic-natives.com\/wp-content\/uploads\/2020\/10\/Satzung-logistic-natives-e.V.-29.04.2020.pdf\u00a0\u00bb url_new_window=\u00a0\u00bbon\u00a0\u00bb button_text=\u00a0\u00bbVous pouvez t\u00e9l\u00e9charger les statuts ici\u00a0\u00bb _builder_version=\u00a0\u00bb4.16&Prime; _module_preset=\u00a0\u00bbdefault\u00a0\u00bb global_colors_info=\u00a0\u00bb{}\u00a0\u00bb][\/et_pb_button][\/et_pb_column][et_pb_column type=\u00a0\u00bb1_4&Prime; _builder_version=\u00a0\u00bb4.16&Prime; _module_preset=\u00a0\u00bbdefault\u00a0\u00bb global_colors_info=\u00a0\u00bb{}\u00a0\u00bb][et_pb_team_member name=\u00a0\u00bbFlorian Seikel\u00a0\u00bb position=\u00a0\u00bbDirecteur g\u00e9n\u00e9ral\u00a0\u00bb image_url=\u00a0\u00bbhttps:\/\/www.logistic-natives.com\/wp-content\/uploads\/2020\/07\/Florian-Seikel-Logistic-natives-1.png\u00a0\u00bb linkedin_url=\u00a0\u00bbhttps:\/\/www.linkedin.com\/in\/florian-seikel-87a0aa169\/\u00a0\u00bb _builder_version=\u00a0\u00bb4.24.1&Prime; _module_preset=\u00a0\u00bbdefault\u00a0\u00bb header_text_align=\u00a0\u00bbcenter\u00a0\u00bb body_text_align=\u00a0\u00bbcenter\u00a0\u00bb body_font_size=\u00a0\u00bb12px\u00a0\u00bb position_font=\u00a0\u00bb|600|||||||\u00a0\u00bb position_text_align=\u00a0\u00bbcenter\u00a0\u00bb position_font_size=\u00a0\u00bb16px\u00a0\u00bb background_color=\u00a0\u00bbRGBA(255,255,255,0)\u00a0\u00bb custom_padding=\u00a0\u00bb10px|10px|10px|10px|true|false\u00a0\u00bb border_radii=\u00a0\u00bboff||||\u00a0\u00bb border_width_all=\u00a0\u00bb1px\u00a0\u00bb border_color_all=\u00a0\u00bb#d8d8d8&Prime; border_radii_image=\u00a0\u00bboff||||\u00a0\u00bb box_shadow_style=\u00a0\u00bbpreset2&Prime; global_module=\u00a0\u00bb1335&Prime; saved_tabs=\u00a0\u00bball\u00a0\u00bb locked=\u00a0\u00bboff\u00a0\u00bb global_colors_info=\u00a0\u00bb{}\u00a0\u00bb]<\/p>\n<p>Tel. +49 162-2561001<\/p>\n<p>[\/et_pb_team_member][et_pb_text admin_label=\u00a0\u00bbMen\u00fc-\u00dcberuns\u00a0\u00bb _builder_version=\u00a0\u00bb4.7.5&Prime; _module_preset=\u00a0\u00bbdefault\u00a0\u00bb background_color=\u00a0\u00bb#ffffff\u00a0\u00bb custom_padding=\u00a0\u00bb15px|15px|15px|15px|true|true\u00a0\u00bb border_width_all=\u00a0\u00bb1px\u00a0\u00bb border_color_all=\u00a0\u00bb#d8d8d8&Prime; global_module=\u00a0\u00bb1846&Prime; saved_tabs=\u00a0\u00bball\u00a0\u00bb global_colors_info=\u00a0\u00bb{}\u00a0\u00bb]<\/p>\n<h3>Weitere Information<\/h3>\n<ul>\n<li><a href=\"https:\/\/www.logistic-natives.com\/fr?page_id=33084\">Satzung<\/a><\/li>\n<li><a href=\"https:\/\/www.logistic-natives.com\/fr?page_id=33146\">Beitragsordnung<\/a><\/li>\n<li><a href=\"https:\/\/www.logistic-natives.com\/fr?page_id=33228\">Mitglieder<\/a><\/li>\n<li><a href=\"https:\/\/www.logistic-natives.com\/fr?page_id=33178\">Mitglied werden<\/a><\/li>\n<li><a href=\"https:\/\/www.logistic-natives.com\/fr?page_id=32991\">\u00dcber uns<\/a><\/li>\n<li><a href=\"https:\/\/www.logistic-natives.com\/ueber-uns\/expertenrat\">Expertenrat<\/a>\n<\/li>\n<\/ul>\n<p>[\/et_pb_text][\/et_pb_column][\/et_pb_row][\/et_pb_section]<\/p>\n","protected":false},"excerpt":{"rendered":"<p>Politique de confidentialit\u00e91. La protection des donn\u00e9es en bref Remarques g\u00e9n\u00e9rales Les informations suivantes vous donnent un aper\u00e7u simple de la mani\u00e8re dont vos donn\u00e9es \u00e0 caract\u00e8re personnel sont trait\u00e9es lorsque vous consultez ce site web. Les donn\u00e9es \u00e0 caract\u00e8re personnel d\u00e9signent toutes les donn\u00e9es permettant de vous identifier personnellement. Vous trouverez des informations d\u00e9taill\u00e9es [&hellip;]<\/p>\n","protected":false},"author":6,"featured_media":0,"parent":0,"menu_order":0,"comment_status":"closed","ping_status":"closed","template":"","meta":{"_et_pb_use_builder":"on","_et_pb_old_content":"","_et_gb_content_width":"","footnotes":""},"class_list":["post-33273","page","type-page","status-publish","hentry"],"yoast_head":"<!-- This site is optimized with the Yoast SEO plugin v28.3 - https:\/\/yoast.com\/product\/yoast-seo-wordpress\/ -->\n<title>Protection des donn\u00e9es | Logistic Natives e.V.<\/title>\n<meta name=\"robots\" content=\"index, follow, max-snippet:-1, max-image-preview:large, max-video-preview:-1\" \/>\n<link rel=\"canonical\" href=\"https:\/\/www.logistic-natives.com\/fr\/protection-des-donnees\" \/>\n<meta property=\"og:locale\" content=\"fr_FR\" \/>\n<meta property=\"og:type\" content=\"article\" \/>\n<meta property=\"og:title\" content=\"Protection des donn\u00e9es | Logistic Natives e.V.\" \/>\n<meta property=\"og:description\" content=\"Politique de confidentialit\u00e91. La protection des donn\u00e9es en bref Remarques g\u00e9n\u00e9rales Les informations suivantes vous donnent un aper\u00e7u simple de la mani\u00e8re dont vos donn\u00e9es \u00e0 caract\u00e8re personnel sont trait\u00e9es lorsque vous consultez ce site web. Les donn\u00e9es \u00e0 caract\u00e8re personnel d\u00e9signent toutes les donn\u00e9es permettant de vous identifier personnellement. Vous trouverez des informations d\u00e9taill\u00e9es [&hellip;]\" \/>\n<meta property=\"og:url\" content=\"https:\/\/www.logistic-natives.com\/fr\/protection-des-donnees\" \/>\n<meta property=\"og:site_name\" content=\"Logistic Natives e.V.\" \/>\n<meta property=\"article:modified_time\" content=\"2026-07-30T15:20:20+00:00\" \/>\n<meta property=\"og:image\" content=\"https:\/\/www.logistic-natives.com\/wp-content\/uploads\/2020\/11\/logistic-natives-logo.jpg\" \/>\n\t<meta property=\"og:image:width\" content=\"258\" \/>\n\t<meta property=\"og:image:height\" content=\"375\" \/>\n\t<meta property=\"og:image:type\" content=\"image\/jpeg\" \/>\n<meta name=\"twitter:card\" content=\"summary_large_image\" \/>\n<meta name=\"twitter:label1\" content=\"Dur\u00e9e de lecture estim\u00e9e\" \/>\n\t<meta name=\"twitter:data1\" content=\"40 minutes\" \/>\n<script type=\"application\/ld+json\" class=\"yoast-schema-graph\">{\"@context\":\"https:\\\/\\\/schema.org\",\"@graph\":[{\"@type\":\"WebPage\",\"@id\":\"https:\\\/\\\/www.logistic-natives.com\\\/fr\\\/protection-des-donnees\",\"url\":\"https:\\\/\\\/www.logistic-natives.com\\\/fr\\\/protection-des-donnees\",\"name\":\"Protection des donn\u00e9es | Logistic Natives e.V.\",\"isPartOf\":{\"@id\":\"https:\\\/\\\/www.logistic-natives.com\\\/fr#website\"},\"datePublished\":\"2020-11-21T20:00:15+00:00\",\"dateModified\":\"2026-07-30T15:20:20+00:00\",\"breadcrumb\":{\"@id\":\"https:\\\/\\\/www.logistic-natives.com\\\/fr\\\/protection-des-donnees#breadcrumb\"},\"inLanguage\":\"fr-FR\",\"potentialAction\":[{\"@type\":\"ReadAction\",\"target\":[\"https:\\\/\\\/www.logistic-natives.com\\\/fr\\\/protection-des-donnees\"]}]},{\"@type\":\"BreadcrumbList\",\"@id\":\"https:\\\/\\\/www.logistic-natives.com\\\/fr\\\/protection-des-donnees#breadcrumb\",\"itemListElement\":[{\"@type\":\"ListItem\",\"position\":1,\"name\":\"Home\",\"item\":\"https:\\\/\\\/www.logistic-natives.com\\\/fr?page_id=33056\"},{\"@type\":\"ListItem\",\"position\":2,\"name\":\"Protection des donn\u00e9es\"}]},{\"@type\":\"WebSite\",\"@id\":\"https:\\\/\\\/www.logistic-natives.com\\\/fr#website\",\"url\":\"https:\\\/\\\/www.logistic-natives.com\\\/fr\",\"name\":\"Logistic Natives e.V.\",\"description\":\"Network of international logistics infrastructure in modern commerce\",\"publisher\":{\"@id\":\"https:\\\/\\\/www.logistic-natives.com\\\/fr#organization\"},\"potentialAction\":[{\"@type\":\"SearchAction\",\"target\":{\"@type\":\"EntryPoint\",\"urlTemplate\":\"https:\\\/\\\/www.logistic-natives.com\\\/fr?s={search_term_string}\"},\"query-input\":{\"@type\":\"PropertyValueSpecification\",\"valueRequired\":true,\"valueName\":\"search_term_string\"}}],\"inLanguage\":\"fr-FR\"},{\"@type\":\"Organization\",\"@id\":\"https:\\\/\\\/www.logistic-natives.com\\\/fr#organization\",\"name\":\"logistic-natives e.V.\",\"url\":\"https:\\\/\\\/www.logistic-natives.com\\\/fr\",\"logo\":{\"@type\":\"ImageObject\",\"inLanguage\":\"fr-FR\",\"@id\":\"https:\\\/\\\/www.logistic-natives.com\\\/fr#\\\/schema\\\/logo\\\/image\\\/\",\"url\":\"https:\\\/\\\/www.logistic-natives.com\\\/wp-content\\\/uploads\\\/2020\\\/12\\\/logistic-natives-logo_500x572px_PFAD.jpg\",\"contentUrl\":\"https:\\\/\\\/www.logistic-natives.com\\\/wp-content\\\/uploads\\\/2020\\\/12\\\/logistic-natives-logo_500x572px_PFAD.jpg\",\"width\":500,\"height\":572,\"caption\":\"logistic-natives e.V.\"},\"image\":{\"@id\":\"https:\\\/\\\/www.logistic-natives.com\\\/fr#\\\/schema\\\/logo\\\/image\\\/\"}}]}<\/script>\n<!-- \/ Yoast SEO plugin. -->","yoast_head_json":{"title":"Protection des donn\u00e9es | Logistic Natives e.V.","robots":{"index":"index","follow":"follow","max-snippet":"max-snippet:-1","max-image-preview":"max-image-preview:large","max-video-preview":"max-video-preview:-1"},"canonical":"https:\/\/www.logistic-natives.com\/fr\/protection-des-donnees","og_locale":"fr_FR","og_type":"article","og_title":"Protection des donn\u00e9es | Logistic Natives e.V.","og_description":"Politique de confidentialit\u00e91. La protection des donn\u00e9es en bref Remarques g\u00e9n\u00e9rales Les informations suivantes vous donnent un aper\u00e7u simple de la mani\u00e8re dont vos donn\u00e9es \u00e0 caract\u00e8re personnel sont trait\u00e9es lorsque vous consultez ce site web. Les donn\u00e9es \u00e0 caract\u00e8re personnel d\u00e9signent toutes les donn\u00e9es permettant de vous identifier personnellement. Vous trouverez des informations d\u00e9taill\u00e9es [&hellip;]","og_url":"https:\/\/www.logistic-natives.com\/fr\/protection-des-donnees","og_site_name":"Logistic Natives e.V.","article_modified_time":"2026-07-30T15:20:20+00:00","og_image":[{"width":258,"height":375,"url":"https:\/\/www.logistic-natives.com\/wp-content\/uploads\/2020\/11\/logistic-natives-logo.jpg","type":"image\/jpeg"}],"twitter_card":"summary_large_image","twitter_misc":{"Dur\u00e9e de lecture estim\u00e9e":"40 minutes"},"schema":{"@context":"https:\/\/schema.org","@graph":[{"@type":"WebPage","@id":"https:\/\/www.logistic-natives.com\/fr\/protection-des-donnees","url":"https:\/\/www.logistic-natives.com\/fr\/protection-des-donnees","name":"Protection des donn\u00e9es | Logistic Natives e.V.","isPartOf":{"@id":"https:\/\/www.logistic-natives.com\/fr#website"},"datePublished":"2020-11-21T20:00:15+00:00","dateModified":"2026-07-30T15:20:20+00:00","breadcrumb":{"@id":"https:\/\/www.logistic-natives.com\/fr\/protection-des-donnees#breadcrumb"},"inLanguage":"fr-FR","potentialAction":[{"@type":"ReadAction","target":["https:\/\/www.logistic-natives.com\/fr\/protection-des-donnees"]}]},{"@type":"BreadcrumbList","@id":"https:\/\/www.logistic-natives.com\/fr\/protection-des-donnees#breadcrumb","itemListElement":[{"@type":"ListItem","position":1,"name":"Home","item":"https:\/\/www.logistic-natives.com\/fr?page_id=33056"},{"@type":"ListItem","position":2,"name":"Protection des donn\u00e9es"}]},{"@type":"WebSite","@id":"https:\/\/www.logistic-natives.com\/fr#website","url":"https:\/\/www.logistic-natives.com\/fr","name":"Logistic Natives e.V.","description":"Network of international logistics infrastructure in modern commerce","publisher":{"@id":"https:\/\/www.logistic-natives.com\/fr#organization"},"potentialAction":[{"@type":"SearchAction","target":{"@type":"EntryPoint","urlTemplate":"https:\/\/www.logistic-natives.com\/fr?s={search_term_string}"},"query-input":{"@type":"PropertyValueSpecification","valueRequired":true,"valueName":"search_term_string"}}],"inLanguage":"fr-FR"},{"@type":"Organization","@id":"https:\/\/www.logistic-natives.com\/fr#organization","name":"logistic-natives e.V.","url":"https:\/\/www.logistic-natives.com\/fr","logo":{"@type":"ImageObject","inLanguage":"fr-FR","@id":"https:\/\/www.logistic-natives.com\/fr#\/schema\/logo\/image\/","url":"https:\/\/www.logistic-natives.com\/wp-content\/uploads\/2020\/12\/logistic-natives-logo_500x572px_PFAD.jpg","contentUrl":"https:\/\/www.logistic-natives.com\/wp-content\/uploads\/2020\/12\/logistic-natives-logo_500x572px_PFAD.jpg","width":500,"height":572,"caption":"logistic-natives e.V."},"image":{"@id":"https:\/\/www.logistic-natives.com\/fr#\/schema\/logo\/image\/"}}]}},"_links":{"self":[{"href":"https:\/\/www.logistic-natives.com\/fr\/wp-json\/wp\/v2\/pages\/33273","targetHints":{"allow":["GET"]}}],"collection":[{"href":"https:\/\/www.logistic-natives.com\/fr\/wp-json\/wp\/v2\/pages"}],"about":[{"href":"https:\/\/www.logistic-natives.com\/fr\/wp-json\/wp\/v2\/types\/page"}],"author":[{"embeddable":true,"href":"https:\/\/www.logistic-natives.com\/fr\/wp-json\/wp\/v2\/users\/6"}],"replies":[{"embeddable":true,"href":"https:\/\/www.logistic-natives.com\/fr\/wp-json\/wp\/v2\/comments?post=33273"}],"version-history":[{"count":0,"href":"https:\/\/www.logistic-natives.com\/fr\/wp-json\/wp\/v2\/pages\/33273\/revisions"}],"wp:attachment":[{"href":"https:\/\/www.logistic-natives.com\/fr\/wp-json\/wp\/v2\/media?parent=33273"}],"curies":[{"name":"wp","href":"https:\/\/api.w.org\/{rel}","templated":true}]}}