{"id":33299,"date":"2020-10-26T13:02:21","date_gmt":"2020-10-26T12:02:21","guid":{"rendered":"https:\/\/www.logistic-natives.com\/a-propos-de-nous\/statuts"},"modified":"2026-07-30T16:24:54","modified_gmt":"2026-07-30T15:24:54","slug":"statuts","status":"publish","type":"page","link":"https:\/\/www.logistic-natives.com\/fr\/a-propos-de-nous\/statuts","title":{"rendered":"Statuts"},"content":{"rendered":"<p>[et_pb_section fb_built=\u00a0\u00bb1&Prime; custom_padding_last_edited=\u00a0\u00bbon|phone\u00a0\u00bb admin_label=\u00a0\u00bbsection\u00a0\u00bb _builder_version=\u00a0\u00bb4.6.6&Prime; background_color=\u00a0\u00bbrgba(5,38,89,0.43)\u00a0\u00bb background_image=\u00a0\u00bbhttps:\/\/www.logistic-natives.com\/wp-content\/uploads\/2020\/06\/logistic-dark-bg.jpg\u00a0\u00bb custom_padding=\u00a0\u00bb0vh||0vh|||\u00a0\u00bb custom_padding_tablet=\u00a0\u00bb22vh||24vh|\u00a0\u00bb custom_padding_phone=\u00a0\u00bb10vh||10vh|\u00a0\u00bb][et_pb_row admin_label=\u00a0\u00bbrow\u00a0\u00bb _builder_version=\u00a0\u00bb4.6.6&Prime; background_enable_image=\u00a0\u00bboff\u00a0\u00bb background_size=\u00a0\u00bbinitial\u00a0\u00bb background_position=\u00a0\u00bbtop_left\u00a0\u00bb background_repeat=\u00a0\u00bbrepeat\u00a0\u00bb max_width=\u00a0\u00bb1500px\u00a0\u00bb module_alignment=\u00a0\u00bbcenter\u00a0\u00bb min_height=\u00a0\u00bb150px\u00a0\u00bb custom_margin=\u00a0\u00bb||||false|false\u00a0\u00bb make_fullwidth=\u00a0\u00bboff\u00a0\u00bb use_custom_width=\u00a0\u00bbon\u00a0\u00bb width_unit=\u00a0\u00bbon\u00a0\u00bb custom_width_px=\u00a0\u00bb1600px\u00a0\u00bb][et_pb_column type=\u00a0\u00bb4_4&Prime; _builder_version=\u00a0\u00bb3.25&Prime; custom_padding=\u00a0\u00bb|||\u00a0\u00bb custom_padding__hover=\u00a0\u00bb|||\u00a0\u00bb][et_pb_cta title=\u00a0\u00bbStatuts\u00a0\u00bb _builder_version=\u00a0\u00bb4.6.6&Prime; header_font=\u00a0\u00bbOpen Sans||||||||\u00a0\u00bb header_font_size=\u00a0\u00bb90&Prime; header_line_height=\u00a0\u00bb1.2em\u00a0\u00bb body_font=\u00a0\u00bb|on||on|\u00a0\u00bb body_font_size=\u00a0\u00bb26&Prime; use_background_color=\u00a0\u00bboff\u00a0\u00bb background_size=\u00a0\u00bbinitial\u00a0\u00bb background_position=\u00a0\u00bbtop_left\u00a0\u00bb background_repeat=\u00a0\u00bbrepeat\u00a0\u00bb custom_button=\u00a0\u00bbon\u00a0\u00bb button_bg_color=\u00a0\u00bb#0c71c3&Prime; min_height=\u00a0\u00bb150px\u00a0\u00bb custom_padding=\u00a0\u00bb60px||0px|0px|false|false\u00a0\u00bb hover_enabled=\u00a0\u00bb0&Prime; header_font_size_tablet=\u00a0\u00bb70&Prime; header_font_size_phone=\u00a0\u00bb30&Prime; header_font_size_last_edited=\u00a0\u00bbon|phone\u00a0\u00bb body_font_size_tablet=\u00a0\u00bb24&Prime; body_font_size_phone=\u00a0\u00bb18&Prime; body_font_size_last_edited=\u00a0\u00bbon|phone\u00a0\u00bb custom_css_promo_title=\u00a0\u00bbtext-transform: none;||font-weight: 300;\u00a0\u00bb text_shadow_style=\u00a0\u00bbpreset5&Prime; use_border_color=\u00a0\u00bboff\u00a0\u00bb border_color=\u00a0\u00bb#ffffff\u00a0\u00bb border_style=\u00a0\u00bbsolid\u00a0\u00bb button_letter_spacing_hover=\u00a0\u00bb0&Prime; inline_fonts=\u00a0\u00bbOpen Sans\u00a0\u00bb button_text_size__hover_enabled=\u00a0\u00bboff\u00a0\u00bb button_one_text_size__hover_enabled=\u00a0\u00bboff\u00a0\u00bb button_two_text_size__hover_enabled=\u00a0\u00bboff\u00a0\u00bb button_text_color__hover_enabled=\u00a0\u00bboff\u00a0\u00bb button_one_text_color__hover_enabled=\u00a0\u00bboff\u00a0\u00bb button_two_text_color__hover_enabled=\u00a0\u00bboff\u00a0\u00bb button_border_width__hover_enabled=\u00a0\u00bboff\u00a0\u00bb button_one_border_width__hover_enabled=\u00a0\u00bboff\u00a0\u00bb button_two_border_width__hover_enabled=\u00a0\u00bboff\u00a0\u00bb button_border_color__hover_enabled=\u00a0\u00bboff\u00a0\u00bb button_one_border_color__hover_enabled=\u00a0\u00bboff\u00a0\u00bb button_two_border_color__hover_enabled=\u00a0\u00bboff\u00a0\u00bb button_border_radius__hover_enabled=\u00a0\u00bboff\u00a0\u00bb button_one_border_radius__hover_enabled=\u00a0\u00bboff\u00a0\u00bb button_two_border_radius__hover_enabled=\u00a0\u00bboff\u00a0\u00bb button_letter_spacing__hover_enabled=\u00a0\u00bbon\u00a0\u00bb button_letter_spacing__hover=\u00a0\u00bb0&Prime; button_one_letter_spacing__hover_enabled=\u00a0\u00bboff\u00a0\u00bb button_two_letter_spacing__hover_enabled=\u00a0\u00bboff\u00a0\u00bb button_bg_color__hover_enabled=\u00a0\u00bboff\u00a0\u00bb button_one_bg_color__hover_enabled=\u00a0\u00bboff\u00a0\u00bb button_two_bg_color__hover_enabled=\u00a0\u00bboff\u00a0\u00bb sticky_enabled=\u00a0\u00bb0&Prime; max_height=\u00a0\u00bb250px\u00a0\u00bb][\/et_pb_cta][\/et_pb_column][\/et_pb_row][\/et_pb_section][et_pb_section fb_built=\u00a0\u00bb1&Prime; custom_padding_last_edited=\u00a0\u00bbon|desktop\u00a0\u00bb admin_label=\u00a0\u00bbServices\u00a0\u00bb _builder_version=\u00a0\u00bb4.6.6&Prime; background_color=\u00a0\u00bb#efefef\u00a0\u00bb background_enable_image=\u00a0\u00bboff\u00a0\u00bb custom_margin=\u00a0\u00bb|||\u00a0\u00bb custom_padding=\u00a0\u00bb70px|0px|70px|0px|true|false\u00a0\u00bb custom_padding_tablet=\u00a0\u00bb100px||40px|\u00a0\u00bb custom_padding_phone=\u00a0\u00bb||40px|\u00a0\u00bb top_divider_height=\u00a0\u00bb60px\u00a0\u00bb border_color_all=\u00a0\u00bbrgba(0,0,0,0)\u00a0\u00bb border_style_all=\u00a0\u00bbnone\u00a0\u00bb][et_pb_row column_structure=\u00a0\u00bb3_4,1_4&Prime; _builder_version=\u00a0\u00bb4.5.1&Prime; _module_preset=\u00a0\u00bbdefault\u00a0\u00bb][et_pb_column type=\u00a0\u00bb3_4&Prime; _builder_version=\u00a0\u00bb4.5.1&Prime; _module_preset=\u00a0\u00bbdefault\u00a0\u00bb][et_pb_accordion _builder_version=\u00a0\u00bb4.6.6&Prime; _module_preset=\u00a0\u00bbdefault\u00a0\u00bb][et_pb_accordion_item title=\u00a0\u00bb\u00a7 1 Nom, si\u00e8ge social et exercice social\u00a0\u00bb open=\u00a0\u00bbon\u00a0\u00bb _builder_version=\u00a0\u00bb4.6.6&Prime; _module_preset=\u00a0\u00bbdefault\u00a0\u00bb]<\/p>\n<p>L&rsquo;association porte le nom suivant : logistic-natives e.V. Son si\u00e8ge social est situ\u00e9 \u00e0 Berlin. L&rsquo;association peut cr\u00e9er d&rsquo;autres bureaux, y compris dans d&rsquo;autres pays. Cela s&rsquo;effectue sur la base d&rsquo;un accord contractuel conclu avec le partenaire local. Le contrat repose sur les statuts de l\u2019association logistic-natives e.V. L\u2019exercice social de l\u2019association correspond \u00e0 l\u2019ann\u00e9e civile. Les exercices \u00e9court\u00e9s se terminent \u00e0 la fin de l\u2019ann\u00e9e civile.     <\/p>\n<p>[\/et_pb_accordion_item][et_pb_accordion_item title=\u00a0\u00bb\u00a7 2 Objet et missions\u00a0\u00bb _builder_version=\u00a0\u00bb4.6.6&Prime; _module_preset=\u00a0\u00bbdefault\u00a0\u00bb open=\u00a0\u00bboff\u00a0\u00bb]<\/p>\n<p>L&rsquo;association, dont l&rsquo;activit\u00e9 n&rsquo;est pas \u00e0 but lucratif, a pour objet principal, mais non exclusif :<\/p>\n<ol>\n<li>la capacit\u00e9 \u00e0 accompagner la num\u00e9risation progressive de tous les membres de l&rsquo;association et d&rsquo;autres entreprises ;<\/li>\n<li>le soutien \u00e0 la livraison de marchandises par le biais des moyens de communication num\u00e9riques, dans une optique d&rsquo;optimisation des livraisons, de d\u00e9veloppement durable, de gestion du cycle de vie, de logistique circulaire et de gestion des retours ;<\/li>\n<li>la promotion de projets communs dans l&rsquo;int\u00e9r\u00eat de l&rsquo;association et de tous ses membres ;<\/li>\n<li>la concertation, \u00e0 cette fin, avec les repr\u00e9sentants d&rsquo;autres associations, par exemple les associations professionnelles, les associations de consommateurs, les associations de commerce en ligne, les associations nationales et internationales de logistique et de transport, ainsi que les activit\u00e9s connexes men\u00e9es avec les associations du secteur des services financiers et d&rsquo;autres instances officielles ;\u2028<\/li>\n<li>la mise \u00e0 disposition de toute infrastructure servant aux objectifs de l&rsquo;association ;<\/li>\n<li>la repr\u00e9sentation de l&rsquo;association au sein des instances et organisations nationales, europ\u00e9ennes et mondiales concern\u00e9es, y compris les institutions sp\u00e9cialis\u00e9es des Nations Unies, notamment, mais sans s&rsquo;y limiter, l&rsquo;UPU, le groupe de travail eLogistics d&rsquo;Ecommerce Europe, les instances de la Commission europ\u00e9enne et les organismes de normalisation.<\/li>\n<\/ol>\n<p>L&rsquo;objet de l&rsquo;association doit \u00eatre atteint par les moyens immat\u00e9riels suivants. Cette liste n&rsquo;est pas exhaustive. Les moyens immat\u00e9riels sont les suivants :\u2028  <\/p>\n<ol>\n<li>Participation \u00e0 la normalisation nationale, europ\u00e9enne et mondiale des sp\u00e9cifications techniques et propres au secteur des t\u00e9l\u00e9communications ;<\/li>\n<li>Des entretiens avec des organismes et des associations repr\u00e9sentatives, ainsi que des \u00e9changes d&rsquo;informations avec les membres de l&rsquo;association, des expertises, une participation aux instances comp\u00e9tentes, ainsi que la formulation de propositions visant \u00e0 l&rsquo;\u00e9laboration de lois, de normes d&rsquo;application et de r\u00e8glements adapt\u00e9s \u00e0 la pratique ;<\/li>\n<li>Organisation de salons, de r\u00e9unions d&rsquo;information, de colloques, de s\u00e9minaires et d&rsquo;\u00e9v\u00e9nements similaires ;<\/li>\n<li>R\u00e9alisation d&rsquo;\u00e9tudes ;<\/li>\n<li>Certification et audit de la mise en \u0153uvre de normes techniques et sp\u00e9cifiques aux messages conformes aux exigences (par exemple : XML, interfaces EDI) ;<\/li>\n<li>\u00c9change d&rsquo;exp\u00e9riences entre les membres ;<\/li>\n<li>\u00c9dition de revues p\u00e9riodiques et non p\u00e9riodiques, de bulletins d&rsquo;information et d&rsquo;autres publications ;\u2028<\/li>\n<li>Participation aux associations et soci\u00e9t\u00e9s mentionn\u00e9es dans l&rsquo;objet social.<\/li>\n<\/ol>\n<p>&nbsp;<\/p>\n<p>Afin de permettre la mise en place d&rsquo;une infrastructure f\u00e9d\u00e9rative pour la mise en \u0153uvre op\u00e9rationnelle de l&rsquo;objet de l&rsquo;association, une soci\u00e9t\u00e9 d&rsquo;exploitation peut \u00eatre cr\u00e9\u00e9e.<\/p>\n<p>[\/et_pb_accordion_item][et_pb_accordion_item title=\u00a0\u00bb\u00a7 3 Ressources et d\u00e9penses\u00a0\u00bb _builder_version=\u00a0\u00bb4.6.6&Prime; _module_preset=\u00a0\u00bbdefault\u00a0\u00bb open=\u00a0\u00bboff\u00a0\u00bb]<\/p>\n<p>L&rsquo;association dispose principalement des ressources mat\u00e9rielles suivantes :<\/p>\n<ol>\n<li>Cotisations des membres ;<\/li>\n<li>Recettes provenant d&rsquo;\u00e9v\u00e9nements (s\u00e9minaires, formations, voyages d&rsquo;\u00e9tude, etc.) ;<\/li>\n<li>Dons, collectes et autres recettes et subventions ;<\/li>\n<li>Frais de certification et d&rsquo;audit ;<\/li>\n<li>R\u00e9mun\u00e9rations provenant de publications ;<\/li>\n<li>Chiffre d&rsquo;affaires li\u00e9 aux prestations de conseil.<\/li>\n<\/ol>\n<p>Les fonds de l&rsquo;association ne peuvent \u00eatre utilis\u00e9s qu&rsquo;aux fins pr\u00e9vues par les statuts.<\/p>\n<p>[\/et_pb_accordion_item][et_pb_accordion_item title=\u00a0\u00bb\u00a7 4 V\u00e9rification des comptes\u00a0\u00bb _builder_version=\u00a0\u00bb4.6.6&Prime; _module_preset=\u00a0\u00bbdefault\u00a0\u00bb open=\u00a0\u00bboff\u00a0\u00bb]<\/p>\n<p>La v\u00e9rification des op\u00e9rations de tr\u00e9sorerie est effectu\u00e9e chaque ann\u00e9e pour l&rsquo;exercice \u00e9coul\u00e9 par au moins un v\u00e9rificateur des comptes \u00e9lu par l&rsquo;assembl\u00e9e g\u00e9n\u00e9rale.<\/p>\n<p>Il incombe au v\u00e9rificateur des comptes de contr\u00f4ler les pi\u00e8ces comptables ainsi que leur comptabilisation en bonne et due forme, et de v\u00e9rifier l\u2019utilisation des fonds par l\u2019association ou par la soci\u00e9t\u00e9 charg\u00e9e par celle-ci de la gestion op\u00e9rationnelle. Il proc\u00e8de au relev\u00e9 de la tr\u00e9sorerie et du solde des comptes bancaires correspondants pour l\u2019exercice \u00e9coul\u00e9. Le contr\u00f4le ne porte pas sur le bien-fond\u00e9 des d\u00e9penses approuv\u00e9es par le comit\u00e9 directeur ou la direction. Tous les contr\u00f4les sont effectu\u00e9s chaque ann\u00e9e avant l\u2019assembl\u00e9e g\u00e9n\u00e9rale. Lors de l\u2019assembl\u00e9e g\u00e9n\u00e9rale, le v\u00e9rificateur des comptes doit rendre compte du r\u00e9sultat du contr\u00f4le des comptes en pr\u00e9sentant un rapport et formuler une recommandation quant \u00e0 la d\u00e9charge du comit\u00e9 directeur.    <\/p>\n<p>Le mandat du v\u00e9rificateur des comptes est de deux ans. Si aucun v\u00e9rificateur des comptes n&rsquo;est d\u00e9sign\u00e9, un cabinet d&rsquo;expertise comptable est charg\u00e9 de la v\u00e9rification des comptes. <\/p>\n<p>Par d\u00e9cision de l&rsquo;assembl\u00e9e g\u00e9n\u00e9rale, la dur\u00e9e du mandat d&rsquo;un v\u00e9rificateur aux comptes peut \u00eatre ramen\u00e9e \u00e0 un an.<\/p>\n<p>[\/et_pb_accordion_item][et_pb_accordion_item title=\u00a0\u00bb\u00a7 5 Acquisition et cat\u00e9gories d&apos;adh\u00e9sion\u00a0\u00bb _builder_version=\u00a0\u00bb4.6.6&Prime; _module_preset=\u00a0\u00bbdefault\u00a0\u00bb open=\u00a0\u00bboff\u00a0\u00bb]<\/p>\n<p>Seules les personnes morales ou les groupements de personnes (par exemple, des entreprises, des associations, des administrations, des fondations) qui s&rsquo;int\u00e9ressent \u00e0 l&rsquo;objet de l&rsquo;association peuvent demander \u00e0 devenir membres de celle-ci. Les personnes physiques ne peuvent pas devenir membres de l\u2019association, \u00e0 l\u2019exception des membres d\u2019honneur. En d\u00e9posant leur demande d\u2019adh\u00e9sion, celles-ci acceptent les statuts ainsi que les droits et obligations qui en d\u00e9coulent.  <\/p>\n<p>La demande d&rsquo;adh\u00e9sion doit \u00eatre adress\u00e9e par \u00e9crit au comit\u00e9 directeur. Ce dernier v\u00e9rifie si les conditions d&rsquo;adh\u00e9sion sont remplies et statue en dernier ressort sur l&rsquo;adh\u00e9sion de nouveaux membres. L&rsquo;adh\u00e9sion prend effet d\u00e8s la d\u00e9cision du comit\u00e9 directeur. Le rejet d&rsquo;une demande d&rsquo;adh\u00e9sion ne n\u00e9cessite aucune justification.   <\/p>\n<p>L&rsquo;association dispose :<\/p>\n<ul>\n<li>membres \u00e0 part enti\u00e8re ;<\/li>\n<li>membres associ\u00e9s ;<\/li>\n<li>Membres bienfaiteurs ;<\/li>\n<li>Membres d&rsquo;honneur<\/li>\n<\/ul>\n<ol>\n<li>Les membres ordinaires sont des personnes morales ou des associations de personnes \u00e0 but lucratif dont l&rsquo;activit\u00e9 s&rsquo;inscrit dans le secteur des infrastructures logistiques du commerce moderne, ou qui proposent des formations initiales, continues ou compl\u00e9mentaires permettant d&rsquo;exercer une activit\u00e9 dans ce secteur, au moins dans certains domaines.<\/li>\n<li>Les membres associ\u00e9s sont des entreprises dont le domaine d&rsquo;activit\u00e9 ne rel\u00e8ve pas n\u00e9cessairement du secteur des infrastructures logistiques pour le commerce moderne.<\/li>\n<li>Les membres bienfaiteurs sont des \u00e9tablissements d&rsquo;enseignement ou des institutions \u00e0 but non lucratif, des administrations et d&rsquo;autres organismes publics.<\/li>\n<li>Peut devenir membre d&rsquo;honneur toute personne physique qui s&rsquo;est distingu\u00e9e de mani\u00e8re exceptionnelle par sa contribution \u00e0 la promotion des objectifs de l&rsquo;association. Le statut de membre d&rsquo;honneur est d\u00e9cern\u00e9 par l&rsquo;assembl\u00e9e g\u00e9n\u00e9rale \u00e0 la majorit\u00e9 des deux tiers des membres pr\u00e9sents ayant le droit de vote. <\/li>\n<\/ol>\n<p>Les membres associ\u00e9s, les membres bienfaiteurs et les membres d&rsquo;honneur ne disposent pas du droit de vote.<br \/>En cas de transformation d&rsquo;une entreprise, l&rsquo;adh\u00e9sion est transf\u00e9r\u00e9e au successeur l\u00e9gal, pour autant que les conditions d&rsquo;adh\u00e9sion soient toujours remplies et que le conseil d&rsquo;administration donne son accord.<\/p>\n<p>[\/et_pb_accordion_item][et_pb_accordion_item title=\u00a0\u00bb\u00a7 6 Droits et obligations des membres\u00a0\u00bb _builder_version=\u00a0\u00bb4.6.6&Prime; _module_preset=\u00a0\u00bbdefault\u00a0\u00bb open=\u00a0\u00bboff\u00a0\u00bb]<\/p>\n<ol>\n<li>Les membres titulaires et les membres associ\u00e9s de l&rsquo;association sont tenus de s&rsquo;acquitter de la cotisation fix\u00e9e, conform\u00e9ment aux dispositions du r\u00e8glement relatif aux cotisations.<\/li>\n<li>Les membres ont le droit de participer \u00e0 tous les processus d\u00e9cisionnels et de formation de l&rsquo;opinion au sein de l&rsquo;association, conform\u00e9ment aux dispositions des pr\u00e9sents statuts.<\/li>\n<li>Les membres sont tenus de pr\u00e9server la r\u00e9putation de l&rsquo;association.<\/li>\n<li>Les positions de l&rsquo;association logistic-natives e.V. sont d\u00e9fendues par le conseil d&rsquo;administration et la direction. Les membres ne peuvent d\u00e9fendre les positions de l&rsquo;association \u00e0 l&rsquo;ext\u00e9rieur qu&rsquo;en accord avec le conseil d&rsquo;administration ou la direction. <\/li>\n<li>Chaque membre est tenu de signaler sans d\u00e9lai \u00e0 l&rsquo;association tout changement ayant une incidence directe et\/ou indirecte sur son adh\u00e9sion \u00e0 l&rsquo;association.<\/li>\n<\/ol>\n<p>[\/et_pb_accordion_item][et_pb_accordion_item title=\u00a0\u00bb\u00a7 6 Droits et obligations des membres\u00a0\u00bb _builder_version=\u00a0\u00bb4.6.6&Prime; _module_preset=\u00a0\u00bbdefault\u00a0\u00bb open=\u00a0\u00bboff\u00a0\u00bb]<\/p>\n<ol>\n<li>Les membres titulaires et les membres associ\u00e9s de l&rsquo;association sont tenus de s&rsquo;acquitter de la cotisation fix\u00e9e, conform\u00e9ment aux dispositions du r\u00e8glement relatif aux cotisations.<\/li>\n<li>Les membres ont le droit de participer \u00e0 tous les processus d\u00e9cisionnels et de formation de l&rsquo;opinion au sein de l&rsquo;association, conform\u00e9ment aux dispositions des pr\u00e9sents statuts.<\/li>\n<li>Les membres sont tenus de pr\u00e9server la r\u00e9putation de l&rsquo;association.<\/li>\n<li>Les positions de l&rsquo;association logistic-natives e.V. sont d\u00e9fendues par le conseil d&rsquo;administration et la direction. Les membres ne peuvent d\u00e9fendre les positions de l&rsquo;association \u00e0 l&rsquo;ext\u00e9rieur qu&rsquo;en accord avec le conseil d&rsquo;administration ou la direction. <\/li>\n<li>Chaque membre est tenu de signaler sans d\u00e9lai \u00e0 l&rsquo;association tout changement ayant une incidence directe et\/ou indirecte sur son adh\u00e9sion \u00e0 l&rsquo;association.<\/li>\n<\/ol>\n<p>[\/et_pb_accordion_item][et_pb_accordion_item title=\u00a0\u00bb\u00a77 Cessation de l&apos;adh\u00e9sion\u00a0\u00bb _builder_version=\u00a0\u00bb4.6.6&Prime; _module_preset=\u00a0\u00bbdefault\u00a0\u00bb open=\u00a0\u00bboff\u00a0\u00bb]<\/p>\n<p>L&rsquo;adh\u00e9sion prend fin par r\u00e9siliation, exclusion ou dissolution de l&rsquo;entit\u00e9 juridique. La r\u00e9siliation s&rsquo;effectue par d\u00e9claration du membre adress\u00e9e au comit\u00e9 directeur. Elle n&rsquo;est recevable que moyennant le respect d&rsquo;un pr\u00e9avis de six mois avant la fin de l&rsquo;ann\u00e9e civile. La r\u00e9siliation doit \u00eatre formul\u00e9e par \u00e9crit. Un membre peut \u00eatre exclu s\u2019il ne s\u2019acquitte pas de sa cotisation malgr\u00e9 deux rappels et une menace d\u2019exclusion, ou s\u2019il porte gravement atteinte aux int\u00e9r\u00eats de l\u2019association. C\u2019est le comit\u00e9 directeur qui statue sur l\u2019exclusion des membres. La personne concern\u00e9e peut faire appel de cette d\u00e9cision dans un d\u00e9lai de 30 jours. Cet appel a un effet suspensif. L\u2019exclusion fera alors l\u2019objet d\u2019un vote lors de la prochaine assembl\u00e9e g\u00e9n\u00e9rale, \u00e0 la majorit\u00e9 simple. La cessation de l\u2019adh\u00e9sion ne dispense pas le membre de son obligation de paiement des cotisations \u00e9ventuellement impay\u00e9es ou de toute autre obligation envers l\u2019association. Il n\u2019existe aucun droit sur le patrimoine de l\u2019association.          <\/p>\n<p>[\/et_pb_accordion_item][et_pb_accordion_item title=\u00a0\u00bb\u00a7 8 Organes de l&apos;association\u00a0\u00bb _builder_version=\u00a0\u00bb4.6.6&Prime; _module_preset=\u00a0\u00bbdefault\u00a0\u00bb open=\u00a0\u00bboff\u00a0\u00bb]<\/p>\n<p>L&rsquo;association dispose des organes suivants :<\/p>\n<ol>\n<li>l&rsquo;assembl\u00e9e g\u00e9n\u00e9rale ;<\/li>\n<li>le comit\u00e9 directeur.<\/li>\n<\/ol>\n<p>[\/et_pb_accordion_item][et_pb_accordion_item title=\u00a0\u00bb\u00a7 9 Assembl\u00e9e g\u00e9n\u00e9rale des membres\u00a0\u00bb _builder_version=\u00a0\u00bb4.6.6&Prime; _module_preset=\u00a0\u00bbdefault\u00a0\u00bb open=\u00a0\u00bboff\u00a0\u00bb]<\/p>\n<p>L&rsquo;organe supr\u00eame de l&rsquo;association est l&rsquo;assembl\u00e9e g\u00e9n\u00e9rale. Seuls les membres titulaires disposent du droit de vote. Un membre titulaire ne dispose du droit de vote effectif que s&rsquo;il \u00e9tait d\u00e9j\u00e0 membre de l&rsquo;association douze semaines avant la date de l&rsquo;assembl\u00e9e g\u00e9n\u00e9rale et s&rsquo;il a acquitt\u00e9 sa cotisation pour l&rsquo;ann\u00e9e en cours conform\u00e9ment au r\u00e8glement relatif aux cotisations. Chaque membre titulaire dispose d\u2019une voix. La repr\u00e9sentation n\u2019est autoris\u00e9e que sur pr\u00e9sentation d\u2019une procuration \u00e9crite et, par repr\u00e9sentant, pour un seul membre titulaire.    <\/p>\n<p>Les droits des membres sont suspendus lorsque ceux-ci ne s&rsquo;acquittent pas de leur obligation de cotisation.<\/p>\n<p>L&rsquo;assembl\u00e9e g\u00e9n\u00e9rale d\u00e9finit les orientations des activit\u00e9s de l&rsquo;association et traite des questions et des affaires fondamentales de celle-ci. Ses missions sont notamment les suivantes : <\/p>\n<ol>\n<li>\u00c9lection du pr\u00e9sident du conseil d&rsquo;administration, de son suppl\u00e9ant, le cas \u00e9ch\u00e9ant d&rsquo;autres membres du conseil d&rsquo;administration, ainsi que du v\u00e9rificateur aux comptes ; <\/li>\n<li>Prise de connaissance du rapport d&rsquo;activit\u00e9 du comit\u00e9 directeur, du rapport d&rsquo;activit\u00e9 et du rapport des v\u00e9rificateurs aux comptes ;<\/li>\n<li>Quitus au comit\u00e9 de direction ;<\/li>\n<li>Fixation des cotisations des membres, notamment l&rsquo;adoption d&rsquo;un r\u00e8glement relatif aux cotisations d\u00e9finissant le montant, l&rsquo;\u00e9ch\u00e9ance et les modalit\u00e9s de paiement de la cotisation p\u00e9riodique. Des diff\u00e9renciations en fonction du statut des membres sont autoris\u00e9es ; <\/li>\n<li>D\u00e9cision concernant les recours form\u00e9s contre les exclusions de membres ;<\/li>\n<li>Les d\u00e9cisions relatives aux motions soumises \u00e0 l&rsquo;assembl\u00e9e g\u00e9n\u00e9rale, qui ont \u00e9t\u00e9 transmises par \u00e9crit au pr\u00e9sident du conseil d&rsquo;administration au moins 5 jours avant la r\u00e9union. Les motions portant sur des points ne figurant pas \u00e0 l&rsquo;ordre du jour ne peuvent \u00eatre examin\u00e9es qu&rsquo;avec l&rsquo;accord unanime des membres pr\u00e9sents ; <\/li>\n<li>D\u00e9cisions relatives aux modifications des statuts ;<\/li>\n<li>\u00c9lection des membres d&rsquo;honneur ;<\/li>\n<li>D\u00e9cision relative \u00e0 la dissolution de l&rsquo;association ;<\/li>\n<\/ol>\n<p>&nbsp;<\/p>\n<p>L&rsquo;assembl\u00e9e g\u00e9n\u00e9rale ordinaire se tient une fois par an. La convocation doit \u00eatre envoy\u00e9e par \u00e9crit par le comit\u00e9 directeur au moins deux semaines \u00e0 l&rsquo;avance, en pr\u00e9cisant l&rsquo;ordre du jour. Pour prouver que la convocation a \u00e9t\u00e9 envoy\u00e9e dans les formes et dans les d\u00e9lais, il suffit que le comit\u00e9 directeur d\u00e9montre \u00e0 l\u2019assembl\u00e9e g\u00e9n\u00e9rale que la convocation \u00e9crite ou une communication num\u00e9rique \u00e9quivalente, accompagn\u00e9e de l\u2019ordre du jour, a \u00e9t\u00e9 adress\u00e9e \u00e0 tous les membres au moins deux semaines \u00e0 l\u2019avance.  <\/p>\n<p>Une assembl\u00e9e g\u00e9n\u00e9rale extraordinaire peut \u00eatre convoqu\u00e9e par le comit\u00e9 directeur. Celui-ci est tenu de la convoquer d\u00e8s lors qu\u2019au moins un tiers de l\u2019ensemble des membres en fait la demande. Si l\u2019ensemble du comit\u00e9 directeur d\u00e9missionne ou si tous ses membres sont d\u00e9mis de leurs fonctions, de nouvelles \u00e9lections doivent \u00eatre organis\u00e9es sans d\u00e9lai lors d\u2019une assembl\u00e9e g\u00e9n\u00e9rale extraordinaire. Dans ce cas, la convocation et la pr\u00e9sidence de l\u2019assembl\u00e9e g\u00e9n\u00e9rale incombent \u00e0 la direction \u00e0 temps plein.   <\/p>\n<p>Un proc\u00e8s-verbal doit \u00eatre r\u00e9dig\u00e9 pour chaque assembl\u00e9e g\u00e9n\u00e9rale ; il doit \u00eatre sign\u00e9 par le pr\u00e9sident du conseil d&rsquo;administration et par le secr\u00e9taire de s\u00e9ance. Le proc\u00e8s-verbal doit mentionner au minimum la date de l&rsquo;assembl\u00e9e g\u00e9n\u00e9rale, le nombre de membres pr\u00e9sents, la constatation du quorum, les motions pr\u00e9sent\u00e9es, le mode de scrutin et le r\u00e9sultat exact du vote. <\/p>\n<p>[\/et_pb_accordion_item][et_pb_accordion_item title=\u00a0\u00bb\u00a7 10 Prise de d\u00e9cision\u00a0\u00bb _builder_version=\u00a0\u00bb4.6.6&Prime; _module_preset=\u00a0\u00bbdefault\u00a0\u00bb open=\u00a0\u00bboff\u00a0\u00bb]<\/p>\n<p>L&rsquo;assembl\u00e9e g\u00e9n\u00e9rale ordinaire et extraordinaire dispose du quorum requis d\u00e8s lors qu&rsquo;elle a \u00e9t\u00e9 convoqu\u00e9e en bonne et due forme. Les modifications des statuts ainsi que celles du r\u00e8glement relatif aux cotisations peuvent \u00eatre adopt\u00e9es par l&rsquo;assembl\u00e9e g\u00e9n\u00e9rale \u00e0 la majorit\u00e9 des deux tiers des membres pr\u00e9sents ayant le droit de vote. Les modifications des statuts ou du r\u00e8glement relatif aux cotisations pr\u00e9vues par le comit\u00e9 directeur doivent \u00eatre communiqu\u00e9es, avec leur libell\u00e9 et leur r\u00e9f\u00e9rence aux articles des statuts, au moins 14 jours avant l\u2019assembl\u00e9e g\u00e9n\u00e9rale. Les membres peuvent soumettre des propositions d\u2019amendement au comit\u00e9 directeur par \u00e9crit ou par un moyen de communication num\u00e9rique \u00e9quivalent, au plus tard sept jours avant l\u2019assembl\u00e9e g\u00e9n\u00e9rale.   <\/p>\n<p>[\/et_pb_accordion_item][et_pb_accordion_item title=\u00a0\u00bb\u00a7 11 Comit\u00e9 directeur\u00a0\u00bb _builder_version=\u00a0\u00bb4.6.6&Prime; _module_preset=\u00a0\u00bbdefault\u00a0\u00bb open=\u00a0\u00bboff\u00a0\u00bb]<\/p>\n<p>Le comit\u00e9 directeur se compose au minimum d&rsquo;un pr\u00e9sident et d&rsquo;un vice-pr\u00e9sident. Avant toute \u00e9lection au comit\u00e9 directeur, l&rsquo;assembl\u00e9e g\u00e9n\u00e9rale d\u00e9cide, \u00e0 la majorit\u00e9 des deux tiers des suffrages valablement exprim\u00e9s par les membres ayant le droit de vote, s&rsquo;il y a lieu d&rsquo;\u00e9largir la composition du comit\u00e9 directeur. <\/p>\n<p>Tous les membres du comit\u00e9 directeur doivent \u00eatre, au moment de leur \u00e9lection et pendant la dur\u00e9e de leur mandat, propri\u00e9taires, associ\u00e9s ou salari\u00e9s du m\u00eame membre \u00e0 part enti\u00e8re.<\/p>\n<p>Conform\u00e9ment \u00e0 l&rsquo;article 26 du Code civil allemand (BGB), l&rsquo;association est repr\u00e9sent\u00e9e par deux membres du comit\u00e9 directeur \u00e0 la fois.<\/p>\n<p>La composition du comit\u00e9 de direction doit refl\u00e9ter autant que possible la diversit\u00e9 des segments du secteur des infrastructures logistiques du commerce moderne.<\/p>\n<p>Le pr\u00e9sident du conseil d&rsquo;administration est \u00e9lu par l&rsquo;assembl\u00e9e g\u00e9n\u00e9rale lors d&rsquo;un scrutin conform\u00e9ment \u00e0 l&rsquo;article 32 du Code civil allemand (BGB) pour une dur\u00e9e de deux ans ; il reste toutefois en fonction jusqu&rsquo;\u00e0 l&rsquo;\u00e9lection d&rsquo;un nouveau pr\u00e9sident du conseil d&rsquo;administration. Est \u00e9lu le candidat qui recueille plus des deux tiers des suffrages valables exprim\u00e9s. Si la majorit\u00e9 des deux tiers n\u2019est pas atteinte, est \u00e9lu le candidat qui obtient la majorit\u00e9 des suffrages valables exprim\u00e9s au troisi\u00e8me tour de scrutin. La r\u00e9\u00e9lection est autoris\u00e9e.    <\/p>\n<p>Le vice-pr\u00e9sident et les autres membres du comit\u00e9 directeur sont \u00e9lus par l&rsquo;assembl\u00e9e g\u00e9n\u00e9rale au scrutin individuel pour une dur\u00e9e de deux ans. Le vice-pr\u00e9sident reste toutefois en fonction jusqu&rsquo;\u00e0 l&rsquo;\u00e9lection d&rsquo;un nouveau vice-pr\u00e9sident. Est \u00e9lu celui qui obtient la majorit\u00e9 des suffrages valablement exprim\u00e9s. La r\u00e9\u00e9lection est autoris\u00e9e.   <\/p>\n<p>Le comit\u00e9 directeur peut adopter un r\u00e8glement \u00e9lectoral r\u00e9gissant les modalit\u00e9s du d\u00e9roulement des \u00e9lections. Le comit\u00e9 directeur atteint le quorum lorsque, s\u2019il compte deux membres, ces deux-l\u00e0 participent au vote, et dans le cas contraire, lorsqu\u2019au moins la moiti\u00e9 des membres en fonction du comit\u00e9 directeur participent au vote. Le droit de vote peut \u00e9galement \u00eatre exerc\u00e9, au cas par cas, par le biais d\u2019une procuration accord\u00e9e \u00e0 un autre membre du comit\u00e9 directeur. Le comit\u00e9 directeur peut prendre des d\u00e9cisions par voie de circulation.   <\/p>\n<p>Les membres du comit\u00e9 directeur peuvent \u00eatre r\u00e9voqu\u00e9s en cours de mandat. La r\u00e9vocation requiert une majorit\u00e9 des trois quarts des voix de l&rsquo;ensemble des membres titulaires. Les d\u00e9cisions de cette nature ne peuvent \u00eatre prises que lors d&rsquo;une assembl\u00e9e g\u00e9n\u00e9rale extraordinaire convoqu\u00e9e \u00e0 cette fin au moins quatre semaines \u00e0 l&rsquo;avance.  <\/p>\n<p>[\/et_pb_accordion_item][et_pb_accordion_item title=\u00a0\u00bb\u00a7 12 Missions et activit\u00e9s du comit\u00e9 directeur\u00a0\u00bb _builder_version=\u00a0\u00bb4.6.6&Prime; _module_preset=\u00a0\u00bbdefault\u00a0\u00bb open=\u00a0\u00bboff\u00a0\u00bb]<\/p>\n<p>Le comit\u00e9 directeur :<\/p>\n<ol>\n<li>Il est responsable de la gestion des affaires de l&rsquo;association. Il met en \u0153uvre les d\u00e9cisions de l&rsquo;assembl\u00e9e g\u00e9n\u00e9rale et g\u00e8re le patrimoine de l&rsquo;association. <\/li>\n<li>repr\u00e9sente l&rsquo;association \u00e0 l&rsquo;ext\u00e9rieur.<\/li>\n<li>nomme un ou plusieurs directeurs g\u00e9n\u00e9raux \u00e0 temps plein pour assurer la gestion des affaires courantes de l&rsquo;association.<\/li>\n<li>peut se doter d&rsquo;un r\u00e8glement int\u00e9rieur pour l&rsquo;exercice de ses activit\u00e9s.<\/li>\n<li>est membre du conseil d&rsquo;experts.<\/li>\n<li>d\u00e9cide de l&rsquo;admission et de l&rsquo;exclusion des membres.<\/li>\n<li>supervise l&rsquo;activit\u00e9 politique, les travaux des instances de l&rsquo;association (\u00e0 l&rsquo;exception de l&rsquo;assembl\u00e9e g\u00e9n\u00e9rale) ainsi que la communication de l&rsquo;association.<\/li>\n<li>Les actes accomplis de leur propre chef par certains membres du directoire n&rsquo;engagent pas ce dernier.<\/li>\n<\/ol>\n<p>[\/et_pb_accordion_item][et_pb_accordion_item title=\u00a0\u00bb\u00a7 13 Direction de l&apos;entreprise\u00a0\u00bb _builder_version=\u00a0\u00bb4.6.6&Prime; _module_preset=\u00a0\u00bbdefault\u00a0\u00bb open=\u00a0\u00bboff\u00a0\u00bb]<\/p>\n<p>Le comit\u00e9 directeur nomme une direction \u00e0 temps plein. Celle-ci peut \u00eatre compos\u00e9e d\u2019un ou de plusieurs dirigeants. Dans le cadre des comp\u00e9tences et des pouvoirs qui leur sont conf\u00e9r\u00e9s par le comit\u00e9 directeur, les membres de la direction g\u00e8rent de mani\u00e8re autonome les affaires courantes de l\u2019association. Elle est charg\u00e9e du recrutement et de la supervision du personnel n\u00e9cessaire aux activit\u00e9s de l\u2019association. La direction est tenue de se conformer aux instructions du comit\u00e9 directeur. Les lignes directrices relatives \u00e0 la direction peuvent \u00eatre d\u00e9finies dans un r\u00e8glement de gestion. Celui-ci est adopt\u00e9 par le comit\u00e9 directeur.      <\/p>\n<p>[\/et_pb_accordion_item][et_pb_accordion_item title=\u00a0\u00bb\u00a7 14 Conseil d&apos;experts\u00a0\u00bb _builder_version=\u00a0\u00bb4.6.6&Prime; _module_preset=\u00a0\u00bbdefault\u00a0\u00bb open=\u00a0\u00bboff\u00a0\u00bb]<\/p>\n<p>Le Conseil des experts est compos\u00e9 des repr\u00e9sentants du Comit\u00e9 directeur, des repr\u00e9sentants de la direction, ainsi que des porte-parole des groupes de travail et des repr\u00e9sentants des associations et institutions partenaires. Lorsqu\u2019un membre titulaire quitte l\u2019association, cela entra\u00eene automatiquement son d\u00e9part du Conseil des experts. En tant qu\u2019instance transversale, le Conseil des experts a pour mission d\u2019assister le comit\u00e9 directeur et la direction dans leur travail visant \u00e0 faire \u00e9voluer les orientations de l\u2019association.  <\/p>\n<p>[\/et_pb_accordion_item][et_pb_accordion_item title=\u00a0\u00bb\u00a7 15 Ambassadeurs\u00a0\u00bb _builder_version=\u00a0\u00bb4.6.6&Prime; _module_preset=\u00a0\u00bbdefault\u00a0\u00bb open=\u00a0\u00bboff\u00a0\u00bb]<\/p>\n<p>L&rsquo;association peut nommer des ambassadeurs. Les ambassadeurs sont nomm\u00e9s par le conseil d&rsquo;administration et la direction. Les ambassadeurs sont des repr\u00e9sentants ind\u00e9pendants issus des milieux \u00e9conomiques, politiques, sociaux et scientifiques. Dans le cadre de leurs fonctions, ils assistent le conseil d&rsquo;administration et la direction dans la d\u00e9finition de l&rsquo;orientation strat\u00e9gique de l&rsquo;association. Les ambassadeurs \u00e9changent avec le conseil d&rsquo;administration et la direction \u00e0 titre consultatif. Les ambassadeurs ne disposent pas du droit de vote et sont confirm\u00e9s dans leurs fonctions par le conseil d&rsquo;administration et la direction.     <\/p>\n<p>[\/et_pb_accordion_item][et_pb_accordion_item title=\u00a0\u00bb\u00a7 16 Instances de travail\u00a0\u00bb _builder_version=\u00a0\u00bb4.6.6&Prime; _module_preset=\u00a0\u00bbdefault\u00a0\u00bb open=\u00a0\u00bboff\u00a0\u00bb]<\/p>\n<p>Afin de promouvoir les objectifs de l&rsquo;association et de mener \u00e0 bien ses missions, l&rsquo;association peut cr\u00e9er des comit\u00e9s de travail. La description des missions, les proc\u00e9dures et les conditions de travail peuvent \u00eatre d\u00e9finies dans un r\u00e8glement interne, adopt\u00e9 par le comit\u00e9 directeur en tant que dispositions d&rsquo;application conform\u00e9ment \u00e0 l&rsquo;article 17 des statuts de l&rsquo;association \u00ab logistic-natives e.V. \u00bb, en collaboration avec le conseil d&rsquo;experts. Le r\u00e8glement int\u00e9rieur de ces instances ne doit pas aller \u00e0 l\u2019encontre des principes des statuts de l\u2019association logistic-natives e.V.   <\/p>\n<p>Tout membre est habilit\u00e9 \u00e0 proposer au comit\u00e9 directeur la cr\u00e9ation d&rsquo;autres groupes de travail. Pour pr\u00e9senter une telle demande, il faut au moins trois membres titulaires. <\/p>\n<p>L&rsquo;association g\u00e8re des comit\u00e9s de travail sp\u00e9cialis\u00e9s. Ces comit\u00e9s repr\u00e9sentent les segments sectoriels de ses membres et d\u00e9fendent, de mani\u00e8re institutionnalis\u00e9e, les int\u00e9r\u00eats sp\u00e9cifiques de ces segments tant en interne qu&rsquo;en externe. Chaque membre peut s&rsquo;impliquer au sein des groupes de travail. La cr\u00e9ation, la dissolution et la supervision de ces groupes de travail rel\u00e8vent de la responsabilit\u00e9 de la direction.   <\/p>\n<p>Les participants aux groupes de travail \u00e9lisent de mani\u00e8re autonome un porte-parole charg\u00e9 de repr\u00e9senter les int\u00e9r\u00eats de leur groupe de travail, tant en interne qu&rsquo;en externe, conform\u00e9ment aux int\u00e9r\u00eats de l&rsquo;association.<\/p>\n<p>Les porte-parole des groupes de travail sont \u00e9lus pour la p\u00e9riode allant jusqu&rsquo;au 31 d\u00e9cembre de l&rsquo;ann\u00e9e suivante. Ils sont membres du Conseil d&rsquo;experts pendant toute la dur\u00e9e de leur mandat. Si un porte-parole quitte l\u2019entreprise membre ou si l\u2019entreprise membre \u00e0 laquelle il appartient se retire de l\u2019association, ses fonctions de porte-parole du groupe de travail prennent fin simultan\u00e9ment. De nouvelles \u00e9lections pour d\u00e9signer le nouveau porte-parole du groupe de travail concern\u00e9 doivent \u00eatre organis\u00e9es sans d\u00e9lai, au plus tard dans les trois mois suivant la date de ce d\u00e9part.    <\/p>\n<p>[\/et_pb_accordion_item][et_pb_accordion_item title=\u00a0\u00bb\u00a7 17 Application des statuts\u00a0\u00bb _builder_version=\u00a0\u00bb4.6.6&Prime; _module_preset=\u00a0\u00bbdefault\u00a0\u00bb open=\u00a0\u00bboff\u00a0\u00bb]<\/p>\n<p>Le comit\u00e9 directeur adopte, si n\u00e9cessaire, des dispositions d&rsquo;application des statuts de l&rsquo;association \u00ab logistic-natives e.V. \u00bb.<\/p>\n<p>[\/et_pb_accordion_item][et_pb_accordion_item title=\u00a0\u00bb\u00a7 18 Droit des statuts sans contradiction\u00a0\u00bb _builder_version=\u00a0\u00bb4.6.6&Prime; _module_preset=\u00a0\u00bbdefault\u00a0\u00bb open=\u00a0\u00bboff\u00a0\u00bb]<\/p>\n<p>Les instances subordonn\u00e9es \u00e0 l&rsquo;association ne doivent pas aller \u00e0 l&rsquo;encontre des dispositions des pr\u00e9sents statuts de l&rsquo;association \u00ab logistic-natives e.V. \u00bb.<\/p>\n<p>[\/et_pb_accordion_item][et_pb_accordion_item title=\u00a0\u00bb\u00a7 19 Adh\u00e9sions \u00e0 l&apos;association\u00a0\u00bb _builder_version=\u00a0\u00bb4.6.6&Prime; _module_preset=\u00a0\u00bbdefault\u00a0\u00bb open=\u00a0\u00bboff\u00a0\u00bb]<\/p>\n<p>L&rsquo;association peut \u00eatre membre d&rsquo;autres organisations. Le conseil d&rsquo;administration statue sur les adh\u00e9sions de l&rsquo;association. <\/p>\n<p>[\/et_pb_accordion_item][et_pb_accordion_item title=\u00a0\u00bb\u00a7 20 Dissolution de l&apos;association\u00a0\u00bb _builder_version=\u00a0\u00bb4.6.6&Prime; _module_preset=\u00a0\u00bbdefault\u00a0\u00bb open=\u00a0\u00bboff\u00a0\u00bb]<\/p>\n<p>La dissolution de l&rsquo;association ne peut \u00eatre d\u00e9cid\u00e9e que lors d&rsquo;une assembl\u00e9e g\u00e9n\u00e9rale extraordinaire convoqu\u00e9e \u00e0 cette fin au moins quatre semaines \u00e0 l&rsquo;avance, \u00e0 la majorit\u00e9 des trois quarts des suffrages valablement exprim\u00e9s. Cette assembl\u00e9e g\u00e9n\u00e9rale doit \u00e9galement statuer sur l&rsquo;affectation des actifs de l&rsquo;association. <\/p>\n<p>[\/et_pb_accordion_item][\/et_pb_accordion][et_pb_button button_url=\u00a0\u00bbhttps:\/\/www.logistic-natives.com\/wp-content\/uploads\/2020\/11\/Satzung_logistic-natives_Fassung_30.09.2020.pdf\u00a0\u00bb url_new_window=\u00a0\u00bbon\u00a0\u00bb button_text=\u00a0\u00bbVous pouvez t\u00e9l\u00e9charger les statuts ici\u00a0\u00bb _builder_version=\u00a0\u00bb4.6.6&Prime; _module_preset=\u00a0\u00bbdefault\u00a0\u00bb][\/et_pb_button][\/et_pb_column][et_pb_column type=\u00a0\u00bb1_4&Prime; _builder_version=\u00a0\u00bb4.5.1&Prime; _module_preset=\u00a0\u00bbdefault\u00a0\u00bb][et_pb_team_member name=\u00a0\u00bbFlorian Seikel\u00a0\u00bb position=\u00a0\u00bbdirecteur g\u00e9n\u00e9ral\u00a0\u00bb image_url=\u00a0\u00bbhttps:\/\/www.logistic-natives.com\/wp-content\/uploads\/2020\/07\/Florian-Seikel-Logistic-natives-1.png\u00a0\u00bb _builder_version=\u00a0\u00bb4.6.6&Prime; _module_preset=\u00a0\u00bbdefault\u00a0\u00bb header_text_align=\u00a0\u00bbcenter\u00a0\u00bb body_text_align=\u00a0\u00bbcenter\u00a0\u00bb body_font_size=\u00a0\u00bb12px\u00a0\u00bb position_font=\u00a0\u00bb|600|||||||\u00a0\u00bb position_text_align=\u00a0\u00bbcenter\u00a0\u00bb position_font_size=\u00a0\u00bb16px\u00a0\u00bb background_color=\u00a0\u00bb#ffffff\u00a0\u00bb custom_padding=\u00a0\u00bb10px|10px|10px|10px|true|false\u00a0\u00bb border_radii=\u00a0\u00bboff||||\u00a0\u00bb border_width_all=\u00a0\u00bb1px\u00a0\u00bb border_color_all=\u00a0\u00bb#d8d8d8&Prime; border_radii_image=\u00a0\u00bboff|20px|20px||\u00a0\u00bb global_module=\u00a0\u00bb1335&Prime; saved_tabs=\u00a0\u00bball\u00a0\u00bb]<\/p>\n<p>Telefon: +49 162 256 1001<\/p>\n<p>[\/et_pb_team_member][et_pb_text admin_label=\u00a0\u00bbMen\u00fc-\u00dcberuns\u00a0\u00bb _builder_version=\u00a0\u00bb4.6.6&Prime; _module_preset=\u00a0\u00bbdefault\u00a0\u00bb background_color=\u00a0\u00bb#ffffff\u00a0\u00bb custom_padding=\u00a0\u00bb15px|15px|15px|15px|true|true\u00a0\u00bb border_width_all=\u00a0\u00bb1px\u00a0\u00bb border_color_all=\u00a0\u00bb#d8d8d8&Prime; global_module=\u00a0\u00bb1846&Prime; saved_tabs=\u00a0\u00bball\u00a0\u00bb]<\/p>\n<h3>Weitere Information<\/h3>\n<ul>\n<li><a href=\"https:\/\/www.logistic-natives.com\/fr?page_id=33084\">Satzung<\/a><\/li>\n<li><a href=\"https:\/\/www.logistic-natives.com\/fr?page_id=33146\">Beitragsordnung<\/a><\/li>\n<li><a href=\"https:\/\/www.logistic-natives.com\/fr?page_id=33228\">Mitglieder<\/a><\/li>\n<li><a href=\"https:\/\/www.logistic-natives.com\/fr?page_id=33178\">Mitglied werden<\/a><\/li>\n<li><a href=\"https:\/\/www.logistic-natives.com\/fr?page_id=32991\">\u00dcber uns<\/a><\/li>\n<li><a href=\"https:\/\/www.logistic-natives.com\/ueber-uns\/expertenrat\">Expertenrat<\/a>\n<\/li>\n<\/ul>\n<p>[\/et_pb_text][\/et_pb_column][\/et_pb_row][\/et_pb_section]<\/p>\n","protected":false},"excerpt":{"rendered":"<p>L&rsquo;association porte le nom suivant : logistic-natives e.V. Son si\u00e8ge social est situ\u00e9 \u00e0 Berlin. L&rsquo;association peut cr\u00e9er d&rsquo;autres bureaux, y compris dans d&rsquo;autres pays. Cela s&rsquo;effectue sur la base d&rsquo;un accord contractuel conclu avec le partenaire local. Le contrat repose sur les statuts de l\u2019association logistic-natives e.V. L\u2019exercice social de l\u2019association correspond \u00e0 l\u2019ann\u00e9e [&hellip;]<\/p>\n","protected":false},"author":4,"featured_media":0,"parent":32991,"menu_order":0,"comment_status":"closed","ping_status":"closed","template":"","meta":{"_et_pb_use_builder":"on","_et_pb_old_content":"","_et_gb_content_width":"","footnotes":""},"class_list":["post-33299","page","type-page","status-publish","hentry"],"yoast_head":"<!-- This site is optimized with the Yoast SEO plugin v28.3 - https:\/\/yoast.com\/product\/yoast-seo-wordpress\/ -->\n<title>Statuts | Logistic Natives e.V.<\/title>\n<meta name=\"robots\" content=\"index, follow, max-snippet:-1, max-image-preview:large, max-video-preview:-1\" \/>\n<link rel=\"canonical\" href=\"https:\/\/www.logistic-natives.com\/fr\/a-propos-de-nous\/statuts\" \/>\n<meta property=\"og:locale\" content=\"fr_FR\" \/>\n<meta property=\"og:type\" content=\"article\" \/>\n<meta property=\"og:title\" content=\"Statuts | Logistic Natives e.V.\" \/>\n<meta property=\"og:description\" content=\"L&#039;association porte le nom suivant : logistic-natives e.V. Son si\u00e8ge social est situ\u00e9 \u00e0 Berlin. L&#039;association peut cr\u00e9er d&#039;autres bureaux, y compris dans d&#039;autres pays. Cela s&#039;effectue sur la base d&#039;un accord contractuel conclu avec le partenaire local. Le contrat repose sur les statuts de l\u2019association logistic-natives e.V. L\u2019exercice social de l\u2019association correspond \u00e0 l\u2019ann\u00e9e [&hellip;]\" \/>\n<meta property=\"og:url\" content=\"https:\/\/www.logistic-natives.com\/fr\/a-propos-de-nous\/statuts\" \/>\n<meta property=\"og:site_name\" content=\"Logistic Natives e.V.\" \/>\n<meta property=\"article:modified_time\" content=\"2026-07-30T15:24:54+00:00\" \/>\n<meta property=\"og:image\" content=\"https:\/\/www.logistic-natives.com\/wp-content\/uploads\/2020\/11\/logistic-natives-logo.jpg\" \/>\n\t<meta property=\"og:image:width\" content=\"258\" \/>\n\t<meta property=\"og:image:height\" content=\"375\" \/>\n\t<meta property=\"og:image:type\" content=\"image\/jpeg\" \/>\n<meta name=\"twitter:card\" content=\"summary_large_image\" \/>\n<meta name=\"twitter:label1\" content=\"Dur\u00e9e de lecture estim\u00e9e\" \/>\n\t<meta name=\"twitter:data1\" content=\"24 minutes\" \/>\n<script type=\"application\/ld+json\" class=\"yoast-schema-graph\">{\"@context\":\"https:\\\/\\\/schema.org\",\"@graph\":[{\"@type\":\"WebPage\",\"@id\":\"https:\\\/\\\/www.logistic-natives.com\\\/fr\\\/a-propos-de-nous\\\/statuts\",\"url\":\"https:\\\/\\\/www.logistic-natives.com\\\/fr\\\/a-propos-de-nous\\\/statuts\",\"name\":\"Statuts | Logistic Natives e.V.\",\"isPartOf\":{\"@id\":\"https:\\\/\\\/www.logistic-natives.com\\\/fr#website\"},\"datePublished\":\"2020-10-26T12:02:21+00:00\",\"dateModified\":\"2026-07-30T15:24:54+00:00\",\"breadcrumb\":{\"@id\":\"https:\\\/\\\/www.logistic-natives.com\\\/fr\\\/a-propos-de-nous\\\/statuts#breadcrumb\"},\"inLanguage\":\"fr-FR\",\"potentialAction\":[{\"@type\":\"ReadAction\",\"target\":[\"https:\\\/\\\/www.logistic-natives.com\\\/fr\\\/a-propos-de-nous\\\/statuts\"]}]},{\"@type\":\"BreadcrumbList\",\"@id\":\"https:\\\/\\\/www.logistic-natives.com\\\/fr\\\/a-propos-de-nous\\\/statuts#breadcrumb\",\"itemListElement\":[{\"@type\":\"ListItem\",\"position\":1,\"name\":\"Home\",\"item\":\"https:\\\/\\\/www.logistic-natives.com\\\/fr?page_id=33056\"},{\"@type\":\"ListItem\",\"position\":2,\"name\":\"\u00c0 propos de nous\",\"item\":\"https:\\\/\\\/www.logistic-natives.com\\\/fr?page_id=32991\"},{\"@type\":\"ListItem\",\"position\":3,\"name\":\"Statuts\"}]},{\"@type\":\"WebSite\",\"@id\":\"https:\\\/\\\/www.logistic-natives.com\\\/fr#website\",\"url\":\"https:\\\/\\\/www.logistic-natives.com\\\/fr\",\"name\":\"Logistic Natives e.V.\",\"description\":\"Network of international logistics infrastructure in modern commerce\",\"publisher\":{\"@id\":\"https:\\\/\\\/www.logistic-natives.com\\\/fr#organization\"},\"potentialAction\":[{\"@type\":\"SearchAction\",\"target\":{\"@type\":\"EntryPoint\",\"urlTemplate\":\"https:\\\/\\\/www.logistic-natives.com\\\/fr?s={search_term_string}\"},\"query-input\":{\"@type\":\"PropertyValueSpecification\",\"valueRequired\":true,\"valueName\":\"search_term_string\"}}],\"inLanguage\":\"fr-FR\"},{\"@type\":\"Organization\",\"@id\":\"https:\\\/\\\/www.logistic-natives.com\\\/fr#organization\",\"name\":\"logistic-natives e.V.\",\"url\":\"https:\\\/\\\/www.logistic-natives.com\\\/fr\",\"logo\":{\"@type\":\"ImageObject\",\"inLanguage\":\"fr-FR\",\"@id\":\"https:\\\/\\\/www.logistic-natives.com\\\/fr#\\\/schema\\\/logo\\\/image\\\/\",\"url\":\"https:\\\/\\\/www.logistic-natives.com\\\/wp-content\\\/uploads\\\/2020\\\/12\\\/logistic-natives-logo_500x572px_PFAD.jpg\",\"contentUrl\":\"https:\\\/\\\/www.logistic-natives.com\\\/wp-content\\\/uploads\\\/2020\\\/12\\\/logistic-natives-logo_500x572px_PFAD.jpg\",\"width\":500,\"height\":572,\"caption\":\"logistic-natives e.V.\"},\"image\":{\"@id\":\"https:\\\/\\\/www.logistic-natives.com\\\/fr#\\\/schema\\\/logo\\\/image\\\/\"}}]}<\/script>\n<!-- \/ Yoast SEO plugin. -->","yoast_head_json":{"title":"Statuts | Logistic Natives e.V.","robots":{"index":"index","follow":"follow","max-snippet":"max-snippet:-1","max-image-preview":"max-image-preview:large","max-video-preview":"max-video-preview:-1"},"canonical":"https:\/\/www.logistic-natives.com\/fr\/a-propos-de-nous\/statuts","og_locale":"fr_FR","og_type":"article","og_title":"Statuts | Logistic Natives e.V.","og_description":"L'association porte le nom suivant : logistic-natives e.V. Son si\u00e8ge social est situ\u00e9 \u00e0 Berlin. L'association peut cr\u00e9er d'autres bureaux, y compris dans d'autres pays. Cela s'effectue sur la base d'un accord contractuel conclu avec le partenaire local. Le contrat repose sur les statuts de l\u2019association logistic-natives e.V. L\u2019exercice social de l\u2019association correspond \u00e0 l\u2019ann\u00e9e [&hellip;]","og_url":"https:\/\/www.logistic-natives.com\/fr\/a-propos-de-nous\/statuts","og_site_name":"Logistic Natives e.V.","article_modified_time":"2026-07-30T15:24:54+00:00","og_image":[{"width":258,"height":375,"url":"https:\/\/www.logistic-natives.com\/wp-content\/uploads\/2020\/11\/logistic-natives-logo.jpg","type":"image\/jpeg"}],"twitter_card":"summary_large_image","twitter_misc":{"Dur\u00e9e de lecture estim\u00e9e":"24 minutes"},"schema":{"@context":"https:\/\/schema.org","@graph":[{"@type":"WebPage","@id":"https:\/\/www.logistic-natives.com\/fr\/a-propos-de-nous\/statuts","url":"https:\/\/www.logistic-natives.com\/fr\/a-propos-de-nous\/statuts","name":"Statuts | Logistic Natives e.V.","isPartOf":{"@id":"https:\/\/www.logistic-natives.com\/fr#website"},"datePublished":"2020-10-26T12:02:21+00:00","dateModified":"2026-07-30T15:24:54+00:00","breadcrumb":{"@id":"https:\/\/www.logistic-natives.com\/fr\/a-propos-de-nous\/statuts#breadcrumb"},"inLanguage":"fr-FR","potentialAction":[{"@type":"ReadAction","target":["https:\/\/www.logistic-natives.com\/fr\/a-propos-de-nous\/statuts"]}]},{"@type":"BreadcrumbList","@id":"https:\/\/www.logistic-natives.com\/fr\/a-propos-de-nous\/statuts#breadcrumb","itemListElement":[{"@type":"ListItem","position":1,"name":"Home","item":"https:\/\/www.logistic-natives.com\/fr?page_id=33056"},{"@type":"ListItem","position":2,"name":"\u00c0 propos de nous","item":"https:\/\/www.logistic-natives.com\/fr?page_id=32991"},{"@type":"ListItem","position":3,"name":"Statuts"}]},{"@type":"WebSite","@id":"https:\/\/www.logistic-natives.com\/fr#website","url":"https:\/\/www.logistic-natives.com\/fr","name":"Logistic Natives e.V.","description":"Network of international logistics infrastructure in modern commerce","publisher":{"@id":"https:\/\/www.logistic-natives.com\/fr#organization"},"potentialAction":[{"@type":"SearchAction","target":{"@type":"EntryPoint","urlTemplate":"https:\/\/www.logistic-natives.com\/fr?s={search_term_string}"},"query-input":{"@type":"PropertyValueSpecification","valueRequired":true,"valueName":"search_term_string"}}],"inLanguage":"fr-FR"},{"@type":"Organization","@id":"https:\/\/www.logistic-natives.com\/fr#organization","name":"logistic-natives e.V.","url":"https:\/\/www.logistic-natives.com\/fr","logo":{"@type":"ImageObject","inLanguage":"fr-FR","@id":"https:\/\/www.logistic-natives.com\/fr#\/schema\/logo\/image\/","url":"https:\/\/www.logistic-natives.com\/wp-content\/uploads\/2020\/12\/logistic-natives-logo_500x572px_PFAD.jpg","contentUrl":"https:\/\/www.logistic-natives.com\/wp-content\/uploads\/2020\/12\/logistic-natives-logo_500x572px_PFAD.jpg","width":500,"height":572,"caption":"logistic-natives e.V."},"image":{"@id":"https:\/\/www.logistic-natives.com\/fr#\/schema\/logo\/image\/"}}]}},"_links":{"self":[{"href":"https:\/\/www.logistic-natives.com\/fr\/wp-json\/wp\/v2\/pages\/33299","targetHints":{"allow":["GET"]}}],"collection":[{"href":"https:\/\/www.logistic-natives.com\/fr\/wp-json\/wp\/v2\/pages"}],"about":[{"href":"https:\/\/www.logistic-natives.com\/fr\/wp-json\/wp\/v2\/types\/page"}],"author":[{"embeddable":true,"href":"https:\/\/www.logistic-natives.com\/fr\/wp-json\/wp\/v2\/users\/4"}],"replies":[{"embeddable":true,"href":"https:\/\/www.logistic-natives.com\/fr\/wp-json\/wp\/v2\/comments?post=33299"}],"version-history":[{"count":0,"href":"https:\/\/www.logistic-natives.com\/fr\/wp-json\/wp\/v2\/pages\/33299\/revisions"}],"up":[{"embeddable":true,"href":"https:\/\/www.logistic-natives.com\/fr\/wp-json\/wp\/v2\/pages\/32991"}],"wp:attachment":[{"href":"https:\/\/www.logistic-natives.com\/fr\/wp-json\/wp\/v2\/media?parent=33299"}],"curies":[{"name":"wp","href":"https:\/\/api.w.org\/{rel}","templated":true}]}}