{"id":33354,"date":"2020-06-25T13:33:49","date_gmt":"2020-06-25T12:33:49","guid":{"rendered":"https:\/\/www.logistic-natives.com\/blog"},"modified":"2026-07-31T11:11:25","modified_gmt":"2026-07-31T10:11:25","slug":"blog","status":"publish","type":"page","link":"https:\/\/www.logistic-natives.com\/fr\/blog","title":{"rendered":"Blog"},"content":{"rendered":"<p>[et_pb_section fb_built=\u00a0\u00bb1&Prime; custom_padding_last_edited=\u00a0\u00bbon|phone\u00a0\u00bb admin_label=\u00a0\u00bbsection\u00a0\u00bb _builder_version=\u00a0\u00bb4.16&Prime; background_color=\u00a0\u00bbrgba(5,38,89,0.43)\u00a0\u00bb background_image=\u00a0\u00bbhttps:\/\/www.logistic-natives.com\/wp-content\/uploads\/2020\/06\/logistic-dark-bg.jpg\u00a0\u00bb custom_padding=\u00a0\u00bb0vh||0vh|||\u00a0\u00bb custom_padding_tablet=\u00a0\u00bb22vh||24vh|\u00a0\u00bb custom_padding_phone=\u00a0\u00bb10vh||10vh|\u00a0\u00bb global_colors_info=\u00a0\u00bb{}\u00a0\u00bb][et_pb_row admin_label=\u00a0\u00bbrow\u00a0\u00bb _builder_version=\u00a0\u00bb4.16&Prime; background_enable_image=\u00a0\u00bboff\u00a0\u00bb background_size=\u00a0\u00bbinitial\u00a0\u00bb background_position=\u00a0\u00bbtop_left\u00a0\u00bb background_repeat=\u00a0\u00bbrepeat\u00a0\u00bb max_width=\u00a0\u00bb1500px\u00a0\u00bb module_alignment=\u00a0\u00bbcenter\u00a0\u00bb custom_margin=\u00a0\u00bb||||false|false\u00a0\u00bb make_fullwidth=\u00a0\u00bboff\u00a0\u00bb use_custom_width=\u00a0\u00bbon\u00a0\u00bb width_unit=\u00a0\u00bbon\u00a0\u00bb custom_width_px=\u00a0\u00bb1600px\u00a0\u00bb global_colors_info=\u00a0\u00bb{}\u00a0\u00bb][et_pb_column type=\u00a0\u00bb4_4&Prime; _builder_version=\u00a0\u00bb4.16&Prime; custom_padding=\u00a0\u00bb|||\u00a0\u00bb global_colors_info=\u00a0\u00bb{}\u00a0\u00bb custom_padding__hover=\u00a0\u00bb|||\u00a0\u00bb][\/et_pb_column][\/et_pb_row][\/et_pb_section][et_pb_section fb_built=\u00a0\u00bb1&Prime; custom_padding_last_edited=\u00a0\u00bbon|desktop\u00a0\u00bb admin_label=\u00a0\u00bbServices\u00a0\u00bb _builder_version=\u00a0\u00bb4.16&Prime; background_color=\u00a0\u00bb#efefef\u00a0\u00bb background_enable_image=\u00a0\u00bboff\u00a0\u00bb custom_margin=\u00a0\u00bb|||\u00a0\u00bb custom_padding=\u00a0\u00bb70px|0px|70px|0px|true|false\u00a0\u00bb custom_padding_tablet=\u00a0\u00bb100px||40px|\u00a0\u00bb custom_padding_phone=\u00a0\u00bb||40px|\u00a0\u00bb top_divider_height=\u00a0\u00bb60px\u00a0\u00bb border_color_all=\u00a0\u00bbrgba(0,0,0,0)\u00a0\u00bb border_style_all=\u00a0\u00bbnone\u00a0\u00bb global_colors_info=\u00a0\u00bb{}\u00a0\u00bb][et_pb_row column_structure=\u00a0\u00bb3_4,1_4&Prime; _builder_version=\u00a0\u00bb4.16&Prime; _module_preset=\u00a0\u00bbdefault\u00a0\u00bb global_colors_info=\u00a0\u00bb{}\u00a0\u00bb][et_pb_column type=\u00a0\u00bb3_4&Prime; _builder_version=\u00a0\u00bb4.16&Prime; _module_preset=\u00a0\u00bbdefault\u00a0\u00bb global_colors_info=\u00a0\u00bb{}\u00a0\u00bb][et_pb_text _builder_version=\u00a0\u00bb4.16&Prime; _module_preset=\u00a0\u00bbdefault\u00a0\u00bb header_2_font_size=\u00a0\u00bb32px\u00a0\u00bb global_colors_info=\u00a0\u00bb{}\u00a0\u00bb]<\/p>\n<h2>Qui sommes-nous ?<\/h2>\n<p>[\/et_pb_text][et_pb_text _builder_version=\u00a0\u00bb4.16&Prime; _module_preset=\u00a0\u00bbdefault\u00a0\u00bb text_font_size=\u00a0\u00bb16px\u00a0\u00bb custom_padding=\u00a0\u00bb||0px|||\u00a0\u00bb global_colors_info=\u00a0\u00bb{}\u00a0\u00bb]<\/p>\n<p>L&rsquo;association \u00ab logistic-natives e.V. \u00bb est un r\u00e9seau international d&rsquo;infrastructures logistiques d\u00e9di\u00e9 au commerce moderne, compos\u00e9 principalement de PME. Cette association d\u00e9fend activement les int\u00e9r\u00eats \u00e9conomiques et juridiques de plus de 30 000 entreprises du secteur. <\/p>\n<p><span style=\"font-size: 16px;\">\u00c0 cet \u00e9gard, l&rsquo;association \u00ab logistic-natives e.V. \u00bb apporte principalement son soutien en mati\u00e8re de digitalisation progressive des entreprises et de livraison de marchandises par le biais de moyens de communication num\u00e9riques, dans une optique d&rsquo;optimisation des livraisons, de d\u00e9veloppement durable, de gestion du cycle de vie, de logistique circulaire et de gestion des retours.<\/span><\/p>\n<p>Fort de son expertise pragmatique, le r\u00e9seau est l&rsquo;interlocuteur privil\u00e9gi\u00e9 des repr\u00e9sentants du monde politique, de l&rsquo;administration, du secteur priv\u00e9 et d&rsquo;autres institutions pour \u00e9laborer des solutions nationales et internationales adapt\u00e9es au commerce moderne. \u00c0 cet effet, l&rsquo;association \u00ab logistic-natives e.V. \u00bb mise sur un vaste r\u00e9seau et une collaboration fond\u00e9e sur le partenariat. <\/p>\n<p>[\/et_pb_text][et_pb_text _builder_version=\u00a0\u00bb4.16&Prime; _module_preset=\u00a0\u00bbdefault\u00a0\u00bb text_font_size=\u00a0\u00bb16px\u00a0\u00bb custom_padding=\u00a0\u00bb||0px|||\u00a0\u00bb global_colors_info=\u00a0\u00bb{}\u00a0\u00bb]<\/p>\n<p>Le r\u00e9seau rendra r\u00e9guli\u00e8rement compte des tendances et des actualit\u00e9s dans le domaine de la logistique express et jouera le r\u00f4le de porte-parole et d\u2019interlocuteur de r\u00e9f\u00e9rence pour les questions relatives \u00e0 ce secteur. \u00c0 cette fin, il collaborera \u00e9troitement et dans un esprit de partenariat avec les associations professionnelles reconnues. Afin de vous donner un premier aper\u00e7u de certains domaines d\u2019activit\u00e9 de l\u2019association, vous trouverez ci-dessous un aper\u00e7u g\u00e9n\u00e9ral des th\u00e8mes d\u2019actualit\u00e9 : l\u2019acc\u00e8s au r\u00e9seau postal mondial, l\u2019\u00e9valuation de la l\u00e9gislation postale de l\u2019UE et la prise en compte des besoins des consommateurs dans la circulation des marchandises.  <\/p>\n<p>[\/et_pb_text][\/et_pb_column][et_pb_column type=\u00a0\u00bb1_4&Prime; _builder_version=\u00a0\u00bb4.16&Prime; _module_preset=\u00a0\u00bbdefault\u00a0\u00bb global_colors_info=\u00a0\u00bb{}\u00a0\u00bb][et_pb_team_member name=\u00a0\u00bbFlorian Seikel\u00a0\u00bb position=\u00a0\u00bbDirecteur g\u00e9n\u00e9ral\u00a0\u00bb image_url=\u00a0\u00bbhttps:\/\/www.logistic-natives.com\/wp-content\/uploads\/2020\/07\/Florian-Seikel-Logistic-natives-1.png\u00a0\u00bb linkedin_url=\u00a0\u00bbhttps:\/\/www.linkedin.com\/in\/florian-seikel-87a0aa169\/\u00a0\u00bb _builder_version=\u00a0\u00bb4.14.5&Prime; _module_preset=\u00a0\u00bbdefault\u00a0\u00bb header_text_align=\u00a0\u00bbcenter\u00a0\u00bb body_text_align=\u00a0\u00bbcenter\u00a0\u00bb body_font_size=\u00a0\u00bb12px\u00a0\u00bb position_font=\u00a0\u00bb|600|||||||\u00a0\u00bb position_text_align=\u00a0\u00bbcenter\u00a0\u00bb position_font_size=\u00a0\u00bb16px\u00a0\u00bb background_color=\u00a0\u00bbRGBA(255,255,255,0)\u00a0\u00bb custom_padding=\u00a0\u00bb10px|10px|10px|10px|true|false\u00a0\u00bb border_radii=\u00a0\u00bboff||||\u00a0\u00bb border_color_all=\u00a0\u00bb#d8d8d8&Prime; border_radii_image=\u00a0\u00bboff||||\u00a0\u00bb global_module=\u00a0\u00bb1335&Prime; saved_tabs=\u00a0\u00bball\u00a0\u00bb global_colors_info=\u00a0\u00bb{}\u00a0\u00bb]<\/p>\n<p>Tel. +49 162-2561001<\/p>\n<p>[\/et_pb_team_member][et_pb_text admin_label=\u00a0\u00bbMen\u00fc-\u00dcberuns\u00a0\u00bb _builder_version=\u00a0\u00bb4.16&Prime; _module_preset=\u00a0\u00bbdefault\u00a0\u00bb background_color=\u00a0\u00bb#ffffff\u00a0\u00bb custom_padding=\u00a0\u00bb15px|15px|15px|15px|true|true\u00a0\u00bb border_radii=\u00a0\u00bbon|25px|25px|25px|25px\u00a0\u00bb border_width_all=\u00a0\u00bb1px\u00a0\u00bb border_color_all=\u00a0\u00bb#31257C\u00a0\u00bb saved_tabs=\u00a0\u00bball\u00a0\u00bb global_colors_info=\u00a0\u00bb{}\u00a0\u00bb]<\/p>\n<h3>Pour plus d&rsquo;informations<\/h3>\n<ul>\n<li><a href=\"https:\/\/www.logistic-natives.com\/fr\/statuts\">Statuts<\/a><\/li>\n<li><a href=\"https:\/\/www.logistic-natives.com\/fr\/membres\">Membres<\/a><\/li>\n<li><a href=\"https:\/\/www.logistic-natives.com\/fr\/blog\">Blog<\/a><\/li>\n<li><a href=\"https:\/\/www.logistic-natives.com\/ueber-uns\/ansprechpartner.html\">Interlocuteur<\/a><\/li>\n<\/ul>\n<p>[\/et_pb_text][\/et_pb_column][\/et_pb_row][\/et_pb_section]<\/p>\n","protected":false},"excerpt":{"rendered":"<p>Qui sommes-nous ?L&rsquo;association \u00ab logistic-natives e.V. \u00bb est un r\u00e9seau international d&rsquo;infrastructures logistiques d\u00e9di\u00e9 au commerce moderne, compos\u00e9 principalement de PME. Cette association d\u00e9fend activement les int\u00e9r\u00eats \u00e9conomiques et juridiques de plus de 30 000 entreprises du secteur. \u00c0 cet \u00e9gard, l&rsquo;association \u00ab logistic-natives e.V. \u00bb apporte principalement son soutien en mati\u00e8re de digitalisation progressive [&hellip;]<\/p>\n","protected":false},"author":4,"featured_media":0,"parent":0,"menu_order":0,"comment_status":"closed","ping_status":"closed","template":"","meta":{"_et_pb_use_builder":"on","_et_pb_old_content":"","_et_gb_content_width":"","footnotes":""},"class_list":["post-33354","page","type-page","status-publish","hentry"],"yoast_head":"<!-- This site is optimized with the Yoast SEO plugin v28.3 - https:\/\/yoast.com\/product\/yoast-seo-wordpress\/ -->\n<title>Blog | Logistic Natives e.V.<\/title>\n<meta name=\"robots\" content=\"index, follow, max-snippet:-1, max-image-preview:large, max-video-preview:-1\" \/>\n<link rel=\"canonical\" href=\"https:\/\/www.logistic-natives.com\/fr\/blog\" \/>\n<meta property=\"og:locale\" content=\"fr_FR\" \/>\n<meta property=\"og:type\" content=\"article\" \/>\n<meta property=\"og:title\" content=\"Blog | Logistic Natives e.V.\" \/>\n<meta property=\"og:description\" content=\"Qui sommes-nous ?L&#039;association \u00ab logistic-natives e.V. \u00bb est un r\u00e9seau international d&#039;infrastructures logistiques d\u00e9di\u00e9 au commerce moderne, compos\u00e9 principalement de PME. Cette association d\u00e9fend activement les int\u00e9r\u00eats \u00e9conomiques et juridiques de plus de 30 000 entreprises du secteur. \u00c0 cet \u00e9gard, l&#039;association \u00ab logistic-natives e.V. \u00bb apporte principalement son soutien en mati\u00e8re de digitalisation progressive [&hellip;]\" \/>\n<meta property=\"og:url\" content=\"https:\/\/www.logistic-natives.com\/fr\/blog\" \/>\n<meta property=\"og:site_name\" content=\"Logistic Natives e.V.\" \/>\n<meta property=\"article:modified_time\" content=\"2026-07-31T10:11:25+00:00\" \/>\n<meta property=\"og:image\" content=\"https:\/\/www.logistic-natives.com\/wp-content\/uploads\/2020\/11\/logistic-natives-logo.jpg\" \/>\n\t<meta property=\"og:image:width\" content=\"258\" \/>\n\t<meta property=\"og:image:height\" content=\"375\" \/>\n\t<meta property=\"og:image:type\" content=\"image\/jpeg\" \/>\n<meta name=\"twitter:card\" content=\"summary_large_image\" \/>\n<meta name=\"twitter:label1\" content=\"Dur\u00e9e de lecture estim\u00e9e\" \/>\n\t<meta name=\"twitter:data1\" content=\"4 minutes\" \/>\n<script type=\"application\/ld+json\" class=\"yoast-schema-graph\">{\"@context\":\"https:\\\/\\\/schema.org\",\"@graph\":[{\"@type\":\"WebPage\",\"@id\":\"https:\\\/\\\/www.logistic-natives.com\\\/fr\\\/blog\",\"url\":\"https:\\\/\\\/www.logistic-natives.com\\\/fr\\\/blog\",\"name\":\"Blog | Logistic Natives e.V.\",\"isPartOf\":{\"@id\":\"https:\\\/\\\/www.logistic-natives.com\\\/fr#website\"},\"datePublished\":\"2020-06-25T12:33:49+00:00\",\"dateModified\":\"2026-07-31T10:11:25+00:00\",\"breadcrumb\":{\"@id\":\"https:\\\/\\\/www.logistic-natives.com\\\/fr\\\/blog#breadcrumb\"},\"inLanguage\":\"fr-FR\",\"potentialAction\":[{\"@type\":\"ReadAction\",\"target\":[\"https:\\\/\\\/www.logistic-natives.com\\\/fr\\\/blog\"]}]},{\"@type\":\"BreadcrumbList\",\"@id\":\"https:\\\/\\\/www.logistic-natives.com\\\/fr\\\/blog#breadcrumb\",\"itemListElement\":[{\"@type\":\"ListItem\",\"position\":1,\"name\":\"Home\",\"item\":\"https:\\\/\\\/www.logistic-natives.com\\\/fr?page_id=33056\"},{\"@type\":\"ListItem\",\"position\":2,\"name\":\"Blog\"}]},{\"@type\":\"WebSite\",\"@id\":\"https:\\\/\\\/www.logistic-natives.com\\\/fr#website\",\"url\":\"https:\\\/\\\/www.logistic-natives.com\\\/fr\",\"name\":\"Logistic Natives e.V.\",\"description\":\"Network of international logistics infrastructure in modern commerce\",\"publisher\":{\"@id\":\"https:\\\/\\\/www.logistic-natives.com\\\/fr#organization\"},\"potentialAction\":[{\"@type\":\"SearchAction\",\"target\":{\"@type\":\"EntryPoint\",\"urlTemplate\":\"https:\\\/\\\/www.logistic-natives.com\\\/fr?s={search_term_string}\"},\"query-input\":{\"@type\":\"PropertyValueSpecification\",\"valueRequired\":true,\"valueName\":\"search_term_string\"}}],\"inLanguage\":\"fr-FR\"},{\"@type\":\"Organization\",\"@id\":\"https:\\\/\\\/www.logistic-natives.com\\\/fr#organization\",\"name\":\"logistic-natives e.V.\",\"url\":\"https:\\\/\\\/www.logistic-natives.com\\\/fr\",\"logo\":{\"@type\":\"ImageObject\",\"inLanguage\":\"fr-FR\",\"@id\":\"https:\\\/\\\/www.logistic-natives.com\\\/fr#\\\/schema\\\/logo\\\/image\\\/\",\"url\":\"https:\\\/\\\/www.logistic-natives.com\\\/wp-content\\\/uploads\\\/2020\\\/12\\\/logistic-natives-logo_500x572px_PFAD.jpg\",\"contentUrl\":\"https:\\\/\\\/www.logistic-natives.com\\\/wp-content\\\/uploads\\\/2020\\\/12\\\/logistic-natives-logo_500x572px_PFAD.jpg\",\"width\":500,\"height\":572,\"caption\":\"logistic-natives e.V.\"},\"image\":{\"@id\":\"https:\\\/\\\/www.logistic-natives.com\\\/fr#\\\/schema\\\/logo\\\/image\\\/\"}}]}<\/script>\n<!-- \/ Yoast SEO plugin. -->","yoast_head_json":{"title":"Blog | Logistic Natives e.V.","robots":{"index":"index","follow":"follow","max-snippet":"max-snippet:-1","max-image-preview":"max-image-preview:large","max-video-preview":"max-video-preview:-1"},"canonical":"https:\/\/www.logistic-natives.com\/fr\/blog","og_locale":"fr_FR","og_type":"article","og_title":"Blog | Logistic Natives e.V.","og_description":"Qui sommes-nous ?L'association \u00ab logistic-natives e.V. \u00bb est un r\u00e9seau international d'infrastructures logistiques d\u00e9di\u00e9 au commerce moderne, compos\u00e9 principalement de PME. Cette association d\u00e9fend activement les int\u00e9r\u00eats \u00e9conomiques et juridiques de plus de 30 000 entreprises du secteur. \u00c0 cet \u00e9gard, l'association \u00ab logistic-natives e.V. \u00bb apporte principalement son soutien en mati\u00e8re de digitalisation progressive [&hellip;]","og_url":"https:\/\/www.logistic-natives.com\/fr\/blog","og_site_name":"Logistic Natives e.V.","article_modified_time":"2026-07-31T10:11:25+00:00","og_image":[{"width":258,"height":375,"url":"https:\/\/www.logistic-natives.com\/wp-content\/uploads\/2020\/11\/logistic-natives-logo.jpg","type":"image\/jpeg"}],"twitter_card":"summary_large_image","twitter_misc":{"Dur\u00e9e de lecture estim\u00e9e":"4 minutes"},"schema":{"@context":"https:\/\/schema.org","@graph":[{"@type":"WebPage","@id":"https:\/\/www.logistic-natives.com\/fr\/blog","url":"https:\/\/www.logistic-natives.com\/fr\/blog","name":"Blog | Logistic Natives e.V.","isPartOf":{"@id":"https:\/\/www.logistic-natives.com\/fr#website"},"datePublished":"2020-06-25T12:33:49+00:00","dateModified":"2026-07-31T10:11:25+00:00","breadcrumb":{"@id":"https:\/\/www.logistic-natives.com\/fr\/blog#breadcrumb"},"inLanguage":"fr-FR","potentialAction":[{"@type":"ReadAction","target":["https:\/\/www.logistic-natives.com\/fr\/blog"]}]},{"@type":"BreadcrumbList","@id":"https:\/\/www.logistic-natives.com\/fr\/blog#breadcrumb","itemListElement":[{"@type":"ListItem","position":1,"name":"Home","item":"https:\/\/www.logistic-natives.com\/fr?page_id=33056"},{"@type":"ListItem","position":2,"name":"Blog"}]},{"@type":"WebSite","@id":"https:\/\/www.logistic-natives.com\/fr#website","url":"https:\/\/www.logistic-natives.com\/fr","name":"Logistic Natives e.V.","description":"Network of international logistics infrastructure in modern commerce","publisher":{"@id":"https:\/\/www.logistic-natives.com\/fr#organization"},"potentialAction":[{"@type":"SearchAction","target":{"@type":"EntryPoint","urlTemplate":"https:\/\/www.logistic-natives.com\/fr?s={search_term_string}"},"query-input":{"@type":"PropertyValueSpecification","valueRequired":true,"valueName":"search_term_string"}}],"inLanguage":"fr-FR"},{"@type":"Organization","@id":"https:\/\/www.logistic-natives.com\/fr#organization","name":"logistic-natives e.V.","url":"https:\/\/www.logistic-natives.com\/fr","logo":{"@type":"ImageObject","inLanguage":"fr-FR","@id":"https:\/\/www.logistic-natives.com\/fr#\/schema\/logo\/image\/","url":"https:\/\/www.logistic-natives.com\/wp-content\/uploads\/2020\/12\/logistic-natives-logo_500x572px_PFAD.jpg","contentUrl":"https:\/\/www.logistic-natives.com\/wp-content\/uploads\/2020\/12\/logistic-natives-logo_500x572px_PFAD.jpg","width":500,"height":572,"caption":"logistic-natives e.V."},"image":{"@id":"https:\/\/www.logistic-natives.com\/fr#\/schema\/logo\/image\/"}}]}},"_links":{"self":[{"href":"https:\/\/www.logistic-natives.com\/fr\/wp-json\/wp\/v2\/pages\/33354","targetHints":{"allow":["GET"]}}],"collection":[{"href":"https:\/\/www.logistic-natives.com\/fr\/wp-json\/wp\/v2\/pages"}],"about":[{"href":"https:\/\/www.logistic-natives.com\/fr\/wp-json\/wp\/v2\/types\/page"}],"author":[{"embeddable":true,"href":"https:\/\/www.logistic-natives.com\/fr\/wp-json\/wp\/v2\/users\/4"}],"replies":[{"embeddable":true,"href":"https:\/\/www.logistic-natives.com\/fr\/wp-json\/wp\/v2\/comments?post=33354"}],"version-history":[{"count":0,"href":"https:\/\/www.logistic-natives.com\/fr\/wp-json\/wp\/v2\/pages\/33354\/revisions"}],"wp:attachment":[{"href":"https:\/\/www.logistic-natives.com\/fr\/wp-json\/wp\/v2\/media?parent=33354"}],"curies":[{"name":"wp","href":"https:\/\/api.w.org\/{rel}","templated":true}]}}