{"id":33428,"date":"2023-08-24T18:08:12","date_gmt":"2023-08-24T17:08:12","guid":{"rendered":"https:\/\/www.logistic-natives.com\/actualites\/politique-federale-et-europeenne"},"modified":"2026-08-03T10:53:04","modified_gmt":"2026-08-03T09:53:04","slug":"politique-federale-et-europeenne","status":"publish","type":"page","link":"https:\/\/www.logistic-natives.com\/fr\/actualites\/politique-federale-et-europeenne","title":{"rendered":"Politique f\u00e9d\u00e9rale et europ\u00e9enne"},"content":{"rendered":"<p>[et_pb_section fb_built=\u00a0\u00bb1&Prime; custom_padding_last_edited=\u00a0\u00bbon|phone\u00a0\u00bb admin_label=\u00a0\u00bbsection\u00a0\u00bb _builder_version=\u00a0\u00bb4.16&Prime; background_color=\u00a0\u00bbrgba(5,38,89,0.43)\u00a0\u00bb background_image=\u00a0\u00bbhttps:\/\/www.logistic-natives.com\/wp-content\/uploads\/2020\/06\/logistic-dark-bg.jpg\u00a0\u00bb custom_padding=\u00a0\u00bb0vh||0vh|||\u00a0\u00bb custom_padding_tablet=\u00a0\u00bb22vh||24vh|\u00a0\u00bb custom_padding_phone=\u00a0\u00bb10vh||10vh|\u00a0\u00bb global_colors_info=\u00a0\u00bb{}\u00a0\u00bb][et_pb_row admin_label=\u00a0\u00bbrow\u00a0\u00bb _builder_version=\u00a0\u00bb4.16&Prime; background_enable_image=\u00a0\u00bboff\u00a0\u00bb background_size=\u00a0\u00bbinitial\u00a0\u00bb background_position=\u00a0\u00bbtop_left\u00a0\u00bb background_repeat=\u00a0\u00bbrepeat\u00a0\u00bb max_width=\u00a0\u00bb1500px\u00a0\u00bb module_alignment=\u00a0\u00bbcenter\u00a0\u00bb custom_margin=\u00a0\u00bb||||false|false\u00a0\u00bb make_fullwidth=\u00a0\u00bboff\u00a0\u00bb use_custom_width=\u00a0\u00bbon\u00a0\u00bb width_unit=\u00a0\u00bbon\u00a0\u00bb custom_width_px=\u00a0\u00bb1600px\u00a0\u00bb global_colors_info=\u00a0\u00bb{}\u00a0\u00bb][et_pb_column type=\u00a0\u00bb4_4&Prime; _builder_version=\u00a0\u00bb4.16&Prime; custom_padding=\u00a0\u00bb|||\u00a0\u00bb global_colors_info=\u00a0\u00bb{}\u00a0\u00bb custom_padding__hover=\u00a0\u00bb|||\u00a0\u00bb][et_pb_cta title=\u00a0\u00bbActualit\u00e9s\u00a0\u00bb _builder_version=\u00a0\u00bb4.22.1&Prime; header_font=\u00a0\u00bbOpen Sans||||||||\u00a0\u00bb header_font_size=\u00a0\u00bb90&Prime; header_line_height=\u00a0\u00bb1.2em\u00a0\u00bb body_font=\u00a0\u00bb|on||on|\u00a0\u00bb body_font_size=\u00a0\u00bb26&Prime; use_background_color=\u00a0\u00bboff\u00a0\u00bb background_size=\u00a0\u00bbinitial\u00a0\u00bb background_position=\u00a0\u00bbtop_left\u00a0\u00bb background_repeat=\u00a0\u00bbrepeat\u00a0\u00bb custom_button=\u00a0\u00bbon\u00a0\u00bb button_bg_color=\u00a0\u00bb#0c71c3&Prime; min_height=\u00a0\u00bb150px\u00a0\u00bb max_height=\u00a0\u00bb250px\u00a0\u00bb custom_padding=\u00a0\u00bb60px||0px|0px|false|false\u00a0\u00bb header_font_size_tablet=\u00a0\u00bb70&Prime; header_font_size_phone=\u00a0\u00bb30&Prime; header_font_size_last_edited=\u00a0\u00bbon|phone\u00a0\u00bb body_font_size_tablet=\u00a0\u00bb24&Prime; body_font_size_phone=\u00a0\u00bb18&Prime; body_font_size_last_edited=\u00a0\u00bbon|phone\u00a0\u00bb custom_css_promo_title=\u00a0\u00bbtext-transform: none;||font-weight: 300;\u00a0\u00bb text_shadow_style=\u00a0\u00bbpreset5&Prime; use_border_color=\u00a0\u00bboff\u00a0\u00bb border_color=\u00a0\u00bb#ffffff\u00a0\u00bb border_style=\u00a0\u00bbsolid\u00a0\u00bb button_letter_spacing_hover=\u00a0\u00bb0&Prime; inline_fonts=\u00a0\u00bbOpen Sans\u00a0\u00bb global_colors_info=\u00a0\u00bb{}\u00a0\u00bb button_text_size__hover_enabled=\u00a0\u00bboff\u00a0\u00bb button_one_text_size__hover_enabled=\u00a0\u00bboff\u00a0\u00bb button_two_text_size__hover_enabled=\u00a0\u00bboff\u00a0\u00bb button_text_color__hover_enabled=\u00a0\u00bboff\u00a0\u00bb button_one_text_color__hover_enabled=\u00a0\u00bboff\u00a0\u00bb button_two_text_color__hover_enabled=\u00a0\u00bboff\u00a0\u00bb button_border_width__hover_enabled=\u00a0\u00bboff\u00a0\u00bb button_one_border_width__hover_enabled=\u00a0\u00bboff\u00a0\u00bb button_two_border_width__hover_enabled=\u00a0\u00bboff\u00a0\u00bb button_border_color__hover_enabled=\u00a0\u00bboff\u00a0\u00bb button_one_border_color__hover_enabled=\u00a0\u00bboff\u00a0\u00bb button_two_border_color__hover_enabled=\u00a0\u00bboff\u00a0\u00bb button_border_radius__hover_enabled=\u00a0\u00bboff\u00a0\u00bb button_one_border_radius__hover_enabled=\u00a0\u00bboff\u00a0\u00bb button_two_border_radius__hover_enabled=\u00a0\u00bboff\u00a0\u00bb button_letter_spacing__hover_enabled=\u00a0\u00bbon\u00a0\u00bb button_letter_spacing__hover=\u00a0\u00bb0&Prime; button_one_letter_spacing__hover_enabled=\u00a0\u00bboff\u00a0\u00bb button_two_letter_spacing__hover_enabled=\u00a0\u00bboff\u00a0\u00bb button_bg_color__hover_enabled=\u00a0\u00bboff\u00a0\u00bb button_one_bg_color__hover_enabled=\u00a0\u00bboff\u00a0\u00bb button_two_bg_color__hover_enabled=\u00a0\u00bboff\u00a0\u00bb]<\/p>\n<h3 class=\"av-special-heading-tag \">de la politique f\u00e9d\u00e9rale et europ\u00e9enne<\/h3>\n<p>[\/et_pb_cta][\/et_pb_column][\/et_pb_row][\/et_pb_section][et_pb_section fb_built=\u00a0\u00bb1&Prime; _builder_version=\u00a0\u00bb4.16&Prime; background_color=\u00a0\u00bb#EFEFEF\u00a0\u00bb background_enable_image=\u00a0\u00bboff\u00a0\u00bb top_divider_style=\u00a0\u00bbramp2&Prime; top_divider_color=\u00a0\u00bbrgba(73,78,107,0.07)\u00a0\u00bb top_divider_height=\u00a0\u00bb90vw\u00a0\u00bb top_divider_flip=\u00a0\u00bbhorizontal|vertical\u00a0\u00bb global_colors_info=\u00a0\u00bb{}\u00a0\u00bb][et_pb_row _builder_version=\u00a0\u00bb4.16&Prime; _module_preset=\u00a0\u00bbdefault\u00a0\u00bb global_colors_info=\u00a0\u00bb{}\u00a0\u00bb][et_pb_column type=\u00a0\u00bb4_4&Prime; _builder_version=\u00a0\u00bb4.16&Prime; _module_preset=\u00a0\u00bbdefault\u00a0\u00bb global_colors_info=\u00a0\u00bb{}\u00a0\u00bb][et_pb_divider color=\u00a0\u00bb#31257C\u00a0\u00bb divider_weight=\u00a0\u00bb3px\u00a0\u00bb _builder_version=\u00a0\u00bb4.16&Prime; global_colors_info=\u00a0\u00bb{}\u00a0\u00bb][\/et_pb_divider][\/et_pb_column][\/et_pb_row][et_pb_row column_structure=\u00a0\u00bb2_3,1_3&Prime; _builder_version=\u00a0\u00bb4.16&Prime; global_colors_info=\u00a0\u00bb{}\u00a0\u00bb][et_pb_column type=\u00a0\u00bb2_3&Prime; _builder_version=\u00a0\u00bb4.16&Prime; global_colors_info=\u00a0\u00bb{}\u00a0\u00bb][et_pb_blog include_categories=\u00a0\u00bb48&Prime; use_manual_excerpt=\u00a0\u00bboff\u00a0\u00bb _builder_version=\u00a0\u00bb4.22.1&Prime; _module_preset=\u00a0\u00bbdefault\u00a0\u00bb hover_enabled=\u00a0\u00bb0&Prime; global_colors_info=\u00a0\u00bb{}\u00a0\u00bb fullwidth=\u00a0\u00bboff\u00a0\u00bb sticky_enabled=\u00a0\u00bb0&Prime;][\/et_pb_blog][\/et_pb_column][et_pb_column type=\u00a0\u00bb1_3&Prime; _builder_version=\u00a0\u00bb4.16&Prime; global_colors_info=\u00a0\u00bb{}\u00a0\u00bb][et_pb_team_member name=\u00a0\u00bbFlorian Seikel\u00a0\u00bb position=\u00a0\u00bbDirecteur g\u00e9n\u00e9ral\u00a0\u00bb image_url=\u00a0\u00bbhttps:\/\/www.logistic-natives.com\/wp-content\/uploads\/2020\/07\/Florian-Seikel-Logistic-natives-1.png\u00a0\u00bb linkedin_url=\u00a0\u00bbhttps:\/\/www.linkedin.com\/in\/florian-seikel-87a0aa169\/\u00a0\u00bb _builder_version=\u00a0\u00bb4.14.5&Prime; _module_preset=\u00a0\u00bbdefault\u00a0\u00bb header_text_align=\u00a0\u00bbcenter\u00a0\u00bb body_text_align=\u00a0\u00bbcenter\u00a0\u00bb body_font_size=\u00a0\u00bb12px\u00a0\u00bb position_font=\u00a0\u00bb|600|||||||\u00a0\u00bb position_text_align=\u00a0\u00bbcenter\u00a0\u00bb position_font_size=\u00a0\u00bb16px\u00a0\u00bb background_color=\u00a0\u00bbRGBA(255,255,255,0)\u00a0\u00bb custom_padding=\u00a0\u00bb10px|10px|10px|10px|true|false\u00a0\u00bb border_radii=\u00a0\u00bboff||||\u00a0\u00bb border_width_all=\u00a0\u00bb1px\u00a0\u00bb border_color_all=\u00a0\u00bb#d8d8d8&Prime; border_radii_image=\u00a0\u00bboff||||\u00a0\u00bb global_module=\u00a0\u00bb1335&Prime; saved_tabs=\u00a0\u00bball\u00a0\u00bb global_colors_info=\u00a0\u00bb{}\u00a0\u00bb]<\/p>\n<p>Tel. +49 162-2561001<\/p>\n<p>[\/et_pb_team_member][et_pb_text admin_label=\u00a0\u00bbMen\u00fc-\u00dcberuns\u00a0\u00bb _builder_version=\u00a0\u00bb4.7.5&Prime; _module_preset=\u00a0\u00bbdefault\u00a0\u00bb background_color=\u00a0\u00bb#ffffff\u00a0\u00bb custom_padding=\u00a0\u00bb15px|15px|15px|15px|true|true\u00a0\u00bb border_width_all=\u00a0\u00bb1px\u00a0\u00bb border_color_all=\u00a0\u00bb#d8d8d8&Prime; global_module=\u00a0\u00bb1846&Prime; saved_tabs=\u00a0\u00bball\u00a0\u00bb global_colors_info=\u00a0\u00bb{}\u00a0\u00bb]<\/p>\n<h3>Weitere Information<\/h3>\n<ul>\n<li><a href=\"https:\/\/www.logistic-natives.com\/fr\/statuts\">Satzung<\/a><\/li>\n<li><a href=\"https:\/\/www.logistic-natives.com\/fr\/a-propos-de-nous\/reglement-relatif-aux-cotisations\">Beitragsordnung<\/a><\/li>\n<li><a href=\"https:\/\/www.logistic-natives.com\/fr\/membres\">Mitglieder<\/a><\/li>\n<li><a href=\"https:\/\/www.logistic-natives.com\/fr\/devenir-membre\">Mitglied werden<\/a><\/li>\n<li><a href=\"https:\/\/www.logistic-natives.com\/fr\/a-propos-de-nous\">\u00dcber uns<\/a><\/li>\n<li><a href=\"https:\/\/www.logistic-natives.com\/fr\/a-propos-de-nous\/avis-dexpert\">Expertenrat<\/a>\n<\/li>\n<\/ul>\n<p>[\/et_pb_text][\/et_pb_column][\/et_pb_row][\/et_pb_section]<\/p>\n","protected":false},"excerpt":{"rendered":"<p>de la politique f\u00e9d\u00e9rale et europ\u00e9enneTel. +49 162-2561001 Weitere Information Satzung Beitragsordnung Mitglieder Mitglied werden \u00dcber uns Expertenrat<\/p>\n","protected":false},"author":6,"featured_media":0,"parent":33113,"menu_order":0,"comment_status":"closed","ping_status":"closed","template":"","meta":{"_et_pb_use_builder":"on","_et_pb_old_content":"","_et_gb_content_width":"","footnotes":""},"class_list":["post-33428","page","type-page","status-publish","hentry"],"yoast_head":"<!-- This site is optimized with the Yoast SEO plugin v28.3 - https:\/\/yoast.com\/product\/yoast-seo-wordpress\/ -->\n<title>Politique f\u00e9d\u00e9rale et europ\u00e9enne | Logistic Natives e.V.<\/title>\n<meta name=\"robots\" content=\"index, follow, max-snippet:-1, max-image-preview:large, max-video-preview:-1\" \/>\n<link rel=\"canonical\" href=\"https:\/\/www.logistic-natives.com\/fr\/actualites\/politique-federale-et-europeenne\" \/>\n<meta property=\"og:locale\" content=\"fr_FR\" \/>\n<meta property=\"og:type\" content=\"article\" \/>\n<meta property=\"og:title\" content=\"Politique f\u00e9d\u00e9rale et europ\u00e9enne | Logistic Natives e.V.\" \/>\n<meta property=\"og:description\" content=\"de la politique f\u00e9d\u00e9rale et europ\u00e9enneTel. +49 162-2561001 Weitere Information Satzung Beitragsordnung Mitglieder Mitglied werden \u00dcber uns Expertenrat\" \/>\n<meta property=\"og:url\" content=\"https:\/\/www.logistic-natives.com\/fr\/actualites\/politique-federale-et-europeenne\" \/>\n<meta property=\"og:site_name\" content=\"Logistic Natives e.V.\" \/>\n<meta property=\"article:modified_time\" content=\"2026-08-03T09:53:04+00:00\" \/>\n<meta property=\"og:image\" content=\"https:\/\/www.logistic-natives.com\/wp-content\/uploads\/2020\/11\/logistic-natives-logo.jpg\" \/>\n\t<meta property=\"og:image:width\" content=\"258\" \/>\n\t<meta property=\"og:image:height\" content=\"375\" \/>\n\t<meta property=\"og:image:type\" content=\"image\/jpeg\" \/>\n<meta name=\"twitter:card\" content=\"summary_large_image\" \/>\n<meta name=\"twitter:label1\" content=\"Dur\u00e9e de lecture estim\u00e9e\" \/>\n\t<meta name=\"twitter:data1\" content=\"3 minutes\" \/>\n<script type=\"application\/ld+json\" class=\"yoast-schema-graph\">{\"@context\":\"https:\\\/\\\/schema.org\",\"@graph\":[{\"@type\":\"WebPage\",\"@id\":\"https:\\\/\\\/www.logistic-natives.com\\\/fr\\\/actualites\\\/politique-federale-et-europeenne\",\"url\":\"https:\\\/\\\/www.logistic-natives.com\\\/fr\\\/actualites\\\/politique-federale-et-europeenne\",\"name\":\"Politique f\u00e9d\u00e9rale et europ\u00e9enne | Logistic Natives e.V.\",\"isPartOf\":{\"@id\":\"https:\\\/\\\/www.logistic-natives.com\\\/fr#website\"},\"datePublished\":\"2023-08-24T17:08:12+00:00\",\"dateModified\":\"2026-08-03T09:53:04+00:00\",\"breadcrumb\":{\"@id\":\"https:\\\/\\\/www.logistic-natives.com\\\/fr\\\/actualites\\\/politique-federale-et-europeenne#breadcrumb\"},\"inLanguage\":\"fr-FR\",\"potentialAction\":[{\"@type\":\"ReadAction\",\"target\":[\"https:\\\/\\\/www.logistic-natives.com\\\/fr\\\/actualites\\\/politique-federale-et-europeenne\"]}]},{\"@type\":\"BreadcrumbList\",\"@id\":\"https:\\\/\\\/www.logistic-natives.com\\\/fr\\\/actualites\\\/politique-federale-et-europeenne#breadcrumb\",\"itemListElement\":[{\"@type\":\"ListItem\",\"position\":1,\"name\":\"Home\",\"item\":\"https:\\\/\\\/www.logistic-natives.com\\\/fr?page_id=33056\"},{\"@type\":\"ListItem\",\"position\":2,\"name\":\"Actualit\u00e9s\",\"item\":\"https:\\\/\\\/www.logistic-natives.com\\\/fr?page_id=33113\"},{\"@type\":\"ListItem\",\"position\":3,\"name\":\"Politique f\u00e9d\u00e9rale et europ\u00e9enne\"}]},{\"@type\":\"WebSite\",\"@id\":\"https:\\\/\\\/www.logistic-natives.com\\\/fr#website\",\"url\":\"https:\\\/\\\/www.logistic-natives.com\\\/fr\",\"name\":\"Logistic Natives e.V.\",\"description\":\"Network of international logistics infrastructure in modern commerce\",\"publisher\":{\"@id\":\"https:\\\/\\\/www.logistic-natives.com\\\/fr#organization\"},\"potentialAction\":[{\"@type\":\"SearchAction\",\"target\":{\"@type\":\"EntryPoint\",\"urlTemplate\":\"https:\\\/\\\/www.logistic-natives.com\\\/fr?s={search_term_string}\"},\"query-input\":{\"@type\":\"PropertyValueSpecification\",\"valueRequired\":true,\"valueName\":\"search_term_string\"}}],\"inLanguage\":\"fr-FR\"},{\"@type\":\"Organization\",\"@id\":\"https:\\\/\\\/www.logistic-natives.com\\\/fr#organization\",\"name\":\"logistic-natives e.V.\",\"url\":\"https:\\\/\\\/www.logistic-natives.com\\\/fr\",\"logo\":{\"@type\":\"ImageObject\",\"inLanguage\":\"fr-FR\",\"@id\":\"https:\\\/\\\/www.logistic-natives.com\\\/fr#\\\/schema\\\/logo\\\/image\\\/\",\"url\":\"https:\\\/\\\/www.logistic-natives.com\\\/wp-content\\\/uploads\\\/2020\\\/12\\\/logistic-natives-logo_500x572px_PFAD.jpg\",\"contentUrl\":\"https:\\\/\\\/www.logistic-natives.com\\\/wp-content\\\/uploads\\\/2020\\\/12\\\/logistic-natives-logo_500x572px_PFAD.jpg\",\"width\":500,\"height\":572,\"caption\":\"logistic-natives e.V.\"},\"image\":{\"@id\":\"https:\\\/\\\/www.logistic-natives.com\\\/fr#\\\/schema\\\/logo\\\/image\\\/\"}}]}<\/script>\n<!-- \/ Yoast SEO plugin. -->","yoast_head_json":{"title":"Politique f\u00e9d\u00e9rale et europ\u00e9enne | Logistic Natives e.V.","robots":{"index":"index","follow":"follow","max-snippet":"max-snippet:-1","max-image-preview":"max-image-preview:large","max-video-preview":"max-video-preview:-1"},"canonical":"https:\/\/www.logistic-natives.com\/fr\/actualites\/politique-federale-et-europeenne","og_locale":"fr_FR","og_type":"article","og_title":"Politique f\u00e9d\u00e9rale et europ\u00e9enne | Logistic Natives e.V.","og_description":"de la politique f\u00e9d\u00e9rale et europ\u00e9enneTel. +49 162-2561001 Weitere Information Satzung Beitragsordnung Mitglieder Mitglied werden \u00dcber uns Expertenrat","og_url":"https:\/\/www.logistic-natives.com\/fr\/actualites\/politique-federale-et-europeenne","og_site_name":"Logistic Natives e.V.","article_modified_time":"2026-08-03T09:53:04+00:00","og_image":[{"width":258,"height":375,"url":"https:\/\/www.logistic-natives.com\/wp-content\/uploads\/2020\/11\/logistic-natives-logo.jpg","type":"image\/jpeg"}],"twitter_card":"summary_large_image","twitter_misc":{"Dur\u00e9e de lecture estim\u00e9e":"3 minutes"},"schema":{"@context":"https:\/\/schema.org","@graph":[{"@type":"WebPage","@id":"https:\/\/www.logistic-natives.com\/fr\/actualites\/politique-federale-et-europeenne","url":"https:\/\/www.logistic-natives.com\/fr\/actualites\/politique-federale-et-europeenne","name":"Politique f\u00e9d\u00e9rale et europ\u00e9enne | Logistic Natives e.V.","isPartOf":{"@id":"https:\/\/www.logistic-natives.com\/fr#website"},"datePublished":"2023-08-24T17:08:12+00:00","dateModified":"2026-08-03T09:53:04+00:00","breadcrumb":{"@id":"https:\/\/www.logistic-natives.com\/fr\/actualites\/politique-federale-et-europeenne#breadcrumb"},"inLanguage":"fr-FR","potentialAction":[{"@type":"ReadAction","target":["https:\/\/www.logistic-natives.com\/fr\/actualites\/politique-federale-et-europeenne"]}]},{"@type":"BreadcrumbList","@id":"https:\/\/www.logistic-natives.com\/fr\/actualites\/politique-federale-et-europeenne#breadcrumb","itemListElement":[{"@type":"ListItem","position":1,"name":"Home","item":"https:\/\/www.logistic-natives.com\/fr?page_id=33056"},{"@type":"ListItem","position":2,"name":"Actualit\u00e9s","item":"https:\/\/www.logistic-natives.com\/fr?page_id=33113"},{"@type":"ListItem","position":3,"name":"Politique f\u00e9d\u00e9rale et europ\u00e9enne"}]},{"@type":"WebSite","@id":"https:\/\/www.logistic-natives.com\/fr#website","url":"https:\/\/www.logistic-natives.com\/fr","name":"Logistic Natives e.V.","description":"Network of international logistics infrastructure in modern commerce","publisher":{"@id":"https:\/\/www.logistic-natives.com\/fr#organization"},"potentialAction":[{"@type":"SearchAction","target":{"@type":"EntryPoint","urlTemplate":"https:\/\/www.logistic-natives.com\/fr?s={search_term_string}"},"query-input":{"@type":"PropertyValueSpecification","valueRequired":true,"valueName":"search_term_string"}}],"inLanguage":"fr-FR"},{"@type":"Organization","@id":"https:\/\/www.logistic-natives.com\/fr#organization","name":"logistic-natives e.V.","url":"https:\/\/www.logistic-natives.com\/fr","logo":{"@type":"ImageObject","inLanguage":"fr-FR","@id":"https:\/\/www.logistic-natives.com\/fr#\/schema\/logo\/image\/","url":"https:\/\/www.logistic-natives.com\/wp-content\/uploads\/2020\/12\/logistic-natives-logo_500x572px_PFAD.jpg","contentUrl":"https:\/\/www.logistic-natives.com\/wp-content\/uploads\/2020\/12\/logistic-natives-logo_500x572px_PFAD.jpg","width":500,"height":572,"caption":"logistic-natives e.V."},"image":{"@id":"https:\/\/www.logistic-natives.com\/fr#\/schema\/logo\/image\/"}}]}},"_links":{"self":[{"href":"https:\/\/www.logistic-natives.com\/fr\/wp-json\/wp\/v2\/pages\/33428","targetHints":{"allow":["GET"]}}],"collection":[{"href":"https:\/\/www.logistic-natives.com\/fr\/wp-json\/wp\/v2\/pages"}],"about":[{"href":"https:\/\/www.logistic-natives.com\/fr\/wp-json\/wp\/v2\/types\/page"}],"author":[{"embeddable":true,"href":"https:\/\/www.logistic-natives.com\/fr\/wp-json\/wp\/v2\/users\/6"}],"replies":[{"embeddable":true,"href":"https:\/\/www.logistic-natives.com\/fr\/wp-json\/wp\/v2\/comments?post=33428"}],"version-history":[{"count":0,"href":"https:\/\/www.logistic-natives.com\/fr\/wp-json\/wp\/v2\/pages\/33428\/revisions"}],"up":[{"embeddable":true,"href":"https:\/\/www.logistic-natives.com\/fr\/wp-json\/wp\/v2\/pages\/33113"}],"wp:attachment":[{"href":"https:\/\/www.logistic-natives.com\/fr\/wp-json\/wp\/v2\/media?parent=33428"}],"curies":[{"name":"wp","href":"https:\/\/api.w.org\/{rel}","templated":true}]}}