{"id":33440,"date":"2023-11-17T14:08:00","date_gmt":"2023-11-17T13:08:00","guid":{"rendered":"https:\/\/www.logistic-natives.com\/membres\/toralf-schneider"},"modified":"2026-08-03T10:54:51","modified_gmt":"2026-08-03T09:54:51","slug":"toralf-schneider","status":"publish","type":"page","link":"https:\/\/www.logistic-natives.com\/fr\/membres\/toralf-schneider","title":{"rendered":"Toralf Schneider"},"content":{"rendered":"<p>[et_pb_section fb_built=\u00a0\u00bb1&Prime; custom_padding_last_edited=\u00a0\u00bbon|phone\u00a0\u00bb admin_label=\u00a0\u00bbsection\u00a0\u00bb _builder_version=\u00a0\u00bb4.16&Prime; background_color=\u00a0\u00bbrgba(5,38,89,0.43)\u00a0\u00bb background_image=\u00a0\u00bbhttps:\/\/www.logistic-natives.com\/wp-content\/uploads\/2020\/06\/logistic-dark-bg.jpg\u00a0\u00bb min_height=\u00a0\u00bb300px\u00a0\u00bb custom_margin=\u00a0\u00bb-100px||||false|false\u00a0\u00bb custom_padding=\u00a0\u00bb0vh||0vh|||\u00a0\u00bb custom_padding_tablet=\u00a0\u00bb22vh||24vh|\u00a0\u00bb custom_padding_phone=\u00a0\u00bb10vh||10vh|\u00a0\u00bb global_colors_info=\u00a0\u00bb{}\u00a0\u00bb][\/et_pb_section][et_pb_section fb_built=\u00a0\u00bb1&Prime; custom_padding_last_edited=\u00a0\u00bbon|desktop\u00a0\u00bb admin_label=\u00a0\u00bbServices\u00a0\u00bb _builder_version=\u00a0\u00bb4.16&Prime; background_color=\u00a0\u00bb#efefef\u00a0\u00bb background_enable_image=\u00a0\u00bboff\u00a0\u00bb custom_margin=\u00a0\u00bb0px||||false|false\u00a0\u00bb custom_padding=\u00a0\u00bb70px|0px|0px|0px|false|false\u00a0\u00bb custom_padding_tablet=\u00a0\u00bb100px||40px|\u00a0\u00bb custom_padding_phone=\u00a0\u00bb||40px|\u00a0\u00bb top_divider_height=\u00a0\u00bb60px\u00a0\u00bb border_color_all=\u00a0\u00bbrgba(0,0,0,0)\u00a0\u00bb border_style_all=\u00a0\u00bbnone\u00a0\u00bb global_colors_info=\u00a0\u00bb{}\u00a0\u00bb][et_pb_row column_structure=\u00a0\u00bb1_4,3_4&Prime; _builder_version=\u00a0\u00bb4.16&Prime; _module_preset=\u00a0\u00bbdefault\u00a0\u00bb link_option_url_new_window=\u00a0\u00bbon\u00a0\u00bb global_colors_info=\u00a0\u00bb{}\u00a0\u00bb][et_pb_column type=\u00a0\u00bb1_4&Prime; _builder_version=\u00a0\u00bb4.16&Prime; _module_preset=\u00a0\u00bbdefault\u00a0\u00bb global_colors_info=\u00a0\u00bb{}\u00a0\u00bb][et_pb_image src=\u00a0\u00bbhttps:\/\/www.logistic-natives.com\/wp-content\/uploads\/2020\/10\/net4x_4c_200x200_Zeichenflaeche-1_Zeichenflaeche-1-e1639131281395.png\u00a0\u00bb title_text=\u00a0\u00bbnet4x_4c_200x200_Zone de dessin 1_Zone de dessin 1&Prime; _builder_version=\u00a0\u00bb4.23.1&Prime; _module_preset=\u00a0\u00bbdefault\u00a0\u00bb box_shadow_style=\u00a0\u00bbpreset2&Prime; global_colors_info=\u00a0\u00bb{}\u00a0\u00bb][\/et_pb_image][et_pb_team_member name=\u00a0\u00bbToralf Schneider\u00a0\u00bb position=\u00a0\u00bbFondateur et directeur g\u00e9n\u00e9ral\u00a0\u00bb image_url=\u00a0\u00bbhttps:\/\/www.logistic-natives.com\/wp-content\/uploads\/2021\/02\/Toralf-Schneider-Logistic-natives.jpg\u00a0\u00bb linkedin_url=\u00a0\u00bbhttps:\/\/www.linkedin.com\/in\/toralfschneider\/\u00a0\u00bb _builder_version=\u00a0\u00bb4.23.1&Prime; _module_preset=\u00a0\u00bbdefault\u00a0\u00bb link_option_url_new_window=\u00a0\u00bbon\u00a0\u00bb border_radii_image=\u00a0\u00bboff||||\u00a0\u00bb global_colors_info=\u00a0\u00bb{}\u00a0\u00bb]<\/p>\n<p><a href=\"https:\/\/net4x.de\/\">net4x UG<\/a><\/p>\n<p>T : +49 163 613 92 09<br \/>M : <a href=\"mailto:toralf@net4x.de\">toralf@net4x.de<\/a><\/p>\n<p>[\/et_pb_team_member][\/et_pb_column][et_pb_column type=\u00a0\u00bb3_4&Prime; _builder_version=\u00a0\u00bb4.16&Prime; _module_preset=\u00a0\u00bbdefault\u00a0\u00bb global_colors_info=\u00a0\u00bb{}\u00a0\u00bb][et_pb_text _builder_version=\u00a0\u00bb4.23.1&Prime; _module_preset=\u00a0\u00bbdefault\u00a0\u00bb global_colors_info=\u00a0\u00bb{}\u00a0\u00bb]<\/p>\n<p><strong>Toralf Schneider est fondateur, <\/strong><strong>r\u00e9aliste visionnaire et moteur cr\u00e9atif du r\u00e9seau.<\/strong><\/p>\n<p>Il est p\u00e8re de trois fils, sportif d&rsquo;endurance et passionn\u00e9 de musique. Il vit et travaille \u00e0 Berlin.<em><br \/><\/em><\/p>\n<p>En tant que conf\u00e9rencier, business angel et formateur, il met son savoir-faire et sa riche exp\u00e9rience de plus de 25 ans dans le e-commerce et le marketing \u00e0 la disposition de la communaut\u00e9 \u00e0 travers des conf\u00e9rences, des ateliers et des coachings. Il se concentre particuli\u00e8rement sur les secteurs de l&rsquo;alimentation, des biens de consommation, de la technologie\/IT, de l&rsquo;agriculture et de la sant\u00e9. <\/p>\n<p>Comment nous nourrissons-nous aujourd&rsquo;hui et demain, quelles sont les tendances des prochaines ann\u00e9es dans le e-commerce, o\u00f9 va la num\u00e9risation dans l&rsquo;agriculture et la sant\u00e9 et surtout, comment et o\u00f9 les entreprises en parlent-elles de mani\u00e8re \u00e0 \u00eatre per\u00e7ues.<\/p>\n<p><strong>\u00ab Agir en point de vente physique et r\u00e9ussir en ligne ! \u2013 Opportunit\u00e9s pour les entreprises de taille moyenne dans le e-commerce \u00bb <\/strong>et <strong>\u00ab Acquisition de nouveaux clients et d\u00e9veloppement de marque sur les r\u00e9seaux sociaux \u2013 Les clients ach\u00e8tent de belles histoires ! \u00bb <\/strong>sont des th\u00e8mes actuels qu&rsquo;il pr\u00e9sente de mani\u00e8re captivante et divertissante lors de keynotes ou d&rsquo;ateliers.<\/p>\n<p>Il s&rsquo;engage particuli\u00e8rement dans les deux projets suivants :<\/p>\n<p><strong><a href=\"http:\/\/www.marktgenuss.de\/\" target=\"_blank\" rel=\"noopener noreferrer\">Marktgenuss Brandenburg<\/a> \u2013 Plateforme de e-commerce et de marketing pour les produits des zones rurales du Brandebourg <\/strong>et <strong><a href=\"http:\/\/saftoo.de\/\" target=\"_blank\" rel=\"noopener noreferrer\">saftoo<\/a> \u2013 \u00c9l\u00e9gance repr\u00e9sentative en bouteilles \u2013 Votre fournisseur de jus d&rsquo;exception<\/strong><\/p>\n<p>Toralf est \u00e9galement charg\u00e9 de cours \u00e0 la Hochschule f\u00fcr Technik und Wirtschaft Berlin, d\u00e9partement des sciences \u00e9conomiques, fili\u00e8re CRM et E-Business et, depuis la cr\u00e9ation de logistic-natives e.V., porte-parole du groupe de travail \u00ab Projects &#038; Grants \u00bb.<br \/>Depuis novembre 2023, il est membre suppl\u00e9ant du conseil d&rsquo;administration.<\/p>\n<p>&nbsp;<\/p>\n<p>&nbsp;<\/p>\n<p>[\/et_pb_text][\/et_pb_column][\/et_pb_row][\/et_pb_section][et_pb_section fb_built=\u00a0\u00bb1&Prime; _builder_version=\u00a0\u00bb4.16&Prime; background_color=\u00a0\u00bb#efefef\u00a0\u00bb background_enable_image=\u00a0\u00bboff\u00a0\u00bb custom_margin=\u00a0\u00bb0px||||false|false\u00a0\u00bb custom_padding=\u00a0\u00bb0px||100px|\u00a0\u00bb global_colors_info=\u00a0\u00bb{}\u00a0\u00bb][et_pb_row _builder_version=\u00a0\u00bb4.16&Prime; _module_preset=\u00a0\u00bbdefault\u00a0\u00bb global_colors_info=\u00a0\u00bb{}\u00a0\u00bb][et_pb_column type=\u00a0\u00bb4_4&Prime; _builder_version=\u00a0\u00bb4.16&Prime; _module_preset=\u00a0\u00bbdefault\u00a0\u00bb global_colors_info=\u00a0\u00bb{}\u00a0\u00bb][et_pb_testimonial author=\u00a0\u00bbFlorian Seikel\u00a0\u00bb _builder_version=\u00a0\u00bb4.23.1&Prime; _module_preset=\u00a0\u00bbdefault\u00a0\u00bb author_text_align=\u00a0\u00bbcenter\u00a0\u00bb link_option_url=\u00a0\u00bbhttps:\/\/www.experten.de\/2020\/09\/18\/ibi-research-und-logistic-natives-werden-partner\/\u00a0\u00bb box_shadow_style=\u00a0\u00bbpreset2&Prime; global_colors_info=\u00a0\u00bb{}\u00a0\u00bb]<\/p>\n<p>Je suis logistic-native parce que je souhaite repenser et fa\u00e7onner activement les processus logistiques avec d&rsquo;autres pionniers du secteur. Pour cela, l&rsquo;association m&rsquo;offre la plateforme parfaite et l&rsquo;espace de travail que je recherchais depuis longtemps. <\/p>\n<div class=\"et-pb-slider-arrows\"> <\/div>\n<p>[\/et_pb_testimonial][\/et_pb_column][\/et_pb_row][\/et_pb_section]<\/p>\n","protected":false},"excerpt":{"rendered":"<p>net4x UG T : +49 163 613 92 09M : toralf@net4x.deToralf Schneider est fondateur, r\u00e9aliste visionnaire et moteur cr\u00e9atif du r\u00e9seau. Il est p\u00e8re de trois fils, sportif d&rsquo;endurance et passionn\u00e9 de musique. Il vit et travaille \u00e0 Berlin. En tant que conf\u00e9rencier, business angel et formateur, il met son savoir-faire et sa riche exp\u00e9rience [&hellip;]<\/p>\n","protected":false},"author":6,"featured_media":0,"parent":33228,"menu_order":0,"comment_status":"closed","ping_status":"closed","template":"","meta":{"_et_pb_use_builder":"on","_et_pb_old_content":"","_et_gb_content_width":"","footnotes":""},"class_list":["post-33440","page","type-page","status-publish","hentry"],"yoast_head":"<!-- This site is optimized with the Yoast SEO plugin v28.3 - https:\/\/yoast.com\/product\/yoast-seo-wordpress\/ -->\n<title>Toralf Schneider | Logistic Natives e.V.<\/title>\n<meta name=\"robots\" content=\"index, follow, max-snippet:-1, max-image-preview:large, max-video-preview:-1\" \/>\n<link rel=\"canonical\" href=\"https:\/\/www.logistic-natives.com\/fr\/membres\/toralf-schneider\" \/>\n<meta property=\"og:locale\" content=\"fr_FR\" \/>\n<meta property=\"og:type\" content=\"article\" \/>\n<meta property=\"og:title\" content=\"Toralf Schneider | Logistic Natives e.V.\" \/>\n<meta property=\"og:description\" content=\"net4x UG T : +49 163 613 92 09M : toralf@net4x.deToralf Schneider est fondateur, r\u00e9aliste visionnaire et moteur cr\u00e9atif du r\u00e9seau. Il est p\u00e8re de trois fils, sportif d&#039;endurance et passionn\u00e9 de musique. Il vit et travaille \u00e0 Berlin. En tant que conf\u00e9rencier, business angel et formateur, il met son savoir-faire et sa riche exp\u00e9rience [&hellip;]\" \/>\n<meta property=\"og:url\" content=\"https:\/\/www.logistic-natives.com\/fr\/membres\/toralf-schneider\" \/>\n<meta property=\"og:site_name\" content=\"Logistic Natives e.V.\" \/>\n<meta property=\"article:modified_time\" content=\"2026-08-03T09:54:51+00:00\" \/>\n<meta property=\"og:image\" content=\"https:\/\/www.logistic-natives.com\/wp-content\/uploads\/2020\/11\/logistic-natives-logo.jpg\" \/>\n\t<meta property=\"og:image:width\" content=\"258\" \/>\n\t<meta property=\"og:image:height\" content=\"375\" \/>\n\t<meta property=\"og:image:type\" content=\"image\/jpeg\" \/>\n<meta name=\"twitter:card\" content=\"summary_large_image\" \/>\n<meta name=\"twitter:label1\" content=\"Dur\u00e9e de lecture estim\u00e9e\" \/>\n\t<meta name=\"twitter:data1\" content=\"4 minutes\" \/>\n<script type=\"application\/ld+json\" class=\"yoast-schema-graph\">{\"@context\":\"https:\\\/\\\/schema.org\",\"@graph\":[{\"@type\":\"WebPage\",\"@id\":\"https:\\\/\\\/www.logistic-natives.com\\\/fr\\\/membres\\\/toralf-schneider\",\"url\":\"https:\\\/\\\/www.logistic-natives.com\\\/fr\\\/membres\\\/toralf-schneider\",\"name\":\"Toralf Schneider | Logistic Natives e.V.\",\"isPartOf\":{\"@id\":\"https:\\\/\\\/www.logistic-natives.com\\\/fr#website\"},\"datePublished\":\"2023-11-17T13:08:00+00:00\",\"dateModified\":\"2026-08-03T09:54:51+00:00\",\"breadcrumb\":{\"@id\":\"https:\\\/\\\/www.logistic-natives.com\\\/fr\\\/membres\\\/toralf-schneider#breadcrumb\"},\"inLanguage\":\"fr-FR\",\"potentialAction\":[{\"@type\":\"ReadAction\",\"target\":[\"https:\\\/\\\/www.logistic-natives.com\\\/fr\\\/membres\\\/toralf-schneider\"]}]},{\"@type\":\"BreadcrumbList\",\"@id\":\"https:\\\/\\\/www.logistic-natives.com\\\/fr\\\/membres\\\/toralf-schneider#breadcrumb\",\"itemListElement\":[{\"@type\":\"ListItem\",\"position\":1,\"name\":\"Home\",\"item\":\"https:\\\/\\\/www.logistic-natives.com\\\/fr?page_id=33056\"},{\"@type\":\"ListItem\",\"position\":2,\"name\":\"Membres\",\"item\":\"https:\\\/\\\/www.logistic-natives.com\\\/fr?page_id=33228\"},{\"@type\":\"ListItem\",\"position\":3,\"name\":\"Toralf Schneider\"}]},{\"@type\":\"WebSite\",\"@id\":\"https:\\\/\\\/www.logistic-natives.com\\\/fr#website\",\"url\":\"https:\\\/\\\/www.logistic-natives.com\\\/fr\",\"name\":\"Logistic Natives e.V.\",\"description\":\"Network of international logistics infrastructure in modern commerce\",\"publisher\":{\"@id\":\"https:\\\/\\\/www.logistic-natives.com\\\/fr#organization\"},\"potentialAction\":[{\"@type\":\"SearchAction\",\"target\":{\"@type\":\"EntryPoint\",\"urlTemplate\":\"https:\\\/\\\/www.logistic-natives.com\\\/fr?s={search_term_string}\"},\"query-input\":{\"@type\":\"PropertyValueSpecification\",\"valueRequired\":true,\"valueName\":\"search_term_string\"}}],\"inLanguage\":\"fr-FR\"},{\"@type\":\"Organization\",\"@id\":\"https:\\\/\\\/www.logistic-natives.com\\\/fr#organization\",\"name\":\"logistic-natives e.V.\",\"url\":\"https:\\\/\\\/www.logistic-natives.com\\\/fr\",\"logo\":{\"@type\":\"ImageObject\",\"inLanguage\":\"fr-FR\",\"@id\":\"https:\\\/\\\/www.logistic-natives.com\\\/fr#\\\/schema\\\/logo\\\/image\\\/\",\"url\":\"https:\\\/\\\/www.logistic-natives.com\\\/wp-content\\\/uploads\\\/2020\\\/12\\\/logistic-natives-logo_500x572px_PFAD.jpg\",\"contentUrl\":\"https:\\\/\\\/www.logistic-natives.com\\\/wp-content\\\/uploads\\\/2020\\\/12\\\/logistic-natives-logo_500x572px_PFAD.jpg\",\"width\":500,\"height\":572,\"caption\":\"logistic-natives e.V.\"},\"image\":{\"@id\":\"https:\\\/\\\/www.logistic-natives.com\\\/fr#\\\/schema\\\/logo\\\/image\\\/\"}}]}<\/script>\n<!-- \/ Yoast SEO plugin. -->","yoast_head_json":{"title":"Toralf Schneider | Logistic Natives e.V.","robots":{"index":"index","follow":"follow","max-snippet":"max-snippet:-1","max-image-preview":"max-image-preview:large","max-video-preview":"max-video-preview:-1"},"canonical":"https:\/\/www.logistic-natives.com\/fr\/membres\/toralf-schneider","og_locale":"fr_FR","og_type":"article","og_title":"Toralf Schneider | Logistic Natives e.V.","og_description":"net4x UG T : +49 163 613 92 09M : toralf@net4x.deToralf Schneider est fondateur, r\u00e9aliste visionnaire et moteur cr\u00e9atif du r\u00e9seau. Il est p\u00e8re de trois fils, sportif d'endurance et passionn\u00e9 de musique. Il vit et travaille \u00e0 Berlin. En tant que conf\u00e9rencier, business angel et formateur, il met son savoir-faire et sa riche exp\u00e9rience [&hellip;]","og_url":"https:\/\/www.logistic-natives.com\/fr\/membres\/toralf-schneider","og_site_name":"Logistic Natives e.V.","article_modified_time":"2026-08-03T09:54:51+00:00","og_image":[{"width":258,"height":375,"url":"https:\/\/www.logistic-natives.com\/wp-content\/uploads\/2020\/11\/logistic-natives-logo.jpg","type":"image\/jpeg"}],"twitter_card":"summary_large_image","twitter_misc":{"Dur\u00e9e de lecture estim\u00e9e":"4 minutes"},"schema":{"@context":"https:\/\/schema.org","@graph":[{"@type":"WebPage","@id":"https:\/\/www.logistic-natives.com\/fr\/membres\/toralf-schneider","url":"https:\/\/www.logistic-natives.com\/fr\/membres\/toralf-schneider","name":"Toralf Schneider | Logistic Natives e.V.","isPartOf":{"@id":"https:\/\/www.logistic-natives.com\/fr#website"},"datePublished":"2023-11-17T13:08:00+00:00","dateModified":"2026-08-03T09:54:51+00:00","breadcrumb":{"@id":"https:\/\/www.logistic-natives.com\/fr\/membres\/toralf-schneider#breadcrumb"},"inLanguage":"fr-FR","potentialAction":[{"@type":"ReadAction","target":["https:\/\/www.logistic-natives.com\/fr\/membres\/toralf-schneider"]}]},{"@type":"BreadcrumbList","@id":"https:\/\/www.logistic-natives.com\/fr\/membres\/toralf-schneider#breadcrumb","itemListElement":[{"@type":"ListItem","position":1,"name":"Home","item":"https:\/\/www.logistic-natives.com\/fr?page_id=33056"},{"@type":"ListItem","position":2,"name":"Membres","item":"https:\/\/www.logistic-natives.com\/fr?page_id=33228"},{"@type":"ListItem","position":3,"name":"Toralf Schneider"}]},{"@type":"WebSite","@id":"https:\/\/www.logistic-natives.com\/fr#website","url":"https:\/\/www.logistic-natives.com\/fr","name":"Logistic Natives e.V.","description":"Network of international logistics infrastructure in modern commerce","publisher":{"@id":"https:\/\/www.logistic-natives.com\/fr#organization"},"potentialAction":[{"@type":"SearchAction","target":{"@type":"EntryPoint","urlTemplate":"https:\/\/www.logistic-natives.com\/fr?s={search_term_string}"},"query-input":{"@type":"PropertyValueSpecification","valueRequired":true,"valueName":"search_term_string"}}],"inLanguage":"fr-FR"},{"@type":"Organization","@id":"https:\/\/www.logistic-natives.com\/fr#organization","name":"logistic-natives e.V.","url":"https:\/\/www.logistic-natives.com\/fr","logo":{"@type":"ImageObject","inLanguage":"fr-FR","@id":"https:\/\/www.logistic-natives.com\/fr#\/schema\/logo\/image\/","url":"https:\/\/www.logistic-natives.com\/wp-content\/uploads\/2020\/12\/logistic-natives-logo_500x572px_PFAD.jpg","contentUrl":"https:\/\/www.logistic-natives.com\/wp-content\/uploads\/2020\/12\/logistic-natives-logo_500x572px_PFAD.jpg","width":500,"height":572,"caption":"logistic-natives e.V."},"image":{"@id":"https:\/\/www.logistic-natives.com\/fr#\/schema\/logo\/image\/"}}]}},"_links":{"self":[{"href":"https:\/\/www.logistic-natives.com\/fr\/wp-json\/wp\/v2\/pages\/33440","targetHints":{"allow":["GET"]}}],"collection":[{"href":"https:\/\/www.logistic-natives.com\/fr\/wp-json\/wp\/v2\/pages"}],"about":[{"href":"https:\/\/www.logistic-natives.com\/fr\/wp-json\/wp\/v2\/types\/page"}],"author":[{"embeddable":true,"href":"https:\/\/www.logistic-natives.com\/fr\/wp-json\/wp\/v2\/users\/6"}],"replies":[{"embeddable":true,"href":"https:\/\/www.logistic-natives.com\/fr\/wp-json\/wp\/v2\/comments?post=33440"}],"version-history":[{"count":0,"href":"https:\/\/www.logistic-natives.com\/fr\/wp-json\/wp\/v2\/pages\/33440\/revisions"}],"up":[{"embeddable":true,"href":"https:\/\/www.logistic-natives.com\/fr\/wp-json\/wp\/v2\/pages\/33228"}],"wp:attachment":[{"href":"https:\/\/www.logistic-natives.com\/fr\/wp-json\/wp\/v2\/media?parent=33440"}],"curies":[{"name":"wp","href":"https:\/\/api.w.org\/{rel}","templated":true}]}}