{"id":33443,"date":"2020-11-26T10:46:20","date_gmt":"2020-11-26T09:46:20","guid":{"rendered":"https:\/\/www.logistic-natives.com\/membres\/raimund-bergler"},"modified":"2026-08-03T10:54:12","modified_gmt":"2026-08-03T09:54:12","slug":"raimund-bergler","status":"publish","type":"page","link":"https:\/\/www.logistic-natives.com\/fr\/membres\/raimund-bergler","title":{"rendered":"Raimund Bergler"},"content":{"rendered":"<p>[et_pb_section fb_built=\u00a0\u00bb1&Prime; custom_padding_last_edited=\u00a0\u00bbon|phone\u00a0\u00bb admin_label=\u00a0\u00bbsection\u00a0\u00bb _builder_version=\u00a0\u00bb4.6.6&Prime; background_color=\u00a0\u00bbrgba(5,38,89,0.43)\u00a0\u00bb background_image=\u00a0\u00bbhttps:\/\/www.logistic-natives.com\/wp-content\/uploads\/2020\/06\/logistic-dark-bg.jpg\u00a0\u00bb min_height=\u00a0\u00bb300px\u00a0\u00bb custom_margin=\u00a0\u00bb-100px||||false|false\u00a0\u00bb custom_padding=\u00a0\u00bb0vh||0vh|||\u00a0\u00bb custom_padding_tablet=\u00a0\u00bb22vh||24vh|\u00a0\u00bb custom_padding_phone=\u00a0\u00bb10vh||10vh|\u00a0\u00bb][\/et_pb_section][et_pb_section fb_built=\u00a0\u00bb1&Prime; custom_padding_last_edited=\u00a0\u00bbon|desktop\u00a0\u00bb admin_label=\u00a0\u00bbServices\u00a0\u00bb _builder_version=\u00a0\u00bb4.6.6&Prime; background_color=\u00a0\u00bb#efefef\u00a0\u00bb background_enable_image=\u00a0\u00bboff\u00a0\u00bb custom_margin=\u00a0\u00bb0px||||false|false\u00a0\u00bb custom_padding=\u00a0\u00bb70px|0px|0px|0px|false|false\u00a0\u00bb custom_padding_tablet=\u00a0\u00bb100px||40px|\u00a0\u00bb custom_padding_phone=\u00a0\u00bb||40px|\u00a0\u00bb top_divider_height=\u00a0\u00bb60px\u00a0\u00bb border_color_all=\u00a0\u00bbrgba(0,0,0,0)\u00a0\u00bb border_style_all=\u00a0\u00bbnone\u00a0\u00bb][et_pb_row column_structure=\u00a0\u00bb1_4,3_4&Prime; _builder_version=\u00a0\u00bb4.5.1&Prime; _module_preset=\u00a0\u00bbdefault\u00a0\u00bb][et_pb_column type=\u00a0\u00bb1_4&Prime; _builder_version=\u00a0\u00bb4.5.1&Prime; _module_preset=\u00a0\u00bbdefault\u00a0\u00bb][et_pb_team_member name=\u00a0\u00bbRaimund Bergler\u00a0\u00bb position=\u00a0\u00bbdirecteur g\u00e9n\u00e9ral\u00a0\u00bb image_url=\u00a0\u00bbhttps:\/\/www.logistic-natives.com\/wp-content\/uploads\/2020\/11\/raimund-bergler-1.png\u00a0\u00bb facebook_url=\u00a0\u00bbhttps:\/\/www.facebook.com\/industrieservices.de\/\u00a0\u00bb _builder_version=\u00a0\u00bb4.7.5&Prime; _module_preset=\u00a0\u00bbdefault\u00a0\u00bb hover_enabled=\u00a0\u00bb0&Prime; border_radii_image=\u00a0\u00bboff|20px|20px||\u00a0\u00bb sticky_enabled=\u00a0\u00bb0&Prime;]<\/p>\n<p>bergler industrieservices GmbH<\/p>\n<p><a href=\"https:\/\/industrieservices.de\/\">www.industrieservices.de<\/a><\/p>\n<p><a href=\"mailto:raimund.bergler@industrieservices.de\">raimund.bergler@industrieservices.de<\/a><\/p>\n<p>&nbsp;<\/p>\n<p>[\/et_pb_team_member][\/et_pb_column][et_pb_column type=\u00a0\u00bb3_4&Prime; _builder_version=\u00a0\u00bb4.5.1&Prime; _module_preset=\u00a0\u00bbdefault\u00a0\u00bb][et_pb_text _builder_version=\u00a0\u00bb4.7.5&Prime; _module_preset=\u00a0\u00bbdefault\u00a0\u00bb]<\/p>\n<p><strong>Formation<\/strong><\/p>\n<ul>\n<li>1988 \u2013 1991 \u00c9coles commerciales II, Hanau<br \/>Dipl\u00f4me : Baccalaur\u00e9at<\/li>\n<li>1991 \u2013 1992 Participation \u00e0 la cr\u00e9ation de l\u2019entreprise G\u00fcnter Bergler (pr\u00e9d\u00e9cesseur de D.C.M. Bergler GmbH)<\/li>\n<li>1992 \u2013 1993 \u00c9tudes de math\u00e9matiques \u00e0 l\u2019Universit\u00e9 technique, Darmstadt<\/li>\n<li>1993 \u2013 1997 \u00c9tudes en sciences de gestion, sp\u00e9cialisation : Fiscalit\u00e9 et comptabilit\u00e9,<\/li>\n<\/ul>\n<p>Haute \u00c9cole sp\u00e9cialis\u00e9e de Giessen<br \/>Dipl\u00f4me : Dipl\u00f4m\u00e9 en gestion (FH)<\/p>\n<p><strong>Parcours professionnel<\/strong><\/p>\n<ul>\n<li>1997 Aptitude \u00e0 la formation (obtenue aupr\u00e8s de la Chambre de commerce et d\u2019industrie<br \/>de Giessen)<\/li>\n<li>2009 &#8211; 2014 Master en gestion logistique, Universit\u00e9 de Stuttgart<br \/>Dipl\u00f4me : Master of Business and Engineering in Logistics<br \/>Management (MBE)<\/li>\n<\/ul>\n<p>&nbsp;<\/p>\n<ul>\n<li>04.1997 &#8211; 1998 Assistant de direction chez wvo engel AG<\/li>\n<li>1998 \u2013 2011 Entrepreneur ind\u00e9pendant (conseil en gestion)<br \/>Collaborateur ind\u00e9pendant des entreprises<br \/>&#8211; wvo engel AG<br \/>&#8211; Dirk Bergler, pose de carrelage et mosa\u00efque<br \/>&#8211; D.C.M. Bergler GmbH<\/li>\n<li>1998 \u2013 03.2011 Reprise de l\u2019activit\u00e9 de bureau du<br \/>wvo Verbund e.V. (Organisation de distribution de mat\u00e9riel publicitaire)<\/li>\n<li>2001 \u2013 2005 Ouverture d\u2019une agence de publicit\u00e9 pour syst\u00e8mes de supports lumineux\/Dialight<br \/>Directeur g\u00e9n\u00e9ral (activit\u00e9 secondaire)<\/li>\n<li>2004 \u2013 2014 Directeur g\u00e9n\u00e9ral et associ\u00e9 de bergler industrieservices GmbH (anciennement D.C.M. Bergler GmbH) avec M. G\u00fcnter Bergler<\/li>\n<li>2010 \u2013 aujourd\u2019hui Achat de Heinrich Dostmann GmbH \u2013<br \/>Grossiste sp\u00e9cialis\u00e9 pour la construction et l\u2019industrie<br \/>Directeur g\u00e9n\u00e9ral unique<\/li>\n<li>2015 Directeur g\u00e9n\u00e9ral et associ\u00e9 de<br \/>bergler industrieservices GmbH<\/li>\n<\/ul>\n<p><strong>Formation continue<\/strong><\/p>\n<ul>\n<li>2002 \u2013 2003 Formation MCSA (Microsoft Certified Systems Administrator) ;<br \/>Microsoft Certified Professional ;<br \/>MCSE (Microsoft Certified Systems Engineer)<\/li>\n<li>2004 Administration de SQL Server<\/li>\n<li>2004 \u2013 aujourd\u2019hui Qualification pour les entrepreneurs en mati\u00e8re de soutien alternatif ASiG de la BG Chemie<\/li>\n<li>2005 Formation de responsable de gestion environnementale et auditeur<br \/>environnemental interne<\/li>\n<li>Formation de responsable qualit\u00e9 (QMB)<br \/>VOREST AG<\/li>\n<\/ul>\n<p>&nbsp;<\/p>\n<p>[\/et_pb_text][\/et_pb_column][\/et_pb_row][\/et_pb_section][et_pb_section fb_built=\u00a0\u00bb1&Prime; _builder_version=\u00a0\u00bb4.6.6&Prime; background_color=\u00a0\u00bb#efefef\u00a0\u00bb background_enable_image=\u00a0\u00bboff\u00a0\u00bb custom_margin=\u00a0\u00bb0px||||false|false\u00a0\u00bb custom_padding=\u00a0\u00bb0px||100px|\u00a0\u00bb][et_pb_row _builder_version=\u00a0\u00bb4.6.6&Prime; _module_preset=\u00a0\u00bbdefault\u00a0\u00bb][et_pb_column type=\u00a0\u00bb4_4&Prime; _builder_version=\u00a0\u00bb4.6.6&Prime; _module_preset=\u00a0\u00bbdefault\u00a0\u00bb][\/et_pb_column][\/et_pb_row][\/et_pb_section]<\/p>\n","protected":false},"excerpt":{"rendered":"<p>bergler industrieservices GmbH www.industrieservices.de raimund.bergler@industrieservices.de &nbsp;Formation 1988 \u2013 1991 \u00c9coles commerciales II, HanauDipl\u00f4me : Baccalaur\u00e9at 1991 \u2013 1992 Participation \u00e0 la cr\u00e9ation de l\u2019entreprise G\u00fcnter Bergler (pr\u00e9d\u00e9cesseur de D.C.M. Bergler GmbH) 1992 \u2013 1993 \u00c9tudes de math\u00e9matiques \u00e0 l\u2019Universit\u00e9 technique, Darmstadt 1993 \u2013 1997 \u00c9tudes en sciences de gestion, sp\u00e9cialisation : Fiscalit\u00e9 et comptabilit\u00e9, Haute [&hellip;]<\/p>\n","protected":false},"author":6,"featured_media":0,"parent":33228,"menu_order":0,"comment_status":"closed","ping_status":"closed","template":"","meta":{"_et_pb_use_builder":"on","_et_pb_old_content":"","_et_gb_content_width":"","footnotes":""},"class_list":["post-33443","page","type-page","status-publish","hentry"],"yoast_head":"<!-- This site is optimized with the Yoast SEO plugin v28.3 - https:\/\/yoast.com\/product\/yoast-seo-wordpress\/ -->\n<title>Raimund Bergler | Logistic Natives e.V.<\/title>\n<meta name=\"robots\" content=\"index, follow, max-snippet:-1, max-image-preview:large, max-video-preview:-1\" \/>\n<link rel=\"canonical\" href=\"https:\/\/www.logistic-natives.com\/fr\/membres\/raimund-bergler\" \/>\n<meta property=\"og:locale\" content=\"fr_FR\" \/>\n<meta property=\"og:type\" content=\"article\" \/>\n<meta property=\"og:title\" content=\"Raimund Bergler | Logistic Natives e.V.\" \/>\n<meta property=\"og:description\" content=\"bergler industrieservices GmbH www.industrieservices.de raimund.bergler@industrieservices.de &nbsp;Formation 1988 \u2013 1991 \u00c9coles commerciales II, HanauDipl\u00f4me : Baccalaur\u00e9at 1991 \u2013 1992 Participation \u00e0 la cr\u00e9ation de l\u2019entreprise G\u00fcnter Bergler (pr\u00e9d\u00e9cesseur de D.C.M. Bergler GmbH) 1992 \u2013 1993 \u00c9tudes de math\u00e9matiques \u00e0 l\u2019Universit\u00e9 technique, Darmstadt 1993 \u2013 1997 \u00c9tudes en sciences de gestion, sp\u00e9cialisation : Fiscalit\u00e9 et comptabilit\u00e9, Haute [&hellip;]\" \/>\n<meta property=\"og:url\" content=\"https:\/\/www.logistic-natives.com\/fr\/membres\/raimund-bergler\" \/>\n<meta property=\"og:site_name\" content=\"Logistic Natives e.V.\" \/>\n<meta property=\"article:modified_time\" content=\"2026-08-03T09:54:12+00:00\" \/>\n<meta property=\"og:image\" content=\"https:\/\/www.logistic-natives.com\/wp-content\/uploads\/2020\/11\/logistic-natives-logo.jpg\" \/>\n\t<meta property=\"og:image:width\" content=\"258\" \/>\n\t<meta property=\"og:image:height\" content=\"375\" \/>\n\t<meta property=\"og:image:type\" content=\"image\/jpeg\" \/>\n<meta name=\"twitter:card\" content=\"summary_large_image\" \/>\n<meta name=\"twitter:label1\" content=\"Dur\u00e9e de lecture estim\u00e9e\" \/>\n\t<meta name=\"twitter:data1\" content=\"3 minutes\" \/>\n<script type=\"application\/ld+json\" class=\"yoast-schema-graph\">{\"@context\":\"https:\\\/\\\/schema.org\",\"@graph\":[{\"@type\":\"WebPage\",\"@id\":\"https:\\\/\\\/www.logistic-natives.com\\\/fr\\\/membres\\\/raimund-bergler\",\"url\":\"https:\\\/\\\/www.logistic-natives.com\\\/fr\\\/membres\\\/raimund-bergler\",\"name\":\"Raimund Bergler | Logistic Natives e.V.\",\"isPartOf\":{\"@id\":\"https:\\\/\\\/www.logistic-natives.com\\\/fr#website\"},\"datePublished\":\"2020-11-26T09:46:20+00:00\",\"dateModified\":\"2026-08-03T09:54:12+00:00\",\"breadcrumb\":{\"@id\":\"https:\\\/\\\/www.logistic-natives.com\\\/fr\\\/membres\\\/raimund-bergler#breadcrumb\"},\"inLanguage\":\"fr-FR\",\"potentialAction\":[{\"@type\":\"ReadAction\",\"target\":[\"https:\\\/\\\/www.logistic-natives.com\\\/fr\\\/membres\\\/raimund-bergler\"]}]},{\"@type\":\"BreadcrumbList\",\"@id\":\"https:\\\/\\\/www.logistic-natives.com\\\/fr\\\/membres\\\/raimund-bergler#breadcrumb\",\"itemListElement\":[{\"@type\":\"ListItem\",\"position\":1,\"name\":\"Home\",\"item\":\"https:\\\/\\\/www.logistic-natives.com\\\/fr?page_id=33056\"},{\"@type\":\"ListItem\",\"position\":2,\"name\":\"Membres\",\"item\":\"https:\\\/\\\/www.logistic-natives.com\\\/fr?page_id=33228\"},{\"@type\":\"ListItem\",\"position\":3,\"name\":\"Raimund Bergler\"}]},{\"@type\":\"WebSite\",\"@id\":\"https:\\\/\\\/www.logistic-natives.com\\\/fr#website\",\"url\":\"https:\\\/\\\/www.logistic-natives.com\\\/fr\",\"name\":\"Logistic Natives e.V.\",\"description\":\"Network of international logistics infrastructure in modern commerce\",\"publisher\":{\"@id\":\"https:\\\/\\\/www.logistic-natives.com\\\/fr#organization\"},\"potentialAction\":[{\"@type\":\"SearchAction\",\"target\":{\"@type\":\"EntryPoint\",\"urlTemplate\":\"https:\\\/\\\/www.logistic-natives.com\\\/fr?s={search_term_string}\"},\"query-input\":{\"@type\":\"PropertyValueSpecification\",\"valueRequired\":true,\"valueName\":\"search_term_string\"}}],\"inLanguage\":\"fr-FR\"},{\"@type\":\"Organization\",\"@id\":\"https:\\\/\\\/www.logistic-natives.com\\\/fr#organization\",\"name\":\"logistic-natives e.V.\",\"url\":\"https:\\\/\\\/www.logistic-natives.com\\\/fr\",\"logo\":{\"@type\":\"ImageObject\",\"inLanguage\":\"fr-FR\",\"@id\":\"https:\\\/\\\/www.logistic-natives.com\\\/fr#\\\/schema\\\/logo\\\/image\\\/\",\"url\":\"https:\\\/\\\/www.logistic-natives.com\\\/wp-content\\\/uploads\\\/2020\\\/12\\\/logistic-natives-logo_500x572px_PFAD.jpg\",\"contentUrl\":\"https:\\\/\\\/www.logistic-natives.com\\\/wp-content\\\/uploads\\\/2020\\\/12\\\/logistic-natives-logo_500x572px_PFAD.jpg\",\"width\":500,\"height\":572,\"caption\":\"logistic-natives e.V.\"},\"image\":{\"@id\":\"https:\\\/\\\/www.logistic-natives.com\\\/fr#\\\/schema\\\/logo\\\/image\\\/\"}}]}<\/script>\n<!-- \/ Yoast SEO plugin. -->","yoast_head_json":{"title":"Raimund Bergler | Logistic Natives e.V.","robots":{"index":"index","follow":"follow","max-snippet":"max-snippet:-1","max-image-preview":"max-image-preview:large","max-video-preview":"max-video-preview:-1"},"canonical":"https:\/\/www.logistic-natives.com\/fr\/membres\/raimund-bergler","og_locale":"fr_FR","og_type":"article","og_title":"Raimund Bergler | Logistic Natives e.V.","og_description":"bergler industrieservices GmbH www.industrieservices.de raimund.bergler@industrieservices.de &nbsp;Formation 1988 \u2013 1991 \u00c9coles commerciales II, HanauDipl\u00f4me : Baccalaur\u00e9at 1991 \u2013 1992 Participation \u00e0 la cr\u00e9ation de l\u2019entreprise G\u00fcnter Bergler (pr\u00e9d\u00e9cesseur de D.C.M. Bergler GmbH) 1992 \u2013 1993 \u00c9tudes de math\u00e9matiques \u00e0 l\u2019Universit\u00e9 technique, Darmstadt 1993 \u2013 1997 \u00c9tudes en sciences de gestion, sp\u00e9cialisation : Fiscalit\u00e9 et comptabilit\u00e9, Haute [&hellip;]","og_url":"https:\/\/www.logistic-natives.com\/fr\/membres\/raimund-bergler","og_site_name":"Logistic Natives e.V.","article_modified_time":"2026-08-03T09:54:12+00:00","og_image":[{"width":258,"height":375,"url":"https:\/\/www.logistic-natives.com\/wp-content\/uploads\/2020\/11\/logistic-natives-logo.jpg","type":"image\/jpeg"}],"twitter_card":"summary_large_image","twitter_misc":{"Dur\u00e9e de lecture estim\u00e9e":"3 minutes"},"schema":{"@context":"https:\/\/schema.org","@graph":[{"@type":"WebPage","@id":"https:\/\/www.logistic-natives.com\/fr\/membres\/raimund-bergler","url":"https:\/\/www.logistic-natives.com\/fr\/membres\/raimund-bergler","name":"Raimund Bergler | Logistic Natives e.V.","isPartOf":{"@id":"https:\/\/www.logistic-natives.com\/fr#website"},"datePublished":"2020-11-26T09:46:20+00:00","dateModified":"2026-08-03T09:54:12+00:00","breadcrumb":{"@id":"https:\/\/www.logistic-natives.com\/fr\/membres\/raimund-bergler#breadcrumb"},"inLanguage":"fr-FR","potentialAction":[{"@type":"ReadAction","target":["https:\/\/www.logistic-natives.com\/fr\/membres\/raimund-bergler"]}]},{"@type":"BreadcrumbList","@id":"https:\/\/www.logistic-natives.com\/fr\/membres\/raimund-bergler#breadcrumb","itemListElement":[{"@type":"ListItem","position":1,"name":"Home","item":"https:\/\/www.logistic-natives.com\/fr?page_id=33056"},{"@type":"ListItem","position":2,"name":"Membres","item":"https:\/\/www.logistic-natives.com\/fr?page_id=33228"},{"@type":"ListItem","position":3,"name":"Raimund Bergler"}]},{"@type":"WebSite","@id":"https:\/\/www.logistic-natives.com\/fr#website","url":"https:\/\/www.logistic-natives.com\/fr","name":"Logistic Natives e.V.","description":"Network of international logistics infrastructure in modern commerce","publisher":{"@id":"https:\/\/www.logistic-natives.com\/fr#organization"},"potentialAction":[{"@type":"SearchAction","target":{"@type":"EntryPoint","urlTemplate":"https:\/\/www.logistic-natives.com\/fr?s={search_term_string}"},"query-input":{"@type":"PropertyValueSpecification","valueRequired":true,"valueName":"search_term_string"}}],"inLanguage":"fr-FR"},{"@type":"Organization","@id":"https:\/\/www.logistic-natives.com\/fr#organization","name":"logistic-natives e.V.","url":"https:\/\/www.logistic-natives.com\/fr","logo":{"@type":"ImageObject","inLanguage":"fr-FR","@id":"https:\/\/www.logistic-natives.com\/fr#\/schema\/logo\/image\/","url":"https:\/\/www.logistic-natives.com\/wp-content\/uploads\/2020\/12\/logistic-natives-logo_500x572px_PFAD.jpg","contentUrl":"https:\/\/www.logistic-natives.com\/wp-content\/uploads\/2020\/12\/logistic-natives-logo_500x572px_PFAD.jpg","width":500,"height":572,"caption":"logistic-natives e.V."},"image":{"@id":"https:\/\/www.logistic-natives.com\/fr#\/schema\/logo\/image\/"}}]}},"_links":{"self":[{"href":"https:\/\/www.logistic-natives.com\/fr\/wp-json\/wp\/v2\/pages\/33443","targetHints":{"allow":["GET"]}}],"collection":[{"href":"https:\/\/www.logistic-natives.com\/fr\/wp-json\/wp\/v2\/pages"}],"about":[{"href":"https:\/\/www.logistic-natives.com\/fr\/wp-json\/wp\/v2\/types\/page"}],"author":[{"embeddable":true,"href":"https:\/\/www.logistic-natives.com\/fr\/wp-json\/wp\/v2\/users\/6"}],"replies":[{"embeddable":true,"href":"https:\/\/www.logistic-natives.com\/fr\/wp-json\/wp\/v2\/comments?post=33443"}],"version-history":[{"count":0,"href":"https:\/\/www.logistic-natives.com\/fr\/wp-json\/wp\/v2\/pages\/33443\/revisions"}],"up":[{"embeddable":true,"href":"https:\/\/www.logistic-natives.com\/fr\/wp-json\/wp\/v2\/pages\/33228"}],"wp:attachment":[{"href":"https:\/\/www.logistic-natives.com\/fr\/wp-json\/wp\/v2\/media?parent=33443"}],"curies":[{"name":"wp","href":"https:\/\/api.w.org\/{rel}","templated":true}]}}