{"id":33348,"date":"2023-07-04T12:31:43","date_gmt":"2023-07-04T11:31:43","guid":{"rendered":"https:\/\/www.logistic-natives.com\/project\/inges-statuts"},"modified":"2026-07-31T10:37:48","modified_gmt":"2026-07-31T09:37:48","slug":"inges-statuts","status":"publish","type":"project","link":"https:\/\/www.logistic-natives.com\/fr\/project\/inges-statuts","title":{"rendered":"InGes &#8211; Statuts"},"content":{"rendered":"<p>[et_pb_section fb_built=\u00a0\u00bb1&Prime; custom_padding_last_edited=\u00a0\u00bbon|phone\u00a0\u00bb admin_label=\u00a0\u00bbsection\u00a0\u00bb _builder_version=\u00a0\u00bb4.16&Prime; background_color=\u00a0\u00bbrgba(5,38,89,0.43)\u00a0\u00bb background_image=\u00a0\u00bbhttps:\/\/www.logistic-natives.com\/wp-content\/uploads\/2020\/06\/logistic-dark-bg.jpg\u00a0\u00bb custom_padding=\u00a0\u00bb0vh||0vh|||\u00a0\u00bb custom_padding_tablet=\u00a0\u00bb22vh||24vh|\u00a0\u00bb custom_padding_phone=\u00a0\u00bb10vh||10vh|\u00a0\u00bb global_colors_info=\u00a0\u00bb{}\u00a0\u00bb][et_pb_row admin_label=\u00a0\u00bbrow\u00a0\u00bb _builder_version=\u00a0\u00bb4.16&Prime; background_enable_image=\u00a0\u00bboff\u00a0\u00bb background_size=\u00a0\u00bbinitial\u00a0\u00bb background_position=\u00a0\u00bbtop_left\u00a0\u00bb background_repeat=\u00a0\u00bbrepeat\u00a0\u00bb max_width=\u00a0\u00bb1500px\u00a0\u00bb module_alignment=\u00a0\u00bbcenter\u00a0\u00bb custom_margin=\u00a0\u00bb||||false|false\u00a0\u00bb make_fullwidth=\u00a0\u00bboff\u00a0\u00bb use_custom_width=\u00a0\u00bbon\u00a0\u00bb width_unit=\u00a0\u00bbon\u00a0\u00bb custom_width_px=\u00a0\u00bb1600px\u00a0\u00bb global_colors_info=\u00a0\u00bb{}\u00a0\u00bb][et_pb_column type=\u00a0\u00bb4_4&Prime; _builder_version=\u00a0\u00bb4.16&Prime; custom_padding=\u00a0\u00bb|||\u00a0\u00bb global_colors_info=\u00a0\u00bb{}\u00a0\u00bb custom_padding__hover=\u00a0\u00bb|||\u00a0\u00bb][et_pb_cta title=\u00a0\u00bbF\u00e9d\u00e9ration professionnelle Infrastructure du syst\u00e8me de sant\u00e9\u00a0\u00bb _builder_version=\u00a0\u00bb4.21.0&Prime; header_font=\u00a0\u00bbOpen Sans||||||||\u00a0\u00bb header_font_size=\u00a0\u00bb90&Prime; header_line_height=\u00a0\u00bb1.2em\u00a0\u00bb body_font=\u00a0\u00bb|on||on|\u00a0\u00bb body_font_size=\u00a0\u00bb26&Prime; use_background_color=\u00a0\u00bboff\u00a0\u00bb background_size=\u00a0\u00bbinitial\u00a0\u00bb background_position=\u00a0\u00bbtop_left\u00a0\u00bb background_repeat=\u00a0\u00bbrepeat\u00a0\u00bb custom_button=\u00a0\u00bbon\u00a0\u00bb button_bg_color=\u00a0\u00bb#0c71c3&Prime; min_height=\u00a0\u00bb391px\u00a0\u00bb custom_padding=\u00a0\u00bb60px||0px|0px|false|false\u00a0\u00bb header_font_size_tablet=\u00a0\u00bb70&Prime; header_font_size_phone=\u00a0\u00bb30&Prime; header_font_size_last_edited=\u00a0\u00bbon|phone\u00a0\u00bb body_font_size_tablet=\u00a0\u00bb24&Prime; body_font_size_phone=\u00a0\u00bb18&Prime; body_font_size_last_edited=\u00a0\u00bbon|phone\u00a0\u00bb custom_css_promo_title=\u00a0\u00bbtext-transform: none;||font-weight: 300;\u00a0\u00bb text_shadow_style=\u00a0\u00bbpreset5&Prime; use_border_color=\u00a0\u00bboff\u00a0\u00bb border_color=\u00a0\u00bb#ffffff\u00a0\u00bb border_style=\u00a0\u00bbsolid\u00a0\u00bb button_letter_spacing_hover=\u00a0\u00bb0&Prime; inline_fonts=\u00a0\u00bbOpen Sans\u00a0\u00bb global_colors_info=\u00a0\u00bb{}\u00a0\u00bb button_text_size__hover_enabled=\u00a0\u00bboff\u00a0\u00bb button_one_text_size__hover_enabled=\u00a0\u00bboff\u00a0\u00bb button_two_text_size__hover_enabled=\u00a0\u00bboff\u00a0\u00bb button_text_color__hover_enabled=\u00a0\u00bboff\u00a0\u00bb button_one_text_color__hover_enabled=\u00a0\u00bboff\u00a0\u00bb button_two_text_color__hover_enabled=\u00a0\u00bboff\u00a0\u00bb button_border_width__hover_enabled=\u00a0\u00bboff\u00a0\u00bb button_one_border_width__hover_enabled=\u00a0\u00bboff\u00a0\u00bb button_two_border_width__hover_enabled=\u00a0\u00bboff\u00a0\u00bb button_border_color__hover_enabled=\u00a0\u00bboff\u00a0\u00bb button_one_border_color__hover_enabled=\u00a0\u00bboff\u00a0\u00bb button_two_border_color__hover_enabled=\u00a0\u00bboff\u00a0\u00bb button_border_radius__hover_enabled=\u00a0\u00bboff\u00a0\u00bb button_one_border_radius__hover_enabled=\u00a0\u00bboff\u00a0\u00bb button_two_border_radius__hover_enabled=\u00a0\u00bboff\u00a0\u00bb button_letter_spacing__hover_enabled=\u00a0\u00bbon\u00a0\u00bb button_letter_spacing__hover=\u00a0\u00bb0&Prime; button_one_letter_spacing__hover_enabled=\u00a0\u00bboff\u00a0\u00bb button_two_letter_spacing__hover_enabled=\u00a0\u00bboff\u00a0\u00bb button_bg_color__hover_enabled=\u00a0\u00bboff\u00a0\u00bb button_one_bg_color__hover_enabled=\u00a0\u00bboff\u00a0\u00bb button_two_bg_color__hover_enabled=\u00a0\u00bboff\u00a0\u00bb]STATUTS<br \/>\n[\/et_pb_cta][\/et_pb_column][\/et_pb_row][\/et_pb_section][et_pb_section fb_built=\u00a0\u00bb1&Prime; custom_padding_last_edited=\u00a0\u00bbon|desktop\u00a0\u00bb admin_label=\u00a0\u00bbServices\u00a0\u00bb _builder_version=\u00a0\u00bb4.16&Prime; background_color=\u00a0\u00bb#efefef\u00a0\u00bb background_enable_image=\u00a0\u00bboff\u00a0\u00bb custom_margin=\u00a0\u00bb|||\u00a0\u00bb custom_padding=\u00a0\u00bb70px|0px|70px|0px|true|false\u00a0\u00bb custom_padding_tablet=\u00a0\u00bb100px||40px|\u00a0\u00bb custom_padding_phone=\u00a0\u00bb||40px|\u00a0\u00bb top_divider_height=\u00a0\u00bb60px\u00a0\u00bb border_color_all=\u00a0\u00bbrgba(0,0,0,0)\u00a0\u00bb border_style_all=\u00a0\u00bbnone\u00a0\u00bb global_colors_info=\u00a0\u00bb{}\u00a0\u00bb][et_pb_row column_structure=\u00a0\u00bb3_4,1_4&Prime; _builder_version=\u00a0\u00bb4.16&Prime; _module_preset=\u00a0\u00bbdefault\u00a0\u00bb global_colors_info=\u00a0\u00bb{}\u00a0\u00bb][et_pb_column type=\u00a0\u00bb3_4&Prime; _builder_version=\u00a0\u00bb4.16&Prime; _module_preset=\u00a0\u00bbdefault\u00a0\u00bb global_colors_info=\u00a0\u00bb{}\u00a0\u00bb][et_pb_cta button_url=\u00a0\u00bbhttps:\/\/www.logistic-natives.com\/wp-content\/uploads\/2023\/07\/2023-finale-Satzung-Fachgruppe.pdf\u00a0\u00bb button_text=\u00a0\u00bbT\u00e9l\u00e9charger\u00a0\u00bb _builder_version=\u00a0\u00bb4.21.0&Prime; _module_preset=\u00a0\u00bbdefault\u00a0\u00bb box_shadow_style=\u00a0\u00bbpreset2&Prime; global_colors_info=\u00a0\u00bb{}\u00a0\u00bb]Vous pouvez t\u00e9l\u00e9charger ici les statuts d\u00e9finitifs de la F\u00e9d\u00e9ration professionnelle <strong>Infrastructure du syst\u00e8me de sant\u00e9<\/strong><br \/>\n[\/et_pb_cta][et_pb_text _builder_version=\u00a0\u00bb4.21.0&Prime; _module_preset=\u00a0\u00bbdefault\u00a0\u00bb header_2_font_size=\u00a0\u00bb32px\u00a0\u00bb global_colors_info=\u00a0\u00bb{}\u00a0\u00bb]<\/p>\n<h2>F\u00e9d\u00e9ration professionnelle Infrastructure du syst\u00e8me de sant\u00e9<\/h2>\n<p>(Association partenaire \/ professionnelle aupr\u00e8s de logistic.natives e.V.)<br \/>\nStatuts, version du 25\/04\/2023<\/p>\n<p><strong>Pr\u00e9ambule :<\/strong><br \/>\nLa F\u00e9d\u00e9ration professionnelle Infrastructure du syst\u00e8me de sant\u00e9 est une association partenaire de logistic-natives e.V. et repr\u00e9sente activement les int\u00e9r\u00eats \u00e9conomiques et juridiques de ses membres au niveau national. Dans le texte des statuts ci-apr\u00e8s, la F\u00e9d\u00e9ration professionnelle est d\u00e9sign\u00e9e par \u00ab InGes \u00bb.<br \/>\nDans ces statuts, la forme f\u00e9minine est utilis\u00e9e pour les substantifs et pronoms personnels, au lieu de la forme masculine habituelle. Cela n\u2019implique cependant aucune discrimination \u00e0 l\u2019\u00e9gard du genre masculin ou divers, mais doit \u00eatre compris comme neutre en termes de genre, dans un souci de simplification linguistique.<br \/>\n[\/et_pb_text][et_pb_accordion _builder_version=\u00a0\u00bb4.21.0&Prime; _module_preset=\u00a0\u00bbdefault\u00a0\u00bb global_colors_info=\u00a0\u00bb{}\u00a0\u00bb][et_pb_accordion_item title=\u00a0\u00bb\u00a7 1 Nom, si\u00e8ge social et exercice social\u00a0\u00bb open=\u00a0\u00bbon\u00a0\u00bb _builder_version=\u00a0\u00bb4.21.0&Prime; _module_preset=\u00a0\u00bbdefault\u00a0\u00bb global_colors_info=\u00a0\u00bb{}\u00a0\u00bb]1. La F\u00e9d\u00e9ration professionnelle InGes est une institution partenaire libre et ind\u00e9pendante de tout parti de logistic-natives e.V. et se conforme largement \u00e0 ses statuts. Les paragraphes \u00e9quivalents ne sont que list\u00e9s, les d\u00e9rogations sont explicitement et exhaustivement formul\u00e9es dans les pr\u00e9sents statuts.<br \/>\n2. La F\u00e9d\u00e9ration professionnelle InGes a son si\u00e8ge principal au bureau de logistic-natives e.V. \u00e0 Berlin. L\u2019activit\u00e9 de la F\u00e9d\u00e9ration professionnelle Infrastructure du syst\u00e8me de sant\u00e9 s\u2019\u00e9tend au domaine d\u2019action de tous les membres du secteur de la sant\u00e9.<br \/>\n3. L\u2019exercice social de l\u2019association est l\u2019ann\u00e9e civile. Les exercices incomplets se terminent \u00e0 la fin de l\u2019ann\u00e9e civile.<br \/>\n[\/et_pb_accordion_item][et_pb_accordion_item title=\u00a0\u00bb\u00a7 2 Objet et missions\u00a0\u00bb _builder_version=\u00a0\u00bb4.21.0&Prime; _module_preset=\u00a0\u00bbdefault\u00a0\u00bb global_colors_info=\u00a0\u00bb{}\u00a0\u00bb open=\u00a0\u00bboff\u00a0\u00bb]4. Phrases 1 \u00e0 3 ainsi que 5 et 6 : identiques<br \/>\n5. Phrase 4 : concertations utiles \u00e0 l\u2019objet avec les repr\u00e9sentantes d\u2019int\u00e9r\u00eats d\u2019autres associations, par exemple les associations professionnelles, les associations hospitali\u00e8res, les fabricants et op\u00e9rateurs de logiciels, les associations de commerce \u00e9lectronique telles que les groupements d\u2019achat, les associations nationales de logistique et de transport, ainsi que les activit\u00e9s connexes avec d\u2019autres organismes officiels.<br \/>\nL\u2019objet de l\u2019association doit \u00eatre atteint par les moyens id\u00e9els suivants. La liste n\u2019est pas exhaustive. Les moyens id\u00e9els sont :<br \/>\na) Participation \u00e0 la normalisation nationale des sp\u00e9cifications (G-BA, IQTIQ, DIN, etc.)<br \/>\nb) Entretiens avec des institutions et des associations d\u2019int\u00e9r\u00eats ainsi qu\u2019\u00e9change d\u2019informations avec les membres de l\u2019association, expertises, participation \u00e0 des comit\u00e9s pertinents et soumission de propositions pour la cr\u00e9ation de lois, de normes d\u2019ex\u00e9cution et de r\u00e8glements adapt\u00e9s \u00e0 la pratique ;<br \/>\nc) Organisation de salons, d\u2019\u00e9v\u00e9nements d\u2019information, de colloques, de s\u00e9minaires et d\u2019\u00e9v\u00e9nements similaires ;<br \/>\nd) R\u00e9alisation d\u2019\u00e9tudes ;<br \/>\ne) Certification et audit de la mise en \u0153uvre des directives par les organismes nationaux<br \/>\nf) \u00c9change d\u2019exp\u00e9riences entre les membres ;<br \/>\ng) Publication de revues p\u00e9riodiques et non p\u00e9riodiques, de brochures d\u2019information et d\u2019autres publications<br \/>\nh) Participation aux associations et soci\u00e9t\u00e9s mentionn\u00e9es dans l\u2019objet.  <\/p>\n<p>&nbsp;<br \/>\n[\/et_pb_accordion_item][et_pb_accordion_item title=\u00a0\u00bb\u00a7 3 Ressources et d\u00e9penses\u00a0\u00bb _builder_version=\u00a0\u00bb4.21.0&Prime; _module_preset=\u00a0\u00bbdefault\u00a0\u00bb global_colors_info=\u00a0\u00bb{}\u00a0\u00bb open=\u00a0\u00bboff\u00a0\u00bb]-identique-<br \/>\n[\/et_pb_accordion_item][et_pb_accordion_item title=\u00a0\u00bb\u00a7 4 V\u00e9rification des comptes\u00a0\u00bb _builder_version=\u00a0\u00bb4.21.0&Prime; _module_preset=\u00a0\u00bbdefault\u00a0\u00bb global_colors_info=\u00a0\u00bb{}\u00a0\u00bb open=\u00a0\u00bboff\u00a0\u00bb]-identique-<br \/>\n[\/et_pb_accordion_item][et_pb_accordion_item title=\u00a0\u00bb\u00a7 5 Acquisition et cat\u00e9gories d&apos;adh\u00e9sion\u00a0\u00bb _builder_version=\u00a0\u00bb4.21.0&Prime; _module_preset=\u00a0\u00bbdefault\u00a0\u00bb global_colors_info=\u00a0\u00bb{}\u00a0\u00bb open=\u00a0\u00bboff\u00a0\u00bb]Les personnes morales ou associations de personnes (par exemple, entreprises, associations, autorit\u00e9s, fondations) int\u00e9ress\u00e9es par l\u2019objet de l\u2019association peuvent demander \u00e0 en devenir membres. Les personnes physiques ne peuvent devenir membres de l\u2019association \u2013 \u00e0 l\u2019exception des membres d\u2019honneur \u2013 que dans les conditions susmentionn\u00e9es. Par leur demande d\u2019adh\u00e9sion, elles reconnaissent les statuts et les droits et obligations qui en d\u00e9coulent.<br \/>\nLa demande d\u2019adh\u00e9sion doit \u00eatre adress\u00e9e par \u00e9crit au conseil d\u2019administration. Le conseil d\u2019administration v\u00e9rifie si les conditions d\u2019admission sont remplies et d\u00e9cide en dernier ressort de l\u2019admission de nouveaux membres. L\u2019adh\u00e9sion prend effet par d\u00e9cision du conseil d\u2019administration. Le rejet d\u2019une demande d\u2019admission n\u2019a pas besoin d\u2019\u00eatre motiv\u00e9.<br \/>\nL\u2019association comprend : \u2013 des membres ordinaires ; \u2013 des membres bienfaiteurs ; \u2013 des membres d\u2019honneur.<br \/>\n1. Les membres ordinaires sont des personnes morales ou des associations de personnes (\u00e0 but lucratif ou non) dont le domaine d\u2019activit\u00e9 est le secteur de la sant\u00e9 ou qui proposent une formation initiale, continue ou compl\u00e9mentaire qualifiante, au moins en partie, pour l\u2019activit\u00e9 dans le secteur de l\u2019infrastructure de la sant\u00e9.<br \/>\n2. Les membres ordinaires peuvent \u00eatre des personnes physiques actives dans le secteur de la sant\u00e9 ou qui offrent une assistance qualifiante, au moins en partie, pour l\u2019activit\u00e9 dans le secteur de l\u2019infrastructure de la sant\u00e9.<br \/>\n3. Les membres bienfaiteurs peuvent \u00eatre des \u00e9tablissements d\u2019enseignement ou des institutions \u00e0 but non lucratif, des autorit\u00e9s, d\u2019autres organisations \u00e9tatiques ainsi que des entreprises qui n\u2019op\u00e8rent pas n\u00e9cessairement dans le secteur de la sant\u00e9.<br \/>\n4. Une personne physique peut devenir membre d\u2019honneur si elle a contribu\u00e9 de mani\u00e8re exceptionnelle \u00e0 la promotion de l\u2019objet de l\u2019association. Le titre de membre d\u2019honneur est conf\u00e9r\u00e9 par l\u2019assembl\u00e9e g\u00e9n\u00e9rale \u00e0 la majorit\u00e9 des deux tiers des votantes pr\u00e9sentes.<br \/>\nLes membres bienfaiteurs et les membres d\u2019honneur n\u2019ont pas de droit de vote.<br \/>\nEn cas de transformation d\u2019entreprises, l\u2019adh\u00e9sion est transf\u00e9r\u00e9e au successeur l\u00e9gal, tant que les conditions d\u2019adh\u00e9sion continuent d\u2019\u00eatre remplies et que le conseil d\u2019administration y consent.<br \/>\n[\/et_pb_accordion_item][et_pb_accordion_item title=\u00a0\u00bb\u00a7 6 Droits et obligations des membres\u00a0\u00bb _builder_version=\u00a0\u00bb4.21.0&Prime; _module_preset=\u00a0\u00bbdefault\u00a0\u00bb global_colors_info=\u00a0\u00bb{}\u00a0\u00bb open=\u00a0\u00bboff\u00a0\u00bb]1. Toutes les membres et bienfaitrices sont tenues de promouvoir au mieux les int\u00e9r\u00eats de la F\u00e9d\u00e9ration professionnelle InGes et de s\u2019abstenir de tout acte susceptible de compromettre sa r\u00e9putation et son objet.<br \/>\n2. Les membres ont le droit de participer \u00e0 tous les processus de d\u00e9cision et de formation d\u2019opinion de l\u2019association conform\u00e9ment aux dispositions des pr\u00e9sents statuts.<br \/>\n3. Les membres sont tenues de pr\u00e9server sa r\u00e9putation.<br \/>\n4. Les positions de la F\u00e9d\u00e9ration professionnelle InGes sont repr\u00e9sent\u00e9es par le conseil d\u2019administration. Les membres ne peuvent repr\u00e9senter les positions de l\u2019association \u00e0 l\u2019ext\u00e9rieur qu\u2019en accord avec le conseil d\u2019administration.<br \/>\n5. Chaque membre est tenue d\u2019informer sans d\u00e9lai l\u2019association de toute modification ayant un impact direct et\/ou indirect sur son adh\u00e9sion \u00e0 l\u2019association.<br \/>\n[\/et_pb_accordion_item][et_pb_accordion_item title=\u00a0\u00bb\u00a77 Cessation de l&apos;adh\u00e9sion\u00a0\u00bb _builder_version=\u00a0\u00bb4.21.0&Prime; _module_preset=\u00a0\u00bbdefault\u00a0\u00bb global_colors_info=\u00a0\u00bb{}\u00a0\u00bb open=\u00a0\u00bboff\u00a0\u00bb]-identique-<br \/>\n[\/et_pb_accordion_item][et_pb_accordion_item title=\u00a0\u00bb\u00a7 8 Organes de l&apos;association\u00a0\u00bb _builder_version=\u00a0\u00bb4.21.0&Prime; _module_preset=\u00a0\u00bbdefault\u00a0\u00bb global_colors_info=\u00a0\u00bb{}\u00a0\u00bb open=\u00a0\u00bboff\u00a0\u00bb]-identique-<br \/>\n[\/et_pb_accordion_item][et_pb_accordion_item title=\u00a0\u00bb\u00a7 9 Assembl\u00e9e g\u00e9n\u00e9rale des membres\u00a0\u00bb _builder_version=\u00a0\u00bb4.21.0&Prime; _module_preset=\u00a0\u00bbdefault\u00a0\u00bb global_colors_info=\u00a0\u00bb{}\u00a0\u00bb open=\u00a0\u00bboff\u00a0\u00bb]-identique-<br \/>\n[\/et_pb_accordion_item][et_pb_accordion_item title=\u00a0\u00bb\u00a7 10 Prise de d\u00e9cision\u00a0\u00bb _builder_version=\u00a0\u00bb4.21.0&Prime; _module_preset=\u00a0\u00bbdefault\u00a0\u00bb global_colors_info=\u00a0\u00bb{}\u00a0\u00bb open=\u00a0\u00bboff\u00a0\u00bb]-identique-<br \/>\n[\/et_pb_accordion_item][et_pb_accordion_item title=\u00a0\u00bb\u00a711 Conseil d\u2019administration \/ Pr\u00e9sidium\u00a0\u00bb _builder_version=\u00a0\u00bb4.21.0&Prime; _module_preset=\u00a0\u00bbdefault\u00a0\u00bb global_colors_info=\u00a0\u00bb{}\u00a0\u00bb open=\u00a0\u00bboff\u00a0\u00bb]Le Pr\u00e9sidium est compos\u00e9 au minimum de la Pr\u00e9sidente et d\u2019une Vice-pr\u00e9sidente. Avant une \u00e9lection au Pr\u00e9sidium, l\u2019assembl\u00e9e g\u00e9n\u00e9rale d\u00e9cide, \u00e0 la majorit\u00e9 des deux tiers des voix valablement exprim\u00e9es par les membres votantes, si le Pr\u00e9sidium doit \u00eatre \u00e9largi.<br \/>\nToutes les membres du Pr\u00e9sidium doivent, au moment de leur \u00e9lection et pendant leur mandat, \u00eatre propri\u00e9taires, associ\u00e9es ou employ\u00e9es du m\u00eame membre ordinaire.<br \/>\nDeux membres du Pr\u00e9sidium repr\u00e9sentent l\u2019association conform\u00e9ment au \u00a7 26 du Code civil allemand (BGB).<br \/>\nLa Pr\u00e9sidente est \u00e9lue par l\u2019assembl\u00e9e g\u00e9n\u00e9rale lors d\u2019un scrutin conform\u00e9ment au \u00a7 32 BGB pour une dur\u00e9e de deux ans ; elle reste cependant en fonction jusqu\u2019\u00e0 l\u2019\u00e9lection de la nouvelle Pr\u00e9sidente. Est \u00e9lue la personne qui recueille plus des deux tiers des voix valablement exprim\u00e9es. Si une majorit\u00e9 des deux tiers n\u2019est pas atteinte, est \u00e9lue la personne qui obtient la majorit\u00e9 des voix valablement exprim\u00e9es au troisi\u00e8me tour de scrutin. La r\u00e9\u00e9lection est autoris\u00e9e.<br \/>\nLa Vice-pr\u00e9sidente et les autres membres du conseil d\u2019administration sont \u00e9lues par l\u2019assembl\u00e9e g\u00e9n\u00e9rale lors d\u2019un scrutin individuel pour une dur\u00e9e de deux ans. La Vice-pr\u00e9sidente reste cependant en fonction jusqu\u2019\u00e0 l\u2019\u00e9lection de la nouvelle suppl\u00e9ante. Est \u00e9lue la personne qui obtient la majorit\u00e9 des voix valablement exprim\u00e9es. La r\u00e9\u00e9lection est autoris\u00e9e.<br \/>\nLe Pr\u00e9sidium peut adopter un r\u00e8glement \u00e9lectoral qui pr\u00e9cise les modalit\u00e9s des \u00e9lections. Le Pr\u00e9sidium est en mesure de prendre des d\u00e9cisions si, en pr\u00e9sence de deux Pr\u00e9sidentes, les deux, ou sinon au moins la moiti\u00e9 des membres en fonction du Pr\u00e9sidium, participent \u00e0 la d\u00e9cision par leur vote. Le vote peut \u00e9galement \u00eatre exerc\u00e9 par procuration, pour un cas particulier, en transf\u00e9rant le droit de vote \u00e0 une autre membre du conseil d\u2019administration. Le Pr\u00e9sidium peut prendre des d\u00e9cisions par proc\u00e9dure circulaire.           <\/p>\n<p><strong>En compl\u00e9ment :<\/strong><br \/>\n\u2022 La F\u00e9d\u00e9ration professionnelle InGes est dirig\u00e9e pour une dur\u00e9e maximale de la premi\u00e8re ann\u00e9e par une Pr\u00e9sidente b\u00e9n\u00e9vole.<br \/>\n\u2022 La Pr\u00e9sidente repr\u00e9sente InGes dans toutes les questions et t\u00e2ches \u00e9conomiques et organisationnelles. Elle est responsable de toutes les affaires ayant des implications financi\u00e8res pour la F\u00e9d\u00e9ration professionnelle InGes et est habilit\u00e9e \u00e0 conclure des contrats juridiquement contraignants avec des tiers.<br \/>\n\u2022 Au cours de la premi\u00e8re ann\u00e9e suivant sa fondation, une assembl\u00e9e g\u00e9n\u00e9rale ordinaire aura lieu conjointement avec l\u2019association logistic-natives, et les formulations de logistic-natives e.V. entreront alors en vigueur.<br \/>\n[\/et_pb_accordion_item][et_pb_accordion_item title=\u00a0\u00bb\u00a712 Missions et activit\u00e9s du conseil d\u2019administration \/ Pr\u00e9sidium\u00a0\u00bb _builder_version=\u00a0\u00bb4.21.0&Prime; _module_preset=\u00a0\u00bbdefault\u00a0\u00bb global_colors_info=\u00a0\u00bb{}\u00a0\u00bb open=\u00a0\u00bboff\u00a0\u00bb]-identique-<br \/>\n[\/et_pb_accordion_item][et_pb_accordion_item title=\u00a0\u00bb\u00a7 13 Direction de l&apos;entreprise\u00a0\u00bb _builder_version=\u00a0\u00bb4.21.0&Prime; _module_preset=\u00a0\u00bbdefault\u00a0\u00bb global_colors_info=\u00a0\u00bb{}\u00a0\u00bb open=\u00a0\u00bboff\u00a0\u00bb]-identique-<br \/>\n[\/et_pb_accordion_item][et_pb_accordion_item title=\u00a0\u00bb\u00a714 Conseil d\u2019experts \/ Conseil scientifique\u00a0\u00bb _builder_version=\u00a0\u00bb4.21.0&Prime; _module_preset=\u00a0\u00bbdefault\u00a0\u00bb global_colors_info=\u00a0\u00bb{}\u00a0\u00bb open=\u00a0\u00bboff\u00a0\u00bb]La F\u00e9d\u00e9ration professionnelle InGes peut cr\u00e9er un conseil scientifique qui, en tant qu\u2019organe, conseille la Pr\u00e9sidente de la F\u00e9d\u00e9ration professionnelle InGes sur toutes les questions relatives \u00e0 la conception du contenu des programmes de formation continue existants et futurs, ainsi que sur des questions techniques sp\u00e9cifiques li\u00e9es au programme de formation continue. D\u2019autres d\u00e9tails seront r\u00e9gis par un r\u00e8glement du conseil.<br \/>\nLa F\u00e9d\u00e9ration professionnelle InGes fonctionne selon les principes de l\u2019\u00e9conomie priv\u00e9e sous la forme d\u2019une organisation de centre de profit.<br \/>\nLa Pr\u00e9sidente repr\u00e9sente la F\u00e9d\u00e9ration professionnelle InGes pour toutes les questions scientifiques et techniques. Elle d\u00e9termine le profil de contenu et les offres de formation continue du groupe sp\u00e9cialis\u00e9. Celles-ci consistent g\u00e9n\u00e9ralement en des programmes de qualification en cours d\u2019emploi avec examen final, des s\u00e9minaires et ateliers, des ateliers prospectifs et des \u00e9changes d\u2019exp\u00e9riences, des conf\u00e9rences sp\u00e9cialis\u00e9es et des \u00e9v\u00e9nements d\u2019information.<br \/>\nLa Pr\u00e9sidente d\u2019InGes valide les programmes de qualification avec examen final et publie le r\u00e8glement d\u2019examen, qui r\u00e9git l\u2019attribution des certificats, attestations et dipl\u00f4mes. Les dipl\u00f4mes nationaux et internationaux sont r\u00e9gis par les dispositions l\u00e9gales correspondantes.<br \/>\n[\/et_pb_accordion_item][et_pb_accordion_item title=\u00a0\u00bb\u00a7 15 Ambassadeurs\u00a0\u00bb _builder_version=\u00a0\u00bb4.21.0&Prime; _module_preset=\u00a0\u00bbdefault\u00a0\u00bb global_colors_info=\u00a0\u00bb{}\u00a0\u00bb open=\u00a0\u00bboff\u00a0\u00bb]-supprim\u00e9-<br \/>\n[\/et_pb_accordion_item][et_pb_accordion_item title=\u00a0\u00bb\u00a7 16 Instances de travail\u00a0\u00bb _builder_version=\u00a0\u00bb4.21.0&Prime; _module_preset=\u00a0\u00bbdefault\u00a0\u00bb global_colors_info=\u00a0\u00bb{}\u00a0\u00bb open=\u00a0\u00bboff\u00a0\u00bb]-identique-<br \/>\n[\/et_pb_accordion_item][et_pb_accordion_item title=\u00a0\u00bb\u00a7 17 Application des statuts\u00a0\u00bb _builder_version=\u00a0\u00bb4.21.0&Prime; _module_preset=\u00a0\u00bbdefault\u00a0\u00bb global_colors_info=\u00a0\u00bb{}\u00a0\u00bb open=\u00a0\u00bboff\u00a0\u00bb]-identique-<\/p>\n<p>La Pr\u00e9sidente de la F\u00e9d\u00e9ration professionnelle InGes peut proposer des modifications aux statuts. La modification des statuts requiert, pour son efficacit\u00e9 et avant sa mise en \u0153uvre, l\u2019approbation du Pr\u00e9sidium \/ du conseil d\u2019administration de la F\u00e9d\u00e9ration professionnelle InGes. Si l\u2019approbation de la modification des statuts n\u2019est pas accord\u00e9e par l\u2019organe, la modification des statuts propos\u00e9e par la Pr\u00e9sidente est consid\u00e9r\u00e9e comme rejet\u00e9e.<br \/>\n[\/et_pb_accordion_item][et_pb_accordion_item title=\u00a0\u00bb\u00a7 18 Droit des statuts sans contradiction\u00a0\u00bb _builder_version=\u00a0\u00bb4.21.0&Prime; _module_preset=\u00a0\u00bbdefault\u00a0\u00bb global_colors_info=\u00a0\u00bb{}\u00a0\u00bb open=\u00a0\u00bboff\u00a0\u00bb]-supprim\u00e9-<br \/>\n[\/et_pb_accordion_item][et_pb_accordion_item title=\u00a0\u00bb\u00a7 19 Adh\u00e9sions \u00e0 l&apos;association\u00a0\u00bb _builder_version=\u00a0\u00bb4.21.0&Prime; _module_preset=\u00a0\u00bbdefault\u00a0\u00bb global_colors_info=\u00a0\u00bb{}\u00a0\u00bb open=\u00a0\u00bboff\u00a0\u00bb]-identique-<br \/>\n[\/et_pb_accordion_item][et_pb_accordion_item title=\u00a0\u00bb\u00a7 20 Dissolution de l&apos;association\u00a0\u00bb _builder_version=\u00a0\u00bb4.21.0&Prime; _module_preset=\u00a0\u00bbdefault\u00a0\u00bb global_colors_info=\u00a0\u00bb{}\u00a0\u00bb open=\u00a0\u00bboff\u00a0\u00bb]-identique- et en compl\u00e9ment :<br \/>\n1. La dissolution de la F\u00e9d\u00e9ration professionnelle InGes ne peut \u00eatre d\u00e9cid\u00e9e que lors d\u2019une assembl\u00e9e g\u00e9n\u00e9rale ordinaire.<br \/>\n2. Les litiges li\u00e9s \u00e0 la F\u00e9d\u00e9ration professionnelle InGes sont tranch\u00e9s par les tribunaux ordinaires.<br \/>\n3. Le for juridique de la F\u00e9d\u00e9ration professionnelle InGes est r\u00e9gi par les statuts de logistic-natives e.V.<br \/>\n[\/et_pb_accordion_item][et_pb_accordion_item title=\u00a0\u00bb\u00a721 Contrat de partenariat\u00a0\u00bb _builder_version=\u00a0\u00bb4.21.0&Prime; _module_preset=\u00a0\u00bbdefault\u00a0\u00bb global_colors_info=\u00a0\u00bb{}\u00a0\u00bb open=\u00a0\u00bboff\u00a0\u00bb]Le contrat de partenariat est n\u00e9goci\u00e9 s\u00e9par\u00e9ment au pr\u00e9alable. La version sign\u00e9e est jointe en annexe aux pr\u00e9sents statuts.<br \/>\nCette nouvelle version a \u00e9t\u00e9 \u00e9tablie le 25\/04\/2023 et entre en vigueur le 01\/05\/2023.<br \/>\nElle sera propos\u00e9e \u00e0 l\u2019approbation lors de l\u2019assembl\u00e9e g\u00e9n\u00e9rale (voir \u00a711, section Compl\u00e9mentaire).<br \/>\n[\/et_pb_accordion_item][\/et_pb_accordion][\/et_pb_column][et_pb_column type=\u00a0\u00bb1_4&Prime; _builder_version=\u00a0\u00bb4.16&Prime; _module_preset=\u00a0\u00bbdefault\u00a0\u00bb global_colors_info=\u00a0\u00bb{}\u00a0\u00bb][et_pb_image src=\u00a0\u00bbhttps:\/\/www.logistic-natives.com\/wp-content\/uploads\/2023\/07\/HP_Healthcare-Process_Logo_4c_200x200_Zeichenflaeche-1.png\u00a0\u00bb title_text=\u00a0\u00bbHP_Healthcare Process_Logo_4c_200x200_Zone de texte 1&Prime; _builder_version=\u00a0\u00bb4.27.4&Prime; _module_preset=\u00a0\u00bbdefault\u00a0\u00bb hover_enabled=\u00a0\u00bb0&Prime; box_shadow_style=\u00a0\u00bbpreset2&Prime; global_colors_info=\u00a0\u00bb{}\u00a0\u00bb sticky_enabled=\u00a0\u00bb0&Prime;][\/et_pb_image][et_pb_team_member name=\u00a0\u00bbHeidemarie Hille\u00a0\u00bb position=\u00a0\u00bbPr\u00e9sidente\u00a0\u00bb image_url=\u00a0\u00bbhttps:\/\/www.logistic-natives.com\/wp-content\/uploads\/2021\/02\/Heidemarie-Hille-Logistic-natives-Wiederhergestellt.jpg\u00a0\u00bb linkedin_url=\u00a0\u00bbhttps:\/\/www.linkedin.com\/in\/heidemarie-hille-b46741a4\/\u00a0\u00bb admin_label=\u00a0\u00bbPerson\u00a0\u00bb _builder_version=\u00a0\u00bb4.22.0&Prime; _module_preset=\u00a0\u00bbdefault\u00a0\u00bb header_text_align=\u00a0\u00bbcenter\u00a0\u00bb body_text_align=\u00a0\u00bbleft\u00a0\u00bb body_font_size=\u00a0\u00bb12px\u00a0\u00bb position_font=\u00a0\u00bb|600|||||||\u00a0\u00bb position_text_align=\u00a0\u00bbcenter\u00a0\u00bb position_font_size=\u00a0\u00bb16px\u00a0\u00bb background_color=\u00a0\u00bbRGBA(255,255,255,0)\u00a0\u00bb custom_padding=\u00a0\u00bb10px|10px|10px|10px|true|false\u00a0\u00bb border_radii=\u00a0\u00bboff||||\u00a0\u00bb border_width_all=\u00a0\u00bb1px\u00a0\u00bb border_color_all=\u00a0\u00bb#d8d8d8&Prime; border_radii_image=\u00a0\u00bboff||||\u00a0\u00bb saved_tabs=\u00a0\u00bball\u00a0\u00bb locked=\u00a0\u00bboff\u00a0\u00bb global_colors_info=\u00a0\u00bb{}\u00a0\u00bb]<\/p>\n<p>F\u00e9d\u00e9ration professionnelle Infrastructure du syst\u00e8me de sant\u00e9<\/p>\n<p>E-mail : <a href=\"mailto:info@inges.org\">info@inges.org<\/a><\/p>\n<p>[\/et_pb_team_member][et_pb_text admin_label=\u00a0\u00bbMen\u00fc-\u00dcberuns\u00a0\u00bb _builder_version=\u00a0\u00bb4.25.0&Prime; _module_preset=\u00a0\u00bbdefault\u00a0\u00bb background_color=\u00a0\u00bb#ffffff\u00a0\u00bb custom_padding=\u00a0\u00bb15px|15px|15px|15px|true|true\u00a0\u00bb border_width_all=\u00a0\u00bb1px\u00a0\u00bb border_color_all=\u00a0\u00bbRGBA(255,255,255,0)\u00a0\u00bb saved_tabs=\u00a0\u00bball\u00a0\u00bb global_colors_info=\u00a0\u00bb{}\u00a0\u00bb]<\/p>\n<h3>Pour plus d&rsquo;informations<\/h3>\n<ul>\n<li><a href=\"https:\/\/www.logistic-natives.com\/fr\/project\/inges-membres\">Membres<\/a><\/li>\n<li><a href=\"https:\/\/www.logistic-natives.com\/wp-content\/uploads\/2024\/04\/Beitragsordnung_InGes.pdf\">R\u00e8glement relatif aux cotisations<\/a><\/li>\n<li><a href=\"https:\/\/www.logistic-natives.com\/inges-blog\">Blog<\/a><\/li>\n<li><a href=\"https:\/\/www.logistic-natives.com\/inges\">Interlocuteur<\/a><\/li>\n<li><a href=\"https:\/\/www.logistic-natives.com\/wp-content\/uploads\/2024\/04\/MItgliederantrag-NEU-2_Inges.pdf\">Demande d\u2019adh\u00e9sion<\/a><\/li>\n<\/ul>\n<p>[\/et_pb_text][\/et_pb_column][\/et_pb_row][\/et_pb_section]<\/p>\n","protected":false},"excerpt":{"rendered":"<p>STATUTS Vous pouvez t\u00e9l\u00e9charger ici les statuts d\u00e9finitifs de la F\u00e9d\u00e9ration professionnelle Infrastructure du syst\u00e8me de sant\u00e9 F\u00e9d\u00e9ration professionnelle Infrastructure du syst\u00e8me de sant\u00e9 (Association partenaire \/ professionnelle aupr\u00e8s de logistic.natives e.V.) Statuts, version du 25\/04\/2023 Pr\u00e9ambule : La F\u00e9d\u00e9ration professionnelle Infrastructure du syst\u00e8me de sant\u00e9 est une association partenaire de logistic-natives e.V. et repr\u00e9sente [&hellip;]<\/p>\n","protected":false},"author":6,"featured_media":0,"comment_status":"closed","ping_status":"closed","template":"","meta":{"_et_pb_use_builder":"on","_et_pb_old_content":"","_et_gb_content_width":"","footnotes":""},"project_category":[],"project_tag":[],"class_list":["post-33348","project","type-project","status-publish","hentry"],"yoast_head":"<!-- This site is optimized with the Yoast SEO plugin v28.3 - https:\/\/yoast.com\/product\/yoast-seo-wordpress\/ -->\n<title>InGes - Statuts | Logistic Natives e.V.<\/title>\n<meta name=\"robots\" content=\"noindex, follow\" \/>\n<meta property=\"og:locale\" content=\"fr_FR\" \/>\n<meta property=\"og:type\" content=\"article\" \/>\n<meta property=\"og:title\" content=\"InGes - Statuts | Logistic Natives e.V.\" \/>\n<meta property=\"og:description\" content=\"STATUTS Vous pouvez t\u00e9l\u00e9charger ici les statuts d\u00e9finitifs de la F\u00e9d\u00e9ration professionnelle Infrastructure du syst\u00e8me de sant\u00e9 F\u00e9d\u00e9ration professionnelle Infrastructure du syst\u00e8me de sant\u00e9 (Association partenaire \/ professionnelle aupr\u00e8s de logistic.natives e.V.) Statuts, version du 25\/04\/2023 Pr\u00e9ambule : La F\u00e9d\u00e9ration professionnelle Infrastructure du syst\u00e8me de sant\u00e9 est une association partenaire de logistic-natives e.V. et repr\u00e9sente [&hellip;]\" \/>\n<meta property=\"og:url\" content=\"https:\/\/www.logistic-natives.com\/fr\/project\/inges-statuts\" \/>\n<meta property=\"og:site_name\" content=\"Logistic Natives e.V.\" \/>\n<meta property=\"article:modified_time\" content=\"2026-07-31T09:37:48+00:00\" \/>\n<meta property=\"og:image\" content=\"https:\/\/www.logistic-natives.com\/wp-content\/uploads\/2020\/11\/logistic-natives-logo.jpg\" \/>\n\t<meta property=\"og:image:width\" content=\"258\" \/>\n\t<meta property=\"og:image:height\" content=\"375\" \/>\n\t<meta property=\"og:image:type\" content=\"image\/jpeg\" \/>\n<meta name=\"twitter:card\" content=\"summary_large_image\" \/>\n<meta name=\"twitter:label1\" content=\"Dur\u00e9e de lecture estim\u00e9e\" \/>\n\t<meta name=\"twitter:data1\" content=\"16 minutes\" \/>\n<script type=\"application\/ld+json\" class=\"yoast-schema-graph\">{\"@context\":\"https:\\\/\\\/schema.org\",\"@graph\":[{\"@type\":\"WebPage\",\"@id\":\"https:\\\/\\\/www.logistic-natives.com\\\/fr\\\/project\\\/inges-statuts\",\"url\":\"https:\\\/\\\/www.logistic-natives.com\\\/fr\\\/project\\\/inges-statuts\",\"name\":\"InGes - Statuts | Logistic Natives e.V.\",\"isPartOf\":{\"@id\":\"https:\\\/\\\/www.logistic-natives.com\\\/fr#website\"},\"datePublished\":\"2023-07-04T11:31:43+00:00\",\"dateModified\":\"2026-07-31T09:37:48+00:00\",\"breadcrumb\":{\"@id\":\"https:\\\/\\\/www.logistic-natives.com\\\/fr\\\/project\\\/inges-statuts#breadcrumb\"},\"inLanguage\":\"fr-FR\",\"potentialAction\":[{\"@type\":\"ReadAction\",\"target\":[\"https:\\\/\\\/www.logistic-natives.com\\\/fr\\\/project\\\/inges-statuts\"]}]},{\"@type\":\"BreadcrumbList\",\"@id\":\"https:\\\/\\\/www.logistic-natives.com\\\/fr\\\/project\\\/inges-statuts#breadcrumb\",\"itemListElement\":[{\"@type\":\"ListItem\",\"position\":1,\"name\":\"Home\",\"item\":\"https:\\\/\\\/www.logistic-natives.com\\\/fr?page_id=33056\"},{\"@type\":\"ListItem\",\"position\":2,\"name\":\"Projets\",\"item\":\"https:\\\/\\\/www.logistic-natives.com\\\/fr\\\/project\"},{\"@type\":\"ListItem\",\"position\":3,\"name\":\"InGes &#8211; Statuts\"}]},{\"@type\":\"WebSite\",\"@id\":\"https:\\\/\\\/www.logistic-natives.com\\\/fr#website\",\"url\":\"https:\\\/\\\/www.logistic-natives.com\\\/fr\",\"name\":\"Logistic Natives e.V.\",\"description\":\"Network of international logistics infrastructure in modern commerce\",\"publisher\":{\"@id\":\"https:\\\/\\\/www.logistic-natives.com\\\/fr#organization\"},\"potentialAction\":[{\"@type\":\"SearchAction\",\"target\":{\"@type\":\"EntryPoint\",\"urlTemplate\":\"https:\\\/\\\/www.logistic-natives.com\\\/fr?s={search_term_string}\"},\"query-input\":{\"@type\":\"PropertyValueSpecification\",\"valueRequired\":true,\"valueName\":\"search_term_string\"}}],\"inLanguage\":\"fr-FR\"},{\"@type\":\"Organization\",\"@id\":\"https:\\\/\\\/www.logistic-natives.com\\\/fr#organization\",\"name\":\"logistic-natives e.V.\",\"url\":\"https:\\\/\\\/www.logistic-natives.com\\\/fr\",\"logo\":{\"@type\":\"ImageObject\",\"inLanguage\":\"fr-FR\",\"@id\":\"https:\\\/\\\/www.logistic-natives.com\\\/fr#\\\/schema\\\/logo\\\/image\\\/\",\"url\":\"https:\\\/\\\/www.logistic-natives.com\\\/wp-content\\\/uploads\\\/2020\\\/12\\\/logistic-natives-logo_500x572px_PFAD.jpg\",\"contentUrl\":\"https:\\\/\\\/www.logistic-natives.com\\\/wp-content\\\/uploads\\\/2020\\\/12\\\/logistic-natives-logo_500x572px_PFAD.jpg\",\"width\":500,\"height\":572,\"caption\":\"logistic-natives e.V.\"},\"image\":{\"@id\":\"https:\\\/\\\/www.logistic-natives.com\\\/fr#\\\/schema\\\/logo\\\/image\\\/\"}}]}<\/script>\n<!-- \/ Yoast SEO plugin. -->","yoast_head_json":{"title":"InGes - Statuts | Logistic Natives e.V.","robots":{"index":"noindex","follow":"follow"},"og_locale":"fr_FR","og_type":"article","og_title":"InGes - Statuts | Logistic Natives e.V.","og_description":"STATUTS Vous pouvez t\u00e9l\u00e9charger ici les statuts d\u00e9finitifs de la F\u00e9d\u00e9ration professionnelle Infrastructure du syst\u00e8me de sant\u00e9 F\u00e9d\u00e9ration professionnelle Infrastructure du syst\u00e8me de sant\u00e9 (Association partenaire \/ professionnelle aupr\u00e8s de logistic.natives e.V.) Statuts, version du 25\/04\/2023 Pr\u00e9ambule : La F\u00e9d\u00e9ration professionnelle Infrastructure du syst\u00e8me de sant\u00e9 est une association partenaire de logistic-natives e.V. et repr\u00e9sente [&hellip;]","og_url":"https:\/\/www.logistic-natives.com\/fr\/project\/inges-statuts","og_site_name":"Logistic Natives e.V.","article_modified_time":"2026-07-31T09:37:48+00:00","og_image":[{"width":258,"height":375,"url":"https:\/\/www.logistic-natives.com\/wp-content\/uploads\/2020\/11\/logistic-natives-logo.jpg","type":"image\/jpeg"}],"twitter_card":"summary_large_image","twitter_misc":{"Dur\u00e9e de lecture estim\u00e9e":"16 minutes"},"schema":{"@context":"https:\/\/schema.org","@graph":[{"@type":"WebPage","@id":"https:\/\/www.logistic-natives.com\/fr\/project\/inges-statuts","url":"https:\/\/www.logistic-natives.com\/fr\/project\/inges-statuts","name":"InGes - Statuts | Logistic Natives e.V.","isPartOf":{"@id":"https:\/\/www.logistic-natives.com\/fr#website"},"datePublished":"2023-07-04T11:31:43+00:00","dateModified":"2026-07-31T09:37:48+00:00","breadcrumb":{"@id":"https:\/\/www.logistic-natives.com\/fr\/project\/inges-statuts#breadcrumb"},"inLanguage":"fr-FR","potentialAction":[{"@type":"ReadAction","target":["https:\/\/www.logistic-natives.com\/fr\/project\/inges-statuts"]}]},{"@type":"BreadcrumbList","@id":"https:\/\/www.logistic-natives.com\/fr\/project\/inges-statuts#breadcrumb","itemListElement":[{"@type":"ListItem","position":1,"name":"Home","item":"https:\/\/www.logistic-natives.com\/fr?page_id=33056"},{"@type":"ListItem","position":2,"name":"Projets","item":"https:\/\/www.logistic-natives.com\/fr\/project"},{"@type":"ListItem","position":3,"name":"InGes &#8211; Statuts"}]},{"@type":"WebSite","@id":"https:\/\/www.logistic-natives.com\/fr#website","url":"https:\/\/www.logistic-natives.com\/fr","name":"Logistic Natives e.V.","description":"Network of international logistics infrastructure in modern commerce","publisher":{"@id":"https:\/\/www.logistic-natives.com\/fr#organization"},"potentialAction":[{"@type":"SearchAction","target":{"@type":"EntryPoint","urlTemplate":"https:\/\/www.logistic-natives.com\/fr?s={search_term_string}"},"query-input":{"@type":"PropertyValueSpecification","valueRequired":true,"valueName":"search_term_string"}}],"inLanguage":"fr-FR"},{"@type":"Organization","@id":"https:\/\/www.logistic-natives.com\/fr#organization","name":"logistic-natives e.V.","url":"https:\/\/www.logistic-natives.com\/fr","logo":{"@type":"ImageObject","inLanguage":"fr-FR","@id":"https:\/\/www.logistic-natives.com\/fr#\/schema\/logo\/image\/","url":"https:\/\/www.logistic-natives.com\/wp-content\/uploads\/2020\/12\/logistic-natives-logo_500x572px_PFAD.jpg","contentUrl":"https:\/\/www.logistic-natives.com\/wp-content\/uploads\/2020\/12\/logistic-natives-logo_500x572px_PFAD.jpg","width":500,"height":572,"caption":"logistic-natives e.V."},"image":{"@id":"https:\/\/www.logistic-natives.com\/fr#\/schema\/logo\/image\/"}}]}},"_links":{"self":[{"href":"https:\/\/www.logistic-natives.com\/fr\/wp-json\/wp\/v2\/project\/33348","targetHints":{"allow":["GET"]}}],"collection":[{"href":"https:\/\/www.logistic-natives.com\/fr\/wp-json\/wp\/v2\/project"}],"about":[{"href":"https:\/\/www.logistic-natives.com\/fr\/wp-json\/wp\/v2\/types\/project"}],"author":[{"embeddable":true,"href":"https:\/\/www.logistic-natives.com\/fr\/wp-json\/wp\/v2\/users\/6"}],"replies":[{"embeddable":true,"href":"https:\/\/www.logistic-natives.com\/fr\/wp-json\/wp\/v2\/comments?post=33348"}],"version-history":[{"count":0,"href":"https:\/\/www.logistic-natives.com\/fr\/wp-json\/wp\/v2\/project\/33348\/revisions"}],"wp:attachment":[{"href":"https:\/\/www.logistic-natives.com\/fr\/wp-json\/wp\/v2\/media?parent=33348"}],"wp:term":[{"taxonomy":"project_category","embeddable":true,"href":"https:\/\/www.logistic-natives.com\/fr\/wp-json\/wp\/v2\/project_category?post=33348"},{"taxonomy":"project_tag","embeddable":true,"href":"https:\/\/www.logistic-natives.com\/fr\/wp-json\/wp\/v2\/project_tag?post=33348"}],"curies":[{"name":"wp","href":"https:\/\/api.w.org\/{rel}","templated":true}]}}